{"id":2784,"date":"2024-07-25T07:21:08","date_gmt":"2024-07-25T07:21:08","guid":{"rendered":"https:\/\/myhomeproperty.es\/property\/wohnung-mit-1-schlafzimmer-in-san-pedro-del-pinatar\/"},"modified":"2025-01-21T12:11:33","modified_gmt":"2025-01-21T12:11:33","slug":"wohnung-mit-1-schlafzimmer-in-san-pedro-del-pinatar","status":"publish","type":"property","link":"https:\/\/myhomeproperty.es\/de\/property\/wohnung-mit-1-schlafzimmer-in-san-pedro-del-pinatar\/","title":{"rendered":"wohnung mit 1 schlafzimmer in San Pedro del Pinatar"},"content":{"rendered":"\n<p>Wir pr\u00e4sentieren diese Wohnung mit 1 Schlafzimmer im Zentrum von San Pedro del Pinatar.\nObwohl sie nur ein Schlafzimmer hat, ist sie f\u00fcr ihre Verh\u00e4ltnisse sehr ger\u00e4umig.\nSie verf\u00fcgt \u00fcber eine Eingangshalle, eine separate K\u00fcche, eine kleine Waschk\u00fcche, ein gro\u00dfes Schlafzimmer, ein Wohnzimmer und eine Terrasse.  <\/p>\n\n<p>Es handelt sich um einen ersten Stock mit Aufzug.\nIn der N\u00e4he von allen Annehmlichkeiten, Gesch\u00e4ften, Restaurants und Schulen.\nDie Lage am Mittelmeer und am Mar Menor ist von gro\u00dfer touristischer und \u00f6kologischer Anziehungskraft, da sich dort der Naturpark der Salinas y Arenales de San Pedro del Pinatar befindet.  <\/p>\n\n<p class=\"has-black-color has-white-background-color has-text-color has-background has-link-color wp-elements-ed8e733ab32ef9d6f019489f3ca40d9b\"><br\/><br\/><br\/><br\/><br\/><br\/>Sehensw\u00fcrdigkeiten: Strand: 2km Dos Mares Einkaufszentrum: 5 Minuten La Zenia Boulevard Einkaufszentrum: 15 Minuten Cartagena: 30 Minuten Corvera Murcia Flughafen: 30 Minuten Alicante Flughafen: 50 Minuten<\/p>\n","protected":false},"excerpt":{"rendered":"<p>Wir pr\u00e4sentieren diese Wohnung mit 1 Schlafzimmer im Zentrum von San Pedro del Pinatar. Obwohl sie nur ein Schlafzimmer hat, ist sie f\u00fcr ihre Verh\u00e4ltnisse sehr ger\u00e4umig. Sie verf\u00fcgt \u00fcber eine Eingangshalle, eine separate K\u00fcche, eine kleine Waschk\u00fcche, ein gro\u00dfes Schlafzimmer, ein Wohnzimmer und eine Terrasse. Es handelt sich um einen ersten Stock mit Aufzug. [&hellip;]<\/p>\n","protected":false},"author":3,"featured_media":8545,"parent":0,"menu_order":0,"template":"","property_type":[],"property_status":[46],"property_feature":[],"property_label":[],"property_country":[33],"property_state":[51],"property_city":[41],"property_area":[],"class_list":["post-2784","property","type-property","status-publish","has-post-thumbnail","hentry","property_status-in-betrieb","property_country-spain-de","property_state-alicante-de","property_city-san-pedro-del-pinatar-de"],"property_meta":{"fave_featured":["0"],"houzez_featured_listing_date":[""],"fave_property_images":["2708","2678","2690","2702","2672","2696","2714","2720","2738","2726","2732","2762","2768","2774","2756","2684","2666","2744","2750"],"fave_single_top_area":["global"],"_top_nav_excluded":[""],"_cms_nav_minihome":[""],"fave_property_price":["74900"],"fave_property_bedrooms":["1"],"fave_property_bathrooms":["1"],"fave_property_id":["3012MH"],"fave_property_map_address":["San Pedro del Pinatar, Campo de Cartagena y Mar Menor, Region Murcia, 30740, Spanien"],"fave_property_location":["37.8353328,-0.7916121,15"],"houzez_geolocation_lat":["37.8353328"],"houzez_geolocation_long":["-0.7916121"],"fave_property_map_street_view":["verbergen"],"fave_property_zip":["30740"],"fave_video_url":["https:\/\/youtu.be\/0wMFMFnDRm4?si=SbYa7-jDOVDKLzNl"],"fave_agent_display_option":["autor_info"],"fave_prop_homeslider":["ja"],"fave_private_note":["GRUNDST\u00dcCK NUMMER 13625"],"_last_translation_edit_mode":["translation-editor"],"_thumbnail_id":["8545"],"houzez_manual_expire":["0"],"_houzez_expiration_date_status":["saved"],"houzez_total_property_views":["99"],"houzez_views_by_date":["a:61:{s:10:\"02-20-2025\";i:1;s:10:\"03-18-2025\";i:1;s:10:\"05-03-2025\";i:1;s:10:\"05-16-2025\";i:1;s:10:\"05-20-2025\";i:2;s:10:\"05-30-2025\";i:1;s:10:\"06-05-2025\";i:1;s:10:\"06-12-2025\";i:1;s:10:\"07-03-2025\";i:1;s:10:\"07-10-2025\";i:2;s:10:\"07-12-2025\";i:1;s:10:\"07-14-2025\";i:2;s:10:\"07-22-2025\";i:1;s:10:\"07-29-2025\";i:1;s:10:\"08-03-2025\";i:1;s:10:\"08-23-2025\";i:1;s:10:\"08-30-2025\";i:3;s:10:\"09-03-2025\";i:1;s:10:\"09-06-2025\";i:2;s:10:\"09-12-2025\";i:1;s:10:\"09-17-2025\";i:1;s:10:\"09-20-2025\";i:2;s:10:\"09-23-2025\";i:1;s:10:\"09-28-2025\";i:1;s:10:\"10-04-2025\";i:1;s:10:\"10-05-2025\";i:1;s:10:\"10-10-2025\";i:1;s:10:\"10-16-2025\";i:1;s:10:\"10-28-2025\";i:2;s:10:\"11-19-2025\";i:1;s:10:\"12-06-2025\";i:1;s:10:\"12-07-2025\";i:1;s:10:\"12-19-2025\";i:1;s:10:\"12-30-2025\";i:1;s:10:\"01-05-2026\";i:1;s:10:\"01-11-2026\";i:1;s:10:\"01-12-2026\";i:2;s:10:\"01-16-2026\";i:1;s:10:\"01-21-2026\";i:1;s:10:\"01-27-2026\";i:1;s:10:\"02-01-2026\";i:1;s:10:\"02-14-2026\";i:1;s:10:\"02-21-2026\";i:1;s:10:\"03-06-2026\";i:1;s:10:\"03-11-2026\";i:3;s:10:\"03-12-2026\";i:1;s:10:\"03-17-2026\";i:2;s:10:\"03-18-2026\";i:1;s:10:\"03-19-2026\";i:1;s:10:\"03-24-2026\";i:1;s:10:\"03-29-2026\";i:1;s:10:\"04-03-2026\";i:1;s:10:\"04-05-2026\";i:1;s:10:\"04-11-2026\";i:1;s:10:\"04-14-2026\";i:2;s:10:\"04-16-2026\";i:1;s:10:\"04-21-2026\";i:1;s:10:\"04-23-2026\";i:1;s:10:\"04-27-2026\";i:1;s:10:\"04-29-2026\";i:1;s:10:\"04-30-2026\";i:2;}"],"houzez_recently_viewed":["2026-04-30 09:21:36"],"_elementor_page_assets":["a:0:{}"]},"_links":{"self":[{"href":"https:\/\/myhomeproperty.es\/de\/wp-json\/wp\/v2\/properties\/2784","targetHints":{"allow":["GET"]}}],"collection":[{"href":"https:\/\/myhomeproperty.es\/de\/wp-json\/wp\/v2\/properties"}],"about":[{"href":"https:\/\/myhomeproperty.es\/de\/wp-json\/wp\/v2\/types\/property"}],"author":[{"embeddable":true,"href":"https:\/\/myhomeproperty.es\/de\/wp-json\/wp\/v2\/users\/3"}],"version-history":[{"count":1,"href":"https:\/\/myhomeproperty.es\/de\/wp-json\/wp\/v2\/properties\/2784\/revisions"}],"predecessor-version":[{"id":2786,"href":"https:\/\/myhomeproperty.es\/de\/wp-json\/wp\/v2\/properties\/2784\/revisions\/2786"}],"wp:featuredmedia":[{"embeddable":true,"href":"https:\/\/myhomeproperty.es\/de\/wp-json\/wp\/v2\/media\/8545"}],"wp:attachment":[{"href":"https:\/\/myhomeproperty.es\/de\/wp-json\/wp\/v2\/media?parent=2784"}],"wp:term":[{"taxonomy":"property_type","embeddable":true,"href":"https:\/\/myhomeproperty.es\/de\/wp-json\/wp\/v2\/property_type?post=2784"},{"taxonomy":"property_status","embeddable":true,"href":"https:\/\/myhomeproperty.es\/de\/wp-json\/wp\/v2\/property_status?post=2784"},{"taxonomy":"property_feature","embeddable":true,"href":"https:\/\/myhomeproperty.es\/de\/wp-json\/wp\/v2\/property_feature?post=2784"},{"taxonomy":"property_label","embeddable":true,"href":"https:\/\/myhomeproperty.es\/de\/wp-json\/wp\/v2\/property_label?post=2784"},{"taxonomy":"property_country","embeddable":true,"href":"https:\/\/myhomeproperty.es\/de\/wp-json\/wp\/v2\/property_country?post=2784"},{"taxonomy":"property_state","embeddable":true,"href":"https:\/\/myhomeproperty.es\/de\/wp-json\/wp\/v2\/property_state?post=2784"},{"taxonomy":"property_city","embeddable":true,"href":"https:\/\/myhomeproperty.es\/de\/wp-json\/wp\/v2\/property_city?post=2784"},{"taxonomy":"property_area","embeddable":true,"href":"https:\/\/myhomeproperty.es\/de\/wp-json\/wp\/v2\/property_area?post=2784"}],"curies":[{"name":"wp","href":"https:\/\/api.w.org\/{rel}","templated":true}]}}