{"id":28161,"date":"2025-02-13T11:17:26","date_gmt":"2025-02-13T11:17:26","guid":{"rendered":"https:\/\/myhomeproperty.es\/property\/doppelhaushaelfte-mit-privatem-pool-und-solarium-in-san-pedro-del-pinatar-2\/"},"modified":"2025-12-04T08:51:55","modified_gmt":"2025-12-04T08:51:55","slug":"doppelhaushaelfte-mit-privatem-pool-und-solarium-in-san-pedro-del-pinatar-2","status":"publish","type":"property","link":"https:\/\/myhomeproperty.es\/de\/property\/doppelhaushaelfte-mit-privatem-pool-und-solarium-in-san-pedro-del-pinatar-2\/","title":{"rendered":"Doppelhaush\u00e4lfte mit privatem Pool und Solarium in San Pedro del Pinatar"},"content":{"rendered":"\n<p>TURNKEY. Wird m\u00f6bliert und komplett ausgestattet geliefert! <\/p>\n\n<p>Inklusive M\u00f6bel, Beleuchtung und dekorative Elemente. Poolsitz mit D\u00fcsen und Vorinstallation der Heizungspumpe. Terrassen\u00fcberdachung. Sommerk\u00fcche im Solarium. 2 Klimaanlagen.    <\/p>\n\n<p>Das Haus befindet sich in San Pedro del Pinatar (Murcia) in ausgezeichneter Lage, in einer ruhigen Gegend, aber gleichzeitig in der N\u00e4he aller Dienstleistungen, mit einfachem Zugang zur Autobahn und nur 2 km vom Mar Menor entfernt.<\/p>\n\n<p>Das Anwesen ist \u00fcber zwei Etagen und ein Solarium verteilt. Das Erdgeschoss verf\u00fcgt \u00fcber ein gro\u00dfes Schlafzimmer mit Einbauschrank, ein Wohnzimmer mit offener K\u00fcche, ein komplettes Badezimmer, einen hinteren Patio, der als Waschk\u00fcche genutzt werden kann und die vordere Terrasse mit dem privaten Pool und Platz zum Parken Ihres Fahrzeugs.<\/p>\n\n<p>Im Obergeschoss befinden sich die beiden anderen Schlafzimmer, eines davon mit einem Ankleidezimmer, ein komplettes Badezimmer und eine gro\u00dfe Terrasse. Von hier aus haben Sie Zugang zum Solarium, das aufgrund seiner Gr\u00f6\u00dfe verschiedene M\u00f6glichkeiten bietet.<\/p>\n\n<p>Das Leben im Freien hat Priorit\u00e4t&#8230; Dieses Projekt wurde aufgrund der gro\u00dfen Nachfrage nach einem idealen Haus mit Au\u00dfenbereichen, in denen Sie das Sonnenlicht genie\u00dfen k\u00f6nnen, und einem absolut avantgardistischen Design zu sehr wettbewerbsf\u00e4higen Preisen geboren.<\/p>\n\n<p><br\/><br\/><br\/><br\/><br\/>3 Schlafzimmer. 2 komplette B\u00e4der. K\u00fcche mit Elektroger\u00e4ten. Privater Swimmingpool. Terrasse. Solarium inklusive.<\/p>\n","protected":false},"excerpt":{"rendered":"<p>TURNKEY. Wird m\u00f6bliert und komplett ausgestattet geliefert! Inklusive M\u00f6bel, Beleuchtung und dekorative Elemente. Poolsitz mit D\u00fcsen und Vorinstallation der Heizungspumpe. Terrassen\u00fcberdachung. Sommerk\u00fcche im Solarium. 2 Klimaanlagen. Das Haus befindet sich in San Pedro del Pinatar (Murcia) in ausgezeichneter Lage, in einer ruhigen Gegend, aber gleichzeitig in der N\u00e4he aller Dienstleistungen, mit einfachem Zugang zur Autobahn [&hellip;]<\/p>\n","protected":false},"author":3,"featured_media":8556,"parent":0,"menu_order":0,"template":"","property_type":[211,208],"property_status":[46],"property_feature":[217,45],"property_label":[],"property_country":[33],"property_state":[37],"property_city":[41],"property_area":[],"class_list":["post-28161","property","type-property","status-publish","has-post-thumbnail","hentry","property_type-duplex-de","property_type-villa-de","property_status-in-betrieb","property_feature-garten","property_feature-piscina-de","property_country-spain-de","property_state-region-de-murcia-de","property_city-san-pedro-del-pinatar-de"],"property_meta":{"fave_featured":["0"],"houzez_featured_listing_date":[""],"fave_property_images":["1141","1153","1161","1165","1169","1173","1177","1233","1237","31588","31583","31578","31593","31598","31603","31608","31643","31663"],"fave_single_top_area":["global"],"_top_nav_excluded":[""],"_cms_nav_minihome":[""],"houzez_geolocation_lat":["37.8353328"],"houzez_geolocation_long":["-0.7916121"],"_thumbnail_id":["8556"],"_last_translation_edit_mode":["translation-editor"],"houzez_total_property_views":["94"],"houzez_views_by_date":["a:61:{s:10:\"07-14-2025\";i:2;s:10:\"07-15-2025\";i:1;s:10:\"07-18-2025\";i:1;s:10:\"07-23-2025\";i:1;s:10:\"07-29-2025\";i:1;s:10:\"07-31-2025\";i:1;s:10:\"08-04-2025\";i:1;s:10:\"08-16-2025\";i:1;s:10:\"08-23-2025\";i:1;s:10:\"08-28-2025\";i:1;s:10:\"08-30-2025\";i:2;s:10:\"09-05-2025\";i:3;s:10:\"09-10-2025\";i:1;s:10:\"09-15-2025\";i:1;s:10:\"09-20-2025\";i:1;s:10:\"09-25-2025\";i:1;s:10:\"09-26-2025\";i:1;s:10:\"09-27-2025\";i:1;s:10:\"10-01-2025\";i:1;s:10:\"10-06-2025\";i:1;s:10:\"10-12-2025\";i:1;s:10:\"10-17-2025\";i:1;s:10:\"10-20-2025\";i:1;s:10:\"10-22-2025\";i:1;s:10:\"10-24-2025\";i:1;s:10:\"11-13-2025\";i:1;s:10:\"11-18-2025\";i:1;s:10:\"11-23-2025\";i:2;s:10:\"12-05-2025\";i:1;s:10:\"12-07-2025\";i:1;s:10:\"12-14-2025\";i:1;s:10:\"12-17-2025\";i:1;s:10:\"12-20-2025\";i:1;s:10:\"12-26-2025\";i:1;s:10:\"01-02-2026\";i:1;s:10:\"01-11-2026\";i:1;s:10:\"01-12-2026\";i:1;s:10:\"01-21-2026\";i:1;s:10:\"01-23-2026\";i:1;s:10:\"02-01-2026\";i:1;s:10:\"02-06-2026\";i:1;s:10:\"02-20-2026\";i:1;s:10:\"03-01-2026\";i:1;s:10:\"03-06-2026\";i:2;s:10:\"03-09-2026\";i:1;s:10:\"03-11-2026\";i:4;s:10:\"03-17-2026\";i:1;s:10:\"03-22-2026\";i:1;s:10:\"03-26-2026\";i:1;s:10:\"03-27-2026\";i:1;s:10:\"04-01-2026\";i:2;s:10:\"04-04-2026\";i:1;s:10:\"04-08-2026\";i:2;s:10:\"04-09-2026\";i:1;s:10:\"04-13-2026\";i:1;s:10:\"04-15-2026\";i:1;s:10:\"04-18-2026\";i:1;s:10:\"04-21-2026\";i:2;s:10:\"04-23-2026\";i:1;s:10:\"04-27-2026\";i:1;s:10:\"04-28-2026\";i:2;}"],"houzez_recently_viewed":["2026-04-28 22:26:42"],"houzez_manual_expire":["0"],"_houzez_expiration_date_status":["saved"],"_elementor_page_assets":["a:0:{}"],"fave_property_price":["369900"],"fave_property_size":["110"],"fave_property_land":["125"],"fave_property_bedrooms":["3"],"fave_property_bathrooms":["2"],"fave_property_id":["3005MHJ"],"fave_property_map":["1"],"fave_property_map_address":["San Pedro del Pinatar, Campo de Cartagena y Mar Menor, Region Murcia, 30740, Spanien"],"fave_property_location":["37.8353328,-0.7916121,15"],"fave_property_map_street_view":["verbergen"],"fave_property_zip":["30740"],"fave_video_url":["https:\/\/youtu.be\/LzNdvMM9_qc"],"fave_agent_display_option":["none"],"fave_prop_homeslider":["ja"],"fave_private_note":["RESIDENCIAL JACARANDA RODRIGO HOMES - PACO ALBALADEJO - PHASE I - ZONA TAIBILLA -  "],"additional_features":["a:2:{i:0;a:1:{s:29:\"fave_additional_feature_title\";s:9:\"M\u00d6BLIERT\";}i:1;a:1:{s:29:\"fave_additional_feature_title\";s:25:\"VOLLST\u00c4NDIG AUSGER\u00dcSTET\";}}"],"floor_plans":["a:2:{i:0;a:2:{s:15:\"fave_plan_title\";s:16:\"Allgemeiner Plan\";s:15:\"fave_plan_image\";s:76:\"https:\/\/myhomeproperty.es\/wp-content\/uploads\/2024\/07\/Plot-Planta-general.jpg\";}i:1;a:2:{s:15:\"fave_plan_title\";s:10:\"Geh\u00e4use  \";s:15:\"fave_plan_image\";s:79:\"https:\/\/myhomeproperty.es\/wp-content\/uploads\/2024\/07\/Viviendas-N.2-N.3-N.16.jpg\";}}"]},"_links":{"self":[{"href":"https:\/\/myhomeproperty.es\/de\/wp-json\/wp\/v2\/properties\/28161","targetHints":{"allow":["GET"]}}],"collection":[{"href":"https:\/\/myhomeproperty.es\/de\/wp-json\/wp\/v2\/properties"}],"about":[{"href":"https:\/\/myhomeproperty.es\/de\/wp-json\/wp\/v2\/types\/property"}],"author":[{"embeddable":true,"href":"https:\/\/myhomeproperty.es\/de\/wp-json\/wp\/v2\/users\/3"}],"version-history":[{"count":1,"href":"https:\/\/myhomeproperty.es\/de\/wp-json\/wp\/v2\/properties\/28161\/revisions"}],"predecessor-version":[{"id":28162,"href":"https:\/\/myhomeproperty.es\/de\/wp-json\/wp\/v2\/properties\/28161\/revisions\/28162"}],"wp:featuredmedia":[{"embeddable":true,"href":"https:\/\/myhomeproperty.es\/de\/wp-json\/wp\/v2\/media\/8556"}],"wp:attachment":[{"href":"https:\/\/myhomeproperty.es\/de\/wp-json\/wp\/v2\/media?parent=28161"}],"wp:term":[{"taxonomy":"property_type","embeddable":true,"href":"https:\/\/myhomeproperty.es\/de\/wp-json\/wp\/v2\/property_type?post=28161"},{"taxonomy":"property_status","embeddable":true,"href":"https:\/\/myhomeproperty.es\/de\/wp-json\/wp\/v2\/property_status?post=28161"},{"taxonomy":"property_feature","embeddable":true,"href":"https:\/\/myhomeproperty.es\/de\/wp-json\/wp\/v2\/property_feature?post=28161"},{"taxonomy":"property_label","embeddable":true,"href":"https:\/\/myhomeproperty.es\/de\/wp-json\/wp\/v2\/property_label?post=28161"},{"taxonomy":"property_country","embeddable":true,"href":"https:\/\/myhomeproperty.es\/de\/wp-json\/wp\/v2\/property_country?post=28161"},{"taxonomy":"property_state","embeddable":true,"href":"https:\/\/myhomeproperty.es\/de\/wp-json\/wp\/v2\/property_state?post=28161"},{"taxonomy":"property_city","embeddable":true,"href":"https:\/\/myhomeproperty.es\/de\/wp-json\/wp\/v2\/property_city?post=28161"},{"taxonomy":"property_area","embeddable":true,"href":"https:\/\/myhomeproperty.es\/de\/wp-json\/wp\/v2\/property_area?post=28161"}],"curies":[{"name":"wp","href":"https:\/\/api.w.org\/{rel}","templated":true}]}}