{"id":28176,"date":"2025-02-13T11:20:26","date_gmt":"2025-02-13T11:20:26","guid":{"rendered":"https:\/\/myhomeproperty.es\/property\/wohnung-in-san-pedro-del-pinatar-20-minuten-zu-fuss-vom-strand-entfernt\/"},"modified":"2025-02-13T11:20:41","modified_gmt":"2025-02-13T11:20:41","slug":"wohnung-in-san-pedro-del-pinatar-20-minuten-zu-fuss-vom-strand-entfernt","status":"publish","type":"property","link":"https:\/\/myhomeproperty.es\/de\/property\/wohnung-in-san-pedro-del-pinatar-20-minuten-zu-fuss-vom-strand-entfernt\/","title":{"rendered":"Wohnung in San Pedro del Pinatar, 20 Minuten zu Fu\u00df vom Strand entfernt."},"content":{"rendered":"\n<p>Neuer Abschnitt Bungalowstil-Wohnungen in San Pedro del Pinatar<\/p>\n\n<p>JETZT VERF\u00dcGBAR &#8230; W\u00e4hlen Sie zwischen einem Erdgeschossmodell mit vorderer Terrasse oder einem Penthouse-Loft mit vorderer Terrasse und einem gro\u00dfen privaten Solarium auf dem Dach. <\/p>\n\n<p>Garten \/ Erdgeschoss des Hauses: Durch die Eingangst\u00fcr gelangen Sie in den ger\u00e4umigen Wohnbereich mit einem Essbereich auf der einen Seite. Die voll ausgestattete K\u00fcche befindet sich neben den Schiebet\u00fcren, so dass nat\u00fcrliches Sonnenlicht einf\u00e4llt. An der Seite befindet sich ein Familienbadezimmer mit Waschbecken, Toilette und Dusche und 2 gro\u00dfz\u00fcgige Schlafzimmer, das Hauptschlafzimmer mit eigenem Bad.  <\/p>\n\n<p>Penthouse-Modell: Eine Treppe f\u00fchrt Sie in den oberen Bereich mit einer gro\u00dfen privaten gefliesten Terrasse, mit Eingangst\u00fcr zur Wohnung. Wie bei den Erdgeschossmodellen ein gro\u00dfz\u00fcgiger offener Wohn-\/Essbereich mit gro\u00dfer K\u00fcche &#8211; 2 Schlafzimmer nebenan (das Hauptschlafzimmer mit en-suite Badezimmer). Von der R\u00fcckseite der K\u00fcche aus haben Sie Zugang zu der privaten Dachterrasse.  <\/p>\n\n<p>NEUE PHASEN II &#8211; III: Unsere Wohnungen verf\u00fcgen \u00fcber LED-Beleuchtung innen und au\u00dfen, eine vorinstallierte Klimaanlage, eine Einbauk\u00fcche mit Induktionskochfeld, Backofen, Geschirrsp\u00fcler, K\u00fchl-\/Gefrierschrank und einen Parkplatz. Diese neu gebauten H\u00e4user verf\u00fcgen \u00fcber einen Gehweg zwischen den einzelnen Geb\u00e4uden mit Zugang zum Gemeinschaftsgarten und dem gro\u00dfen Poolbereich an der Vorderseite. <\/p>\n\n<p>Eine erlesene, selbstverwaltete Urbanisation mit nur 12 Strandh\u00e4usern &#8211; Alle verf\u00fcgen \u00fcber einen gro\u00dfen gemeinschaftlichen Gartenbereich mit Swimmingpool &#8230; Fertigstellung im Sommer 2025. <\/p>\n\n<p><br\/><br\/><br\/><br\/><br\/><br\/>Stadt: San Pedro del Pinatar Zone: MURCIA Gebiet: Stadtzentrum (1 min zu Fu\u00df) Aussicht: Strand (20 min zu Fu\u00df) Typ: Bungalows &#8211; Duplex Gemeinschaftspool: Ja Parkplatz:<br\/><br\/><br\/><br\/><br\/><br\/><br\/>Ja, abseits der Stra\u00dfe Schlafzimmer: 2 B\u00e4der: 2 En-Suite: Ja Hauptschlafzimmer Status: Neubau Grundst\u00fccksgr\u00f6\u00dfe: 74,12 m2 Terrassen: Ja 11 m2 &#8211; 13 m2 Garten: Gemeinschaftlich<\/p>\n","protected":false},"excerpt":{"rendered":"<p>Neuer Abschnitt Bungalowstil-Wohnungen in San Pedro del Pinatar JETZT VERF\u00dcGBAR &#8230; W\u00e4hlen Sie zwischen einem Erdgeschossmodell mit vorderer Terrasse oder einem Penthouse-Loft mit vorderer Terrasse und einem gro\u00dfen privaten Solarium auf dem Dach. Garten \/ Erdgeschoss des Hauses: Durch die Eingangst\u00fcr gelangen Sie in den ger\u00e4umigen Wohnbereich mit einem Essbereich auf der einen Seite. Die [&hellip;]<\/p>\n","protected":false},"author":3,"featured_media":625,"parent":0,"menu_order":0,"template":"","property_type":[],"property_status":[46],"property_feature":[],"property_label":[],"property_country":[33],"property_state":[37],"property_city":[41],"property_area":[],"class_list":["post-28176","property","type-property","status-publish","has-post-thumbnail","hentry","property_status-in-betrieb","property_country-spain-de","property_state-region-de-murcia-de","property_city-san-pedro-del-pinatar-de"],"property_meta":{"fave_featured":["0"],"houzez_featured_listing_date":[""],"fave_property_images":["623","627","647","639","631","619","635","611","643","807","795","659","667","723","727","731","739","699","799","743","771","767","751","675","679","763","735","695","747","755","715","719","787","655","711","783","651","779","703","663","687","691","803","811","791","615","1099","1103","1107"],"fave_single_top_area":["global"],"_top_nav_excluded":[""],"_cms_nav_minihome":[""],"fave_property_price":["219950"],"fave_property_price_prefix":["Unter"],"fave_property_size":["64"],"fave_property_land":["75"],"fave_property_bedrooms":["2"],"fave_property_bathrooms":["2"],"fave_property_id":["3003MH1"],"fave_property_map":["1"],"fave_property_map_address":["San Pedro del Pinatar, Campo de Cartagena y Mar Menor, Region Murcia, 30740, Spanien"],"fave_property_location":["37.8353328,-0.7916121,15"],"houzez_geolocation_lat":["37.8353328"],"houzez_geolocation_long":["-0.7916121"],"fave_property_map_street_view":["verbergen"],"fave_property_zip":["30740"],"fave_agent_display_option":["none"],"fave_private_note":["WOHNANLAGE LISBOA GRUPPE EINS - SAN PEDRO CALLE NORTE \/ BEL\u00c9N  "],"floor_plans":["a:2:{i:0;a:2:{s:15:\"fave_plan_title\";s:11:\"Erdgeschoss\";s:15:\"fave_plan_image\";s:82:\"https:\/\/myhomeproperty.es\/wp-content\/uploads\/2024\/07\/Planta-Baja-Ground-scaled.jpg\";}i:1;a:2:{s:15:\"fave_plan_title\";s:9:\"Penthouse\";s:15:\"fave_plan_image\";s:85:\"https:\/\/myhomeproperty.es\/wp-content\/uploads\/2024\/07\/Penthouse-Planta-Alta-scaled.jpg\";}}"],"_thumbnail_id":["625"],"_last_translation_edit_mode":["translation-editor"],"houzez_total_property_views":["89"],"houzez_views_by_date":["a:61:{s:10:\"05-17-2025\";i:1;s:10:\"05-18-2025\";i:1;s:10:\"05-20-2025\";i:2;s:10:\"05-24-2025\";i:2;s:10:\"05-30-2025\";i:1;s:10:\"06-04-2025\";i:1;s:10:\"06-11-2025\";i:1;s:10:\"06-13-2025\";i:1;s:10:\"06-29-2025\";i:1;s:10:\"07-02-2025\";i:1;s:10:\"07-10-2025\";i:1;s:10:\"07-12-2025\";i:2;s:10:\"07-14-2025\";i:2;s:10:\"07-17-2025\";i:1;s:10:\"07-21-2025\";i:1;s:10:\"07-25-2025\";i:1;s:10:\"07-31-2025\";i:1;s:10:\"08-21-2025\";i:1;s:10:\"08-26-2025\";i:1;s:10:\"08-30-2025\";i:2;s:10:\"09-04-2025\";i:2;s:10:\"09-09-2025\";i:1;s:10:\"09-15-2025\";i:1;s:10:\"09-20-2025\";i:1;s:10:\"09-24-2025\";i:1;s:10:\"09-26-2025\";i:1;s:10:\"10-01-2025\";i:1;s:10:\"10-07-2025\";i:1;s:10:\"10-13-2025\";i:1;s:10:\"10-18-2025\";i:1;s:10:\"10-20-2025\";i:1;s:10:\"10-22-2025\";i:1;s:10:\"11-19-2025\";i:1;s:10:\"11-23-2025\";i:1;s:10:\"12-01-2025\";i:1;s:10:\"12-07-2025\";i:1;s:10:\"12-16-2025\";i:1;s:10:\"12-20-2025\";i:1;s:10:\"12-31-2025\";i:1;s:10:\"01-06-2026\";i:1;s:10:\"01-12-2026\";i:2;s:10:\"01-23-2026\";i:1;s:10:\"02-02-2026\";i:1;s:10:\"02-16-2026\";i:1;s:10:\"02-21-2026\";i:1;s:10:\"03-06-2026\";i:1;s:10:\"03-11-2026\";i:2;s:10:\"03-12-2026\";i:1;s:10:\"03-13-2026\";i:1;s:10:\"03-15-2026\";i:1;s:10:\"03-19-2026\";i:1;s:10:\"03-21-2026\";i:1;s:10:\"03-24-2026\";i:1;s:10:\"03-26-2026\";i:1;s:10:\"03-29-2026\";i:1;s:10:\"04-04-2026\";i:2;s:10:\"04-10-2026\";i:1;s:10:\"04-15-2026\";i:1;s:10:\"04-20-2026\";i:2;s:10:\"04-25-2026\";i:2;s:10:\"04-28-2026\";i:3;}"],"houzez_recently_viewed":["2026-04-28 22:26:26"],"_elementor_page_assets":["a:0:{}"]},"_links":{"self":[{"href":"https:\/\/myhomeproperty.es\/de\/wp-json\/wp\/v2\/properties\/28176","targetHints":{"allow":["GET"]}}],"collection":[{"href":"https:\/\/myhomeproperty.es\/de\/wp-json\/wp\/v2\/properties"}],"about":[{"href":"https:\/\/myhomeproperty.es\/de\/wp-json\/wp\/v2\/types\/property"}],"author":[{"embeddable":true,"href":"https:\/\/myhomeproperty.es\/de\/wp-json\/wp\/v2\/users\/3"}],"version-history":[{"count":1,"href":"https:\/\/myhomeproperty.es\/de\/wp-json\/wp\/v2\/properties\/28176\/revisions"}],"predecessor-version":[{"id":28177,"href":"https:\/\/myhomeproperty.es\/de\/wp-json\/wp\/v2\/properties\/28176\/revisions\/28177"}],"wp:featuredmedia":[{"embeddable":true,"href":"https:\/\/myhomeproperty.es\/de\/wp-json\/wp\/v2\/media\/625"}],"wp:attachment":[{"href":"https:\/\/myhomeproperty.es\/de\/wp-json\/wp\/v2\/media?parent=28176"}],"wp:term":[{"taxonomy":"property_type","embeddable":true,"href":"https:\/\/myhomeproperty.es\/de\/wp-json\/wp\/v2\/property_type?post=28176"},{"taxonomy":"property_status","embeddable":true,"href":"https:\/\/myhomeproperty.es\/de\/wp-json\/wp\/v2\/property_status?post=28176"},{"taxonomy":"property_feature","embeddable":true,"href":"https:\/\/myhomeproperty.es\/de\/wp-json\/wp\/v2\/property_feature?post=28176"},{"taxonomy":"property_label","embeddable":true,"href":"https:\/\/myhomeproperty.es\/de\/wp-json\/wp\/v2\/property_label?post=28176"},{"taxonomy":"property_country","embeddable":true,"href":"https:\/\/myhomeproperty.es\/de\/wp-json\/wp\/v2\/property_country?post=28176"},{"taxonomy":"property_state","embeddable":true,"href":"https:\/\/myhomeproperty.es\/de\/wp-json\/wp\/v2\/property_state?post=28176"},{"taxonomy":"property_city","embeddable":true,"href":"https:\/\/myhomeproperty.es\/de\/wp-json\/wp\/v2\/property_city?post=28176"},{"taxonomy":"property_area","embeddable":true,"href":"https:\/\/myhomeproperty.es\/de\/wp-json\/wp\/v2\/property_area?post=28176"}],"curies":[{"name":"wp","href":"https:\/\/api.w.org\/{rel}","templated":true}]}}