{"id":29706,"date":"2025-03-12T08:48:54","date_gmt":"2025-03-12T08:48:54","guid":{"rendered":"https:\/\/myhomeproperty.es\/property\/doppelhaushaelfte-in-san-pedro-del-pinatar-3\/"},"modified":"2025-07-07T16:20:24","modified_gmt":"2025-07-07T16:20:24","slug":"doppelhaushaelfte-in-san-pedro-del-pinatar-3","status":"publish","type":"property","link":"https:\/\/myhomeproperty.es\/de\/property\/doppelhaushaelfte-in-san-pedro-del-pinatar-3\/","title":{"rendered":"Doppelhaush\u00e4lfte in San Pedro del Pinatar"},"content":{"rendered":"\n<p>Wir pr\u00e4sentieren diese Doppelwohnung, die renoviert und umgebaut wurde, um zwei Wohnungen in einer zu bieten, ideal f\u00fcr gro\u00dfe Familien oder f\u00fcr die Pflege \u00e4lterer Eltern.<\/p>\n\n<p>Es ist wie folgt verteilt:<\/p>\n\n<p>Erdgeschoss:<\/p>\n\n<ul class=\"wp-block-list\">\n<li>Terrasse: Sie ist gro\u00df und leicht zug\u00e4nglich und bietet Zugang zum Wohn- und Esszimmer.<\/li>\n\n\n\n<li>Esszimmer: Ger\u00e4umig und gem\u00fctlich.<\/li>\n\n\n\n<li>3 Schlafzimmer<\/li>\n\n\n\n<li>1 Vollbad<\/li>\n\n\n\n<li>Separate K\u00fcche: Vollst\u00e4ndig ausgestattet.<\/li>\n\n\n\n<li>Patio: Zus\u00e4tzlicher Platz im Freien.<\/li>\n\n\n\n<li>Zugang: Das gesamte Anwesen liegt eine Stufe \u00fcber dem Boden, ideal f\u00fcr diejenigen, die ein Erdgeschoss ben\u00f6tigen oder suchen.<\/li>\n<\/ul>\n\n<p>Obergeschoss:<\/p>\n\n<ul class=\"wp-block-list\">\n<li>2 Schlafzimmer: Ger\u00e4umig und hell, mit Einbauschr\u00e4nken. Eines davon mit eigenem Bad. <\/li>\n\n\n\n<li>Dachboden: Mit Holz ausgekleidet, ein zus\u00e4tzlicher Raum, der an verschiedene Bed\u00fcrfnisse angepasst werden kann.<\/li>\n\n\n\n<li>Speisesaal: Ger\u00e4umig und komfortabel.<\/li>\n\n\n\n<li>Separate K\u00fcche: Vollst\u00e4ndig ausgestattet.<\/li>\n\n\n\n<li>Solarium: Terrasse, ideal als Grillplatz oder um die Sonne und die frische Luft zu genie\u00dfen.<\/li>\n\n\n\n<li>2 vollst\u00e4ndige B\u00e4der<\/li>\n<\/ul>\n\n<p>Regularisierung:<\/p>\n\n<ul class=\"wp-block-list\">\n<li>Die Renovierung wird reguliert und im Grundbuchamt als Wohnung im Erdgeschoss und im ersten Stock eingetragen.<\/li>\n<\/ul>\n\n<p>Standort:<\/p>\n\n<ul class=\"wp-block-list\">\n<li>In der N\u00e4he von Gesch\u00e4ften und Dienstleistungen, mit guter Anbindung an die Autobahn, und gleichzeitig in einer ruhigen Gegend.<\/li>\n<\/ul>\n\n<p>Diese Immobilie ist ideal f\u00fcr besondere Bed\u00fcrfnisse und bietet Komfort, Platz und Vielseitigkeit. Verpassen Sie nicht die Gelegenheit, sie zu besichtigen! <\/p>\n","protected":false},"excerpt":{"rendered":"<p>Wir pr\u00e4sentieren diese Doppelwohnung, die renoviert und umgebaut wurde, um zwei Wohnungen in einer zu bieten, ideal f\u00fcr gro\u00dfe Familien oder f\u00fcr die Pflege \u00e4lterer Eltern. Es ist wie folgt verteilt: Erdgeschoss: Obergeschoss: Regularisierung: Standort: Diese Immobilie ist ideal f\u00fcr besondere Bed\u00fcrfnisse und bietet Komfort, Platz und Vielseitigkeit. Verpassen Sie nicht die Gelegenheit, sie zu [&hellip;]<\/p>\n","protected":false},"author":3,"featured_media":29436,"parent":0,"menu_order":0,"template":"","property_type":[133],"property_status":[46],"property_feature":[244],"property_label":[],"property_country":[],"property_state":[37],"property_city":[41],"property_area":[],"class_list":["post-29706","property","type-property","status-publish","has-post-thumbnail","hentry","property_type-doppelhaushalfte","property_status-in-betrieb","property_feature-terrasse-de","property_state-region-de-murcia-de","property_city-san-pedro-del-pinatar-de"],"property_meta":{"fave_featured":["0"],"houzez_featured_listing_date":[""],"fave_property_images":["29433","29443","29448","29453","29438","29458","29463","29468","29523","29483","29473","29478","29488","29493","29498","29503","29508","29513","29518","29698","29678","29688","29683","29528","29533","29538","29543","29573","29578","29553","29558","29563","29548","29668","29598","29583","29588","29593","29603","29608","29613","29618","29623","29628","29633","29638","29658","29663","29673","29693"],"fave_single_top_area":["global"],"_top_nav_excluded":[""],"_cms_nav_minihome":[""],"fave_property_price":["189000"],"fave_property_size":["180"],"fave_property_land":["150"],"fave_property_bedrooms":["5"],"fave_property_bathrooms":["3"],"fave_property_id":["3047MH"],"fave_property_map":["1"],"fave_property_map_address":["Avenida Doctor Artero Guirao, Las Beatas, San Pedro del Pinatar, Campo de Cartagena y Mar Menor, Regi\u00f3n de Murcia, 30720, Spanien"],"fave_property_location":["37.830395486902,-0.79874256605384,15"],"houzez_geolocation_lat":["37.830395486902"],"houzez_geolocation_long":["-0.79874256605384"],"fave_property_map_street_view":["verbergen"],"fave_property_zip":["30740"],"fave_video_url":["https:\/\/youtu.be\/CiYGnNOaBEE?si=ksyWeQf1T-AgrMEU"],"fave_agent_display_option":["autor_info"],"fave_prop_homeslider":["keine"],"_thumbnail_id":["29436"],"_last_translation_edit_mode":["translation-editor"],"houzez_total_property_views":["87"],"houzez_views_by_date":["a:61:{s:10:\"05-27-2025\";i:2;s:10:\"05-28-2025\";i:1;s:10:\"05-31-2025\";i:1;s:10:\"06-01-2025\";i:2;s:10:\"06-06-2025\";i:1;s:10:\"06-09-2025\";i:1;s:10:\"06-11-2025\";i:1;s:10:\"06-12-2025\";i:2;s:10:\"06-21-2025\";i:1;s:10:\"06-29-2025\";i:1;s:10:\"07-09-2025\";i:1;s:10:\"07-13-2025\";i:2;s:10:\"07-16-2025\";i:1;s:10:\"07-24-2025\";i:2;s:10:\"07-29-2025\";i:1;s:10:\"08-01-2025\";i:1;s:10:\"08-03-2025\";i:1;s:10:\"08-22-2025\";i:2;s:10:\"08-27-2025\";i:1;s:10:\"08-30-2025\";i:3;s:10:\"09-04-2025\";i:1;s:10:\"09-09-2025\";i:1;s:10:\"09-11-2025\";i:1;s:10:\"09-14-2025\";i:1;s:10:\"09-19-2025\";i:1;s:10:\"09-24-2025\";i:1;s:10:\"09-26-2025\";i:2;s:10:\"09-29-2025\";i:1;s:10:\"10-04-2025\";i:1;s:10:\"10-10-2025\";i:1;s:10:\"10-15-2025\";i:1;s:10:\"10-21-2025\";i:1;s:10:\"11-18-2025\";i:1;s:10:\"11-19-2025\";i:1;s:10:\"12-07-2025\";i:1;s:10:\"12-13-2025\";i:1;s:10:\"12-17-2025\";i:1;s:10:\"12-26-2025\";i:1;s:10:\"12-31-2025\";i:1;s:10:\"01-11-2026\";i:1;s:10:\"01-12-2026\";i:2;s:10:\"01-28-2026\";i:1;s:10:\"02-02-2026\";i:1;s:10:\"02-07-2026\";i:1;s:10:\"02-16-2026\";i:1;s:10:\"02-21-2026\";i:2;s:10:\"03-05-2026\";i:1;s:10:\"03-11-2026\";i:2;s:10:\"03-14-2026\";i:1;s:10:\"03-18-2026\";i:1;s:10:\"03-19-2026\";i:1;s:10:\"03-22-2026\";i:1;s:10:\"03-28-2026\";i:1;s:10:\"03-31-2026\";i:1;s:10:\"04-03-2026\";i:1;s:10:\"04-09-2026\";i:2;s:10:\"04-14-2026\";i:1;s:10:\"04-19-2026\";i:1;s:10:\"04-20-2026\";i:1;s:10:\"04-23-2026\";i:1;s:10:\"04-28-2026\";i:1;}"],"houzez_recently_viewed":["2026-04-28 18:54:57"],"_elementor_page_assets":["a:0:{}"]},"_links":{"self":[{"href":"https:\/\/myhomeproperty.es\/de\/wp-json\/wp\/v2\/properties\/29706","targetHints":{"allow":["GET"]}}],"collection":[{"href":"https:\/\/myhomeproperty.es\/de\/wp-json\/wp\/v2\/properties"}],"about":[{"href":"https:\/\/myhomeproperty.es\/de\/wp-json\/wp\/v2\/types\/property"}],"author":[{"embeddable":true,"href":"https:\/\/myhomeproperty.es\/de\/wp-json\/wp\/v2\/users\/3"}],"version-history":[{"count":1,"href":"https:\/\/myhomeproperty.es\/de\/wp-json\/wp\/v2\/properties\/29706\/revisions"}],"predecessor-version":[{"id":29707,"href":"https:\/\/myhomeproperty.es\/de\/wp-json\/wp\/v2\/properties\/29706\/revisions\/29707"}],"wp:featuredmedia":[{"embeddable":true,"href":"https:\/\/myhomeproperty.es\/de\/wp-json\/wp\/v2\/media\/29436"}],"wp:attachment":[{"href":"https:\/\/myhomeproperty.es\/de\/wp-json\/wp\/v2\/media?parent=29706"}],"wp:term":[{"taxonomy":"property_type","embeddable":true,"href":"https:\/\/myhomeproperty.es\/de\/wp-json\/wp\/v2\/property_type?post=29706"},{"taxonomy":"property_status","embeddable":true,"href":"https:\/\/myhomeproperty.es\/de\/wp-json\/wp\/v2\/property_status?post=29706"},{"taxonomy":"property_feature","embeddable":true,"href":"https:\/\/myhomeproperty.es\/de\/wp-json\/wp\/v2\/property_feature?post=29706"},{"taxonomy":"property_label","embeddable":true,"href":"https:\/\/myhomeproperty.es\/de\/wp-json\/wp\/v2\/property_label?post=29706"},{"taxonomy":"property_country","embeddable":true,"href":"https:\/\/myhomeproperty.es\/de\/wp-json\/wp\/v2\/property_country?post=29706"},{"taxonomy":"property_state","embeddable":true,"href":"https:\/\/myhomeproperty.es\/de\/wp-json\/wp\/v2\/property_state?post=29706"},{"taxonomy":"property_city","embeddable":true,"href":"https:\/\/myhomeproperty.es\/de\/wp-json\/wp\/v2\/property_city?post=29706"},{"taxonomy":"property_area","embeddable":true,"href":"https:\/\/myhomeproperty.es\/de\/wp-json\/wp\/v2\/property_area?post=29706"}],"curies":[{"name":"wp","href":"https:\/\/api.w.org\/{rel}","templated":true}]}}