{"id":30670,"date":"2025-05-07T16:38:51","date_gmt":"2025-05-07T16:38:51","guid":{"rendered":"https:\/\/myhomeproperty.es\/property\/geraeumiges-haus-in-san-pedro-del-pinatar\/"},"modified":"2025-05-07T16:49:06","modified_gmt":"2025-05-07T16:49:06","slug":"geraeumiges-haus-in-san-pedro-del-pinatar","status":"publish","type":"property","link":"https:\/\/myhomeproperty.es\/de\/property\/geraeumiges-haus-in-san-pedro-del-pinatar\/","title":{"rendered":"Ger\u00e4umiges Haus in San Pedro del Pinatar"},"content":{"rendered":"\n<p>Wir pr\u00e4sentieren Ihnen dieses ger\u00e4umige Haus in San Pedro del Pinatar, das sich auf einem ca. 200m\u00b2 gro\u00dfen Grundst\u00fcck befindet und sich in ein Obergeschoss mit mehreren Annehmlichkeiten und ein Erdgeschoss mit verschiedenen Nutzungsm\u00f6glichkeiten aufteilt.<\/p>\n\n<p>Seine Gr\u00f6\u00dfe und gute Lage machen es zu einer ausgezeichneten Gelegenheit.<\/p>\n\n<p>Vertrieb:<\/p>\n\n<p><strong>Obergeschoss:<\/strong><\/p>\n\n<ul class=\"wp-block-list\">\n<li>4 Schlafzimmer: Ger\u00e4umig und hell<\/li>\n\n\n\n<li>2 gut dimensionierte B\u00e4der<\/li>\n\n\n\n<li>Esszimmer: Ger\u00e4umig und offen gestaltet<\/li>\n\n\n\n<li>Patio: Ein zus\u00e4tzlicher Raum, der f\u00fcr Licht und Bel\u00fcftung sorgt.<\/li>\n\n\n\n<li>W\u00e4scherei<\/li>\n\n\n\n<li>Terrasse<\/li>\n<\/ul>\n\n<p><strong>Erdgeschoss:<\/strong><\/p>\n\n<ul class=\"wp-block-list\">\n<li>Freifl\u00e4che: Mit vielf\u00e4ltigen Nutzungsm\u00f6glichkeiten. Er kann f\u00fcr eine unabh\u00e4ngige Wohnung, eine Garage, einen Innenhof oder sogar als Lager eingerichtet werden. <\/li>\n<\/ul>\n\n<p><strong>Dachterrasse:<\/strong><\/p>\n\n<ul class=\"wp-block-list\">\n<li>Gro\u00dfe Terrasse: Ein perfekter Ort, um die Sonne zu genie\u00dfen, zu entspannen oder einen Freizeitbereich im Freien zu schaffen.<\/li>\n<\/ul>\n\n<p><strong>Lage:<\/strong><br\/>In ruhiger, aber zentraler Lage gelegen, bietet diese Immobilie die N\u00e4he zu Schulen, Annehmlichkeiten, Restaurants und Gesch\u00e4ften und sorgt so f\u00fcr ein komfortables Leben und einen einfachen Zugang zu allem, was Sie brauchen, einschlie\u00dflich der Autobahn AP 7.<\/p>\n\n<p>Eine ideale Option f\u00fcr diejenigen, die Ger\u00e4umigkeit, Vielseitigkeit und eine privilegierte Lage suchen. Verpassen Sie nicht die Gelegenheit, es kennen zu lernen! <\/p>\n\n<p>DIE DAMIT VERBUNDENEN STEUERN UND MAKLERGEB\u00dcHREN SIND NICHT IM PREIS ENTHALTEN!<\/p>\n","protected":false},"excerpt":{"rendered":"<p>Wir pr\u00e4sentieren Ihnen dieses ger\u00e4umige Haus in San Pedro del Pinatar, das sich auf einem ca. 200m\u00b2 gro\u00dfen Grundst\u00fcck befindet und sich in ein Obergeschoss mit mehreren Annehmlichkeiten und ein Erdgeschoss mit verschiedenen Nutzungsm\u00f6glichkeiten aufteilt. Seine Gr\u00f6\u00dfe und gute Lage machen es zu einer ausgezeichneten Gelegenheit. Vertrieb: Obergeschoss: Erdgeschoss: Dachterrasse: Lage:In ruhiger, aber zentraler Lage [&hellip;]<\/p>\n","protected":false},"author":3,"featured_media":30400,"parent":0,"menu_order":0,"template":"","property_type":[122],"property_status":[46],"property_feature":[244],"property_label":[],"property_country":[],"property_state":[37],"property_city":[41],"property_area":[],"class_list":["post-30670","property","type-property","status-publish","has-post-thumbnail","hentry","property_type-haus","property_status-in-betrieb","property_feature-terrasse-de","property_state-region-de-murcia-de","property_city-san-pedro-del-pinatar-de"],"property_meta":{"fave_featured":["0"],"houzez_featured_listing_date":[""],"fave_property_images":["30397","30417","30447","30422","30412","30432","30437","30472","30457","30467","30482","30477","30492","30487","30497","30502","30507","30517","30512","30647","30637","30542","30617","30627","30527","30532","30552","30547","30632","30652","30657","30662","30577","30572","30582","30562","30567","30592","30597","30602","30607","30612","30557"],"fave_single_top_area":["global"],"_top_nav_excluded":[""],"_cms_nav_minihome":[""],"fave_property_price":["235000"],"fave_property_size":["116"],"fave_property_land":["200"],"fave_property_bedrooms":["4"],"fave_property_bathrooms":["2"],"fave_property_garage_size":["116"],"fave_property_id":["3053MH"],"fave_property_map_address":["Avenida del Taibilla, San Pedro del Pinatar, Campo de Cartagena y Mar Menor, Regi\u00f3n de Murcia, 30740, Spanien"],"fave_property_location":["37.8344447,-0.7965034,15"],"houzez_geolocation_lat":["37.8344447"],"houzez_geolocation_long":["-0.7965034"],"fave_property_map_street_view":["verbergen"],"fave_property_zip":["30740"],"fave_video_url":["https:\/\/youtu.be\/NQsYfb1Zix0"],"fave_agent_display_option":["autor_info"],"fave_prop_homeslider":["keine"],"_thumbnail_id":["30400"],"_last_translation_edit_mode":["translation-editor"],"houzez_manual_expire":["0"],"_houzez_expiration_date_status":["saved"],"houzez_total_property_views":["89"],"houzez_views_by_date":["a:61:{s:10:\"07-01-2025\";i:1;s:10:\"07-10-2025\";i:1;s:10:\"07-13-2025\";i:4;s:10:\"07-16-2025\";i:1;s:10:\"07-22-2025\";i:1;s:10:\"07-24-2025\";i:2;s:10:\"07-25-2025\";i:3;s:10:\"07-31-2025\";i:1;s:10:\"08-05-2025\";i:1;s:10:\"08-07-2025\";i:1;s:10:\"08-23-2025\";i:1;s:10:\"08-29-2025\";i:1;s:10:\"08-30-2025\";i:3;s:10:\"09-05-2025\";i:1;s:10:\"09-10-2025\";i:1;s:10:\"09-11-2025\";i:1;s:10:\"09-15-2025\";i:1;s:10:\"09-18-2025\";i:1;s:10:\"09-21-2025\";i:1;s:10:\"09-23-2025\";i:1;s:10:\"09-26-2025\";i:1;s:10:\"10-01-2025\";i:1;s:10:\"10-07-2025\";i:1;s:10:\"10-12-2025\";i:1;s:10:\"10-17-2025\";i:1;s:10:\"10-18-2025\";i:1;s:10:\"10-20-2025\";i:1;s:10:\"11-18-2025\";i:1;s:10:\"11-19-2025\";i:1;s:10:\"11-25-2025\";i:1;s:10:\"12-05-2025\";i:1;s:10:\"12-18-2025\";i:1;s:10:\"12-19-2025\";i:1;s:10:\"12-29-2025\";i:1;s:10:\"01-03-2026\";i:1;s:10:\"01-09-2026\";i:1;s:10:\"01-11-2026\";i:1;s:10:\"01-12-2026\";i:1;s:10:\"01-20-2026\";i:1;s:10:\"01-25-2026\";i:1;s:10:\"02-04-2026\";i:1;s:10:\"02-07-2026\";i:1;s:10:\"02-08-2026\";i:1;s:10:\"02-14-2026\";i:1;s:10:\"02-22-2026\";i:1;s:10:\"02-24-2026\";i:1;s:10:\"03-11-2026\";i:2;s:10:\"03-12-2026\";i:1;s:10:\"03-16-2026\";i:1;s:10:\"03-18-2026\";i:1;s:10:\"03-22-2026\";i:1;s:10:\"03-23-2026\";i:1;s:10:\"03-28-2026\";i:1;s:10:\"03-31-2026\";i:1;s:10:\"04-03-2026\";i:1;s:10:\"04-05-2026\";i:1;s:10:\"04-09-2026\";i:1;s:10:\"04-14-2026\";i:1;s:10:\"04-19-2026\";i:1;s:10:\"04-25-2026\";i:2;s:10:\"04-28-2026\";i:3;}"],"houzez_recently_viewed":["2026-04-28 20:55:04"],"_elementor_page_assets":["a:0:{}"]},"_links":{"self":[{"href":"https:\/\/myhomeproperty.es\/de\/wp-json\/wp\/v2\/properties\/30670","targetHints":{"allow":["GET"]}}],"collection":[{"href":"https:\/\/myhomeproperty.es\/de\/wp-json\/wp\/v2\/properties"}],"about":[{"href":"https:\/\/myhomeproperty.es\/de\/wp-json\/wp\/v2\/types\/property"}],"author":[{"embeddable":true,"href":"https:\/\/myhomeproperty.es\/de\/wp-json\/wp\/v2\/users\/3"}],"version-history":[{"count":3,"href":"https:\/\/myhomeproperty.es\/de\/wp-json\/wp\/v2\/properties\/30670\/revisions"}],"predecessor-version":[{"id":30685,"href":"https:\/\/myhomeproperty.es\/de\/wp-json\/wp\/v2\/properties\/30670\/revisions\/30685"}],"wp:featuredmedia":[{"embeddable":true,"href":"https:\/\/myhomeproperty.es\/de\/wp-json\/wp\/v2\/media\/30400"}],"wp:attachment":[{"href":"https:\/\/myhomeproperty.es\/de\/wp-json\/wp\/v2\/media?parent=30670"}],"wp:term":[{"taxonomy":"property_type","embeddable":true,"href":"https:\/\/myhomeproperty.es\/de\/wp-json\/wp\/v2\/property_type?post=30670"},{"taxonomy":"property_status","embeddable":true,"href":"https:\/\/myhomeproperty.es\/de\/wp-json\/wp\/v2\/property_status?post=30670"},{"taxonomy":"property_feature","embeddable":true,"href":"https:\/\/myhomeproperty.es\/de\/wp-json\/wp\/v2\/property_feature?post=30670"},{"taxonomy":"property_label","embeddable":true,"href":"https:\/\/myhomeproperty.es\/de\/wp-json\/wp\/v2\/property_label?post=30670"},{"taxonomy":"property_country","embeddable":true,"href":"https:\/\/myhomeproperty.es\/de\/wp-json\/wp\/v2\/property_country?post=30670"},{"taxonomy":"property_state","embeddable":true,"href":"https:\/\/myhomeproperty.es\/de\/wp-json\/wp\/v2\/property_state?post=30670"},{"taxonomy":"property_city","embeddable":true,"href":"https:\/\/myhomeproperty.es\/de\/wp-json\/wp\/v2\/property_city?post=30670"},{"taxonomy":"property_area","embeddable":true,"href":"https:\/\/myhomeproperty.es\/de\/wp-json\/wp\/v2\/property_area?post=30670"}],"curies":[{"name":"wp","href":"https:\/\/api.w.org\/{rel}","templated":true}]}}