{"id":30905,"date":"2025-05-26T11:22:58","date_gmt":"2025-05-26T11:22:58","guid":{"rendered":"https:\/\/myhomeproperty.es\/property\/wohnung-in-torrevieja-nur-ein-paar-meter-von-cala-palangre-entfernt\/"},"modified":"2025-07-08T15:11:21","modified_gmt":"2025-07-08T15:11:21","slug":"wohnung-in-torrevieja-nur-ein-paar-meter-von-cala-palangre-entfernt","status":"publish","type":"property","link":"https:\/\/myhomeproperty.es\/de\/property\/wohnung-in-torrevieja-nur-ein-paar-meter-von-cala-palangre-entfernt\/","title":{"rendered":"Wohnung in Torrevieja, nur ein paar Meter von Cala Palangre entfernt"},"content":{"rendered":"\n<p>Entdecken Sie dieses au\u00dfergew\u00f6hnliche Anwesen, das nur wenige Meter von der charmanten Cala Palangre entfernt liegt. Die zentrale Lage, kombiniert mit einer privilegierten Eckausrichtung, garantiert au\u00dfergew\u00f6hnliche Helligkeit in jedem Winkel des Hauses.<\/p>\n\n<p>Das Anwesen besteht aus drei Schlafzimmern, zwei Badezimmern, einem gem\u00fctlichen Wohn-Esszimmer und einer offenen K\u00fcche, ideal um besondere Momente in Gesellschaft zu genie\u00dfen. Au\u00dferdem verf\u00fcgt es \u00fcber zwei charmante Terrassen, die den perfekten Platz zum Entspannen und Genie\u00dfen der Umgebung bieten. <\/p>\n\n<p>Als zus\u00e4tzlichen Wert verf\u00fcgt es \u00fcber einen Abstellraum und eine Garage, sehr gesch\u00e4tzte Elemente in der Gegend, die Komfort und Funktionalit\u00e4t bieten. Dies ist eine einmalige Gelegenheit, ein Haus zu genie\u00dfen, das sowohl f\u00fcr das ganze Jahr als auch f\u00fcr den Urlaub ideal ist. <\/p>\n\n<p><\/p>\n","protected":false},"excerpt":{"rendered":"<p>Entdecken Sie dieses au\u00dfergew\u00f6hnliche Anwesen, das nur wenige Meter von der charmanten Cala Palangre entfernt liegt. Die zentrale Lage, kombiniert mit einer privilegierten Eckausrichtung, garantiert au\u00dfergew\u00f6hnliche Helligkeit in jedem Winkel des Hauses. Das Anwesen besteht aus drei Schlafzimmern, zwei Badezimmern, einem gem\u00fctlichen Wohn-Esszimmer und einer offenen K\u00fcche, ideal um besondere Momente in Gesellschaft zu genie\u00dfen. [&hellip;]<\/p>\n","protected":false},"author":3,"featured_media":30867,"parent":0,"menu_order":0,"template":"","property_type":[180],"property_status":[46],"property_feature":[],"property_label":[],"property_country":[33],"property_state":[51],"property_city":[304],"property_area":[],"class_list":["post-30905","property","type-property","status-publish","has-post-thumbnail","hentry","property_type-floor","property_status-in-betrieb","property_country-spain-de","property_state-alicante-de","property_city-torrevieja-de"],"property_meta":{"fave_featured":["0"],"houzez_featured_listing_date":[""],"fave_property_images":["30864","30709","30694","30714","30704","30719","30689","30699","30799","30789","30794","30729","30739","30734","30774","30769","30879","30874","30889","30894","30779","30809","30814","30824","30819","30854","30849","30844","30829","30859","30749","30744"],"fave_single_top_area":["global"],"_top_nav_excluded":[""],"_cms_nav_minihome":[""],"houzez_geolocation_lat":["37.9803701"],"houzez_geolocation_long":["-0.6684934"],"_thumbnail_id":["30867"],"_last_translation_edit_mode":["translation-editor"],"houzez_manual_expire":["0"],"_houzez_expiration_date_status":["saved"],"houzez_total_property_views":["84"],"houzez_views_by_date":["a:61:{s:10:\"06-01-2025\";i:3;s:10:\"06-06-2025\";i:1;s:10:\"06-09-2025\";i:1;s:10:\"06-11-2025\";i:1;s:10:\"06-13-2025\";i:1;s:10:\"06-18-2025\";i:1;s:10:\"06-30-2025\";i:1;s:10:\"07-01-2025\";i:1;s:10:\"07-10-2025\";i:1;s:10:\"07-13-2025\";i:2;s:10:\"07-17-2025\";i:1;s:10:\"07-23-2025\";i:2;s:10:\"07-24-2025\";i:1;s:10:\"07-30-2025\";i:1;s:10:\"08-04-2025\";i:1;s:10:\"08-10-2025\";i:1;s:10:\"08-22-2025\";i:1;s:10:\"08-28-2025\";i:1;s:10:\"08-30-2025\";i:4;s:10:\"09-05-2025\";i:1;s:10:\"09-10-2025\";i:1;s:10:\"09-12-2025\";i:3;s:10:\"09-15-2025\";i:1;s:10:\"09-20-2025\";i:1;s:10:\"09-25-2025\";i:1;s:10:\"09-27-2025\";i:1;s:10:\"09-30-2025\";i:1;s:10:\"10-05-2025\";i:1;s:10:\"10-10-2025\";i:1;s:10:\"10-16-2025\";i:1;s:10:\"10-19-2025\";i:1;s:10:\"10-21-2025\";i:1;s:10:\"10-22-2025\";i:1;s:10:\"11-18-2025\";i:2;s:10:\"11-19-2025\";i:1;s:10:\"12-07-2025\";i:1;s:10:\"12-19-2025\";i:1;s:10:\"12-20-2025\";i:1;s:10:\"12-30-2025\";i:1;s:10:\"01-05-2026\";i:1;s:10:\"01-11-2026\";i:1;s:10:\"01-12-2026\";i:1;s:10:\"01-16-2026\";i:1;s:10:\"01-21-2026\";i:1;s:10:\"01-31-2026\";i:1;s:10:\"02-05-2026\";i:1;s:10:\"02-07-2026\";i:1;s:10:\"02-14-2026\";i:1;s:10:\"02-23-2026\";i:1;s:10:\"03-06-2026\";i:1;s:10:\"03-11-2026\";i:2;s:10:\"03-16-2026\";i:1;s:10:\"03-20-2026\";i:1;s:10:\"03-22-2026\";i:1;s:10:\"03-25-2026\";i:1;s:10:\"04-05-2026\";i:1;s:10:\"04-10-2026\";i:1;s:10:\"04-18-2026\";i:1;s:10:\"04-23-2026\";i:1;s:10:\"04-25-2026\";i:1;s:10:\"04-28-2026\";i:2;}"],"houzez_recently_viewed":["2026-04-28 20:55:04"],"fave_property_price":["159900"],"fave_property_size":["70"],"fave_property_bedrooms":["3"],"fave_property_bathrooms":["2"],"fave_property_garage_size":["11"],"fave_property_id":["3054MH"],"fave_property_map":["1"],"fave_property_map_address":["Avenida de las Habaneras, El Palmeral, Torrevieja, el Baix Segura \/ La Vega Baja, Alacant \/ Alicante, Comunitat Valenciana, 03182, Spanien"],"fave_property_location":["37.9803701,-0.6684934,15"],"fave_property_map_street_view":["verbergen"],"fave_property_address":["Av. de las Habaneras"],"fave_property_zip":["03182"],"fave_video_url":["https:\/\/youtu.be\/lkapbiwYJGI?si=jAuUYALgpO-GNO3D"],"fave_agent_display_option":["autor_info"],"fave_prop_homeslider":["keine"],"_elementor_page_assets":["a:0:{}"]},"_links":{"self":[{"href":"https:\/\/myhomeproperty.es\/de\/wp-json\/wp\/v2\/properties\/30905","targetHints":{"allow":["GET"]}}],"collection":[{"href":"https:\/\/myhomeproperty.es\/de\/wp-json\/wp\/v2\/properties"}],"about":[{"href":"https:\/\/myhomeproperty.es\/de\/wp-json\/wp\/v2\/types\/property"}],"author":[{"embeddable":true,"href":"https:\/\/myhomeproperty.es\/de\/wp-json\/wp\/v2\/users\/3"}],"version-history":[{"count":3,"href":"https:\/\/myhomeproperty.es\/de\/wp-json\/wp\/v2\/properties\/30905\/revisions"}],"predecessor-version":[{"id":30915,"href":"https:\/\/myhomeproperty.es\/de\/wp-json\/wp\/v2\/properties\/30905\/revisions\/30915"}],"wp:featuredmedia":[{"embeddable":true,"href":"https:\/\/myhomeproperty.es\/de\/wp-json\/wp\/v2\/media\/30867"}],"wp:attachment":[{"href":"https:\/\/myhomeproperty.es\/de\/wp-json\/wp\/v2\/media?parent=30905"}],"wp:term":[{"taxonomy":"property_type","embeddable":true,"href":"https:\/\/myhomeproperty.es\/de\/wp-json\/wp\/v2\/property_type?post=30905"},{"taxonomy":"property_status","embeddable":true,"href":"https:\/\/myhomeproperty.es\/de\/wp-json\/wp\/v2\/property_status?post=30905"},{"taxonomy":"property_feature","embeddable":true,"href":"https:\/\/myhomeproperty.es\/de\/wp-json\/wp\/v2\/property_feature?post=30905"},{"taxonomy":"property_label","embeddable":true,"href":"https:\/\/myhomeproperty.es\/de\/wp-json\/wp\/v2\/property_label?post=30905"},{"taxonomy":"property_country","embeddable":true,"href":"https:\/\/myhomeproperty.es\/de\/wp-json\/wp\/v2\/property_country?post=30905"},{"taxonomy":"property_state","embeddable":true,"href":"https:\/\/myhomeproperty.es\/de\/wp-json\/wp\/v2\/property_state?post=30905"},{"taxonomy":"property_city","embeddable":true,"href":"https:\/\/myhomeproperty.es\/de\/wp-json\/wp\/v2\/property_city?post=30905"},{"taxonomy":"property_area","embeddable":true,"href":"https:\/\/myhomeproperty.es\/de\/wp-json\/wp\/v2\/property_area?post=30905"}],"curies":[{"name":"wp","href":"https:\/\/api.w.org\/{rel}","templated":true}]}}