{"id":31211,"date":"2025-06-04T17:42:16","date_gmt":"2025-06-04T17:42:16","guid":{"rendered":"https:\/\/myhomeproperty.es\/property\/bungalow-im-erdgeschoss-in-lo-pagan-nur-600-meter-vom-strand-entfernt\/"},"modified":"2025-07-17T13:06:47","modified_gmt":"2025-07-17T13:06:47","slug":"bungalow-im-erdgeschoss-in-lo-pagan-nur-600-meter-vom-strand-entfernt","status":"publish","type":"property","link":"https:\/\/myhomeproperty.es\/de\/property\/bungalow-im-erdgeschoss-in-lo-pagan-nur-600-meter-vom-strand-entfernt\/","title":{"rendered":"Bungalow im Erdgeschoss in Lo Pagan, nur 600 Meter vom Strand entfernt."},"content":{"rendered":"\n<p>Charmanter Eckbungalow im Erdgeschoss in Lo Pagan mit privater Terrasse von 35m2, nur 600 Meter vom Strand von Villananitos entfernt. Dieses gem\u00fctliche und gepflegte Haus bietet einen idealen Ort, um die frische Luft und die Ruhe zu genie\u00dfen.<\/p>\n\n<p>Es ist aufgeteilt in ein ger\u00e4umiges und helles Wohn-Esszimmer, eine voll ausgestattete, unabh\u00e4ngige K\u00fcche, ein Schlafzimmer, ein komplettes Badezimmer und eine gro\u00dfz\u00fcgige Terrasse, die perfekt ist, um das gute Wetter das ganze Jahr \u00fcber zu genie\u00dfen. Urspr\u00fcnglich hatte die Immobilie zwei Schlafzimmer, und die urspr\u00fcngliche Aufteilung kann leicht wiederhergestellt werden. <\/p>\n\n<p>In einer ruhigen Gegend gelegen, in der N\u00e4he des Meeres und aller wichtigen Dienstleistungen, ist diese Immobilie die perfekte Wahl f\u00fcr ein Ferienhaus oder einen dauerhaften Wohnsitz.<\/p>\n\n<p>Lo Pag\u00e1n ist ein privilegiertes Reiseziel f\u00fcr alle, die Aktivit\u00e4ten in der freien Natur suchen und die nat\u00fcrliche Sch\u00f6nheit der Umgebung genie\u00dfen m\u00f6chten. Es bietet spektakul\u00e4re Str\u00e4nde, Promenaden und den einzigartigen Charme des Mar Menor.<\/p>\n\n<p><\/p>\n","protected":false},"excerpt":{"rendered":"<p>Charmanter Eckbungalow im Erdgeschoss in Lo Pagan mit privater Terrasse von 35m2, nur 600 Meter vom Strand von Villananitos entfernt. Dieses gem\u00fctliche und gepflegte Haus bietet einen idealen Ort, um die frische Luft und die Ruhe zu genie\u00dfen. Es ist aufgeteilt in ein ger\u00e4umiges und helles Wohn-Esszimmer, eine voll ausgestattete, unabh\u00e4ngige K\u00fcche, ein Schlafzimmer, ein [&hellip;]<\/p>\n","protected":false},"author":3,"featured_media":33002,"parent":0,"menu_order":0,"template":"","property_type":[116],"property_status":[46],"property_feature":[217,244],"property_label":[],"property_country":[33],"property_state":[37],"property_city":[41],"property_area":[236],"class_list":["post-31211","property","type-property","status-publish","has-post-thumbnail","hentry","property_type-bungalow-de","property_status-in-betrieb","property_feature-garten","property_feature-terrasse-de","property_country-spain-de","property_state-region-de-murcia-de","property_city-san-pedro-del-pinatar-de","property_area-lo-pagan-de"],"property_meta":{"fave_featured":["0"],"houzez_featured_listing_date":[""],"fave_property_images":["30921","31076","31081","31021","31086","31091","30986","30976","31106","31131","31121","31141","31146","31151","31111","31136","31196","30941","31061","30936","31071","30926","31171","31181","31186","31156","31051","31041","30956","30961","30991","31006","31001","31016","31225","31220","31230"],"fave_single_top_area":["global"],"_top_nav_excluded":[""],"_cms_nav_minihome":[""],"houzez_geolocation_lat":["37.8200037"],"houzez_geolocation_long":["-0.7865989"],"_last_translation_edit_mode":["translation-editor"],"_thumbnail_id":["33002"],"houzez_manual_expire":["0"],"_houzez_expiration_date_status":["saved"],"houzez_total_property_views":["100"],"houzez_views_by_date":["a:61:{s:10:\"07-13-2025\";i:2;s:10:\"07-15-2025\";i:2;s:10:\"07-17-2025\";i:1;s:10:\"07-21-2025\";i:1;s:10:\"07-23-2025\";i:2;s:10:\"07-29-2025\";i:1;s:10:\"08-03-2025\";i:1;s:10:\"08-07-2025\";i:1;s:10:\"08-08-2025\";i:5;s:10:\"08-09-2025\";i:2;s:10:\"08-21-2025\";i:1;s:10:\"08-25-2025\";i:1;s:10:\"08-26-2025\";i:1;s:10:\"08-29-2025\";i:1;s:10:\"08-30-2025\";i:2;s:10:\"08-31-2025\";i:1;s:10:\"09-02-2025\";i:4;s:10:\"09-03-2025\";i:5;s:10:\"09-04-2025\";i:1;s:10:\"09-08-2025\";i:1;s:10:\"09-13-2025\";i:1;s:10:\"09-18-2025\";i:1;s:10:\"09-23-2025\";i:1;s:10:\"09-28-2025\";i:1;s:10:\"09-29-2025\";i:1;s:10:\"10-03-2025\";i:1;s:10:\"10-08-2025\";i:1;s:10:\"10-13-2025\";i:1;s:10:\"10-18-2025\";i:1;s:10:\"10-24-2025\";i:1;s:10:\"11-18-2025\";i:1;s:10:\"11-23-2025\";i:1;s:10:\"12-01-2025\";i:1;s:10:\"12-03-2025\";i:1;s:10:\"12-10-2025\";i:1;s:10:\"12-17-2025\";i:1;s:10:\"12-29-2025\";i:1;s:10:\"01-04-2026\";i:1;s:10:\"01-11-2026\";i:1;s:10:\"01-20-2026\";i:1;s:10:\"01-31-2026\";i:1;s:10:\"02-04-2026\";i:1;s:10:\"02-06-2026\";i:1;s:10:\"02-12-2026\";i:1;s:10:\"02-17-2026\";i:1;s:10:\"02-20-2026\";i:1;s:10:\"02-22-2026\";i:1;s:10:\"03-02-2026\";i:1;s:10:\"03-06-2026\";i:1;s:10:\"03-11-2026\";i:3;s:10:\"03-18-2026\";i:1;s:10:\"03-22-2026\";i:1;s:10:\"03-23-2026\";i:1;s:10:\"03-28-2026\";i:2;s:10:\"04-03-2026\";i:1;s:10:\"04-07-2026\";i:1;s:10:\"04-10-2026\";i:2;s:10:\"04-13-2026\";i:1;s:10:\"04-18-2026\";i:1;s:10:\"04-23-2026\";i:1;s:10:\"04-28-2026\";i:3;}"],"houzez_recently_viewed":["2026-04-28 20:55:00"],"fave_property_price":["115000"],"fave_property_size":["52"],"fave_property_land":["90"],"fave_property_bedrooms":["2"],"fave_property_bathrooms":["1"],"fave_property_id":["3055MH"],"fave_property_map":["1"],"fave_property_map_address":["Lo Pagan, San Pedro del Pinatar, Campo de Cartagena y Mar Menor, Region Murcia, Spanien"],"fave_property_location":["37.8200037,-0.7865989,15"],"fave_property_map_street_view":["verbergen"],"fave_video_url":["https:\/\/youtu.be\/cpHmn-UuA60?si=poKTs9Z6uwVBF6B6"],"fave_agent_display_option":["autor_info"],"fave_prop_homeslider":["keine"],"_elementor_page_assets":["a:0:{}"]},"_links":{"self":[{"href":"https:\/\/myhomeproperty.es\/de\/wp-json\/wp\/v2\/properties\/31211","targetHints":{"allow":["GET"]}}],"collection":[{"href":"https:\/\/myhomeproperty.es\/de\/wp-json\/wp\/v2\/properties"}],"about":[{"href":"https:\/\/myhomeproperty.es\/de\/wp-json\/wp\/v2\/types\/property"}],"author":[{"embeddable":true,"href":"https:\/\/myhomeproperty.es\/de\/wp-json\/wp\/v2\/users\/3"}],"version-history":[{"count":3,"href":"https:\/\/myhomeproperty.es\/de\/wp-json\/wp\/v2\/properties\/31211\/revisions"}],"predecessor-version":[{"id":32995,"href":"https:\/\/myhomeproperty.es\/de\/wp-json\/wp\/v2\/properties\/31211\/revisions\/32995"}],"wp:featuredmedia":[{"embeddable":true,"href":"https:\/\/myhomeproperty.es\/de\/wp-json\/wp\/v2\/media\/33002"}],"wp:attachment":[{"href":"https:\/\/myhomeproperty.es\/de\/wp-json\/wp\/v2\/media?parent=31211"}],"wp:term":[{"taxonomy":"property_type","embeddable":true,"href":"https:\/\/myhomeproperty.es\/de\/wp-json\/wp\/v2\/property_type?post=31211"},{"taxonomy":"property_status","embeddable":true,"href":"https:\/\/myhomeproperty.es\/de\/wp-json\/wp\/v2\/property_status?post=31211"},{"taxonomy":"property_feature","embeddable":true,"href":"https:\/\/myhomeproperty.es\/de\/wp-json\/wp\/v2\/property_feature?post=31211"},{"taxonomy":"property_label","embeddable":true,"href":"https:\/\/myhomeproperty.es\/de\/wp-json\/wp\/v2\/property_label?post=31211"},{"taxonomy":"property_country","embeddable":true,"href":"https:\/\/myhomeproperty.es\/de\/wp-json\/wp\/v2\/property_country?post=31211"},{"taxonomy":"property_state","embeddable":true,"href":"https:\/\/myhomeproperty.es\/de\/wp-json\/wp\/v2\/property_state?post=31211"},{"taxonomy":"property_city","embeddable":true,"href":"https:\/\/myhomeproperty.es\/de\/wp-json\/wp\/v2\/property_city?post=31211"},{"taxonomy":"property_area","embeddable":true,"href":"https:\/\/myhomeproperty.es\/de\/wp-json\/wp\/v2\/property_area?post=31211"}],"curies":[{"name":"wp","href":"https:\/\/api.w.org\/{rel}","templated":true}]}}