{"id":32725,"date":"2025-07-15T12:57:47","date_gmt":"2025-07-15T12:57:47","guid":{"rendered":"https:\/\/myhomeproperty.es\/property\/exklusive-moderne-villa-in-avileses\/"},"modified":"2025-12-04T11:58:13","modified_gmt":"2025-12-04T11:58:13","slug":"exklusive-moderne-villa-in-avileses","status":"publish","type":"property","link":"https:\/\/myhomeproperty.es\/de\/property\/exklusive-moderne-villa-in-avileses\/","title":{"rendered":"Exklusive moderne Villa in Avileses"},"content":{"rendered":"\n<p>Entdecken Sie diese elegante, moderne Eckvilla, die Komfort, Funktionalit\u00e4t und einen entspannten Lebensstil bietet. Auf einer einzigen Etage verteilt, verf\u00fcgt es \u00fcber:<\/p>\n\n<ul class=\"wp-block-list\">\n<li>\ud83d\udecf\ufe0f 3 ger\u00e4umige Schlafzimmer, darunter eine Master-Suite mit eigenem Bad und Einbauschr\u00e4nken.<\/li>\n\n\n\n<li>\ud83d\udebf 2 komplette B\u00e4der, mit modernen Oberfl\u00e4chen und hochwertigen Materialien.<\/li>\n\n\n\n<li>\ud83c\udf7d\ufe0f Offene K\u00fcche, komplett eingerichtet und ausgestattet, integriert mit einem ger\u00e4umigen und hellen Wohnzimmer.<\/li>\n\n\n\n<li>\ud83c\udfca\u200d\u2642\ufe0f Privater Swimmingpool von 20 m\u00b2, ideal um die Sonne und das gute Wetter zu genie\u00dfen.<\/li>\n\n\n\n<li>\u2600\ufe0f Beeindruckende 76 m\u00b2 gro\u00dfe Sonnenterrasse, perfekt f\u00fcr Meetings, Entspannung und Sonnenbaden.<\/li>\n\n\n\n<li>\ud83d\udcd0 Grundst\u00fcck von 183 m\u00b2 mit 90 m\u00b2 bebauter Fl\u00e4che, entworfen, um jede Ecke zu maximieren.<\/li>\n<\/ul>\n\n<p>\ud83d\udcb0 Preis: 289.000 \u20ac.<\/p>\n\n<p>Avileses ist ein charmanter Weiler in der Gemeinde Murcia, der die Ruhe einer l\u00e4ndlichen Umgebung mit einer hervorragenden Anbindung an Dienstleistungen, Str\u00e4nde und Flugh\u00e4fen verbindet. Es ist sowohl als st\u00e4ndiger Wohnsitz als auch als Ferieninvestition ideal. <\/p>\n\n<p>\ud83d\udccd Privilegierter Standort<\/p>\n\n<ul class=\"wp-block-list\">\n<li>Ruhige Wohngegend, mit famili\u00e4rer Atmosph\u00e4re und geringer Bev\u00f6lkerungsdichte.<\/li>\n\n\n\n<li>Umgeben von Natur, Golfpl\u00e4tzen und Freifl\u00e4chen.<\/li>\n\n\n\n<li>Einladende Gemeinde mit grundlegenden Dienstleistungen in der N\u00e4he: Superm\u00e4rkte, Restaurants, Schulen und Sportzentren.<\/li>\n<\/ul>\n\n<p>\u2708\ufe0f Konnektivit\u00e4t<\/p>\n\n<ul class=\"wp-block-list\">\n<li>Nur 25 Minuten (24 km) vom internationalen Flughafen Murcia (RMU) entfernt \u207d\u00b9\u207e.<\/li>\n\n\n\n<li>50 Minuten (75 km) vom Flughafen Alicante-Elche (ALC) entfernt, ideal f\u00fcr internationale Fl\u00fcge.<\/li>\n<\/ul>\n\n<p>\ud83c\udfd6\ufe0f N\u00e4he zu den Str\u00e4nden<\/p>\n\n<ul class=\"wp-block-list\">\n<li>15 Minuten (13 km) von den Str\u00e4nden des Mar Menor entfernt, wie z.B. Los Alc\u00e1zares und San Pedro del Pinatar, ideal um die Sonne zu genie\u00dfen und Wassersport zu betreiben\u207d\u00b2\u207e.<\/li>\n\n\n\n<li>30 Minuten von den Mittelmeerstr\u00e4nden wie La Manga und Calblanque entfernt, die f\u00fcr ihre nat\u00fcrliche Sch\u00f6nheit und ihr kristallklares Wasser bekannt sind\u207d\u00b3\u207e.<\/li>\n<\/ul>\n\n<p>\ud83d\ude97 Abk\u00fcrzungen<\/p>\n\n<ul class=\"wp-block-list\">\n<li>Direkte Stra\u00dfenverbindung nach Murcia (30 Minuten) und Cartagena (25 Minuten).<\/li>\n\n\n\n<li>Einfacher Zugang zu den Autobahnen RM-19 und A-30.<\/li>\n<\/ul>\n\n<p>Ein ideales Haus f\u00fcr diejenigen, die Komfort, modernes Design und Privatsph\u00e4re suchen, sofort bezugsfertig! <\/p>\n","protected":false},"excerpt":{"rendered":"<p>Entdecken Sie diese elegante, moderne Eckvilla, die Komfort, Funktionalit\u00e4t und einen entspannten Lebensstil bietet. Auf einer einzigen Etage verteilt, verf\u00fcgt es \u00fcber: \ud83d\udcb0 Preis: 289.000 \u20ac. Avileses ist ein charmanter Weiler in der Gemeinde Murcia, der die Ruhe einer l\u00e4ndlichen Umgebung mit einer hervorragenden Anbindung an Dienstleistungen, Str\u00e4nde und Flugh\u00e4fen verbindet. Es ist sowohl als [&hellip;]<\/p>\n","protected":false},"author":3,"featured_media":32625,"parent":0,"menu_order":0,"template":"","property_type":[208],"property_status":[46],"property_feature":[45,299,244],"property_label":[],"property_country":[33],"property_state":[37],"property_city":[298],"property_area":[317],"class_list":["post-32725","property","type-property","status-publish","has-post-thumbnail","hentry","property_type-villa-de","property_status-in-betrieb","property_feature-piscina-de","property_feature-solarium-de","property_feature-terrasse-de","property_country-spain-de","property_state-region-de-murcia-de","property_city-murcia-de","property_area-avileses-de"],"property_meta":{"fave_featured":["1"],"houzez_featured_listing_date":["2025-07-15 14:24:46"],"fave_property_images":["32492","32672","32627","32622","32677","32617","32607","32612","32662","32632","32497","32502","32507","32527","32517","32522","32532","32707","32697","32512","32577","32712","32702","32582","32592","32587","32542","32547","32687","32552","32557","32562","32567","32572","32597","32717","32602","32537","32692","32682","32637","32652","32642","32647","32657","32667"],"fave_single_top_area":["global"],"_top_nav_excluded":[""],"_cms_nav_minihome":[""],"houzez_geolocation_lat":["37.8488494"],"houzez_geolocation_long":["-0.9421205"],"_thumbnail_id":["32625"],"_last_translation_edit_mode":["translation-editor"],"houzez_manual_expire":["0"],"_houzez_expiration_date_status":["saved"],"houzez_total_property_views":["91"],"houzez_views_by_date":["a:61:{s:10:\"08-16-2025\";i:1;s:10:\"08-23-2025\";i:1;s:10:\"08-28-2025\";i:1;s:10:\"08-29-2025\";i:1;s:10:\"08-30-2025\";i:1;s:10:\"09-05-2025\";i:1;s:10:\"09-06-2025\";i:1;s:10:\"09-07-2025\";i:1;s:10:\"09-08-2025\";i:1;s:10:\"09-09-2025\";i:1;s:10:\"09-14-2025\";i:1;s:10:\"09-16-2025\";i:1;s:10:\"09-17-2025\";i:1;s:10:\"09-18-2025\";i:1;s:10:\"09-20-2025\";i:1;s:10:\"09-23-2025\";i:1;s:10:\"09-28-2025\";i:2;s:10:\"10-01-2025\";i:2;s:10:\"10-03-2025\";i:1;s:10:\"10-07-2025\";i:1;s:10:\"10-12-2025\";i:1;s:10:\"10-17-2025\";i:1;s:10:\"10-21-2025\";i:1;s:10:\"10-22-2025\";i:1;s:10:\"11-05-2025\";i:1;s:10:\"11-13-2025\";i:1;s:10:\"11-17-2025\";i:1;s:10:\"11-23-2025\";i:1;s:10:\"11-30-2025\";i:1;s:10:\"12-03-2025\";i:1;s:10:\"12-18-2025\";i:1;s:10:\"12-20-2025\";i:1;s:10:\"12-25-2025\";i:1;s:10:\"12-29-2025\";i:1;s:10:\"01-03-2026\";i:1;s:10:\"01-07-2026\";i:1;s:10:\"01-11-2026\";i:2;s:10:\"01-24-2026\";i:1;s:10:\"01-28-2026\";i:2;s:10:\"02-02-2026\";i:1;s:10:\"02-04-2026\";i:1;s:10:\"02-05-2026\";i:1;s:10:\"02-10-2026\";i:1;s:10:\"02-20-2026\";i:1;s:10:\"03-03-2026\";i:1;s:10:\"03-09-2026\";i:1;s:10:\"03-11-2026\";i:2;s:10:\"03-14-2026\";i:1;s:10:\"03-16-2026\";i:2;s:10:\"03-21-2026\";i:1;s:10:\"03-26-2026\";i:3;s:10:\"03-27-2026\";i:1;s:10:\"03-30-2026\";i:1;s:10:\"04-04-2026\";i:1;s:10:\"04-05-2026\";i:1;s:10:\"04-11-2026\";i:2;s:10:\"04-12-2026\";i:2;s:10:\"04-15-2026\";i:1;s:10:\"04-20-2026\";i:3;s:10:\"04-25-2026\";i:1;s:10:\"04-28-2026\";i:4;}"],"houzez_recently_viewed":["2026-04-28 21:59:18"],"_elementor_page_assets":["a:0:{}"],"fave_property_price":["289000"],"fave_property_size":["90"],"fave_property_land":["185"],"fave_property_bedrooms":["3"],"fave_property_bathrooms":["2"],"fave_property_id":["3063MHR"],"fave_property_map":["1"],"fave_property_map_address":["Avileses, Jer\u00f3nimos y Avileses, Jer\u00f3nimos y Avileses y Balsicas de Arriba, Murcia, Campo de Cartagena y Mar Menor, Regi\u00f3n de Murcia, 30591, Spanien"],"fave_property_location":["37.8488494,-0.9421205,15"],"fave_property_map_street_view":["verbergen"],"fave_property_zip":["30590"],"fave_agent_display_option":["autor_info"],"fave_prop_homeslider":["keine"],"fave_private_note":["RODRIGO WOHNUNGEN WIEDERVERKAUF IN AVILESES"]},"_links":{"self":[{"href":"https:\/\/myhomeproperty.es\/de\/wp-json\/wp\/v2\/properties\/32725","targetHints":{"allow":["GET"]}}],"collection":[{"href":"https:\/\/myhomeproperty.es\/de\/wp-json\/wp\/v2\/properties"}],"about":[{"href":"https:\/\/myhomeproperty.es\/de\/wp-json\/wp\/v2\/types\/property"}],"author":[{"embeddable":true,"href":"https:\/\/myhomeproperty.es\/de\/wp-json\/wp\/v2\/users\/3"}],"version-history":[{"count":2,"href":"https:\/\/myhomeproperty.es\/de\/wp-json\/wp\/v2\/properties\/32725\/revisions"}],"predecessor-version":[{"id":32734,"href":"https:\/\/myhomeproperty.es\/de\/wp-json\/wp\/v2\/properties\/32725\/revisions\/32734"}],"wp:featuredmedia":[{"embeddable":true,"href":"https:\/\/myhomeproperty.es\/de\/wp-json\/wp\/v2\/media\/32625"}],"wp:attachment":[{"href":"https:\/\/myhomeproperty.es\/de\/wp-json\/wp\/v2\/media?parent=32725"}],"wp:term":[{"taxonomy":"property_type","embeddable":true,"href":"https:\/\/myhomeproperty.es\/de\/wp-json\/wp\/v2\/property_type?post=32725"},{"taxonomy":"property_status","embeddable":true,"href":"https:\/\/myhomeproperty.es\/de\/wp-json\/wp\/v2\/property_status?post=32725"},{"taxonomy":"property_feature","embeddable":true,"href":"https:\/\/myhomeproperty.es\/de\/wp-json\/wp\/v2\/property_feature?post=32725"},{"taxonomy":"property_label","embeddable":true,"href":"https:\/\/myhomeproperty.es\/de\/wp-json\/wp\/v2\/property_label?post=32725"},{"taxonomy":"property_country","embeddable":true,"href":"https:\/\/myhomeproperty.es\/de\/wp-json\/wp\/v2\/property_country?post=32725"},{"taxonomy":"property_state","embeddable":true,"href":"https:\/\/myhomeproperty.es\/de\/wp-json\/wp\/v2\/property_state?post=32725"},{"taxonomy":"property_city","embeddable":true,"href":"https:\/\/myhomeproperty.es\/de\/wp-json\/wp\/v2\/property_city?post=32725"},{"taxonomy":"property_area","embeddable":true,"href":"https:\/\/myhomeproperty.es\/de\/wp-json\/wp\/v2\/property_area?post=32725"}],"curies":[{"name":"wp","href":"https:\/\/api.w.org\/{rel}","templated":true}]}}