{"id":33342,"date":"2025-10-01T10:48:01","date_gmt":"2025-10-01T10:48:01","guid":{"rendered":"https:\/\/myhomeproperty.es\/property\/villa-in-balsicas\/"},"modified":"2025-12-04T11:59:39","modified_gmt":"2025-12-04T11:59:39","slug":"villa-in-balsicas","status":"publish","type":"property","link":"https:\/\/myhomeproperty.es\/de\/property\/villa-in-balsicas\/","title":{"rendered":"Villa in Balsicas"},"content":{"rendered":"\n<p>Wir pr\u00e4sentieren Ihnen diese einst\u00f6ckige Villa mit Terrasse, privatem Swimmingpool und Solarium mit Sommerk\u00fcche, um das ganze Jahr \u00fcber die Sonne zu genie\u00dfen.<\/p>\n\n<p>Das Haus hat drei Schlafzimmer und zwei B\u00e4der sowie einen Parkplatz. Sie ist modern und offen gestaltet und verf\u00fcgt \u00fcber eine voll ausgestattete K\u00fcche und ein Wohn-Esszimmer. <\/p>\n\n<p>Gelegen in Balsicas (Murcia), in der N\u00e4he von Gr\u00fcnfl\u00e4chen, Dienstleistungen, Parks und Sportanlagen, sowie dem Strand und mehreren Golfpl\u00e4tzen.<\/p>\n\n<p>Inklusive voll ausgestatteter K\u00fcche mit Backofen, integriertem K\u00fchlschrank, Geschirrsp\u00fcler, Kochfeld und Dunstabzugshaube. K\u00fccheninsel als Arbeitsbereich, Beleuchtung: innen (Esszimmer, K\u00fcche, Flure und B\u00e4der) und au\u00dfen, gef\u00fctterte Kleiderschr\u00e4nke mit Schubladen, komplette B\u00e4der mit Toilette, Waschbecken, Spiegel und Dusche mit Sichtschutz, Vorinstallation f\u00fcr Klimaanlage. <\/p>\n\n<p>Das Solarium verf\u00fcgt \u00fcber eine Sommerk\u00fcche, eine Vorinstallation von Elektroger\u00e4ten und Schiebet\u00fcren.<\/p>\n\n<p>Wir geben Ihnen gerne weitere Informationen und vereinbaren einen Besuchstermin.<\/p>\n\n<p><\/p>\n","protected":false},"excerpt":{"rendered":"<p>Wir pr\u00e4sentieren Ihnen diese einst\u00f6ckige Villa mit Terrasse, privatem Swimmingpool und Solarium mit Sommerk\u00fcche, um das ganze Jahr \u00fcber die Sonne zu genie\u00dfen. Das Haus hat drei Schlafzimmer und zwei B\u00e4der sowie einen Parkplatz. Sie ist modern und offen gestaltet und verf\u00fcgt \u00fcber eine voll ausgestattete K\u00fcche und ein Wohn-Esszimmer. Gelegen in Balsicas (Murcia), in [&hellip;]<\/p>\n","protected":false},"author":3,"featured_media":33310,"parent":0,"menu_order":0,"template":"","property_type":[208],"property_status":[46],"property_feature":[217,45,299,244],"property_label":[],"property_country":[33],"property_state":[37],"property_city":[332],"property_area":[],"class_list":["post-33342","property","type-property","status-publish","has-post-thumbnail","hentry","property_type-villa-de","property_status-in-betrieb","property_feature-garten","property_feature-piscina-de","property_feature-solarium-de","property_feature-terrasse-de","property_country-spain-de","property_state-region-de-murcia-de","property_city-balsicas-de"],"property_meta":{"fave_featured":["1"],"houzez_featured_listing_date":["2025-10-01 10:48:23"],"fave_property_images":["33312","33307","33302","33332","33327","33322","33317","33247","33242","33297","33257","33272","33262","33267","33292","33287","33282","33277","33252","33237","33232"],"fave_single_top_area":["global"],"_top_nav_excluded":[""],"_cms_nav_minihome":[""],"houzez_geolocation_lat":["37.816768110822"],"houzez_geolocation_long":["-0.95443778412385"],"_last_translation_edit_mode":["translation-editor"],"_thumbnail_id":["33310"],"houzez_total_property_views":["64"],"houzez_views_by_date":["a:50:{s:10:\"10-01-2025\";i:8;s:10:\"10-02-2025\";i:2;s:10:\"10-04-2025\";i:1;s:10:\"10-06-2025\";i:1;s:10:\"10-08-2025\";i:1;s:10:\"10-09-2025\";i:1;s:10:\"10-12-2025\";i:1;s:10:\"10-17-2025\";i:1;s:10:\"10-22-2025\";i:1;s:10:\"10-26-2025\";i:1;s:10:\"11-17-2025\";i:1;s:10:\"11-21-2025\";i:1;s:10:\"11-29-2025\";i:1;s:10:\"12-02-2025\";i:1;s:10:\"12-07-2025\";i:1;s:10:\"12-10-2025\";i:1;s:10:\"12-14-2025\";i:2;s:10:\"12-19-2025\";i:1;s:10:\"12-28-2025\";i:1;s:10:\"01-02-2026\";i:1;s:10:\"01-06-2026\";i:1;s:10:\"01-07-2026\";i:1;s:10:\"01-08-2026\";i:1;s:10:\"01-11-2026\";i:2;s:10:\"01-16-2026\";i:1;s:10:\"01-20-2026\";i:1;s:10:\"02-03-2026\";i:1;s:10:\"02-10-2026\";i:1;s:10:\"02-12-2026\";i:1;s:10:\"02-19-2026\";i:1;s:10:\"02-20-2026\";i:1;s:10:\"02-24-2026\";i:1;s:10:\"03-01-2026\";i:1;s:10:\"03-10-2026\";i:1;s:10:\"03-11-2026\";i:2;s:10:\"03-12-2026\";i:1;s:10:\"03-18-2026\";i:1;s:10:\"03-22-2026\";i:1;s:10:\"03-27-2026\";i:1;s:10:\"03-31-2026\";i:1;s:10:\"04-01-2026\";i:1;s:10:\"04-04-2026\";i:1;s:10:\"04-07-2026\";i:2;s:10:\"04-11-2026\";i:1;s:10:\"04-14-2026\";i:2;s:10:\"04-16-2026\";i:1;s:10:\"04-21-2026\";i:1;s:10:\"04-22-2026\";i:1;s:10:\"04-26-2026\";i:1;s:10:\"04-28-2026\";i:2;}"],"houzez_recently_viewed":["2026-04-28 19:53:49"],"houzez_manual_expire":["0"],"_houzez_expiration_date_status":["saved"],"_elementor_page_assets":["a:0:{}"],"fave_property_price":["325000"],"fave_property_size":["96"],"fave_property_land":["223"],"fave_property_bedrooms":["3"],"fave_property_bathrooms":["2"],"fave_property_id":["3065MHP"],"fave_property_map":["1"],"fave_property_map_address":["Balsicas, Torre Pacheco, Campo de Cartagena y Mar Menor, Region Murcia, 30591, Spanien"],"fave_property_location":["37.816768110822,-0.95443778412385,15"],"fave_property_map_street_view":["verbergen"],"fave_property_zip":["30590"],"fave_video_url":["https:\/\/youtu.be\/z0L_oBF6rrQ"],"fave_agent_display_option":["autor_info"],"fave_prop_homeslider":["keine"],"fave_private_note":["BREATHE III Paco Albaladejo in Balsicas"]},"_links":{"self":[{"href":"https:\/\/myhomeproperty.es\/de\/wp-json\/wp\/v2\/properties\/33342","targetHints":{"allow":["GET"]}}],"collection":[{"href":"https:\/\/myhomeproperty.es\/de\/wp-json\/wp\/v2\/properties"}],"about":[{"href":"https:\/\/myhomeproperty.es\/de\/wp-json\/wp\/v2\/types\/property"}],"author":[{"embeddable":true,"href":"https:\/\/myhomeproperty.es\/de\/wp-json\/wp\/v2\/users\/3"}],"version-history":[{"count":2,"href":"https:\/\/myhomeproperty.es\/de\/wp-json\/wp\/v2\/properties\/33342\/revisions"}],"predecessor-version":[{"id":33351,"href":"https:\/\/myhomeproperty.es\/de\/wp-json\/wp\/v2\/properties\/33342\/revisions\/33351"}],"wp:featuredmedia":[{"embeddable":true,"href":"https:\/\/myhomeproperty.es\/de\/wp-json\/wp\/v2\/media\/33310"}],"wp:attachment":[{"href":"https:\/\/myhomeproperty.es\/de\/wp-json\/wp\/v2\/media?parent=33342"}],"wp:term":[{"taxonomy":"property_type","embeddable":true,"href":"https:\/\/myhomeproperty.es\/de\/wp-json\/wp\/v2\/property_type?post=33342"},{"taxonomy":"property_status","embeddable":true,"href":"https:\/\/myhomeproperty.es\/de\/wp-json\/wp\/v2\/property_status?post=33342"},{"taxonomy":"property_feature","embeddable":true,"href":"https:\/\/myhomeproperty.es\/de\/wp-json\/wp\/v2\/property_feature?post=33342"},{"taxonomy":"property_label","embeddable":true,"href":"https:\/\/myhomeproperty.es\/de\/wp-json\/wp\/v2\/property_label?post=33342"},{"taxonomy":"property_country","embeddable":true,"href":"https:\/\/myhomeproperty.es\/de\/wp-json\/wp\/v2\/property_country?post=33342"},{"taxonomy":"property_state","embeddable":true,"href":"https:\/\/myhomeproperty.es\/de\/wp-json\/wp\/v2\/property_state?post=33342"},{"taxonomy":"property_city","embeddable":true,"href":"https:\/\/myhomeproperty.es\/de\/wp-json\/wp\/v2\/property_city?post=33342"},{"taxonomy":"property_area","embeddable":true,"href":"https:\/\/myhomeproperty.es\/de\/wp-json\/wp\/v2\/property_area?post=33342"}],"curies":[{"name":"wp","href":"https:\/\/api.w.org\/{rel}","templated":true}]}}