{"id":3384,"date":"2024-07-29T09:03:26","date_gmt":"2024-07-29T09:03:26","guid":{"rendered":"https:\/\/myhomeproperty.es\/property\/2-schlafzimmer-bungalows-an-pilar-de-la-horadada\/"},"modified":"2024-09-27T13:51:48","modified_gmt":"2024-09-27T13:51:48","slug":"2-schlafzimmer-bungalows-an-pilar-de-la-horadada","status":"publish","type":"property","link":"https:\/\/myhomeproperty.es\/de\/property\/2-schlafzimmer-bungalows-an-pilar-de-la-horadada\/","title":{"rendered":"2 SCHLAFZIMMER BUNGALOWS AN PILAR DE LA HORADADA"},"content":{"rendered":"\n<p>Wir pr\u00e4sentieren diese neue Wohnanlage in Pilar de la Horadada.<br\/>Die Immobilien verf\u00fcgen \u00fcber 2 Schlafzimmer und 2 B\u00e4der, Wohn-Esszimmer mit Wohnk\u00fcche, Terrasse oder Solarium.<br\/>Das Haus befindet sich in einer guten Gegend, nur 2 km von den Str\u00e4nden von Torre de la Horadada und Mil Palmeras entfernt und mit guter Anbindung an die Autobahn.<br\/>Die Wohnanlage wird aus insgesamt 3 Bl\u00f6cken bestehen, 2 davon mit 2 Etagen und der dritte mit 3 Etagen.<br\/>Die Erdgeschosswohnungen von Block 1 und 2 verf\u00fcgen \u00fcber einen privaten Garten und eine Terrasse und die oberen Etagen haben eine private Sonnenterrasse mit Markise und Sommerk\u00fcche.<br\/>Im 3. Block verf\u00fcgen die Erdgeschosse \u00fcber einen privaten Garten, die ersten Etagen \u00fcber eine gro\u00dfe Terrasse und die Penth\u00e4user \u00fcber eine gro\u00dfe Terrasse sowie ein privates Solarium mit Markise und Sommerk\u00fcche, privatem Jacuzzi und Kunstrasen.<br\/>Mit angelegten Gemeinschaftsbereichen, einem gro\u00dfen Swimmingpool und einem Kinderspielplatz.\nAlle Wohnungen haben einen Tiefgaragenstellplatz und einen Abstellraum. <\/p>\n\n<p>Sehenswertes:<\/p>\n\n<ul class=\"wp-block-list\">\n<li>Str\u00e4nde 2 km<\/li>\n\n\n\n<li>Stadtzentrum: 1,5 km<\/li>\n\n\n\n<li>DOS MARES Einkaufszentrum 10 Minuten<\/li>\n\n\n\n<li>LA ZENIA BOULEVARD Einkaufszentrum: 15 Minuten<\/li>\n\n\n\n<li>Covera Murcia Flughafen: 30 Minuten<\/li>\n\n\n\n<li>Flughafen Alicante: 50 Minuten<\/li>\n<\/ul>\n","protected":false},"excerpt":{"rendered":"<p>Wir pr\u00e4sentieren diese neue Wohnanlage in Pilar de la Horadada.Die Immobilien verf\u00fcgen \u00fcber 2 Schlafzimmer und 2 B\u00e4der, Wohn-Esszimmer mit Wohnk\u00fcche, Terrasse oder Solarium.Das Haus befindet sich in einer guten Gegend, nur 2 km von den Str\u00e4nden von Torre de la Horadada und Mil Palmeras entfernt und mit guter Anbindung an die Autobahn.Die Wohnanlage wird [&hellip;]<\/p>\n","protected":false},"author":3,"featured_media":3226,"parent":0,"menu_order":0,"template":"","property_type":[],"property_status":[139],"property_feature":[45],"property_label":[],"property_country":[33],"property_state":[51],"property_city":[59],"property_area":[],"class_list":["post-3384","property","type-property","status-publish","has-post-thumbnail","hentry","property_status-verkauft","property_feature-piscina-de","property_country-spain-de","property_state-alicante-de","property_city-pilar-de-la-horadada-de"],"property_meta":{"fave_featured":["1"],"houzez_featured_listing_date":["2024-07-29 09:03:33"],"fave_property_images":["3235","3247","3199","3193","3205","3211","3163","3217","3229","3241","3223","3169","3259","3253","3175","3187","3181","3325","3319","3313","3337","3265","3331","3271","3283","3277","3289","3295","3301","3307","3373","3367","3361"],"fave_single_top_area":["global"],"_top_nav_excluded":[""],"_cms_nav_minihome":[""],"houzez_geolocation_lat":["37.8675489"],"houzez_geolocation_long":["-0.7925673"],"_last_translation_edit_mode":["translation-editor"],"_thumbnail_id":["3226"],"houzez_manual_expire":["0"],"_houzez_expiration_date_status":["saved"],"houzez_total_property_views":["126"],"houzez_views_by_date":["a:61:{s:10:\"05-29-2025\";i:1;s:10:\"06-02-2025\";i:2;s:10:\"06-03-2025\";i:1;s:10:\"06-10-2025\";i:2;s:10:\"06-11-2025\";i:1;s:10:\"06-18-2025\";i:2;s:10:\"06-27-2025\";i:1;s:10:\"06-28-2025\";i:1;s:10:\"07-01-2025\";i:1;s:10:\"07-11-2025\";i:1;s:10:\"07-14-2025\";i:3;s:10:\"07-18-2025\";i:1;s:10:\"07-27-2025\";i:1;s:10:\"08-01-2025\";i:1;s:10:\"08-02-2025\";i:1;s:10:\"08-22-2025\";i:2;s:10:\"08-25-2025\";i:1;s:10:\"08-28-2025\";i:1;s:10:\"08-30-2025\";i:2;s:10:\"09-05-2025\";i:1;s:10:\"09-11-2025\";i:1;s:10:\"09-12-2025\";i:2;s:10:\"09-16-2025\";i:1;s:10:\"09-21-2025\";i:1;s:10:\"09-22-2025\";i:1;s:10:\"09-27-2025\";i:1;s:10:\"09-28-2025\";i:1;s:10:\"10-02-2025\";i:1;s:10:\"10-08-2025\";i:1;s:10:\"10-15-2025\";i:1;s:10:\"10-21-2025\";i:1;s:10:\"11-19-2025\";i:1;s:10:\"12-08-2025\";i:1;s:10:\"12-21-2025\";i:1;s:10:\"12-26-2025\";i:1;s:10:\"01-12-2026\";i:3;s:10:\"01-18-2026\";i:1;s:10:\"01-23-2026\";i:1;s:10:\"01-28-2026\";i:1;s:10:\"02-03-2026\";i:1;s:10:\"02-11-2026\";i:1;s:10:\"02-12-2026\";i:1;s:10:\"02-16-2026\";i:1;s:10:\"02-22-2026\";i:1;s:10:\"02-28-2026\";i:1;s:10:\"03-11-2026\";i:4;s:10:\"03-12-2026\";i:1;s:10:\"03-18-2026\";i:1;s:10:\"03-19-2026\";i:1;s:10:\"03-21-2026\";i:1;s:10:\"03-23-2026\";i:1;s:10:\"03-24-2026\";i:1;s:10:\"03-25-2026\";i:1;s:10:\"03-29-2026\";i:1;s:10:\"03-30-2026\";i:1;s:10:\"04-04-2026\";i:1;s:10:\"04-10-2026\";i:1;s:10:\"04-15-2026\";i:1;s:10:\"04-22-2026\";i:1;s:10:\"04-25-2026\";i:1;s:10:\"04-28-2026\";i:3;}"],"houzez_recently_viewed":["2026-04-28 23:06:06"],"fave_property_price":["249000"],"fave_property_price_prefix":["Von"],"fave_property_size":["60"],"fave_property_land":["100"],"fave_property_bedrooms":["2"],"fave_property_bathrooms":["2"],"fave_property_id":["3014MHL"],"fave_property_map":["1"],"fave_property_map_address":["Pilar de la Horadada, el Baix Segura \/ La Vega Baja del Segura, Alacant \/ Alicante, Comunitat Valenciana, Spanien"],"fave_property_location":["37.8675489,-0.7925673,15"],"fave_property_map_street_view":["verbergen"],"fave_property_zip":["03190"],"fave_video_url":["https:\/\/youtu.be\/UDaEIKri3Tg"],"fave_agent_display_option":["autor_info"],"fave_prop_homeslider":["ja"],"fave_private_note":["LAMAR VII KEAY BEREIT PACO ALBALADEJO - PILAR DE LA HORADADA MESSEGEL\u00c4NDE"],"floor_plans":["a:3:{i:0;a:2:{s:15:\"fave_plan_title\";s:17:\"BLOCK 1 WOHNUNG 5\";s:15:\"fave_plan_image\";s:60:\"https:\/\/myhomeproperty.es\/wp-content\/uploads\/2024\/07\/5-3.jpg\";}i:1;a:2:{s:15:\"fave_plan_title\";s:17:\"BLOCK 1 VVIENDA 7\";s:15:\"fave_plan_image\";s:60:\"https:\/\/myhomeproperty.es\/wp-content\/uploads\/2024\/07\/7-3.jpg\";}i:2;a:2:{s:15:\"fave_plan_title\";s:17:\"BLOCK 1 WOHNUNG 8\";s:15:\"fave_plan_image\";s:60:\"https:\/\/myhomeproperty.es\/wp-content\/uploads\/2024\/07\/8-3.jpg\";}}"],"_elementor_page_assets":["a:0:{}"]},"_links":{"self":[{"href":"https:\/\/myhomeproperty.es\/de\/wp-json\/wp\/v2\/properties\/3384","targetHints":{"allow":["GET"]}}],"collection":[{"href":"https:\/\/myhomeproperty.es\/de\/wp-json\/wp\/v2\/properties"}],"about":[{"href":"https:\/\/myhomeproperty.es\/de\/wp-json\/wp\/v2\/types\/property"}],"author":[{"embeddable":true,"href":"https:\/\/myhomeproperty.es\/de\/wp-json\/wp\/v2\/users\/3"}],"version-history":[{"count":2,"href":"https:\/\/myhomeproperty.es\/de\/wp-json\/wp\/v2\/properties\/3384\/revisions"}],"predecessor-version":[{"id":5262,"href":"https:\/\/myhomeproperty.es\/de\/wp-json\/wp\/v2\/properties\/3384\/revisions\/5262"}],"wp:featuredmedia":[{"embeddable":true,"href":"https:\/\/myhomeproperty.es\/de\/wp-json\/wp\/v2\/media\/3226"}],"wp:attachment":[{"href":"https:\/\/myhomeproperty.es\/de\/wp-json\/wp\/v2\/media?parent=3384"}],"wp:term":[{"taxonomy":"property_type","embeddable":true,"href":"https:\/\/myhomeproperty.es\/de\/wp-json\/wp\/v2\/property_type?post=3384"},{"taxonomy":"property_status","embeddable":true,"href":"https:\/\/myhomeproperty.es\/de\/wp-json\/wp\/v2\/property_status?post=3384"},{"taxonomy":"property_feature","embeddable":true,"href":"https:\/\/myhomeproperty.es\/de\/wp-json\/wp\/v2\/property_feature?post=3384"},{"taxonomy":"property_label","embeddable":true,"href":"https:\/\/myhomeproperty.es\/de\/wp-json\/wp\/v2\/property_label?post=3384"},{"taxonomy":"property_country","embeddable":true,"href":"https:\/\/myhomeproperty.es\/de\/wp-json\/wp\/v2\/property_country?post=3384"},{"taxonomy":"property_state","embeddable":true,"href":"https:\/\/myhomeproperty.es\/de\/wp-json\/wp\/v2\/property_state?post=3384"},{"taxonomy":"property_city","embeddable":true,"href":"https:\/\/myhomeproperty.es\/de\/wp-json\/wp\/v2\/property_city?post=3384"},{"taxonomy":"property_area","embeddable":true,"href":"https:\/\/myhomeproperty.es\/de\/wp-json\/wp\/v2\/property_area?post=3384"}],"curies":[{"name":"wp","href":"https:\/\/api.w.org\/{rel}","templated":true}]}}