{"id":35866,"date":"2026-02-12T19:11:36","date_gmt":"2026-02-12T19:11:36","guid":{"rendered":"https:\/\/myhomeproperty.es\/property\/geraeumiges-haus-in-san-pedro-del-pinatar-2\/"},"modified":"2026-02-12T19:12:16","modified_gmt":"2026-02-12T19:12:16","slug":"geraeumiges-haus-in-san-pedro-del-pinatar-2","status":"publish","type":"property","link":"https:\/\/myhomeproperty.es\/de\/property\/geraeumiges-haus-in-san-pedro-del-pinatar-2\/","title":{"rendered":"Ger\u00e4umiges Haus in San Pedro del Pinatar"},"content":{"rendered":"\n<p>Grundst\u00fcck mit gro\u00dfem Lager in San Pedro del Pinatar. Platz, Vielseitigkeit und privilegierte Lage. <\/p>\n\n<p>Wir pr\u00e4sentieren diese ger\u00e4umige Immobilie auf einem Grundst\u00fcck von ca. 200 m\u00b2 in San Pedro del Pinatar. Eine ideale Immobilie f\u00fcr alle, die ein komfortables Zuhause mit zus\u00e4tzlichem Platz f\u00fcr Gesch\u00e4fte, Lagerr\u00e4ume, eine Garage oder sogar einen Zweitwohnsitz suchen. <\/p>\n\n<p>Die K\u00fcche und die B\u00e4der wurden vor kurzem renoviert, und sowohl die Sanit\u00e4r- als auch die Elektroinstallation wurden im Januar 2026 \u00fcberarbeitet und auf den neuesten Stand gebracht. Dies garantiert einen ausgezeichneten Erhaltungszustand und eine bezugsfertige Immobilie, die gerade komplett neu gestrichen wurde. Die Immobilie wird m\u00f6bliert, mit Klimaanlage und brandneuen Elektroger\u00e4ten geliefert. <\/p>\n\n<p>\ud83c\udfe1 Das Obergeschoss (Haupthaus) verf\u00fcgt \u00fcber 4 ger\u00e4umige und helle Schlafzimmer, 2 k\u00fcrzlich renovierte und gut dimensionierte Badezimmer, ein ger\u00e4umiges und offenes Wohn-Esszimmer, eine renovierte und voll ausgestattete K\u00fcche mit Ger\u00e4ten, funktional und modern, einen Innenhof, der f\u00fcr nat\u00fcrliches Licht und Bel\u00fcftung sorgt, eine separate Waschk\u00fcche, eine Speisekammer und eine Terrasse mit guter Ausrichtung.<\/p>\n\n<p>Das Erdgeschoss bietet einen offenen, multifunktionalen Raum mit mehreren Nutzungsm\u00f6glichkeiten: eine unabh\u00e4ngige Wohnung, eine Garage oder ein Carport, ein Lager f\u00fcr ein Gesch\u00e4ft, eine Werkstatt oder einen Arbeitsbereich, einen Innenhof oder einen Freizeitbereich.  <\/p>\n\n<p>Auf der Dachterrasse befindet sich eine gro\u00dfe Sonnenterrasse, die perfekt ist, um die Sonne zu genie\u00dfen, zu entspannen oder einen Freizeitraum im Freien zu schaffen.<\/p>\n\n<p>Das Hotel liegt in einer ruhigen, aber sehr zentralen Gegend, mit engem Zugang zu:<\/p>\n\n<ul class=\"wp-block-list\">\n<li>Schulen<\/li>\n\n\n\n<li>Superm\u00e4rkte und Dienstleistungen<\/li>\n\n\n\n<li>Restaurants und Gesch\u00e4fte<\/li>\n\n\n\n<li>W\u00f6chentlicher Flohmarkt<\/li>\n\n\n\n<li>Autobahn AP-7<\/li>\n<\/ul>\n\n<p>Eine Immobilie, die sich durch ihre Ger\u00e4umigkeit, Vielseitigkeit und ihren hervorragenden Zustand auszeichnet. Eine ideale Gelegenheit sowohl f\u00fcr Familien als auch f\u00fcr Unternehmer, die zus\u00e4tzlichen Platz f\u00fcr ihre T\u00e4tigkeit ben\u00f6tigen. <\/p>\n\n<p><\/p>\n","protected":false},"excerpt":{"rendered":"<p>Grundst\u00fcck mit gro\u00dfem Lager in San Pedro del Pinatar. Platz, Vielseitigkeit und privilegierte Lage. Wir pr\u00e4sentieren diese ger\u00e4umige Immobilie auf einem Grundst\u00fcck von ca. 200 m\u00b2 in San Pedro del Pinatar. Eine ideale Immobilie f\u00fcr alle, die ein komfortables Zuhause mit zus\u00e4tzlichem Platz f\u00fcr Gesch\u00e4fte, Lagerr\u00e4ume, eine Garage oder sogar einen Zweitwohnsitz suchen. Die K\u00fcche [&hellip;]<\/p>\n","protected":false},"author":3,"featured_media":30400,"parent":0,"menu_order":0,"template":"","property_type":[122],"property_status":[46],"property_feature":[244],"property_label":[],"property_country":[],"property_state":[37],"property_city":[41],"property_area":[],"class_list":["post-35866","property","type-property","status-publish","has-post-thumbnail","hentry","property_type-haus","property_status-in-betrieb","property_feature-terrasse-de","property_state-region-de-murcia-de","property_city-san-pedro-del-pinatar-de"],"property_meta":{"fave_featured":["0"],"houzez_featured_listing_date":[""],"fave_property_images":["35840","35740","35745","35725","35705","35710","35700","35465","35470","35475","35485","35500","35505","35780","35460","35785","35455","35675","35670","35680","35655","35660","35665","35775","35770","35750","35760","35755","35515","35520","35490","35535","35530","35545","35860","35855","35850","35625","35620","35615","35820","35810","35815","35845","35805","35795","35635","35555","35565"],"fave_single_top_area":["global"],"_top_nav_excluded":[""],"_cms_nav_minihome":[""],"fave_property_price":["260000"],"fave_property_size":["116"],"fave_property_land":["200"],"fave_property_bedrooms":["4"],"fave_property_bathrooms":["2"],"fave_property_garage_size":["116"],"fave_property_id":["3073MH"],"fave_property_map_address":["Avenida del Taibilla, San Pedro del Pinatar, Campo de Cartagena y Mar Menor, Regi\u00f3n de Murcia, 30740, Spanien"],"fave_property_location":["37.8344447,-0.7965034,15"],"houzez_geolocation_lat":["37.8344447"],"houzez_geolocation_long":["-0.7965034"],"fave_property_map_street_view":["verbergen"],"fave_property_zip":["30740"],"fave_video_url":["https:\/\/youtu.be\/zIofAxsKW4o"],"fave_agent_display_option":["none"],"fave_prop_homeslider":["keine"],"_thumbnail_id":["30400"],"_last_translation_edit_mode":["translation-editor"],"houzez_manual_expire":["0"],"_houzez_expiration_date_status":["saved"],"houzez_total_property_views":["38"],"houzez_views_by_date":["a:28:{s:10:\"02-12-2026\";i:1;s:10:\"02-16-2026\";i:3;s:10:\"02-20-2026\";i:2;s:10:\"02-23-2026\";i:1;s:10:\"02-24-2026\";i:2;s:10:\"02-25-2026\";i:1;s:10:\"02-26-2026\";i:1;s:10:\"03-04-2026\";i:1;s:10:\"03-05-2026\";i:2;s:10:\"03-06-2026\";i:1;s:10:\"03-09-2026\";i:1;s:10:\"03-11-2026\";i:2;s:10:\"03-17-2026\";i:1;s:10:\"03-20-2026\";i:1;s:10:\"03-22-2026\";i:1;s:10:\"03-27-2026\";i:1;s:10:\"04-01-2026\";i:2;s:10:\"04-02-2026\";i:1;s:10:\"04-08-2026\";i:1;s:10:\"04-09-2026\";i:1;s:10:\"04-12-2026\";i:1;s:10:\"04-13-2026\";i:1;s:10:\"04-17-2026\";i:1;s:10:\"04-21-2026\";i:2;s:10:\"04-22-2026\";i:1;s:10:\"04-24-2026\";i:1;s:10:\"04-26-2026\";i:1;s:10:\"04-28-2026\";i:3;}"],"houzez_recently_viewed":["2026-04-28 18:52:26"],"_elementor_page_assets":["a:0:{}"]},"_links":{"self":[{"href":"https:\/\/myhomeproperty.es\/de\/wp-json\/wp\/v2\/properties\/35866","targetHints":{"allow":["GET"]}}],"collection":[{"href":"https:\/\/myhomeproperty.es\/de\/wp-json\/wp\/v2\/properties"}],"about":[{"href":"https:\/\/myhomeproperty.es\/de\/wp-json\/wp\/v2\/types\/property"}],"author":[{"embeddable":true,"href":"https:\/\/myhomeproperty.es\/de\/wp-json\/wp\/v2\/users\/3"}],"version-history":[{"count":1,"href":"https:\/\/myhomeproperty.es\/de\/wp-json\/wp\/v2\/properties\/35866\/revisions"}],"predecessor-version":[{"id":35867,"href":"https:\/\/myhomeproperty.es\/de\/wp-json\/wp\/v2\/properties\/35866\/revisions\/35867"}],"wp:featuredmedia":[{"embeddable":true,"href":"https:\/\/myhomeproperty.es\/de\/wp-json\/wp\/v2\/media\/30400"}],"wp:attachment":[{"href":"https:\/\/myhomeproperty.es\/de\/wp-json\/wp\/v2\/media?parent=35866"}],"wp:term":[{"taxonomy":"property_type","embeddable":true,"href":"https:\/\/myhomeproperty.es\/de\/wp-json\/wp\/v2\/property_type?post=35866"},{"taxonomy":"property_status","embeddable":true,"href":"https:\/\/myhomeproperty.es\/de\/wp-json\/wp\/v2\/property_status?post=35866"},{"taxonomy":"property_feature","embeddable":true,"href":"https:\/\/myhomeproperty.es\/de\/wp-json\/wp\/v2\/property_feature?post=35866"},{"taxonomy":"property_label","embeddable":true,"href":"https:\/\/myhomeproperty.es\/de\/wp-json\/wp\/v2\/property_label?post=35866"},{"taxonomy":"property_country","embeddable":true,"href":"https:\/\/myhomeproperty.es\/de\/wp-json\/wp\/v2\/property_country?post=35866"},{"taxonomy":"property_state","embeddable":true,"href":"https:\/\/myhomeproperty.es\/de\/wp-json\/wp\/v2\/property_state?post=35866"},{"taxonomy":"property_city","embeddable":true,"href":"https:\/\/myhomeproperty.es\/de\/wp-json\/wp\/v2\/property_city?post=35866"},{"taxonomy":"property_area","embeddable":true,"href":"https:\/\/myhomeproperty.es\/de\/wp-json\/wp\/v2\/property_area?post=35866"}],"curies":[{"name":"wp","href":"https:\/\/api.w.org\/{rel}","templated":true}]}}