{"id":488,"date":"2024-07-05T10:52:15","date_gmt":"2024-07-05T10:52:15","guid":{"rendered":"https:\/\/myhomeproperty.es\/property\/teilweise-freistehende-villen-mit-privatem-pool-in-santiago-de-la-ribera\/"},"modified":"2024-07-24T11:00:42","modified_gmt":"2024-07-24T11:00:42","slug":"teilweise-freistehende-villen-mit-privatem-pool-in-santiago-de-la-ribera","status":"publish","type":"property","link":"https:\/\/myhomeproperty.es\/de\/property\/teilweise-freistehende-villen-mit-privatem-pool-in-santiago-de-la-ribera\/","title":{"rendered":"Teilweise freistehende Villen mit privatem Pool in Santiago de la Ribera"},"content":{"rendered":"\n<p>Reihenh\u00e4user und Doppelhaush\u00e4lften mit Privatpools (650 m von den Str\u00e4nden entfernt)<\/p>\n\n<figure class=\"wp-block-image size-large\"><img fetchpriority=\"high\" decoding=\"async\" width=\"1024\" height=\"576\" src=\"https:\/\/myhomeproperty.es\/wp-content\/uploads\/2024\/07\/5_3-Photo-1024x576.jpg\" alt=\"\" class=\"wp-image-184\" srcset=\"https:\/\/myhomeproperty.es\/wp-content\/uploads\/2024\/07\/5_3-Photo-1024x576.jpg 1024w, https:\/\/myhomeproperty.es\/wp-content\/uploads\/2024\/07\/5_3-Photo-300x169.jpg 300w, https:\/\/myhomeproperty.es\/wp-content\/uploads\/2024\/07\/5_3-Photo-768x432.jpg 768w, https:\/\/myhomeproperty.es\/wp-content\/uploads\/2024\/07\/5_3-Photo-1536x864.jpg 1536w, https:\/\/myhomeproperty.es\/wp-content\/uploads\/2024\/07\/5_3-Photo-2048x1152.jpg 2048w, https:\/\/myhomeproperty.es\/wp-content\/uploads\/2024\/07\/5_3-Photo-1067x600.jpg 1067w, https:\/\/myhomeproperty.es\/wp-content\/uploads\/2024\/07\/5_3-Photo-496x279.jpg 496w\" sizes=\"(max-width: 1024px) 100vw, 1024px\" \/><\/figure>\n\n<p>Eine gro\u00dfe, miteinander verbundene Villa und 8 halb freistehende Villen &#8211; alle sind so konzipiert, dass sie den besten offenen Wohnraum bieten, mit doppelten Glasschiebet\u00fcren, die direkt auf eine gro\u00dfe Terrasse mit privatem Swimmingpool, Terrasse und Parkplatz f\u00fchren.<\/p>\n\n<p>Beide Villen bieten 3 gro\u00dfz\u00fcgige Schlafzimmer (im ersten Stock mit eigenem Bad) und ein weiteres Badezimmer im Erdgeschoss mit begehbarer Dusche. Der Wohnbereich im Erdgeschoss verf\u00fcgt \u00fcber eine voll ausgestattete K\u00fcche mit ausklappbarem Tisch, einen offenen Wohn-\/Essbereich, eine voll ausgestattete K\u00fcchenzeile mit Ger\u00e4ten, einen Au\u00dfenlagerraum und Terrassenbereiche an der Seite der Villa, vom Hauptschlafzimmer und vom Wohnbereich aus.<\/p>\n\n<p>Perfekt gelegen &#8230; Diese Villen sind nur ein paar Minuten zu Fu\u00df von den Str\u00e4nden in San Javier und nur 5 Minuten vom Zentrum entfernt. Der mittwochs und samstags stattfindende Stra\u00dfenmarkt ist nur 150 Meter entfernt.<\/p>\n\n<p>Perfekt f\u00fcr die Freizeit &#8230; Kilometerlange Paseos zum Erkunden &#8230; dies ist wirklich ein fantastischer Ort, um tags\u00fcber oder abends zu wandern, mit zahllosen Restaurants zur Auswahl und einigen gro\u00dfartigen kleinen Tapas-Bars direkt am Meer, warum besuchen Sie nicht den Segelclub. Diese Gegend bietet eine Vielzahl von sportlichen Aktivit\u00e4ten, darunter auch saisonale Wassersportarten &#8230; Mit einigen besonders guten Golfpl\u00e4tzen ganz in der N\u00e4he!<\/p>\n\n<p class=\"has-text-align-left\">Stadt: San Javier (Costa Calida)<br\/>Gebiet: Costa Calida (MURCIA)<br\/>Zone: Stadt (10 Min. zu Fu\u00df) Strand (5 Min. zu Fu\u00df)<br\/>Ansichten: Stadt, K\u00fcste<br\/>Typ: Villen (Doppelhaush\u00e4lften &amp; verbunden)<br\/>Schwimmbad: Privater Pool<br\/>Schlafzimmer: 3<br\/>B\u00e4der: 2<br\/>Status: Neu gebaut<br\/>Grundst\u00fccksgr\u00f6\u00dfe: 94.00 m2<br\/>Grundst\u00fccksgr\u00f6\u00dfen: 120.00 m2 bis 220.00 m2<br\/>Garten: Privat<\/p>\n","protected":false},"excerpt":{"rendered":"<p>Reihenh\u00e4user und Doppelhaush\u00e4lften mit Privatpools (650 m von den Str\u00e4nden entfernt) Eine gro\u00dfe, miteinander verbundene Villa und 8 halb freistehende Villen &#8211; alle sind so konzipiert, dass sie den besten offenen Wohnraum bieten, mit doppelten Glasschiebet\u00fcren, die direkt auf eine gro\u00dfe Terrasse mit privatem Swimmingpool, Terrasse und Parkplatz f\u00fchren. Beide Villen bieten 3 gro\u00dfz\u00fcgige Schlafzimmer [&hellip;]<\/p>\n","protected":false},"author":3,"featured_media":0,"parent":0,"menu_order":0,"template":"","property_type":[],"property_status":[46],"property_feature":[],"property_label":[],"property_country":[33],"property_state":[37],"property_city":[36],"property_area":[],"class_list":["post-488","property","type-property","status-publish","hentry","property_status-in-betrieb","property_country-spain-de","property_state-region-de-murcia-de","property_city-san-javier-de"],"property_meta":{"fave_featured":["1"],"houzez_featured_listing_date":["2024-07-05 19:24:51"],"fave_property_images":["165","169","167","170","168","185","186","184","183","180","176","178","174","171","182","181","177","179","173","172","175","164","163","166"],"fave_single_top_area":["global"],"_top_nav_excluded":[""],"_cms_nav_minihome":[""],"houzez_geolocation_lat":["37.7972232"],"houzez_geolocation_long":["-0.8048727"],"_last_translation_edit_mode":["translation-editor"],"houzez_total_property_views":["98"],"houzez_views_by_date":["a:61:{s:10:\"06-03-2025\";i:1;s:10:\"06-11-2025\";i:1;s:10:\"07-01-2025\";i:1;s:10:\"07-11-2025\";i:1;s:10:\"07-14-2025\";i:2;s:10:\"07-18-2025\";i:1;s:10:\"07-21-2025\";i:1;s:10:\"07-27-2025\";i:1;s:10:\"08-02-2025\";i:1;s:10:\"08-18-2025\";i:1;s:10:\"08-22-2025\";i:1;s:10:\"08-28-2025\";i:1;s:10:\"08-30-2025\";i:2;s:10:\"09-05-2025\";i:1;s:10:\"09-11-2025\";i:1;s:10:\"09-13-2025\";i:1;s:10:\"09-14-2025\";i:2;s:10:\"09-15-2025\";i:1;s:10:\"09-16-2025\";i:1;s:10:\"09-21-2025\";i:1;s:10:\"09-27-2025\";i:1;s:10:\"10-02-2025\";i:1;s:10:\"10-08-2025\";i:1;s:10:\"10-13-2025\";i:2;s:10:\"10-15-2025\";i:1;s:10:\"10-21-2025\";i:1;s:10:\"11-10-2025\";i:1;s:10:\"11-15-2025\";i:1;s:10:\"11-18-2025\";i:1;s:10:\"11-28-2025\";i:1;s:10:\"12-08-2025\";i:1;s:10:\"12-09-2025\";i:1;s:10:\"12-16-2025\";i:1;s:10:\"12-19-2025\";i:1;s:10:\"01-03-2026\";i:1;s:10:\"01-04-2026\";i:1;s:10:\"01-05-2026\";i:1;s:10:\"01-07-2026\";i:1;s:10:\"01-08-2026\";i:1;s:10:\"01-11-2026\";i:1;s:10:\"01-12-2026\";i:1;s:10:\"02-04-2026\";i:1;s:10:\"02-09-2026\";i:1;s:10:\"02-16-2026\";i:1;s:10:\"02-18-2026\";i:1;s:10:\"03-11-2026\";i:2;s:10:\"03-17-2026\";i:1;s:10:\"03-20-2026\";i:2;s:10:\"03-21-2026\";i:1;s:10:\"03-22-2026\";i:1;s:10:\"03-23-2026\";i:1;s:10:\"03-28-2026\";i:2;s:10:\"04-02-2026\";i:1;s:10:\"04-03-2026\";i:1;s:10:\"04-06-2026\";i:1;s:10:\"04-08-2026\";i:1;s:10:\"04-10-2026\";i:1;s:10:\"04-15-2026\";i:1;s:10:\"04-20-2026\";i:1;s:10:\"04-25-2026\";i:1;s:10:\"04-28-2026\";i:2;}"],"houzez_recently_viewed":["2026-04-28 19:53:51"],"houzez_manual_expire":["0"],"_houzez_expiration_date_status":["saved"],"fave_property_price":["319950"],"fave_property_size":["95"],"fave_property_land":["120"],"fave_property_bedrooms":["3"],"fave_property_bathrooms":["2"],"fave_property_id":["3002MH1"],"fave_property_map":["1"],"fave_property_map_address":["Santiago de La Ribera, Avenida Sandoval, Santiago de la Ribera, San Javier, Campo de Cartagena y Mar Menor, 30720, Espa\u00f1a"],"fave_property_location":["37.7972232,-0.8048727,15"],"fave_property_map_street_view":["verbergen"],"fave_video_url":["https:\/\/youtu.be\/H4Y0GWs_JDQ?si=R5euiVsgWP1MgcXx"],"fave_agent_display_option":["none"],"fave_prop_homeslider":["ja"],"fave_private_note":["ELISA BEACH GRUPPE 1 - SAN BLAS EN LA RIBERA 5\/7\/2024\n"],"additional_features":["a:4:{i:0;a:1:{s:29:\"fave_additional_feature_title\";s:15:\"600m zum Strand\";}i:1;a:1:{s:29:\"fave_additional_feature_title\";s:37:\"In der N\u00e4he von Restaurants und Bars\";}i:2;a:1:{s:29:\"fave_additional_feature_title\";s:27:\"In der N\u00e4he des Flughafens\";}i:3;a:1:{s:29:\"fave_additional_feature_title\";s:13:\"Privater Pool\";}}"],"floor_plans":["a:1:{i:0;a:1:{s:15:\"fave_plan_image\";s:96:\"https:\/\/myhomeproperty.es\/wp-content\/uploads\/2024\/07\/Captura-de-pantalla-2024-07-05-123202-1.png\";}}"],"_elementor_page_assets":["a:0:{}"]},"_links":{"self":[{"href":"https:\/\/myhomeproperty.es\/de\/wp-json\/wp\/v2\/properties\/488","targetHints":{"allow":["GET"]}}],"collection":[{"href":"https:\/\/myhomeproperty.es\/de\/wp-json\/wp\/v2\/properties"}],"about":[{"href":"https:\/\/myhomeproperty.es\/de\/wp-json\/wp\/v2\/types\/property"}],"author":[{"embeddable":true,"href":"https:\/\/myhomeproperty.es\/de\/wp-json\/wp\/v2\/users\/3"}],"version-history":[{"count":4,"href":"https:\/\/myhomeproperty.es\/de\/wp-json\/wp\/v2\/properties\/488\/revisions"}],"predecessor-version":[{"id":2443,"href":"https:\/\/myhomeproperty.es\/de\/wp-json\/wp\/v2\/properties\/488\/revisions\/2443"}],"wp:attachment":[{"href":"https:\/\/myhomeproperty.es\/de\/wp-json\/wp\/v2\/media?parent=488"}],"wp:term":[{"taxonomy":"property_type","embeddable":true,"href":"https:\/\/myhomeproperty.es\/de\/wp-json\/wp\/v2\/property_type?post=488"},{"taxonomy":"property_status","embeddable":true,"href":"https:\/\/myhomeproperty.es\/de\/wp-json\/wp\/v2\/property_status?post=488"},{"taxonomy":"property_feature","embeddable":true,"href":"https:\/\/myhomeproperty.es\/de\/wp-json\/wp\/v2\/property_feature?post=488"},{"taxonomy":"property_label","embeddable":true,"href":"https:\/\/myhomeproperty.es\/de\/wp-json\/wp\/v2\/property_label?post=488"},{"taxonomy":"property_country","embeddable":true,"href":"https:\/\/myhomeproperty.es\/de\/wp-json\/wp\/v2\/property_country?post=488"},{"taxonomy":"property_state","embeddable":true,"href":"https:\/\/myhomeproperty.es\/de\/wp-json\/wp\/v2\/property_state?post=488"},{"taxonomy":"property_city","embeddable":true,"href":"https:\/\/myhomeproperty.es\/de\/wp-json\/wp\/v2\/property_city?post=488"},{"taxonomy":"property_area","embeddable":true,"href":"https:\/\/myhomeproperty.es\/de\/wp-json\/wp\/v2\/property_area?post=488"}],"curies":[{"name":"wp","href":"https:\/\/api.w.org\/{rel}","templated":true}]}}