{"id":8486,"date":"2024-11-21T10:42:44","date_gmt":"2024-11-21T10:42:44","guid":{"rendered":"https:\/\/myhomeproperty.es\/property\/gemuetliche-wohnung-in-san-javier\/"},"modified":"2025-01-05T09:50:56","modified_gmt":"2025-01-05T09:50:56","slug":"gemuetliche-wohnung-in-san-javier","status":"publish","type":"property","link":"https:\/\/myhomeproperty.es\/de\/property\/gemuetliche-wohnung-in-san-javier\/","title":{"rendered":"Gem\u00fctliche Wohnung in San Javier"},"content":{"rendered":"\n<p>Wir pr\u00e4sentieren diese charmante Wohnung mit zwei Schlafzimmern und zwei Badezimmern in einer ruhigen, aber zentralen Gegend von San Javier.  <\/p>\n\n<p>Es handelt sich um eine erste Etage mit Aufzug. Es verf\u00fcgt \u00fcber eine unabh\u00e4ngige K\u00fcche, ein Wohn-Esszimmer, zwei Schlafzimmer mit Einbauschr\u00e4nken, zwei komplette Badezimmer, eine nach S\u00fcdosten ausgerichtete Terrasse, einen Abstellraum und eine Garage. Die Wohnung ist in perfektem Zustand und sofort bezugsfertig, da die jetzigen Eigent\u00fcmer sie umfangreich renoviert haben. In der N\u00e4he befinden sich alle Annehmlichkeiten, Superm\u00e4rkte, Gesch\u00e4fte, Schulen, Parks und ein Gesundheitszentrum. Der Strand ist nur 2,5km entfernt.    <\/p>\n\n<p>Es wird teilm\u00f6bliert geliefert.<\/p>\n\n<p>  M\u00f6chten Sie einen Termin f\u00fcr eine Besichtigung dieser Immobilie vereinbaren? Z\u00f6gern Sie nicht, uns zu kontaktieren. Wir helfen Ihnen gerne weiter.  <\/p>\n","protected":false},"excerpt":{"rendered":"<p>Wir pr\u00e4sentieren diese charmante Wohnung mit zwei Schlafzimmern und zwei Badezimmern in einer ruhigen, aber zentralen Gegend von San Javier. Es handelt sich um eine erste Etage mit Aufzug. Es verf\u00fcgt \u00fcber eine unabh\u00e4ngige K\u00fcche, ein Wohn-Esszimmer, zwei Schlafzimmer mit Einbauschr\u00e4nken, zwei komplette Badezimmer, eine nach S\u00fcdosten ausgerichtete Terrasse, einen Abstellraum und eine Garage. Die [&hellip;]<\/p>\n","protected":false},"author":3,"featured_media":8365,"parent":0,"menu_order":0,"template":"","property_type":[180],"property_status":[46],"property_feature":[],"property_label":[],"property_country":[33],"property_state":[37],"property_city":[36],"property_area":[],"class_list":["post-8486","property","type-property","status-publish","has-post-thumbnail","hentry","property_type-floor","property_status-in-betrieb","property_country-spain-de","property_state-region-de-murcia-de","property_city-san-javier-de"],"property_meta":{"fave_featured":["0"],"houzez_featured_listing_date":[""],"fave_property_images":["8302","8307","8312","8317","8322","8327","8337","8377","8382","8387","8392","8397","8402","8407","8412","8417","8422","8427","8432","8437","8442","8447","8467"],"fave_single_top_area":["global"],"_top_nav_excluded":[""],"_cms_nav_minihome":[""],"houzez_geolocation_lat":["37.79952995"],"houzez_geolocation_long":["-0.8301831"],"_last_translation_edit_mode":["translation-editor"],"houzez_manual_expire":["0"],"_houzez_expiration_date_status":["saved"],"_thumbnail_id":["8365"],"fave_property_price":["97900"],"fave_property_bedrooms":["2"],"fave_property_bathrooms":["2"],"fave_property_id":["3129MH"],"fave_property_map_address":["Calle Marte, San Javier, Campo de Cartagena y Mar Menor, Region Murcia, 30720, Spanien"],"fave_property_location":["37.79952995,-0.8301831,15"],"fave_property_map_street_view":["verbergen"],"fave_video_url":["https:\/\/youtu.be\/Es-5Xc-_WV8"],"fave_agent_display_option":["autor_info"],"fave_prop_homeslider":["ja"],"houzez_total_property_views":["138"],"houzez_views_by_date":["a:61:{s:10:\"07-14-2025\";i:3;s:10:\"07-18-2025\";i:1;s:10:\"07-20-2025\";i:2;s:10:\"07-26-2025\";i:1;s:10:\"07-28-2025\";i:2;s:10:\"08-01-2025\";i:1;s:10:\"08-05-2025\";i:2;s:10:\"08-13-2025\";i:2;s:10:\"08-19-2025\";i:2;s:10:\"08-21-2025\";i:2;s:10:\"08-27-2025\";i:1;s:10:\"08-30-2025\";i:2;s:10:\"09-04-2025\";i:1;s:10:\"09-09-2025\";i:1;s:10:\"09-15-2025\";i:1;s:10:\"09-20-2025\";i:1;s:10:\"09-23-2025\";i:2;s:10:\"09-25-2025\";i:1;s:10:\"09-30-2025\";i:1;s:10:\"10-01-2025\";i:1;s:10:\"10-05-2025\";i:1;s:10:\"10-12-2025\";i:1;s:10:\"10-19-2025\";i:2;s:10:\"10-22-2025\";i:1;s:10:\"11-20-2025\";i:1;s:10:\"12-07-2025\";i:1;s:10:\"12-13-2025\";i:1;s:10:\"12-15-2025\";i:1;s:10:\"12-20-2025\";i:1;s:10:\"12-27-2025\";i:1;s:10:\"01-03-2026\";i:1;s:10:\"01-12-2026\";i:2;s:10:\"01-13-2026\";i:1;s:10:\"01-22-2026\";i:1;s:10:\"02-07-2026\";i:1;s:10:\"02-09-2026\";i:1;s:10:\"02-10-2026\";i:1;s:10:\"02-17-2026\";i:1;s:10:\"02-19-2026\";i:1;s:10:\"02-22-2026\";i:1;s:10:\"03-10-2026\";i:1;s:10:\"03-11-2026\";i:3;s:10:\"03-14-2026\";i:1;s:10:\"03-16-2026\";i:2;s:10:\"03-17-2026\";i:1;s:10:\"03-20-2026\";i:1;s:10:\"03-23-2026\";i:2;s:10:\"03-26-2026\";i:1;s:10:\"03-31-2026\";i:2;s:10:\"04-01-2026\";i:2;s:10:\"04-06-2026\";i:1;s:10:\"04-07-2026\";i:1;s:10:\"04-08-2026\";i:1;s:10:\"04-09-2026\";i:1;s:10:\"04-11-2026\";i:1;s:10:\"04-13-2026\";i:1;s:10:\"04-17-2026\";i:1;s:10:\"04-22-2026\";i:1;s:10:\"04-25-2026\";i:1;s:10:\"04-27-2026\";i:1;s:10:\"04-28-2026\";i:2;}"],"houzez_recently_viewed":["2026-04-28 21:59:20"],"_elementor_page_assets":["a:0:{}"]},"_links":{"self":[{"href":"https:\/\/myhomeproperty.es\/de\/wp-json\/wp\/v2\/properties\/8486","targetHints":{"allow":["GET"]}}],"collection":[{"href":"https:\/\/myhomeproperty.es\/de\/wp-json\/wp\/v2\/properties"}],"about":[{"href":"https:\/\/myhomeproperty.es\/de\/wp-json\/wp\/v2\/types\/property"}],"author":[{"embeddable":true,"href":"https:\/\/myhomeproperty.es\/de\/wp-json\/wp\/v2\/users\/3"}],"version-history":[{"count":4,"href":"https:\/\/myhomeproperty.es\/de\/wp-json\/wp\/v2\/properties\/8486\/revisions"}],"predecessor-version":[{"id":8505,"href":"https:\/\/myhomeproperty.es\/de\/wp-json\/wp\/v2\/properties\/8486\/revisions\/8505"}],"wp:featuredmedia":[{"embeddable":true,"href":"https:\/\/myhomeproperty.es\/de\/wp-json\/wp\/v2\/media\/8365"}],"wp:attachment":[{"href":"https:\/\/myhomeproperty.es\/de\/wp-json\/wp\/v2\/media?parent=8486"}],"wp:term":[{"taxonomy":"property_type","embeddable":true,"href":"https:\/\/myhomeproperty.es\/de\/wp-json\/wp\/v2\/property_type?post=8486"},{"taxonomy":"property_status","embeddable":true,"href":"https:\/\/myhomeproperty.es\/de\/wp-json\/wp\/v2\/property_status?post=8486"},{"taxonomy":"property_feature","embeddable":true,"href":"https:\/\/myhomeproperty.es\/de\/wp-json\/wp\/v2\/property_feature?post=8486"},{"taxonomy":"property_label","embeddable":true,"href":"https:\/\/myhomeproperty.es\/de\/wp-json\/wp\/v2\/property_label?post=8486"},{"taxonomy":"property_country","embeddable":true,"href":"https:\/\/myhomeproperty.es\/de\/wp-json\/wp\/v2\/property_country?post=8486"},{"taxonomy":"property_state","embeddable":true,"href":"https:\/\/myhomeproperty.es\/de\/wp-json\/wp\/v2\/property_state?post=8486"},{"taxonomy":"property_city","embeddable":true,"href":"https:\/\/myhomeproperty.es\/de\/wp-json\/wp\/v2\/property_city?post=8486"},{"taxonomy":"property_area","embeddable":true,"href":"https:\/\/myhomeproperty.es\/de\/wp-json\/wp\/v2\/property_area?post=8486"}],"curies":[{"name":"wp","href":"https:\/\/api.w.org\/{rel}","templated":true}]}}