{"id":8734,"date":"2024-12-20T08:31:26","date_gmt":"2024-12-20T08:31:26","guid":{"rendered":"https:\/\/myhomeproperty.es\/property\/staedtisches-baugrundstueck-von-120m2-in-lo-pagan\/"},"modified":"2025-01-05T09:49:30","modified_gmt":"2025-01-05T09:49:30","slug":"staedtisches-baugrundstueck-von-120m2-in-lo-pagan","status":"publish","type":"property","link":"https:\/\/myhomeproperty.es\/de\/property\/staedtisches-baugrundstueck-von-120m2-in-lo-pagan\/","title":{"rendered":"St\u00e4dtisches Baugrundst\u00fcck von 120m2 in Lo Pagan"},"content":{"rendered":"\n<p>St\u00e4dtisches Grundst\u00fcck von 120 Metern in der N\u00e4he der Schule von Castelar. Das Grundst\u00fcck ist komplett mit Au\u00dfenmauern und einem gro\u00dfen Aluminium-Schiebetor umschlossen. Es hat eine \u00fcberdachte Fl\u00e4che und eine gro\u00dfe Garage oder Lagerhalle mit einem Tor f\u00fcr die Einfahrt von Fahrzeugen.  <\/p>\n\n<p>Ideal als Lagerraum.<br\/>Aufgrund der Gr\u00f6\u00dfe und der st\u00e4dtebaulichen Eigenschaften ist es auch m\u00f6glich, ein Haus zu bauen. Wasser- und Stromanschl\u00fcsse vor der Fassade.  <\/p>\n\n<p><\/p>\n","protected":false},"excerpt":{"rendered":"<p>St\u00e4dtisches Grundst\u00fcck von 120 Metern in der N\u00e4he der Schule von Castelar. Das Grundst\u00fcck ist komplett mit Au\u00dfenmauern und einem gro\u00dfen Aluminium-Schiebetor umschlossen. Es hat eine \u00fcberdachte Fl\u00e4che und eine gro\u00dfe Garage oder Lagerhalle mit einem Tor f\u00fcr die Einfahrt von Fahrzeugen. Ideal als Lagerraum.Aufgrund der Gr\u00f6\u00dfe und der st\u00e4dtebaulichen Eigenschaften ist es auch m\u00f6glich, [&hellip;]<\/p>\n","protected":false},"author":3,"featured_media":8720,"parent":0,"menu_order":0,"template":"","property_type":[],"property_status":[46],"property_feature":[],"property_label":[],"property_country":[33],"property_state":[],"property_city":[41],"property_area":[236],"class_list":["post-8734","property","type-property","status-publish","has-post-thumbnail","hentry","property_status-in-betrieb","property_country-spain-de","property_city-san-pedro-del-pinatar-de","property_area-lo-pagan-de"],"property_meta":{"fave_featured":["0"],"houzez_featured_listing_date":[""],"fave_property_images":["8687","8692","8697","8702","8707","8712","8717","8722"],"fave_single_top_area":["global"],"_top_nav_excluded":[""],"_cms_nav_minihome":[""],"houzez_geolocation_lat":["37.82000365"],"houzez_geolocation_long":["-0.78659893365604"],"_last_translation_edit_mode":["translation-editor"],"_thumbnail_id":["8720"],"houzez_manual_expire":["0"],"_houzez_expiration_date_status":["saved"],"fave_property_price":["54900"],"fave_property_size":["35"],"fave_property_land":["120"],"fave_property_id":["3131MH"],"fave_property_map":["1"],"fave_property_map_address":["Lo Pagan, San Pedro del Pinatar, Campo de Cartagena y Mar Menor, Region Murcia, Spanien"],"fave_property_location":["37.82000365,-0.78659893365604,15"],"fave_property_map_street_view":["verbergen"],"fave_property_address":["Barlovento Stra\u00dfe"],"fave_property_zip":["30740"],"fave_video_url":["https:\/\/youtube.com\/shorts\/TnWZbWXhE3s?si=Z4yw9McjFrhcre9a"],"fave_agent_display_option":["none"],"fave_prop_homeslider":["ja"],"houzez_total_property_views":["85"],"houzez_views_by_date":["a:61:{s:10:\"02-11-2025\";i:1;s:10:\"02-18-2025\";i:1;s:10:\"02-23-2025\";i:1;s:10:\"03-02-2025\";i:1;s:10:\"03-05-2025\";i:1;s:10:\"03-18-2025\";i:1;s:10:\"03-28-2025\";i:1;s:10:\"04-12-2025\";i:2;s:10:\"05-02-2025\";i:1;s:10:\"05-14-2025\";i:1;s:10:\"05-20-2025\";i:2;s:10:\"05-29-2025\";i:1;s:10:\"06-03-2025\";i:1;s:10:\"06-11-2025\";i:1;s:10:\"06-29-2025\";i:1;s:10:\"07-01-2025\";i:1;s:10:\"07-11-2025\";i:1;s:10:\"07-14-2025\";i:2;s:10:\"07-18-2025\";i:1;s:10:\"07-26-2025\";i:1;s:10:\"08-01-2025\";i:1;s:10:\"08-21-2025\";i:1;s:10:\"08-27-2025\";i:1;s:10:\"08-30-2025\";i:2;s:10:\"09-04-2025\";i:1;s:10:\"09-10-2025\";i:1;s:10:\"09-15-2025\";i:1;s:10:\"09-20-2025\";i:1;s:10:\"09-26-2025\";i:1;s:10:\"10-01-2025\";i:1;s:10:\"10-02-2025\";i:1;s:10:\"10-07-2025\";i:1;s:10:\"10-10-2025\";i:1;s:10:\"10-14-2025\";i:1;s:10:\"10-20-2025\";i:1;s:10:\"11-20-2025\";i:1;s:10:\"12-07-2025\";i:1;s:10:\"12-14-2025\";i:1;s:10:\"12-21-2025\";i:1;s:10:\"12-28-2025\";i:1;s:10:\"12-29-2025\";i:1;s:10:\"01-04-2026\";i:1;s:10:\"01-12-2026\";i:2;s:10:\"01-31-2026\";i:1;s:10:\"02-06-2026\";i:1;s:10:\"02-10-2026\";i:2;s:10:\"02-21-2026\";i:1;s:10:\"03-11-2026\";i:3;s:10:\"03-13-2026\";i:1;s:10:\"03-20-2026\";i:2;s:10:\"03-25-2026\";i:1;s:10:\"03-26-2026\";i:1;s:10:\"03-27-2026\";i:1;s:10:\"03-30-2026\";i:1;s:10:\"04-01-2026\";i:1;s:10:\"04-06-2026\";i:1;s:10:\"04-11-2026\";i:1;s:10:\"04-17-2026\";i:1;s:10:\"04-22-2026\";i:2;s:10:\"04-27-2026\";i:1;s:10:\"04-28-2026\";i:2;}"],"houzez_recently_viewed":["2026-04-28 22:25:50"],"_elementor_page_assets":["a:0:{}"]},"_links":{"self":[{"href":"https:\/\/myhomeproperty.es\/de\/wp-json\/wp\/v2\/properties\/8734","targetHints":{"allow":["GET"]}}],"collection":[{"href":"https:\/\/myhomeproperty.es\/de\/wp-json\/wp\/v2\/properties"}],"about":[{"href":"https:\/\/myhomeproperty.es\/de\/wp-json\/wp\/v2\/types\/property"}],"author":[{"embeddable":true,"href":"https:\/\/myhomeproperty.es\/de\/wp-json\/wp\/v2\/users\/3"}],"version-history":[{"count":4,"href":"https:\/\/myhomeproperty.es\/de\/wp-json\/wp\/v2\/properties\/8734\/revisions"}],"predecessor-version":[{"id":8741,"href":"https:\/\/myhomeproperty.es\/de\/wp-json\/wp\/v2\/properties\/8734\/revisions\/8741"}],"wp:featuredmedia":[{"embeddable":true,"href":"https:\/\/myhomeproperty.es\/de\/wp-json\/wp\/v2\/media\/8720"}],"wp:attachment":[{"href":"https:\/\/myhomeproperty.es\/de\/wp-json\/wp\/v2\/media?parent=8734"}],"wp:term":[{"taxonomy":"property_type","embeddable":true,"href":"https:\/\/myhomeproperty.es\/de\/wp-json\/wp\/v2\/property_type?post=8734"},{"taxonomy":"property_status","embeddable":true,"href":"https:\/\/myhomeproperty.es\/de\/wp-json\/wp\/v2\/property_status?post=8734"},{"taxonomy":"property_feature","embeddable":true,"href":"https:\/\/myhomeproperty.es\/de\/wp-json\/wp\/v2\/property_feature?post=8734"},{"taxonomy":"property_label","embeddable":true,"href":"https:\/\/myhomeproperty.es\/de\/wp-json\/wp\/v2\/property_label?post=8734"},{"taxonomy":"property_country","embeddable":true,"href":"https:\/\/myhomeproperty.es\/de\/wp-json\/wp\/v2\/property_country?post=8734"},{"taxonomy":"property_state","embeddable":true,"href":"https:\/\/myhomeproperty.es\/de\/wp-json\/wp\/v2\/property_state?post=8734"},{"taxonomy":"property_city","embeddable":true,"href":"https:\/\/myhomeproperty.es\/de\/wp-json\/wp\/v2\/property_city?post=8734"},{"taxonomy":"property_area","embeddable":true,"href":"https:\/\/myhomeproperty.es\/de\/wp-json\/wp\/v2\/property_area?post=8734"}],"curies":[{"name":"wp","href":"https:\/\/api.w.org\/{rel}","templated":true}]}}