{"id":1253,"date":"2024-07-12T10:54:05","date_gmt":"2024-07-12T10:54:05","guid":{"rendered":"https:\/\/myhomeproperty.es\/property\/villa-adosada-con-piscina-privada-y-solarium-en-san-pedro-del-pinatar\/"},"modified":"2024-07-22T08:25:24","modified_gmt":"2024-07-22T08:25:24","slug":"villa-adosada-con-piscina-privada-y-solarium-en-san-pedro-del-pinatar","status":"publish","type":"property","link":"https:\/\/myhomeproperty.es\/fr\/property\/villa-adosada-con-piscina-privada-y-solarium-en-san-pedro-del-pinatar\/","title":{"rendered":"Villa adosada con piscina privada y solarium en San Pedro del Pinatar"},"content":{"rendered":"\n<p>LLAVE EN MANO. Il est livr\u00e9 complet et bien \u00e9quip\u00e9 !<\/p>\n\n<p>Comprend les meubles, l&#8217;\u00e9clairage et les \u00e9l\u00e9ments d\u00e9coratifs. Asiento de piscina con chorros y preinstalaci\u00f3n de bomba de calefacci\u00f3n. Cierre de patio. Cocina de Verano en solarium. 2 unit\u00e9s d&#8217;air conditionn\u00e9.<\/p>\n\n<p>Situ\u00e9 \u00e0 San Pedro del Pinatar (Murcia) dans une zone tranquille, mais aussi \u00e0 proximit\u00e9 de tous les services, avec un acc\u00e8s facile \u00e0 l&#8217;autoroute, et \u00e0 seulement 2 km de la Mar Menor.<\/p>\n\n<p>Les logements sont r\u00e9partis dans deux usines et un solarium. L&#8217;\u00e9tage inf\u00e9rieur comprend un grand salon avec armoire empot\u00e9e, une salle \u00e0 manger avec cuisine am\u00e9ricaine, une salle de bains compl\u00e8te, un patio en bois qui peut \u00eatre utilis\u00e9 comme lavabo et la terrasse ext\u00e9rieure avec la piscine priv\u00e9e et l&#8217;espace pour garer votre v\u00e9hicule.<\/p>\n\n<p>Dans la partie sup\u00e9rieure se trouvent les deux autres chambres, l&#8217;une d&#8217;entre elles avec un dressing, une salle de bain compl\u00e8te et une grande terrasse. De l\u00e0, vous acc\u00e9dez au solarium, qui vous offre diff\u00e9rentes possibilit\u00e9s car il est de grande taille.<\/p>\n\n<p>La vie \u00e0 l&#8217;air libre est une priorit\u00e9&#8230; Ce projet est n\u00e9 de la grande demande de cr\u00e9er une maison id\u00e9ale, des espaces ext\u00e9rieurs pour profiter de la lumi\u00e8re du soleil et un design totalement avant-gardiste \u00e0 des prix tr\u00e8s comp\u00e9titifs.<\/p>\n\n<p>3 chambres.<br\/>2 ba\u00f1os completos.<br\/>Cocina con electrodom\u00e9sticos.<br\/>Piscina privada.<br\/>Terraza.<br\/>Solarium inclus.<\/p>\n","protected":false},"excerpt":{"rendered":"<p>LLAVE EN MANO. Il est livr\u00e9 complet et bien \u00e9quip\u00e9 ! Comprend les meubles, l&#8217;\u00e9clairage et les \u00e9l\u00e9ments d\u00e9coratifs. Asiento de piscina con chorros y preinstalaci\u00f3n de bomba de calefacci\u00f3n. Cierre de patio. Cocina de Verano en solarium. 2 unit\u00e9s d&#8217;air conditionn\u00e9. Situ\u00e9 \u00e0 San Pedro del Pinatar (Murcia) dans une zone tranquille, mais aussi [&hellip;]<\/p>\n","protected":false},"author":1,"featured_media":1210,"parent":0,"menu_order":0,"template":"","property_type":[],"property_status":[44],"property_feature":[43],"property_label":[],"property_country":[],"property_state":[39],"property_city":[42],"property_area":[],"class_list":["post-1253","property","type-property","status-publish","has-post-thumbnail","hentry","property_status-en-vente","property_feature-piscina-fr","property_state-region-de-murcie","property_city-san-pedro-del-pinatar-fr"],"property_meta":{"fave_featured":["0"],"houzez_featured_listing_date":[""],"fave_property_images":["1141","1205","1201","1213","1217","1221","1193","1225","1197","1145","1229","1181","1149","1153","1185","1161","1165","1169","1173","1177","1189","1233","1237"],"fave_single_top_area":["global"],"_top_nav_excluded":[""],"_cms_nav_minihome":[""],"houzez_geolocation_lat":["37.8353328"],"houzez_geolocation_long":["-0.7916121"],"_last_translation_edit_mode":["translation-editor"],"_thumbnail_id":["1210"],"fave_property_price":["350000"],"fave_property_size":["110"],"fave_property_land":["125"],"fave_property_bedrooms":["3"],"fave_property_bathrooms":["2"],"fave_property_id":["3005MHJ"],"fave_property_map":["1"],"fave_property_map_address":["San Pedro del Pinatar, Campo de Cartagena y Mar Menor, Regi\u00f3n de Murcia, 30740, Espa\u00f1a"],"fave_property_location":["37.8353328,-0.7916121,15"],"fave_property_map_street_view":["cacher"],"fave_property_zip":["30740"],"fave_video_url":["https:\/\/youtu.be\/LzNdvMM9_qc"],"fave_agent_display_option":["none"],"fave_prop_homeslider":["oui"],"fave_private_note":["RESIDENCIAL JACARANDA RODRIGO HOMES - PACO ALBALADEJO - FASE I - ZONA TAIBILLA -  "],"additional_features":["a:2:{i:0;a:1:{s:29:\"fave_additional_feature_title\";s:9:\"AMUEBLADO\";}i:1;a:1:{s:29:\"fave_additional_feature_title\";s:19:\"TOTALMENTE EQUIPADO\";}}"],"floor_plans":["a:2:{i:0;a:2:{s:15:\"fave_plan_title\";s:15:\"Plano g\u00e9n\u00e9ral\";s:15:\"fave_plan_image\";s:76:\"https:\/\/myhomeproperty.es\/wp-content\/uploads\/2024\/07\/Plot-Planta-general.jpg\";}i:1;a:2:{s:15:\"fave_plan_title\";s:10:\"Vivienda  \";s:15:\"fave_plan_image\";s:79:\"https:\/\/myhomeproperty.es\/wp-content\/uploads\/2024\/07\/Viviendas-N.2-N.3-N.16.jpg\";}}"],"houzez_total_property_views":["102"],"houzez_views_by_date":["a:61:{s:10:\"03-18-2025\";i:1;s:10:\"04-13-2025\";i:1;s:10:\"05-12-2025\";i:1;s:10:\"05-20-2025\";i:2;s:10:\"05-26-2025\";i:1;s:10:\"06-01-2025\";i:1;s:10:\"06-09-2025\";i:1;s:10:\"06-18-2025\";i:2;s:10:\"06-29-2025\";i:1;s:10:\"07-10-2025\";i:1;s:10:\"07-14-2025\";i:2;s:10:\"07-17-2025\";i:1;s:10:\"07-23-2025\";i:1;s:10:\"07-26-2025\";i:1;s:10:\"08-01-2025\";i:1;s:10:\"08-08-2025\";i:2;s:10:\"08-20-2025\";i:1;s:10:\"08-22-2025\";i:1;s:10:\"08-28-2025\";i:1;s:10:\"08-30-2025\";i:2;s:10:\"09-05-2025\";i:1;s:10:\"09-11-2025\";i:1;s:10:\"09-16-2025\";i:1;s:10:\"09-17-2025\";i:1;s:10:\"09-22-2025\";i:1;s:10:\"09-27-2025\";i:1;s:10:\"10-01-2025\";i:2;s:10:\"10-03-2025\";i:1;s:10:\"10-08-2025\";i:1;s:10:\"10-15-2025\";i:3;s:10:\"10-22-2025\";i:1;s:10:\"11-12-2025\";i:1;s:10:\"11-14-2025\";i:1;s:10:\"11-19-2025\";i:1;s:10:\"12-08-2025\";i:1;s:10:\"12-11-2025\";i:1;s:10:\"12-15-2025\";i:2;s:10:\"01-04-2026\";i:1;s:10:\"01-06-2026\";i:2;s:10:\"01-09-2026\";i:1;s:10:\"01-11-2026\";i:2;s:10:\"01-12-2026\";i:1;s:10:\"01-21-2026\";i:1;s:10:\"01-27-2026\";i:1;s:10:\"02-01-2026\";i:1;s:10:\"02-08-2026\";i:1;s:10:\"02-11-2026\";i:1;s:10:\"02-12-2026\";i:1;s:10:\"02-21-2026\";i:1;s:10:\"03-11-2026\";i:2;s:10:\"03-13-2026\";i:1;s:10:\"03-20-2026\";i:1;s:10:\"03-25-2026\";i:1;s:10:\"03-30-2026\";i:2;s:10:\"04-05-2026\";i:1;s:10:\"04-06-2026\";i:1;s:10:\"04-11-2026\";i:1;s:10:\"04-17-2026\";i:1;s:10:\"04-25-2026\";i:2;s:10:\"04-27-2026\";i:1;s:10:\"04-28-2026\";i:2;}"],"houzez_recently_viewed":["2026-04-28 19:53:44"],"_elementor_page_assets":["a:0:{}"]},"_links":{"self":[{"href":"https:\/\/myhomeproperty.es\/fr\/wp-json\/wp\/v2\/properties\/1253","targetHints":{"allow":["GET"]}}],"collection":[{"href":"https:\/\/myhomeproperty.es\/fr\/wp-json\/wp\/v2\/properties"}],"about":[{"href":"https:\/\/myhomeproperty.es\/fr\/wp-json\/wp\/v2\/types\/property"}],"author":[{"embeddable":true,"href":"https:\/\/myhomeproperty.es\/fr\/wp-json\/wp\/v2\/users\/1"}],"version-history":[{"count":1,"href":"https:\/\/myhomeproperty.es\/fr\/wp-json\/wp\/v2\/properties\/1253\/revisions"}],"predecessor-version":[{"id":1257,"href":"https:\/\/myhomeproperty.es\/fr\/wp-json\/wp\/v2\/properties\/1253\/revisions\/1257"}],"wp:featuredmedia":[{"embeddable":true,"href":"https:\/\/myhomeproperty.es\/fr\/wp-json\/wp\/v2\/media\/1210"}],"wp:attachment":[{"href":"https:\/\/myhomeproperty.es\/fr\/wp-json\/wp\/v2\/media?parent=1253"}],"wp:term":[{"taxonomy":"property_type","embeddable":true,"href":"https:\/\/myhomeproperty.es\/fr\/wp-json\/wp\/v2\/property_type?post=1253"},{"taxonomy":"property_status","embeddable":true,"href":"https:\/\/myhomeproperty.es\/fr\/wp-json\/wp\/v2\/property_status?post=1253"},{"taxonomy":"property_feature","embeddable":true,"href":"https:\/\/myhomeproperty.es\/fr\/wp-json\/wp\/v2\/property_feature?post=1253"},{"taxonomy":"property_label","embeddable":true,"href":"https:\/\/myhomeproperty.es\/fr\/wp-json\/wp\/v2\/property_label?post=1253"},{"taxonomy":"property_country","embeddable":true,"href":"https:\/\/myhomeproperty.es\/fr\/wp-json\/wp\/v2\/property_country?post=1253"},{"taxonomy":"property_state","embeddable":true,"href":"https:\/\/myhomeproperty.es\/fr\/wp-json\/wp\/v2\/property_state?post=1253"},{"taxonomy":"property_city","embeddable":true,"href":"https:\/\/myhomeproperty.es\/fr\/wp-json\/wp\/v2\/property_city?post=1253"},{"taxonomy":"property_area","embeddable":true,"href":"https:\/\/myhomeproperty.es\/fr\/wp-json\/wp\/v2\/property_area?post=1253"}],"curies":[{"name":"wp","href":"https:\/\/api.w.org\/{rel}","templated":true}]}}