{"id":2478,"date":"2024-07-24T11:19:26","date_gmt":"2024-07-24T11:19:26","guid":{"rendered":"https:\/\/myhomeproperty.es\/property\/villas-jumelees-avec-piscine-privee-et-solarium-a-san-pedro-del-pinatar\/"},"modified":"2024-09-27T14:30:13","modified_gmt":"2024-09-27T14:30:13","slug":"villas-jumelees-avec-piscine-privee-et-solarium-a-san-pedro-del-pinatar","status":"publish","type":"property","link":"https:\/\/myhomeproperty.es\/fr\/property\/villas-jumelees-avec-piscine-privee-et-solarium-a-san-pedro-del-pinatar\/","title":{"rendered":"Villas jumel\u00e9es avec piscine priv\u00e9e et solarium \u00e0 San Pedro del Pinatar"},"content":{"rendered":"\n<p>Nous vous pr\u00e9sentons cette nouvelle construction r\u00e9sidentielle situ\u00e9e \u00e0 San Pedro del Pinatar (Murcia) avec un excellent emplacement, dans une zone tranquille, mais en m\u00eame temps, proche de tous les services, avec un acc\u00e8s facile \u00e0 l&#8217;autoroute, et \u00e0 seulement 2 km de la Mar Menor.<\/p>\n\n<p>Les propri\u00e9t\u00e9s sont r\u00e9parties sur deux \u00e9tages et un solarium. Le rez-de-chauss\u00e9e dispose d&#8217;une grande chambre avec placard, d&#8217;un salon avec cuisine ouverte, d&#8217;une salle de bains compl\u00e8te, d&#8217;un patio arri\u00e8re qui peut \u00eatre utilis\u00e9 comme buanderie et d&#8217;une terrasse avant avec la piscine priv\u00e9e et l&#8217;espace pour garer votre v\u00e9hicule.<\/p>\n\n<p>\u00c0 l&#8217;\u00e9tage se trouvent les deux autres chambres, dont une avec dressing, une salle de bains compl\u00e8te et une grande terrasse. De l\u00e0, vous pouvez acc\u00e9der au solarium, qui offre diff\u00e9rentes possibilit\u00e9s car il est de grande taille.<\/p>\n\n<p>La vie en plein air est une priorit\u00e9&#8230; Ce projet est n\u00e9, en raison de la grande demande d&#8217;offrir une maison id\u00e9ale, des espaces ext\u00e9rieurs pour profiter de la lumi\u00e8re du soleil et un design totalement avant-gardiste \u00e0 des prix tr\u00e8s comp\u00e9titifs.<\/p>\n\n<p><br\/><br\/><br\/><br\/><br\/>3 chambres \u00e0 coucher. 2 salles de bains compl\u00e8tes. Cuisine avec appareils \u00e9lectrom\u00e9nagers. Piscine priv\u00e9e. Terrasse. Solarium inclus.<\/p>\n","protected":false},"excerpt":{"rendered":"<p>Nous vous pr\u00e9sentons cette nouvelle construction r\u00e9sidentielle situ\u00e9e \u00e0 San Pedro del Pinatar (Murcia) avec un excellent emplacement, dans une zone tranquille, mais en m\u00eame temps, proche de tous les services, avec un acc\u00e8s facile \u00e0 l&#8217;autoroute, et \u00e0 seulement 2 km de la Mar Menor. Les propri\u00e9t\u00e9s sont r\u00e9parties sur deux \u00e9tages et un [&hellip;]<\/p>\n","protected":false},"author":1,"featured_media":1210,"parent":0,"menu_order":0,"template":"","property_type":[],"property_status":[44,140],"property_feature":[43],"property_label":[],"property_country":[],"property_state":[39],"property_city":[42],"property_area":[],"class_list":["post-2478","property","type-property","status-publish","has-post-thumbnail","hentry","property_status-en-vente","property_status-vendu","property_feature-piscina-fr","property_state-region-de-murcie","property_city-san-pedro-del-pinatar-fr"],"property_meta":{"fave_featured":["0"],"houzez_featured_listing_date":[""],"fave_property_images":["1141","1205","1201","1213","1217","1221","1193","1225","1197","1145","1229","1181","1149","1153","1185","1161","1165","1169","1173","1177","1189","1233","1237"],"fave_single_top_area":["global"],"_top_nav_excluded":[""],"_cms_nav_minihome":[""],"houzez_geolocation_lat":["37.8353328"],"houzez_geolocation_long":["-0.7916121"],"_thumbnail_id":["1210"],"_last_translation_edit_mode":["translation-editor"],"fave_property_price":["317900"],"fave_property_size":["105"],"fave_property_land":["110"],"fave_property_bedrooms":["3"],"fave_property_bathrooms":["2"],"fave_property_id":["3004MHJ"],"fave_property_map":["1"],"fave_property_map_address":["San Pedro del Pinatar, Campo de Cartagena y Mar Menor, R\u00e9gion de Murcie, 30740, Espagne"],"fave_property_location":["37.8353328,-0.7916121,15"],"fave_property_map_street_view":["cacher"],"fave_property_zip":["30740"],"fave_video_url":["https:\/\/youtu.be\/LzNdvMM9_qc"],"fave_agent_display_option":["none"],"fave_prop_homeslider":["oui"],"fave_private_note":["RESIDENCIAL JACARANDA RODRIGO HOMES - PACO ALBALADEJO - PHASE I - ZONA TAIBILLA -  "],"floor_plans":["a:2:{i:0;a:2:{s:15:\"fave_plan_title\";s:14:\"Plan g\u00e9n\u00e9ral\";s:15:\"fave_plan_image\";s:76:\"https:\/\/myhomeproperty.es\/wp-content\/uploads\/2024\/07\/Plot-Planta-general.jpg\";}i:1;a:2:{s:15:\"fave_plan_title\";s:10:\"Logement  \";s:15:\"fave_plan_image\";s:79:\"https:\/\/myhomeproperty.es\/wp-content\/uploads\/2024\/07\/Viviendas-N.2-N.3-N.16.jpg\";}}"],"houzez_manual_expire":["0"],"_houzez_expiration_date_status":["saved"],"houzez_total_property_views":["138"],"houzez_views_by_date":["a:61:{s:10:\"05-11-2025\";i:1;s:10:\"05-20-2025\";i:2;s:10:\"05-25-2025\";i:1;s:10:\"06-01-2025\";i:2;s:10:\"06-06-2025\";i:1;s:10:\"06-13-2025\";i:1;s:10:\"07-05-2025\";i:1;s:10:\"07-08-2025\";i:2;s:10:\"07-13-2025\";i:3;s:10:\"07-22-2025\";i:1;s:10:\"07-25-2025\";i:1;s:10:\"07-29-2025\";i:1;s:10:\"08-04-2025\";i:1;s:10:\"08-14-2025\";i:2;s:10:\"08-24-2025\";i:1;s:10:\"08-30-2025\";i:2;s:10:\"08-31-2025\";i:1;s:10:\"09-06-2025\";i:2;s:10:\"09-11-2025\";i:3;s:10:\"09-12-2025\";i:1;s:10:\"09-17-2025\";i:1;s:10:\"09-20-2025\";i:2;s:10:\"09-23-2025\";i:1;s:10:\"09-28-2025\";i:3;s:10:\"10-04-2025\";i:1;s:10:\"10-06-2025\";i:1;s:10:\"10-09-2025\";i:2;s:10:\"10-16-2025\";i:1;s:10:\"10-23-2025\";i:3;s:10:\"11-19-2025\";i:1;s:10:\"11-20-2025\";i:1;s:10:\"12-05-2025\";i:2;s:10:\"12-19-2025\";i:1;s:10:\"12-24-2025\";i:1;s:10:\"12-25-2025\";i:1;s:10:\"01-04-2026\";i:1;s:10:\"01-12-2026\";i:2;s:10:\"01-14-2026\";i:1;s:10:\"01-15-2026\";i:1;s:10:\"01-21-2026\";i:1;s:10:\"01-31-2026\";i:1;s:10:\"02-01-2026\";i:1;s:10:\"02-16-2026\";i:1;s:10:\"02-19-2026\";i:1;s:10:\"02-22-2026\";i:1;s:10:\"02-24-2026\";i:1;s:10:\"03-08-2026\";i:1;s:10:\"03-11-2026\";i:2;s:10:\"03-14-2026\";i:1;s:10:\"03-15-2026\";i:2;s:10:\"03-17-2026\";i:2;s:10:\"03-20-2026\";i:1;s:10:\"03-25-2026\";i:1;s:10:\"03-30-2026\";i:1;s:10:\"04-01-2026\";i:1;s:10:\"04-06-2026\";i:1;s:10:\"04-11-2026\";i:1;s:10:\"04-17-2026\";i:1;s:10:\"04-21-2026\";i:3;s:10:\"04-27-2026\";i:1;s:10:\"04-30-2026\";i:2;}"],"houzez_recently_viewed":["2026-04-30 09:22:05"],"_elementor_page_assets":["a:0:{}"]},"_links":{"self":[{"href":"https:\/\/myhomeproperty.es\/fr\/wp-json\/wp\/v2\/properties\/2478","targetHints":{"allow":["GET"]}}],"collection":[{"href":"https:\/\/myhomeproperty.es\/fr\/wp-json\/wp\/v2\/properties"}],"about":[{"href":"https:\/\/myhomeproperty.es\/fr\/wp-json\/wp\/v2\/types\/property"}],"author":[{"embeddable":true,"href":"https:\/\/myhomeproperty.es\/fr\/wp-json\/wp\/v2\/users\/1"}],"version-history":[{"count":1,"href":"https:\/\/myhomeproperty.es\/fr\/wp-json\/wp\/v2\/properties\/2478\/revisions"}],"predecessor-version":[{"id":2479,"href":"https:\/\/myhomeproperty.es\/fr\/wp-json\/wp\/v2\/properties\/2478\/revisions\/2479"}],"wp:featuredmedia":[{"embeddable":true,"href":"https:\/\/myhomeproperty.es\/fr\/wp-json\/wp\/v2\/media\/1210"}],"wp:attachment":[{"href":"https:\/\/myhomeproperty.es\/fr\/wp-json\/wp\/v2\/media?parent=2478"}],"wp:term":[{"taxonomy":"property_type","embeddable":true,"href":"https:\/\/myhomeproperty.es\/fr\/wp-json\/wp\/v2\/property_type?post=2478"},{"taxonomy":"property_status","embeddable":true,"href":"https:\/\/myhomeproperty.es\/fr\/wp-json\/wp\/v2\/property_status?post=2478"},{"taxonomy":"property_feature","embeddable":true,"href":"https:\/\/myhomeproperty.es\/fr\/wp-json\/wp\/v2\/property_feature?post=2478"},{"taxonomy":"property_label","embeddable":true,"href":"https:\/\/myhomeproperty.es\/fr\/wp-json\/wp\/v2\/property_label?post=2478"},{"taxonomy":"property_country","embeddable":true,"href":"https:\/\/myhomeproperty.es\/fr\/wp-json\/wp\/v2\/property_country?post=2478"},{"taxonomy":"property_state","embeddable":true,"href":"https:\/\/myhomeproperty.es\/fr\/wp-json\/wp\/v2\/property_state?post=2478"},{"taxonomy":"property_city","embeddable":true,"href":"https:\/\/myhomeproperty.es\/fr\/wp-json\/wp\/v2\/property_city?post=2478"},{"taxonomy":"property_area","embeddable":true,"href":"https:\/\/myhomeproperty.es\/fr\/wp-json\/wp\/v2\/property_area?post=2478"}],"curies":[{"name":"wp","href":"https:\/\/api.w.org\/{rel}","templated":true}]}}