{"id":26641,"date":"2025-01-27T18:30:02","date_gmt":"2025-01-27T18:30:02","guid":{"rendered":"https:\/\/myhomeproperty.es\/property\/villa-mitoyenne-dans-san-pedro-del-pinatar\/"},"modified":"2025-01-31T09:49:36","modified_gmt":"2025-01-31T09:49:36","slug":"villa-mitoyenne-dans-san-pedro-del-pinatar","status":"publish","type":"property","link":"https:\/\/myhomeproperty.es\/fr\/property\/villa-mitoyenne-dans-san-pedro-del-pinatar\/","title":{"rendered":"Villa mitoyenne dans San Pedro del Pinatar"},"content":{"rendered":"\n<p>Cette superbe villa \u00e0 San Pedro del Pinatar offre un style de vie moderne et confortable. Situ\u00e9e sur un terrain de 160 m\u00b2, la propri\u00e9t\u00e9 dispose d&#8217;une piscine priv\u00e9e de 2,5 x 3,75 m\u00b2 et d&#8217;un grand nombre d&#8217;\u00e9quipements. <\/p>\n\n<p>Distribution :<\/p>\n\n<ul class=\"wp-block-list\">\n<li>3 chambres \u00e0 coucher : Spacieuses et bien con\u00e7ues pour le confort et l&#8217;intimit\u00e9.<\/li>\n\n\n\n<li>3 salles de bains : modernes et fonctionnelles, id\u00e9ales pour un usage quotidien.<\/li>\n\n\n\n<li>Surface construite : 206 m\u00b2, offrant un espace suffisant pour la vie de famille.<\/li>\n\n\n\n<li>Surface de la maison : 111 m\u00b2, avec un grand salon de 32 m\u00b2, id\u00e9al pour les r\u00e9unions et les moments de d\u00e9tente.<\/li>\n\n\n\n<li>Terrasse : 11 m\u00b2, id\u00e9ale pour profiter de l&#8217;air libre.<\/li>\n\n\n\n<li>Sous-sol : 55 m\u00b2, offrant un espace suppl\u00e9mentaire pour le stockage ou les activit\u00e9s de loisirs.<\/li>\n\n\n\n<li>Terrasse sur le toit : 40 m\u00b2, un espace parfait pour prendre un bain de soleil et profiter de la vue.<\/li>\n<\/ul>\n\n<p>Les commodit\u00e9s :<\/p>\n\n<ul class=\"wp-block-list\">\n<li>Piscine priv\u00e9e : id\u00e9ale pour se rafra\u00eechir et profiter du beau temps.<\/li>\n\n\n\n<li>Jardin : un espace ext\u00e9rieur pour se d\u00e9tendre et profiter de la nature.<\/li>\n\n\n\n<li>Pr\u00e9-installation de la climatisation.<\/li>\n\n\n\n<li>Appareils \u00e9lectrom\u00e9nagers inclus<\/li>\n<\/ul>\n\n<p>Les restaurants, services et magasins sont accessibles \u00e0 pied, ce qui ajoute \u00e0 la commodit\u00e9 et \u00e0 l&#8217;accessibilit\u00e9 de l&#8217;endroit.<\/p>\n\n<p>Cette villa en construction \u00e0 San Pedro del Pinatar est une opportunit\u00e9 unique de vivre dans une propri\u00e9t\u00e9 moderne et bien situ\u00e9e, avec toutes les commodit\u00e9s n\u00e9cessaires pour un style de vie confortable. Ne manquez pas l&#8217;occasion de faire de cette villa votre nouvelle maison ! <\/p>\n","protected":false},"excerpt":{"rendered":"<p>Cette superbe villa \u00e0 San Pedro del Pinatar offre un style de vie moderne et confortable. Situ\u00e9e sur un terrain de 160 m\u00b2, la propri\u00e9t\u00e9 dispose d&#8217;une piscine priv\u00e9e de 2,5 x 3,75 m\u00b2 et d&#8217;un grand nombre d&#8217;\u00e9quipements. Distribution : Les commodit\u00e9s : Les restaurants, services et magasins sont accessibles \u00e0 pied, ce qui [&hellip;]<\/p>\n","protected":false},"author":3,"featured_media":26428,"parent":0,"menu_order":0,"template":"","property_type":[198],"property_status":[44],"property_feature":[218,43,241],"property_label":[],"property_country":[],"property_state":[],"property_city":[42],"property_area":[],"class_list":["post-26641","property","type-property","status-publish","has-post-thumbnail","hentry","property_type-villa-fr","property_status-en-vente","property_feature-jardin-fr","property_feature-piscina-fr","property_feature-terrasse","property_city-san-pedro-del-pinatar-fr"],"property_meta":{"fave_featured":["0"],"houzez_featured_listing_date":[""],"fave_property_images":["26436","26426","26486","26431","26606","26611","26441","26616","26601","26411","26416","26421","26491","26581","26586","26621","26561","26556","26466","26566","26571","26551","26501","26506","26496","26511","26446","26476","26451","26471","26541","26546","26526","26456","26461","26531","26536","26521","26516","26576","26591","26631"],"fave_single_top_area":["global"],"_top_nav_excluded":[""],"_cms_nav_minihome":[""],"houzez_geolocation_lat":["37.8329309"],"houzez_geolocation_long":["-0.7868781"],"_thumbnail_id":["26428"],"_last_translation_edit_mode":["translation-editor"],"houzez_total_property_views":["110"],"houzez_views_by_date":["a:61:{s:10:\"07-01-2025\";i:1;s:10:\"07-02-2025\";i:1;s:10:\"07-08-2025\";i:1;s:10:\"07-10-2025\";i:1;s:10:\"07-14-2025\";i:3;s:10:\"07-17-2025\";i:1;s:10:\"07-21-2025\";i:1;s:10:\"07-25-2025\";i:1;s:10:\"07-31-2025\";i:1;s:10:\"08-18-2025\";i:1;s:10:\"08-25-2025\";i:1;s:10:\"08-30-2025\";i:2;s:10:\"09-02-2025\";i:6;s:10:\"09-03-2025\";i:5;s:10:\"09-08-2025\";i:1;s:10:\"09-13-2025\";i:1;s:10:\"09-18-2025\";i:1;s:10:\"09-24-2025\";i:1;s:10:\"09-25-2025\";i:1;s:10:\"09-29-2025\";i:1;s:10:\"10-04-2025\";i:2;s:10:\"10-09-2025\";i:1;s:10:\"10-13-2025\";i:1;s:10:\"10-16-2025\";i:1;s:10:\"10-22-2025\";i:1;s:10:\"10-25-2025\";i:2;s:10:\"11-20-2025\";i:1;s:10:\"11-27-2025\";i:1;s:10:\"12-08-2025\";i:2;s:10:\"12-14-2025\";i:1;s:10:\"12-15-2025\";i:1;s:10:\"12-23-2025\";i:1;s:10:\"12-28-2025\";i:1;s:10:\"01-01-2026\";i:1;s:10:\"01-03-2026\";i:1;s:10:\"01-07-2026\";i:2;s:10:\"01-12-2026\";i:3;s:10:\"01-17-2026\";i:1;s:10:\"01-20-2026\";i:1;s:10:\"01-25-2026\";i:1;s:10:\"01-31-2026\";i:1;s:10:\"02-05-2026\";i:1;s:10:\"02-10-2026\";i:1;s:10:\"02-16-2026\";i:1;s:10:\"02-19-2026\";i:1;s:10:\"03-03-2026\";i:1;s:10:\"03-06-2026\";i:1;s:10:\"03-10-2026\";i:1;s:10:\"03-11-2026\";i:2;s:10:\"03-16-2026\";i:1;s:10:\"03-20-2026\";i:1;s:10:\"03-22-2026\";i:2;s:10:\"03-30-2026\";i:1;s:10:\"03-31-2026\";i:1;s:10:\"04-02-2026\";i:1;s:10:\"04-08-2026\";i:1;s:10:\"04-13-2026\";i:1;s:10:\"04-18-2026\";i:1;s:10:\"04-20-2026\";i:1;s:10:\"04-23-2026\";i:1;s:10:\"04-28-2026\";i:3;}"],"houzez_recently_viewed":["2026-04-28 23:06:35"],"fave_property_price":["389900"],"fave_property_size":["160"],"fave_property_land":["111"],"fave_property_bedrooms":["3"],"fave_property_bathrooms":["3"],"fave_property_id":["3038MHLB"],"fave_property_map":["1"],"fave_property_map_address":["Avenida de las Salinas, San Pedro del Pinatar, Campo de Cartagena y Mar Menor, Regi\u00f3n de Murcia, 30740, Espagne"],"fave_property_location":["37.8329309,-0.7868781,15"],"fave_property_map_street_view":["montrer"],"fave_property_zip":["30730"],"fave_video_url":["https:\/\/youtu.be\/u1Onem06TKI"],"fave_agent_display_option":["auteur_info"],"fave_prop_homeslider":["oui"],"fave_private_note":["LAS DUNAS -Luc\u00eda Beach"],"houzez_manual_expire":["0"],"_houzez_expiration_date_status":["saved"],"_elementor_page_assets":["a:0:{}"]},"_links":{"self":[{"href":"https:\/\/myhomeproperty.es\/fr\/wp-json\/wp\/v2\/properties\/26641","targetHints":{"allow":["GET"]}}],"collection":[{"href":"https:\/\/myhomeproperty.es\/fr\/wp-json\/wp\/v2\/properties"}],"about":[{"href":"https:\/\/myhomeproperty.es\/fr\/wp-json\/wp\/v2\/types\/property"}],"author":[{"embeddable":true,"href":"https:\/\/myhomeproperty.es\/fr\/wp-json\/wp\/v2\/users\/3"}],"version-history":[{"count":1,"href":"https:\/\/myhomeproperty.es\/fr\/wp-json\/wp\/v2\/properties\/26641\/revisions"}],"predecessor-version":[{"id":26642,"href":"https:\/\/myhomeproperty.es\/fr\/wp-json\/wp\/v2\/properties\/26641\/revisions\/26642"}],"wp:featuredmedia":[{"embeddable":true,"href":"https:\/\/myhomeproperty.es\/fr\/wp-json\/wp\/v2\/media\/26428"}],"wp:attachment":[{"href":"https:\/\/myhomeproperty.es\/fr\/wp-json\/wp\/v2\/media?parent=26641"}],"wp:term":[{"taxonomy":"property_type","embeddable":true,"href":"https:\/\/myhomeproperty.es\/fr\/wp-json\/wp\/v2\/property_type?post=26641"},{"taxonomy":"property_status","embeddable":true,"href":"https:\/\/myhomeproperty.es\/fr\/wp-json\/wp\/v2\/property_status?post=26641"},{"taxonomy":"property_feature","embeddable":true,"href":"https:\/\/myhomeproperty.es\/fr\/wp-json\/wp\/v2\/property_feature?post=26641"},{"taxonomy":"property_label","embeddable":true,"href":"https:\/\/myhomeproperty.es\/fr\/wp-json\/wp\/v2\/property_label?post=26641"},{"taxonomy":"property_country","embeddable":true,"href":"https:\/\/myhomeproperty.es\/fr\/wp-json\/wp\/v2\/property_country?post=26641"},{"taxonomy":"property_state","embeddable":true,"href":"https:\/\/myhomeproperty.es\/fr\/wp-json\/wp\/v2\/property_state?post=26641"},{"taxonomy":"property_city","embeddable":true,"href":"https:\/\/myhomeproperty.es\/fr\/wp-json\/wp\/v2\/property_city?post=26641"},{"taxonomy":"property_area","embeddable":true,"href":"https:\/\/myhomeproperty.es\/fr\/wp-json\/wp\/v2\/property_area?post=26641"}],"curies":[{"name":"wp","href":"https:\/\/api.w.org\/{rel}","templated":true}]}}