{"id":27507,"date":"2025-02-11T17:16:53","date_gmt":"2025-02-11T17:16:53","guid":{"rendered":"https:\/\/myhomeproperty.es\/property\/maison-individuelle-de-3-chambres-a-coucher-a-lo-pagan\/"},"modified":"2025-03-31T07:08:26","modified_gmt":"2025-03-31T07:08:26","slug":"maison-individuelle-de-3-chambres-a-coucher-a-lo-pagan","status":"publish","type":"property","link":"https:\/\/myhomeproperty.es\/fr\/property\/maison-individuelle-de-3-chambres-a-coucher-a-lo-pagan\/","title":{"rendered":"Maison individuelle de 3 chambres \u00e0 coucher \u00e0 Lo Pagan"},"content":{"rendered":"\n<p>D\u00e9couvrez votre nouvelle maison \u00e0 seulement 650 m\u00e8tres de la plage ! Cette jolie maison de ville \u00e0 San Pedro del Pinatar vous offre une combinaison parfaite de confort, d&#8217;emplacement et de style de vie c\u00f4tier. <\/p>\n\n<p>Avec 79 m\u00b2 de surface construite et 72 m\u00b2 de terrain, cette propri\u00e9t\u00e9 est distribu\u00e9e sur deux \u00e9tages pour maximiser votre confort.<\/p>\n\n<p>Au rez-de-chauss\u00e9e, vous trouverez un salon-salle \u00e0 manger spacieux, une cuisine enti\u00e8rement \u00e9quip\u00e9e, une chambre, une salle de bains, une buanderie pratique, une pi\u00e8ce de rangement, un patio et une terrasse ensoleill\u00e9e de 15 m\u00b2, parfaite pour profiter des moments de tranquillit\u00e9 en plein air.<\/p>\n\n<p>Au premier \u00e9tage, vous trouverez deux chambres suppl\u00e9mentaires, dont l&#8217;une avec acc\u00e8s \u00e0 un balcon, et une deuxi\u00e8me salle de bains.<\/p>\n\n<p>L&#8217;orientation est de la propri\u00e9t\u00e9 garantit que chaque coin est rempli de lumi\u00e8re naturelle tout au long de la journ\u00e9e, cr\u00e9ant ainsi une atmosph\u00e8re chaleureuse et accueillante.<\/p>\n\n<p>En outre, la propri\u00e9t\u00e9 comprend des armoires encastr\u00e9es, un jardin, l&#8217;air conditionn\u00e9, un syst\u00e8me d&#8217;alarme, des meubles, et est entour\u00e9e de tous les services n\u00e9cessaires : transports publics et centres m\u00e9dicaux, parcs et aires de jeux pour enfants \u00e0 400 m\u00e8tres, le centre commercial Dos Mares \u00e0 4 km, sans oublier la plage de Los Lorcas \u00e0 8 minutes \u00e0 pied.<\/p>\n\n<p>Ne manquez pas l&#8217;occasion de vivre dans un environnement id\u00e9al, avec tout ce dont vous avez besoin pour profiter de la vie pr\u00e8s de la mer !<\/p>\n","protected":false},"excerpt":{"rendered":"<p>D\u00e9couvrez votre nouvelle maison \u00e0 seulement 650 m\u00e8tres de la plage ! Cette jolie maison de ville \u00e0 San Pedro del Pinatar vous offre une combinaison parfaite de confort, d&#8217;emplacement et de style de vie c\u00f4tier. Avec 79 m\u00b2 de surface construite et 72 m\u00b2 de terrain, cette propri\u00e9t\u00e9 est distribu\u00e9e sur deux \u00e9tages pour [&hellip;]<\/p>\n","protected":false},"author":3,"featured_media":27361,"parent":0,"menu_order":0,"template":"","property_type":[199,134],"property_status":[44],"property_feature":[241],"property_label":[],"property_country":[32],"property_state":[39],"property_city":[42],"property_area":[237],"class_list":["post-27507","property","type-property","status-publish","has-post-thumbnail","hentry","property_type-duplex-fr","property_type-maison-jumelee","property_status-en-vente","property_feature-terrasse","property_country-spain-fr","property_state-region-de-murcie","property_city-san-pedro-del-pinatar-fr","property_area-lo-pagan-fr"],"property_meta":{"fave_featured":["0"],"houzez_featured_listing_date":[""],"fave_property_images":["27364","27369","27374","27359","27479","27474","27499","27379","27389","27404","27419","27399","27394","27469","27434","27429","27464","27459","27444","27449","27439","27454","27289","27319","27354","27349","27339","27344","27329","27324","27259","27334","27513","27518","27533","27538","27528","27543","27548"],"fave_single_top_area":["global"],"_top_nav_excluded":[""],"_cms_nav_minihome":[""],"houzez_geolocation_lat":["37.824158665432"],"houzez_geolocation_long":["-0.77806342790816"],"_thumbnail_id":["27361"],"_last_translation_edit_mode":["translation-editor"],"houzez_manual_expire":["0"],"_houzez_expiration_date_status":["saved"],"houzez_total_property_views":["90"],"houzez_views_by_date":["a:61:{s:10:\"05-30-2025\";i:1;s:10:\"06-05-2025\";i:1;s:10:\"06-11-2025\";i:1;s:10:\"06-12-2025\";i:1;s:10:\"06-21-2025\";i:1;s:10:\"06-29-2025\";i:1;s:10:\"07-07-2025\";i:1;s:10:\"07-10-2025\";i:1;s:10:\"07-14-2025\";i:2;s:10:\"07-17-2025\";i:1;s:10:\"07-25-2025\";i:1;s:10:\"07-31-2025\";i:1;s:10:\"08-13-2025\";i:1;s:10:\"08-20-2025\";i:1;s:10:\"08-26-2025\";i:1;s:10:\"08-29-2025\";i:1;s:10:\"08-30-2025\";i:2;s:10:\"09-03-2025\";i:1;s:10:\"09-09-2025\";i:1;s:10:\"09-14-2025\";i:1;s:10:\"09-18-2025\";i:1;s:10:\"09-19-2025\";i:1;s:10:\"09-24-2025\";i:1;s:10:\"09-27-2025\";i:1;s:10:\"09-29-2025\";i:1;s:10:\"10-04-2025\";i:1;s:10:\"10-09-2025\";i:1;s:10:\"10-10-2025\";i:1;s:10:\"10-16-2025\";i:1;s:10:\"11-14-2025\";i:1;s:10:\"11-19-2025\";i:1;s:10:\"12-05-2025\";i:1;s:10:\"12-08-2025\";i:1;s:10:\"12-12-2025\";i:1;s:10:\"12-31-2025\";i:1;s:10:\"01-06-2026\";i:1;s:10:\"01-11-2026\";i:1;s:10:\"01-12-2026\";i:4;s:10:\"01-22-2026\";i:1;s:10:\"01-28-2026\";i:1;s:10:\"02-02-2026\";i:2;s:10:\"02-05-2026\";i:1;s:10:\"02-12-2026\";i:1;s:10:\"02-21-2026\";i:1;s:10:\"03-05-2026\";i:2;s:10:\"03-11-2026\";i:3;s:10:\"03-12-2026\";i:1;s:10:\"03-18-2026\";i:1;s:10:\"03-22-2026\";i:1;s:10:\"03-23-2026\";i:1;s:10:\"03-29-2026\";i:1;s:10:\"04-04-2026\";i:1;s:10:\"04-05-2026\";i:1;s:10:\"04-10-2026\";i:1;s:10:\"04-11-2026\";i:2;s:10:\"04-15-2026\";i:1;s:10:\"04-19-2026\";i:2;s:10:\"04-20-2026\";i:1;s:10:\"04-25-2026\";i:1;s:10:\"04-27-2026\";i:1;s:10:\"04-30-2026\";i:2;}"],"houzez_recently_viewed":["2026-04-30 09:22:21"],"fave_property_price":["137000"],"fave_property_size":["70"],"fave_property_land":["70"],"fave_property_bedrooms":["3"],"fave_property_bathrooms":["2"],"fave_property_year":["1994"],"fave_property_id":["3041MHJ"],"fave_property_map":["1"],"fave_property_map_address":["Calle R\u00edo Sil, Villa Nanitos, Los Cuarteros, San Pedro del Pinatar, Campo de Cartagena y Mar Menor, Regi\u00f3n de Murcia, 30740, Spain"],"fave_property_location":["37.824158665432,-0.77806342790816,15"],"fave_property_map_street_view":["cacher"],"fave_video_url":["https:\/\/youtu.be\/Ge31cGGV4eA"],"fave_agent_display_option":["auteur_info"],"fave_prop_homeslider":["non"],"_elementor_page_assets":["a:0:{}"]},"_links":{"self":[{"href":"https:\/\/myhomeproperty.es\/fr\/wp-json\/wp\/v2\/properties\/27507","targetHints":{"allow":["GET"]}}],"collection":[{"href":"https:\/\/myhomeproperty.es\/fr\/wp-json\/wp\/v2\/properties"}],"about":[{"href":"https:\/\/myhomeproperty.es\/fr\/wp-json\/wp\/v2\/types\/property"}],"author":[{"embeddable":true,"href":"https:\/\/myhomeproperty.es\/fr\/wp-json\/wp\/v2\/users\/3"}],"version-history":[{"count":1,"href":"https:\/\/myhomeproperty.es\/fr\/wp-json\/wp\/v2\/properties\/27507\/revisions"}],"predecessor-version":[{"id":27509,"href":"https:\/\/myhomeproperty.es\/fr\/wp-json\/wp\/v2\/properties\/27507\/revisions\/27509"}],"wp:featuredmedia":[{"embeddable":true,"href":"https:\/\/myhomeproperty.es\/fr\/wp-json\/wp\/v2\/media\/27361"}],"wp:attachment":[{"href":"https:\/\/myhomeproperty.es\/fr\/wp-json\/wp\/v2\/media?parent=27507"}],"wp:term":[{"taxonomy":"property_type","embeddable":true,"href":"https:\/\/myhomeproperty.es\/fr\/wp-json\/wp\/v2\/property_type?post=27507"},{"taxonomy":"property_status","embeddable":true,"href":"https:\/\/myhomeproperty.es\/fr\/wp-json\/wp\/v2\/property_status?post=27507"},{"taxonomy":"property_feature","embeddable":true,"href":"https:\/\/myhomeproperty.es\/fr\/wp-json\/wp\/v2\/property_feature?post=27507"},{"taxonomy":"property_label","embeddable":true,"href":"https:\/\/myhomeproperty.es\/fr\/wp-json\/wp\/v2\/property_label?post=27507"},{"taxonomy":"property_country","embeddable":true,"href":"https:\/\/myhomeproperty.es\/fr\/wp-json\/wp\/v2\/property_country?post=27507"},{"taxonomy":"property_state","embeddable":true,"href":"https:\/\/myhomeproperty.es\/fr\/wp-json\/wp\/v2\/property_state?post=27507"},{"taxonomy":"property_city","embeddable":true,"href":"https:\/\/myhomeproperty.es\/fr\/wp-json\/wp\/v2\/property_city?post=27507"},{"taxonomy":"property_area","embeddable":true,"href":"https:\/\/myhomeproperty.es\/fr\/wp-json\/wp\/v2\/property_area?post=27507"}],"curies":[{"name":"wp","href":"https:\/\/api.w.org\/{rel}","templated":true}]}}