{"id":27777,"date":"2025-02-12T11:49:01","date_gmt":"2025-02-12T11:49:01","guid":{"rendered":"https:\/\/myhomeproperty.es\/property\/bungalow-au-rez-de-chaussee-a-pilar-de-la-horadada\/"},"modified":"2025-02-13T12:26:17","modified_gmt":"2025-02-13T12:26:17","slug":"bungalow-au-rez-de-chaussee-a-pilar-de-la-horadada","status":"publish","type":"property","link":"https:\/\/myhomeproperty.es\/fr\/property\/bungalow-au-rez-de-chaussee-a-pilar-de-la-horadada\/","title":{"rendered":"Bungalow au rez-de-chauss\u00e9e \u00e0 Pilar de la Horadada"},"content":{"rendered":"\n<p>Cette r\u00e9sidence exclusive d&#8217;appartements modernes de haute qualit\u00e9, avec 2 chambres au rez-de-chauss\u00e9e et 3 chambres \u00e0 l&#8217;\u00e9tage, dispose d&#8217;un solarium de plus de 90 m2 qui offre une grande intimit\u00e9. Sur le solarium, vous pouvez profiter de notre cuisine d&#8217;\u00e9t\u00e9 ferm\u00e9e, des toilettes et de la pergola. Chaque appartement dispose de grandes terrasses o\u00f9 vous pourrez profiter du soleil tout au long de l&#8217;ann\u00e9e.  <\/p>\n\n<p>Dans ce d\u00e9veloppement unique, toutes les propri\u00e9t\u00e9s ont leur propre espace de stationnement. Les \u00e9tages sup\u00e9rieurs disposent d&#8217;un garage ferm\u00e9 et les \u00e9tages inf\u00e9rieurs d&#8217;une terrasse couverte pour votre v\u00e9hicule. <\/p>\n\n<p>Le complexe dispose d&#8217;un jardin commun avec piscine et d&#8217;un ascenseur pour acc\u00e9der au premier \u00e9tage et au solarium. Une autre caract\u00e9ristique importante de ce projet est le local \u00e0 v\u00e9los dans la zone commune avec une capacit\u00e9 de 2 v\u00e9los par appartement. <\/p>\n\n<p>Le littoral de Pilar de la Horadada s&#8217;\u00e9tend sur plus de 4 kilom\u00e8tres et poss\u00e8de de vastes plages de sable blanc et fin qui contrastent avec les petites criques priv\u00e9es et prot\u00e9g\u00e9es. \u00c0 Pilar de la Horadada, vous pourrez profiter de plus de 320 jours de soleil par an, ce qui vous permettra de d\u00e9couvrir son histoire, ses f\u00eates, ses traditions et sa richesse gastronomique, ou de pratiquer toutes sortes de sports dans ses installations modernes. <\/p>\n","protected":false},"excerpt":{"rendered":"<p>Cette r\u00e9sidence exclusive d&#8217;appartements modernes de haute qualit\u00e9, avec 2 chambres au rez-de-chauss\u00e9e et 3 chambres \u00e0 l&#8217;\u00e9tage, dispose d&#8217;un solarium de plus de 90 m2 qui offre une grande intimit\u00e9. Sur le solarium, vous pouvez profiter de notre cuisine d&#8217;\u00e9t\u00e9 ferm\u00e9e, des toilettes et de la pergola. Chaque appartement dispose de grandes terrasses o\u00f9 [&hellip;]<\/p>\n","protected":false},"author":3,"featured_media":27646,"parent":0,"menu_order":0,"template":"","property_type":[115],"property_status":[44],"property_feature":[218,43,241],"property_label":[],"property_country":[32],"property_state":[52],"property_city":[61],"property_area":[],"class_list":["post-27777","property","type-property","status-publish","has-post-thumbnail","hentry","property_type-bungalow-fr","property_status-en-vente","property_feature-jardin-fr","property_feature-piscina-fr","property_feature-terrasse","property_country-spain-fr","property_state-alicante-fr","property_city-pilar-de-la-horadada-fr"],"property_meta":{"fave_featured":["0"],"houzez_featured_listing_date":[""],"fave_property_images":["27554","27559","27564","27569","27604","27609","27579","27584","27589","27594","27599","27639","27624","27629","27614","27574","27619","27634","27644","27649","27654","27659","27679","27719","27664","27704","27689","27694","27709","27714","27674","27669","27724","27684","27699","27729","27734","27749","27754","27769","27759","27764"],"fave_single_top_area":["global"],"_top_nav_excluded":[""],"_cms_nav_minihome":[""],"fave_property_price":["264900"],"fave_property_size":["75"],"fave_property_land":["52"],"fave_property_bedrooms":["2"],"fave_property_bathrooms":["2"],"fave_property_id":["3042MHO"],"fave_property_map":["1"],"fave_property_map_address":["Avenida de la Venta, Pilar de la Horadada, el Baix Segura \/ La Vega Baja del Segura, Alacant \/ Alicante, Comunitat Valenciana, 03191, Espagne"],"fave_property_location":["37.853147483903,-0.78339584069848,15"],"houzez_geolocation_lat":["37.853147483903"],"houzez_geolocation_long":["-0.78339584069848"],"fave_property_map_street_view":["cacher"],"fave_property_zip":["03190"],"fave_agent_display_option":["auteur_info"],"fave_prop_homeslider":["non"],"fave_private_note":["OKEY PLAYAMAR XII - Bungalows au rez-de-chauss\u00e9e et au dernier \u00e9tage  "],"_thumbnail_id":["27646"],"_last_translation_edit_mode":["translation-editor"],"houzez_total_property_views":["95"],"houzez_views_by_date":["a:61:{s:10:\"05-03-2025\";i:1;s:10:\"05-10-2025\";i:1;s:10:\"05-20-2025\";i:2;s:10:\"05-21-2025\";i:1;s:10:\"05-24-2025\";i:1;s:10:\"05-30-2025\";i:1;s:10:\"05-31-2025\";i:2;s:10:\"06-05-2025\";i:2;s:10:\"06-08-2025\";i:1;s:10:\"06-11-2025\";i:1;s:10:\"06-29-2025\";i:1;s:10:\"07-07-2025\";i:1;s:10:\"07-10-2025\";i:1;s:10:\"07-14-2025\";i:2;s:10:\"07-17-2025\";i:1;s:10:\"07-25-2025\";i:2;s:10:\"07-31-2025\";i:1;s:10:\"08-13-2025\";i:1;s:10:\"08-20-2025\";i:1;s:10:\"08-26-2025\";i:1;s:10:\"08-30-2025\";i:2;s:10:\"09-04-2025\";i:1;s:10:\"09-09-2025\";i:1;s:10:\"09-11-2025\";i:2;s:10:\"09-14-2025\";i:1;s:10:\"09-19-2025\";i:3;s:10:\"09-24-2025\";i:1;s:10:\"09-27-2025\";i:2;s:10:\"09-29-2025\";i:1;s:10:\"10-05-2025\";i:1;s:10:\"11-16-2025\";i:1;s:10:\"11-19-2025\";i:1;s:10:\"11-25-2025\";i:1;s:10:\"12-09-2025\";i:1;s:10:\"12-12-2025\";i:1;s:10:\"12-15-2025\";i:1;s:10:\"12-21-2025\";i:1;s:10:\"12-25-2025\";i:1;s:10:\"12-26-2025\";i:1;s:10:\"01-01-2026\";i:1;s:10:\"01-06-2026\";i:1;s:10:\"01-12-2026\";i:5;s:10:\"01-23-2026\";i:1;s:10:\"01-28-2026\";i:1;s:10:\"02-02-2026\";i:1;s:10:\"02-04-2026\";i:1;s:10:\"02-11-2026\";i:1;s:10:\"02-14-2026\";i:1;s:10:\"02-21-2026\";i:1;s:10:\"02-22-2026\";i:1;s:10:\"03-06-2026\";i:1;s:10:\"03-11-2026\";i:3;s:10:\"03-18-2026\";i:2;s:10:\"03-23-2026\";i:1;s:10:\"03-28-2026\";i:1;s:10:\"04-02-2026\";i:1;s:10:\"04-03-2026\";i:1;s:10:\"04-14-2026\";i:1;s:10:\"04-19-2026\";i:1;s:10:\"04-21-2026\";i:1;s:10:\"04-28-2026\";i:3;}"],"houzez_recently_viewed":["2026-04-28 22:38:04"],"houzez_manual_expire":["0"],"_houzez_expiration_date_status":["saved"],"_elementor_page_assets":["a:0:{}"]},"_links":{"self":[{"href":"https:\/\/myhomeproperty.es\/fr\/wp-json\/wp\/v2\/properties\/27777","targetHints":{"allow":["GET"]}}],"collection":[{"href":"https:\/\/myhomeproperty.es\/fr\/wp-json\/wp\/v2\/properties"}],"about":[{"href":"https:\/\/myhomeproperty.es\/fr\/wp-json\/wp\/v2\/types\/property"}],"author":[{"embeddable":true,"href":"https:\/\/myhomeproperty.es\/fr\/wp-json\/wp\/v2\/users\/3"}],"version-history":[{"count":1,"href":"https:\/\/myhomeproperty.es\/fr\/wp-json\/wp\/v2\/properties\/27777\/revisions"}],"predecessor-version":[{"id":27778,"href":"https:\/\/myhomeproperty.es\/fr\/wp-json\/wp\/v2\/properties\/27777\/revisions\/27778"}],"wp:featuredmedia":[{"embeddable":true,"href":"https:\/\/myhomeproperty.es\/fr\/wp-json\/wp\/v2\/media\/27646"}],"wp:attachment":[{"href":"https:\/\/myhomeproperty.es\/fr\/wp-json\/wp\/v2\/media?parent=27777"}],"wp:term":[{"taxonomy":"property_type","embeddable":true,"href":"https:\/\/myhomeproperty.es\/fr\/wp-json\/wp\/v2\/property_type?post=27777"},{"taxonomy":"property_status","embeddable":true,"href":"https:\/\/myhomeproperty.es\/fr\/wp-json\/wp\/v2\/property_status?post=27777"},{"taxonomy":"property_feature","embeddable":true,"href":"https:\/\/myhomeproperty.es\/fr\/wp-json\/wp\/v2\/property_feature?post=27777"},{"taxonomy":"property_label","embeddable":true,"href":"https:\/\/myhomeproperty.es\/fr\/wp-json\/wp\/v2\/property_label?post=27777"},{"taxonomy":"property_country","embeddable":true,"href":"https:\/\/myhomeproperty.es\/fr\/wp-json\/wp\/v2\/property_country?post=27777"},{"taxonomy":"property_state","embeddable":true,"href":"https:\/\/myhomeproperty.es\/fr\/wp-json\/wp\/v2\/property_state?post=27777"},{"taxonomy":"property_city","embeddable":true,"href":"https:\/\/myhomeproperty.es\/fr\/wp-json\/wp\/v2\/property_city?post=27777"},{"taxonomy":"property_area","embeddable":true,"href":"https:\/\/myhomeproperty.es\/fr\/wp-json\/wp\/v2\/property_area?post=27777"}],"curies":[{"name":"wp","href":"https:\/\/api.w.org\/{rel}","templated":true}]}}