{"id":28163,"date":"2025-02-13T11:17:26","date_gmt":"2025-02-13T11:17:26","guid":{"rendered":"https:\/\/myhomeproperty.es\/property\/villa-jumelee-avec-piscine-privee-et-solarium-a-san-pedro-del-pinatar-2\/"},"modified":"2025-12-04T08:51:55","modified_gmt":"2025-12-04T08:51:55","slug":"villa-jumelee-avec-piscine-privee-et-solarium-a-san-pedro-del-pinatar-2","status":"publish","type":"property","link":"https:\/\/myhomeproperty.es\/fr\/property\/villa-jumelee-avec-piscine-privee-et-solarium-a-san-pedro-del-pinatar-2\/","title":{"rendered":"Villa jumel\u00e9e avec piscine priv\u00e9e et solarium \u00e0 San Pedro del Pinatar"},"content":{"rendered":"\n<p>CL\u00c9 EN MAIN. Il est meubl\u00e9 et enti\u00e8rement \u00e9quip\u00e9 ! <\/p>\n\n<p>Il comprend le mobilier, l&#8217;\u00e9clairage et les \u00e9l\u00e9ments d\u00e9coratifs. Si\u00e8ge de piscine avec jets et pr\u00e9-installation de la pompe de chauffage. Fermeture de la cour. Cuisine d&#8217;\u00e9t\u00e9 dans le solarium. 2 unit\u00e9s de climatisation.    <\/p>\n\n<p>Situ\u00e9 \u00e0 San Pedro del Pinatar (Murcia) avec un excellent emplacement, dans un quartier calme, mais en m\u00eame temps, proche de tous les services, avec un acc\u00e8s facile \u00e0 l&#8217;autoroute, et \u00e0 seulement 2 km de la Mar Menor.<\/p>\n\n<p>La propri\u00e9t\u00e9 est r\u00e9partie sur deux \u00e9tages et un solarium. Le rez-de-chauss\u00e9e dispose d&#8217;une grande chambre avec placard, d&#8217;un salon avec cuisine ouverte, d&#8217;une salle de bains compl\u00e8te, d&#8217;un patio arri\u00e8re qui peut \u00eatre utilis\u00e9 comme buanderie et d&#8217;une terrasse avant avec la piscine priv\u00e9e et l&#8217;espace pour garer votre v\u00e9hicule.<\/p>\n\n<p>\u00c0 l&#8217;\u00e9tage se trouvent les deux autres chambres, dont une avec dressing, une salle de bains compl\u00e8te et une grande terrasse. De l\u00e0, vous pouvez acc\u00e9der au solarium, qui offre diff\u00e9rentes possibilit\u00e9s car il est de grande taille.<\/p>\n\n<p>La vie en plein air est une priorit\u00e9&#8230; Ce projet est n\u00e9, en raison de la grande demande d&#8217;offrir une maison id\u00e9ale, des espaces ext\u00e9rieurs pour profiter de la lumi\u00e8re du soleil et un design totalement avant-gardiste \u00e0 des prix tr\u00e8s comp\u00e9titifs.<\/p>\n\n<p><br\/><br\/><br\/><br\/><br\/>3 chambres \u00e0 coucher. 2 salles de bains compl\u00e8tes. Cuisine avec appareils \u00e9lectrom\u00e9nagers. Piscine priv\u00e9e. Terrasse. Solarium inclus.<\/p>\n","protected":false},"excerpt":{"rendered":"<p>CL\u00c9 EN MAIN. Il est meubl\u00e9 et enti\u00e8rement \u00e9quip\u00e9 ! Il comprend le mobilier, l&#8217;\u00e9clairage et les \u00e9l\u00e9ments d\u00e9coratifs. Si\u00e8ge de piscine avec jets et pr\u00e9-installation de la pompe de chauffage. Fermeture de la cour. Cuisine d&#8217;\u00e9t\u00e9 dans le solarium. 2 unit\u00e9s de climatisation. Situ\u00e9 \u00e0 San Pedro del Pinatar (Murcia) avec un excellent emplacement, [&hellip;]<\/p>\n","protected":false},"author":3,"featured_media":8555,"parent":0,"menu_order":0,"template":"","property_type":[199,198],"property_status":[44],"property_feature":[218,43],"property_label":[],"property_country":[32],"property_state":[39],"property_city":[42],"property_area":[],"class_list":["post-28163","property","type-property","status-publish","has-post-thumbnail","hentry","property_type-duplex-fr","property_type-villa-fr","property_status-en-vente","property_feature-jardin-fr","property_feature-piscina-fr","property_country-spain-fr","property_state-region-de-murcie","property_city-san-pedro-del-pinatar-fr"],"property_meta":{"fave_featured":["0"],"houzez_featured_listing_date":[""],"fave_property_images":["1141","1153","1161","1165","1169","1173","1177","1233","1237","31588","31583","31578","31593","31598","31603","31608","31643","31663"],"fave_single_top_area":["global"],"_top_nav_excluded":[""],"_cms_nav_minihome":[""],"houzez_geolocation_lat":["37.8353328"],"houzez_geolocation_long":["-0.7916121"],"_thumbnail_id":["8555"],"_last_translation_edit_mode":["translation-editor"],"houzez_total_property_views":["89"],"houzez_views_by_date":["a:61:{s:10:\"06-26-2025\";i:1;s:10:\"06-27-2025\";i:1;s:10:\"06-28-2025\";i:1;s:10:\"07-09-2025\";i:1;s:10:\"07-14-2025\";i:2;s:10:\"07-15-2025\";i:1;s:10:\"07-21-2025\";i:1;s:10:\"07-24-2025\";i:1;s:10:\"07-30-2025\";i:1;s:10:\"08-02-2025\";i:1;s:10:\"08-04-2025\";i:1;s:10:\"08-23-2025\";i:1;s:10:\"08-29-2025\";i:1;s:10:\"08-30-2025\";i:2;s:10:\"09-04-2025\";i:1;s:10:\"09-05-2025\";i:1;s:10:\"09-10-2025\";i:1;s:10:\"09-16-2025\";i:1;s:10:\"09-21-2025\";i:1;s:10:\"09-24-2025\";i:1;s:10:\"09-26-2025\";i:1;s:10:\"09-27-2025\";i:1;s:10:\"10-01-2025\";i:1;s:10:\"10-06-2025\";i:1;s:10:\"10-12-2025\";i:1;s:10:\"10-17-2025\";i:1;s:10:\"10-22-2025\";i:1;s:10:\"11-20-2025\";i:1;s:10:\"11-28-2025\";i:1;s:10:\"11-29-2025\";i:1;s:10:\"12-05-2025\";i:1;s:10:\"12-06-2025\";i:1;s:10:\"12-11-2025\";i:1;s:10:\"12-18-2025\";i:1;s:10:\"12-20-2025\";i:1;s:10:\"01-06-2026\";i:1;s:10:\"01-11-2026\";i:1;s:10:\"01-12-2026\";i:1;s:10:\"01-22-2026\";i:1;s:10:\"01-28-2026\";i:1;s:10:\"01-31-2026\";i:1;s:10:\"02-02-2026\";i:1;s:10:\"02-11-2026\";i:1;s:10:\"02-19-2026\";i:1;s:10:\"02-20-2026\";i:1;s:10:\"03-05-2026\";i:1;s:10:\"03-11-2026\";i:3;s:10:\"03-14-2026\";i:1;s:10:\"03-17-2026\";i:1;s:10:\"03-19-2026\";i:1;s:10:\"03-22-2026\";i:2;s:10:\"03-25-2026\";i:1;s:10:\"03-28-2026\";i:2;s:10:\"04-02-2026\";i:1;s:10:\"04-03-2026\";i:1;s:10:\"04-08-2026\";i:2;s:10:\"04-11-2026\";i:1;s:10:\"04-13-2026\";i:1;s:10:\"04-18-2026\";i:1;s:10:\"04-23-2026\";i:1;s:10:\"04-28-2026\";i:3;}"],"houzez_recently_viewed":["2026-04-28 23:14:48"],"houzez_manual_expire":["0"],"_houzez_expiration_date_status":["saved"],"_elementor_page_assets":["a:0:{}"],"fave_property_price":["369900"],"fave_property_size":["110"],"fave_property_land":["125"],"fave_property_bedrooms":["3"],"fave_property_bathrooms":["2"],"fave_property_id":["3005MHJ"],"fave_property_map":["1"],"fave_property_map_address":["San Pedro del Pinatar, Campo de Cartagena y Mar Menor, R\u00e9gion de Murcie, 30740, Espagne"],"fave_property_location":["37.8353328,-0.7916121,15"],"fave_property_map_street_view":["cacher"],"fave_property_zip":["30740"],"fave_video_url":["https:\/\/youtu.be\/LzNdvMM9_qc"],"fave_agent_display_option":["none"],"fave_prop_homeslider":["oui"],"fave_private_note":["RESIDENCIAL JACARANDA RODRIGO HOMES - PACO ALBALADEJO - PHASE I - ZONA TAIBILLA -  "],"additional_features":["a:2:{i:0;a:1:{s:29:\"fave_additional_feature_title\";s:7:\"MEUBLES\";}i:1;a:1:{s:29:\"fave_additional_feature_title\";s:21:\"ENTI\u00c8REMENT \u00c9QUIP\u00c9\";}}"],"floor_plans":["a:2:{i:0;a:2:{s:15:\"fave_plan_title\";s:14:\"Plan g\u00e9n\u00e9ral\";s:15:\"fave_plan_image\";s:76:\"https:\/\/myhomeproperty.es\/wp-content\/uploads\/2024\/07\/Plot-Planta-general.jpg\";}i:1;a:2:{s:15:\"fave_plan_title\";s:10:\"Logement  \";s:15:\"fave_plan_image\";s:79:\"https:\/\/myhomeproperty.es\/wp-content\/uploads\/2024\/07\/Viviendas-N.2-N.3-N.16.jpg\";}}"]},"_links":{"self":[{"href":"https:\/\/myhomeproperty.es\/fr\/wp-json\/wp\/v2\/properties\/28163","targetHints":{"allow":["GET"]}}],"collection":[{"href":"https:\/\/myhomeproperty.es\/fr\/wp-json\/wp\/v2\/properties"}],"about":[{"href":"https:\/\/myhomeproperty.es\/fr\/wp-json\/wp\/v2\/types\/property"}],"author":[{"embeddable":true,"href":"https:\/\/myhomeproperty.es\/fr\/wp-json\/wp\/v2\/users\/3"}],"version-history":[{"count":1,"href":"https:\/\/myhomeproperty.es\/fr\/wp-json\/wp\/v2\/properties\/28163\/revisions"}],"predecessor-version":[{"id":28164,"href":"https:\/\/myhomeproperty.es\/fr\/wp-json\/wp\/v2\/properties\/28163\/revisions\/28164"}],"wp:featuredmedia":[{"embeddable":true,"href":"https:\/\/myhomeproperty.es\/fr\/wp-json\/wp\/v2\/media\/8555"}],"wp:attachment":[{"href":"https:\/\/myhomeproperty.es\/fr\/wp-json\/wp\/v2\/media?parent=28163"}],"wp:term":[{"taxonomy":"property_type","embeddable":true,"href":"https:\/\/myhomeproperty.es\/fr\/wp-json\/wp\/v2\/property_type?post=28163"},{"taxonomy":"property_status","embeddable":true,"href":"https:\/\/myhomeproperty.es\/fr\/wp-json\/wp\/v2\/property_status?post=28163"},{"taxonomy":"property_feature","embeddable":true,"href":"https:\/\/myhomeproperty.es\/fr\/wp-json\/wp\/v2\/property_feature?post=28163"},{"taxonomy":"property_label","embeddable":true,"href":"https:\/\/myhomeproperty.es\/fr\/wp-json\/wp\/v2\/property_label?post=28163"},{"taxonomy":"property_country","embeddable":true,"href":"https:\/\/myhomeproperty.es\/fr\/wp-json\/wp\/v2\/property_country?post=28163"},{"taxonomy":"property_state","embeddable":true,"href":"https:\/\/myhomeproperty.es\/fr\/wp-json\/wp\/v2\/property_state?post=28163"},{"taxonomy":"property_city","embeddable":true,"href":"https:\/\/myhomeproperty.es\/fr\/wp-json\/wp\/v2\/property_city?post=28163"},{"taxonomy":"property_area","embeddable":true,"href":"https:\/\/myhomeproperty.es\/fr\/wp-json\/wp\/v2\/property_area?post=28163"}],"curies":[{"name":"wp","href":"https:\/\/api.w.org\/{rel}","templated":true}]}}