{"id":29088,"date":"2025-03-10T17:10:03","date_gmt":"2025-03-10T17:10:03","guid":{"rendered":"https:\/\/myhomeproperty.es\/property\/villa-de-3-chambres-a-san-pedro-del-pinatar-2\/"},"modified":"2025-07-08T15:26:09","modified_gmt":"2025-07-08T15:26:09","slug":"villa-de-3-chambres-a-san-pedro-del-pinatar-2","status":"publish","type":"property","link":"https:\/\/myhomeproperty.es\/fr\/property\/villa-de-3-chambres-a-san-pedro-del-pinatar-2\/","title":{"rendered":"Villa de 3 chambres \u00e0 San Pedro del Pinatar"},"content":{"rendered":"\n<p>Cette belle villa de 3 chambres et 2 salles de bains est situ\u00e9e dans la charmante ville de San Pedro del Pinatar, \u00e0 quelques pas de la Mar Menor. Elle est id\u00e9ale pour profiter de la tranquillit\u00e9, de la nature et des paysages uniques de la r\u00e9gion. <\/p>\n\n<p>Distribution :<\/p>\n\n<ul class=\"wp-block-list\">\n<li>Rez-de-chauss\u00e9e :<\/li>\n\n\n\n<li>Salle \u00e0 manger : spacieuse et lumineuse, parfaite pour les r\u00e9unions de famille ou les moments de d\u00e9tente.<\/li>\n\n\n\n<li>Cuisine de style loft : moderne, ouverte et fonctionnelle.<\/li>\n\n\n\n<li>1 chambre : Spacieuse et confortable.<\/li>\n\n\n\n<li>1 salle de bain compl\u00e8te : moderne et pratique.<\/li>\n\n\n\n<li>Buanderie : espace suppl\u00e9mentaire pour les t\u00e2ches m\u00e9nag\u00e8res.<\/li>\n\n\n\n<li>Terrasse : spacieuse, avec espace pour garer un v\u00e9hicule.<\/li>\n\n\n\n<li>Piscine priv\u00e9e<\/li>\n\n\n\n<li>2 chambres suppl\u00e9mentaires \u00e0 l&#8217;\u00e9tage, dont une avec dressing, pour plus de confort et d&#8217;organisation.<\/li>\n\n\n\n<li>1 salle de bain compl\u00e8te : bien \u00e9quip\u00e9e pour la fonctionnalit\u00e9.<\/li>\n\n\n\n<li>Terrasse : Espace ext\u00e9rieur id\u00e9al pour profiter des environs.<\/li>\n\n\n\n<li>Solarium : id\u00e9al pour se d\u00e9tendre au soleil toute l&#8217;ann\u00e9e, en profitant du climat m\u00e9diterran\u00e9en.<\/li>\n<\/ul>\n\n<p>Situation :<br\/>La villa est situ\u00e9e dans un endroit merveilleux, qui garantit un cadre incroyable pour profiter de la tranquillit\u00e9, de la proximit\u00e9 de la mer et de paysages naturels spectaculaires.<\/p>\n\n<p>Cette propri\u00e9t\u00e9 allie un design moderne au confort et \u00e0 une situation privil\u00e9gi\u00e9e, ce qui en fait l&#8217;endroit id\u00e9al pour un style de vie d\u00e9tendu et \u00e9l\u00e9gant. Ne manquez pas l&#8217;occasion de visiter cette villa et d&#8217;en faire la v\u00f4tre ! <\/p>\n","protected":false},"excerpt":{"rendered":"<p>Cette belle villa de 3 chambres et 2 salles de bains est situ\u00e9e dans la charmante ville de San Pedro del Pinatar, \u00e0 quelques pas de la Mar Menor. Elle est id\u00e9ale pour profiter de la tranquillit\u00e9, de la nature et des paysages uniques de la r\u00e9gion. Distribution : Situation :La villa est situ\u00e9e dans [&hellip;]<\/p>\n","protected":false},"author":3,"featured_media":28733,"parent":0,"menu_order":0,"template":"","property_type":[198],"property_status":[44],"property_feature":[43,241],"property_label":[],"property_country":[],"property_state":[39],"property_city":[42],"property_area":[],"class_list":["post-29088","property","type-property","status-publish","has-post-thumbnail","hentry","property_type-villa-fr","property_status-en-vente","property_feature-piscina-fr","property_feature-terrasse","property_state-region-de-murcie","property_city-san-pedro-del-pinatar-fr"],"property_meta":{"fave_featured":["0"],"houzez_featured_listing_date":[""],"fave_property_images":["28821","29051","29041","29046","28816","28871","28836","28916","28841","28831","28851","28876","29016","29011","28863","29006","28986","28886","29001","28996","29026","29021","28976","28971","28981","28861","28856","28951","28956","29036","29031","28966","28961","28911","28906","28901","28896","28806","28801","27528","27533","27538","29078"],"fave_single_top_area":["global"],"_top_nav_excluded":[""],"_cms_nav_minihome":[""],"houzez_geolocation_lat":["37.831272"],"houzez_geolocation_long":["-0.7909452"],"_thumbnail_id":["28733"],"_last_translation_edit_mode":["translation-editor"],"houzez_total_property_views":["109"],"houzez_views_by_date":["a:61:{s:10:\"07-28-2025\";i:2;s:10:\"07-29-2025\";i:1;s:10:\"08-03-2025\";i:1;s:10:\"08-05-2025\";i:2;s:10:\"08-13-2025\";i:1;s:10:\"08-22-2025\";i:1;s:10:\"08-27-2025\";i:1;s:10:\"08-30-2025\";i:3;s:10:\"09-02-2025\";i:1;s:10:\"09-04-2025\";i:1;s:10:\"09-09-2025\";i:1;s:10:\"09-14-2025\";i:1;s:10:\"09-19-2025\";i:1;s:10:\"09-22-2025\";i:2;s:10:\"09-24-2025\";i:1;s:10:\"09-29-2025\";i:1;s:10:\"10-01-2025\";i:1;s:10:\"10-04-2025\";i:1;s:10:\"10-09-2025\";i:1;s:10:\"10-15-2025\";i:1;s:10:\"10-20-2025\";i:1;s:10:\"11-15-2025\";i:1;s:10:\"11-21-2025\";i:1;s:10:\"12-07-2025\";i:2;s:10:\"12-08-2025\";i:1;s:10:\"12-15-2025\";i:1;s:10:\"12-19-2025\";i:1;s:10:\"01-05-2026\";i:1;s:10:\"01-10-2026\";i:1;s:10:\"01-11-2026\";i:1;s:10:\"01-12-2026\";i:1;s:10:\"01-21-2026\";i:1;s:10:\"01-26-2026\";i:2;s:10:\"01-29-2026\";i:1;s:10:\"01-30-2026\";i:1;s:10:\"01-31-2026\";i:1;s:10:\"02-04-2026\";i:1;s:10:\"02-05-2026\";i:1;s:10:\"02-12-2026\";i:2;s:10:\"02-23-2026\";i:1;s:10:\"02-26-2026\";i:2;s:10:\"03-01-2026\";i:1;s:10:\"03-03-2026\";i:2;s:10:\"03-06-2026\";i:1;s:10:\"03-07-2026\";i:1;s:10:\"03-11-2026\";i:2;s:10:\"03-14-2026\";i:1;s:10:\"03-18-2026\";i:1;s:10:\"03-20-2026\";i:1;s:10:\"03-21-2026\";i:1;s:10:\"03-25-2026\";i:1;s:10:\"03-30-2026\";i:1;s:10:\"04-05-2026\";i:1;s:10:\"04-07-2026\";i:2;s:10:\"04-09-2026\";i:1;s:10:\"04-11-2026\";i:1;s:10:\"04-16-2026\";i:2;s:10:\"04-21-2026\";i:1;s:10:\"04-24-2026\";i:1;s:10:\"04-26-2026\";i:1;s:10:\"04-28-2026\";i:2;}"],"houzez_recently_viewed":["2026-04-28 23:06:25"],"houzez_manual_expire":["0"],"_houzez_expiration_date_status":["saved"],"fave_property_price":["375000"],"fave_property_size":["112"],"fave_property_land":["105"],"fave_property_bedrooms":["3"],"fave_property_bathrooms":["2"],"fave_property_id":["3046MHR"],"fave_property_map":["1"],"fave_property_map_address":["San Pedro del Pinatar, Campo de Cartagena y Mar Menor, R\u00e9gion de Murcie, 30740, Espagne"],"fave_property_location":["37.831272,-0.7909452,15"],"fave_property_map_street_view":["cacher"],"fave_agent_display_option":["agent_info"],"fave_prop_homeslider":["non"],"fave_private_note":["RODRIGO HOMES (zone du four de garde) - il ne reste plus que la villa 7\n"],"_elementor_page_assets":["a:0:{}"]},"_links":{"self":[{"href":"https:\/\/myhomeproperty.es\/fr\/wp-json\/wp\/v2\/properties\/29088","targetHints":{"allow":["GET"]}}],"collection":[{"href":"https:\/\/myhomeproperty.es\/fr\/wp-json\/wp\/v2\/properties"}],"about":[{"href":"https:\/\/myhomeproperty.es\/fr\/wp-json\/wp\/v2\/types\/property"}],"author":[{"embeddable":true,"href":"https:\/\/myhomeproperty.es\/fr\/wp-json\/wp\/v2\/users\/3"}],"version-history":[{"count":1,"href":"https:\/\/myhomeproperty.es\/fr\/wp-json\/wp\/v2\/properties\/29088\/revisions"}],"predecessor-version":[{"id":29089,"href":"https:\/\/myhomeproperty.es\/fr\/wp-json\/wp\/v2\/properties\/29088\/revisions\/29089"}],"wp:featuredmedia":[{"embeddable":true,"href":"https:\/\/myhomeproperty.es\/fr\/wp-json\/wp\/v2\/media\/28733"}],"wp:attachment":[{"href":"https:\/\/myhomeproperty.es\/fr\/wp-json\/wp\/v2\/media?parent=29088"}],"wp:term":[{"taxonomy":"property_type","embeddable":true,"href":"https:\/\/myhomeproperty.es\/fr\/wp-json\/wp\/v2\/property_type?post=29088"},{"taxonomy":"property_status","embeddable":true,"href":"https:\/\/myhomeproperty.es\/fr\/wp-json\/wp\/v2\/property_status?post=29088"},{"taxonomy":"property_feature","embeddable":true,"href":"https:\/\/myhomeproperty.es\/fr\/wp-json\/wp\/v2\/property_feature?post=29088"},{"taxonomy":"property_label","embeddable":true,"href":"https:\/\/myhomeproperty.es\/fr\/wp-json\/wp\/v2\/property_label?post=29088"},{"taxonomy":"property_country","embeddable":true,"href":"https:\/\/myhomeproperty.es\/fr\/wp-json\/wp\/v2\/property_country?post=29088"},{"taxonomy":"property_state","embeddable":true,"href":"https:\/\/myhomeproperty.es\/fr\/wp-json\/wp\/v2\/property_state?post=29088"},{"taxonomy":"property_city","embeddable":true,"href":"https:\/\/myhomeproperty.es\/fr\/wp-json\/wp\/v2\/property_city?post=29088"},{"taxonomy":"property_area","embeddable":true,"href":"https:\/\/myhomeproperty.es\/fr\/wp-json\/wp\/v2\/property_area?post=29088"}],"curies":[{"name":"wp","href":"https:\/\/api.w.org\/{rel}","templated":true}]}}