{"id":29708,"date":"2025-03-12T08:48:54","date_gmt":"2025-03-12T08:48:54","guid":{"rendered":"https:\/\/myhomeproperty.es\/property\/maison-jumelee-a-san-pedro-del-pinatar\/"},"modified":"2025-07-07T16:20:23","modified_gmt":"2025-07-07T16:20:23","slug":"maison-jumelee-a-san-pedro-del-pinatar","status":"publish","type":"property","link":"https:\/\/myhomeproperty.es\/fr\/property\/maison-jumelee-a-san-pedro-del-pinatar\/","title":{"rendered":"Maison jumel\u00e9e \u00e0 San Pedro del Pinatar"},"content":{"rendered":"\n<p>Nous vous pr\u00e9sentons cet appartement double, r\u00e9nov\u00e9 et r\u00e9am\u00e9nag\u00e9 pour offrir deux logements en un, id\u00e9al pour les familles nombreuses ou pour la prise en charge de parents \u00e2g\u00e9s.<\/p>\n\n<p>Il est r\u00e9parti comme suit :<\/p>\n\n<p>Rez-de-chauss\u00e9e :<\/p>\n\n<ul class=\"wp-block-list\">\n<li>Terrasse : Grande et facilement accessible, elle donne acc\u00e8s au salon-salle \u00e0 manger.<\/li>\n\n\n\n<li>Salle \u00e0 manger : spacieuse et accueillante.<\/li>\n\n\n\n<li>3 chambres<\/li>\n\n\n\n<li>1 salle de bain compl\u00e8te<\/li>\n\n\n\n<li>Cuisine s\u00e9par\u00e9e : Enti\u00e8rement \u00e9quip\u00e9e.<\/li>\n\n\n\n<li>Patio : espace ext\u00e9rieur suppl\u00e9mentaire.<\/li>\n\n\n\n<li>Acc\u00e8s : L&#8217;ensemble de la propri\u00e9t\u00e9 se trouve \u00e0 une marche au-dessus du niveau du sol, ce qui est id\u00e9al pour ceux qui ont besoin d&#8217;un rez-de-chauss\u00e9e ou qui en recherchent un.<\/li>\n<\/ul>\n\n<p>Etage sup\u00e9rieur :<\/p>\n\n<ul class=\"wp-block-list\">\n<li>2 chambres \u00e0 coucher : spacieuses et lumineuses, avec armoires encastr\u00e9es. L&#8217;une d&#8217;entre elles dispose d&#8217;une salle de bains en suite. <\/li>\n\n\n\n<li>Le grenier : rev\u00eatu de bois, il s&#8217;agit d&#8217;un espace suppl\u00e9mentaire qui peut \u00eatre adapt\u00e9 \u00e0 diff\u00e9rents besoins.<\/li>\n\n\n\n<li>Salle \u00e0 manger : spacieuse et confortable.<\/li>\n\n\n\n<li>Cuisine s\u00e9par\u00e9e : Enti\u00e8rement \u00e9quip\u00e9e.<\/li>\n\n\n\n<li>Solarium : terrasse id\u00e9ale pour un barbecue ou pour profiter du soleil et de l&#8217;air frais.<\/li>\n\n\n\n<li>2 salles de bains compl\u00e8tes<\/li>\n<\/ul>\n\n<p>R\u00e9gularisation :<\/p>\n\n<ul class=\"wp-block-list\">\n<li>La r\u00e9novation est r\u00e9gularis\u00e9e et inscrite au registre foncier en tant que logement au rez-de-chauss\u00e9e.<\/li>\n<\/ul>\n\n<p>Lieu de travail :<\/p>\n\n<ul class=\"wp-block-list\">\n<li>Proche des commerces et des services, avec un bon acc\u00e8s \u00e0 l&#8217;autoroute, et en m\u00eame temps dans un endroit calme.<\/li>\n<\/ul>\n\n<p>Cette propri\u00e9t\u00e9 est id\u00e9ale pour des besoins sp\u00e9cifiques, offrant confort, espace et polyvalence. Ne manquez pas l&#8217;occasion de la visiter ! <\/p>\n","protected":false},"excerpt":{"rendered":"<p>Nous vous pr\u00e9sentons cet appartement double, r\u00e9nov\u00e9 et r\u00e9am\u00e9nag\u00e9 pour offrir deux logements en un, id\u00e9al pour les familles nombreuses ou pour la prise en charge de parents \u00e2g\u00e9s. Il est r\u00e9parti comme suit : Rez-de-chauss\u00e9e : Etage sup\u00e9rieur : R\u00e9gularisation : Lieu de travail : Cette propri\u00e9t\u00e9 est id\u00e9ale pour des besoins sp\u00e9cifiques, offrant [&hellip;]<\/p>\n","protected":false},"author":3,"featured_media":29435,"parent":0,"menu_order":0,"template":"","property_type":[134],"property_status":[44],"property_feature":[241],"property_label":[],"property_country":[],"property_state":[39],"property_city":[42],"property_area":[],"class_list":["post-29708","property","type-property","status-publish","has-post-thumbnail","hentry","property_type-maison-jumelee","property_status-en-vente","property_feature-terrasse","property_state-region-de-murcie","property_city-san-pedro-del-pinatar-fr"],"property_meta":{"fave_featured":["0"],"houzez_featured_listing_date":[""],"fave_property_images":["29433","29443","29448","29453","29438","29458","29463","29468","29523","29483","29473","29478","29488","29493","29498","29503","29508","29513","29518","29698","29678","29688","29683","29528","29533","29538","29543","29573","29578","29553","29558","29563","29548","29668","29598","29583","29588","29593","29603","29608","29613","29618","29623","29628","29633","29638","29658","29663","29673","29693"],"fave_single_top_area":["global"],"_top_nav_excluded":[""],"_cms_nav_minihome":[""],"fave_property_price":["189000"],"fave_property_size":["180"],"fave_property_land":["150"],"fave_property_bedrooms":["5"],"fave_property_bathrooms":["3"],"fave_property_id":["3047MH"],"fave_property_map":["1"],"fave_property_map_address":["Avenida Doctor Artero Guirao, Las Beatas, San Pedro del Pinatar, Campo de Cartagena y Mar Menor, Regi\u00f3n de Murcia, 30720, Espagne"],"fave_property_location":["37.830395486902,-0.79874256605384,15"],"houzez_geolocation_lat":["37.830395486902"],"houzez_geolocation_long":["-0.79874256605384"],"fave_property_map_street_view":["cacher"],"fave_property_zip":["30740"],"fave_video_url":["https:\/\/youtu.be\/CiYGnNOaBEE?si=ksyWeQf1T-AgrMEU"],"fave_agent_display_option":["auteur_info"],"fave_prop_homeslider":["non"],"_thumbnail_id":["29435"],"_last_translation_edit_mode":["translation-editor"],"houzez_total_property_views":["89"],"houzez_views_by_date":["a:61:{s:10:\"06-04-2025\";i:1;s:10:\"06-05-2025\";i:2;s:10:\"06-06-2025\";i:1;s:10:\"06-11-2025\";i:1;s:10:\"06-12-2025\";i:1;s:10:\"06-29-2025\";i:1;s:10:\"07-03-2025\";i:1;s:10:\"07-09-2025\";i:1;s:10:\"07-13-2025\";i:2;s:10:\"07-16-2025\";i:1;s:10:\"07-23-2025\";i:1;s:10:\"07-24-2025\";i:2;s:10:\"07-29-2025\";i:1;s:10:\"08-03-2025\";i:1;s:10:\"08-22-2025\";i:1;s:10:\"08-27-2025\";i:1;s:10:\"08-28-2025\";i:1;s:10:\"08-30-2025\";i:3;s:10:\"09-04-2025\";i:1;s:10:\"09-08-2025\";i:1;s:10:\"09-09-2025\";i:1;s:10:\"09-14-2025\";i:1;s:10:\"09-18-2025\";i:1;s:10:\"09-19-2025\";i:1;s:10:\"09-24-2025\";i:1;s:10:\"09-27-2025\";i:1;s:10:\"09-29-2025\";i:1;s:10:\"10-05-2025\";i:1;s:10:\"10-08-2025\";i:1;s:10:\"10-10-2025\";i:1;s:10:\"10-16-2025\";i:1;s:10:\"10-21-2025\";i:1;s:10:\"11-19-2025\";i:1;s:10:\"12-05-2025\";i:1;s:10:\"12-07-2025\";i:1;s:10:\"12-11-2025\";i:1;s:10:\"12-22-2025\";i:1;s:10:\"12-26-2025\";i:1;s:10:\"12-31-2025\";i:1;s:10:\"01-06-2026\";i:2;s:10:\"01-11-2026\";i:1;s:10:\"01-12-2026\";i:1;s:10:\"01-23-2026\";i:1;s:10:\"01-28-2026\";i:1;s:10:\"02-03-2026\";i:1;s:10:\"02-04-2026\";i:1;s:10:\"02-11-2026\";i:1;s:10:\"02-22-2026\";i:1;s:10:\"02-24-2026\";i:1;s:10:\"03-05-2026\";i:1;s:10:\"03-11-2026\";i:2;s:10:\"03-19-2026\";i:1;s:10:\"03-23-2026\";i:1;s:10:\"03-24-2026\";i:1;s:10:\"03-26-2026\";i:1;s:10:\"03-29-2026\";i:1;s:10:\"04-05-2026\";i:1;s:10:\"04-10-2026\";i:2;s:10:\"04-16-2026\";i:1;s:10:\"04-21-2026\";i:1;s:10:\"04-28-2026\";i:3;}"],"houzez_recently_viewed":["2026-04-28 23:10:32"],"_elementor_page_assets":["a:0:{}"]},"_links":{"self":[{"href":"https:\/\/myhomeproperty.es\/fr\/wp-json\/wp\/v2\/properties\/29708","targetHints":{"allow":["GET"]}}],"collection":[{"href":"https:\/\/myhomeproperty.es\/fr\/wp-json\/wp\/v2\/properties"}],"about":[{"href":"https:\/\/myhomeproperty.es\/fr\/wp-json\/wp\/v2\/types\/property"}],"author":[{"embeddable":true,"href":"https:\/\/myhomeproperty.es\/fr\/wp-json\/wp\/v2\/users\/3"}],"version-history":[{"count":1,"href":"https:\/\/myhomeproperty.es\/fr\/wp-json\/wp\/v2\/properties\/29708\/revisions"}],"predecessor-version":[{"id":29709,"href":"https:\/\/myhomeproperty.es\/fr\/wp-json\/wp\/v2\/properties\/29708\/revisions\/29709"}],"wp:featuredmedia":[{"embeddable":true,"href":"https:\/\/myhomeproperty.es\/fr\/wp-json\/wp\/v2\/media\/29435"}],"wp:attachment":[{"href":"https:\/\/myhomeproperty.es\/fr\/wp-json\/wp\/v2\/media?parent=29708"}],"wp:term":[{"taxonomy":"property_type","embeddable":true,"href":"https:\/\/myhomeproperty.es\/fr\/wp-json\/wp\/v2\/property_type?post=29708"},{"taxonomy":"property_status","embeddable":true,"href":"https:\/\/myhomeproperty.es\/fr\/wp-json\/wp\/v2\/property_status?post=29708"},{"taxonomy":"property_feature","embeddable":true,"href":"https:\/\/myhomeproperty.es\/fr\/wp-json\/wp\/v2\/property_feature?post=29708"},{"taxonomy":"property_label","embeddable":true,"href":"https:\/\/myhomeproperty.es\/fr\/wp-json\/wp\/v2\/property_label?post=29708"},{"taxonomy":"property_country","embeddable":true,"href":"https:\/\/myhomeproperty.es\/fr\/wp-json\/wp\/v2\/property_country?post=29708"},{"taxonomy":"property_state","embeddable":true,"href":"https:\/\/myhomeproperty.es\/fr\/wp-json\/wp\/v2\/property_state?post=29708"},{"taxonomy":"property_city","embeddable":true,"href":"https:\/\/myhomeproperty.es\/fr\/wp-json\/wp\/v2\/property_city?post=29708"},{"taxonomy":"property_area","embeddable":true,"href":"https:\/\/myhomeproperty.es\/fr\/wp-json\/wp\/v2\/property_area?post=29708"}],"curies":[{"name":"wp","href":"https:\/\/api.w.org\/{rel}","templated":true}]}}