{"id":30901,"date":"2025-05-26T11:22:58","date_gmt":"2025-05-26T11:22:58","guid":{"rendered":"https:\/\/myhomeproperty.es\/property\/appartement-a-torrevieja-a-quelques-metres-de-cala-palangre\/"},"modified":"2025-07-08T15:11:20","modified_gmt":"2025-07-08T15:11:20","slug":"appartement-a-torrevieja-a-quelques-metres-de-cala-palangre","status":"publish","type":"property","link":"https:\/\/myhomeproperty.es\/fr\/property\/appartement-a-torrevieja-a-quelques-metres-de-cala-palangre\/","title":{"rendered":"Appartement \u00e0 Torrevieja, \u00e0 quelques m\u00e8tres de Cala Palangre"},"content":{"rendered":"\n<p>D\u00e9couvrez cette extraordinaire propri\u00e9t\u00e9 situ\u00e9e \u00e0 quelques m\u00e8tres de la charmante Cala Palangre. Sa situation centrale, combin\u00e9e \u00e0 une orientation d&#8217;angle privil\u00e9gi\u00e9e, garantit une luminosit\u00e9 exceptionnelle dans tous les coins de la maison.<\/p>\n\n<p>La propri\u00e9t\u00e9 se compose de trois chambres, deux salles de bains, un salon-salle \u00e0 manger confortable et une cuisine ouverte, id\u00e9ale pour profiter des moments sp\u00e9ciaux en compagnie. Elle dispose \u00e9galement de deux charmantes terrasses qui offrent un espace parfait pour se d\u00e9tendre et profiter de l&#8217;environnement. <\/p>\n\n<p>En outre, elle dispose d&#8217;un d\u00e9barras et d&#8217;un garage, \u00e9l\u00e9ments tr\u00e8s appr\u00e9ci\u00e9s dans la r\u00e9gion qui apportent confort et fonctionnalit\u00e9. Il s&#8217;agit d&#8217;une occasion unique de profiter d&#8217;une r\u00e9sidence id\u00e9ale \u00e0 la fois pour vivre toute l&#8217;ann\u00e9e et pour les vacances. <\/p>\n\n<p><\/p>\n","protected":false},"excerpt":{"rendered":"<p>D\u00e9couvrez cette extraordinaire propri\u00e9t\u00e9 situ\u00e9e \u00e0 quelques m\u00e8tres de la charmante Cala Palangre. Sa situation centrale, combin\u00e9e \u00e0 une orientation d&#8217;angle privil\u00e9gi\u00e9e, garantit une luminosit\u00e9 exceptionnelle dans tous les coins de la maison. La propri\u00e9t\u00e9 se compose de trois chambres, deux salles de bains, un salon-salle \u00e0 manger confortable et une cuisine ouverte, id\u00e9ale pour [&hellip;]<\/p>\n","protected":false},"author":3,"featured_media":30866,"parent":0,"menu_order":0,"template":"","property_type":[182],"property_status":[44],"property_feature":[],"property_label":[],"property_country":[32],"property_state":[52],"property_city":[302],"property_area":[],"class_list":["post-30901","property","type-property","status-publish","has-post-thumbnail","hentry","property_type-sol","property_status-en-vente","property_country-spain-fr","property_state-alicante-fr","property_city-torrevieja-fr"],"property_meta":{"fave_featured":["0"],"houzez_featured_listing_date":[""],"fave_property_images":["30864","30709","30694","30714","30704","30719","30689","30699","30799","30789","30794","30729","30739","30734","30774","30769","30879","30874","30889","30894","30779","30809","30814","30824","30819","30854","30849","30844","30829","30859","30749","30744"],"fave_single_top_area":["global"],"_top_nav_excluded":[""],"_cms_nav_minihome":[""],"houzez_geolocation_lat":["37.9803701"],"houzez_geolocation_long":["-0.6684934"],"_thumbnail_id":["30866"],"_last_translation_edit_mode":["translation-editor"],"houzez_manual_expire":["0"],"_houzez_expiration_date_status":["saved"],"houzez_total_property_views":["95"],"houzez_views_by_date":["a:61:{s:10:\"07-13-2025\";i:2;s:10:\"07-15-2025\";i:1;s:10:\"07-17-2025\";i:1;s:10:\"07-22-2025\";i:1;s:10:\"07-24-2025\";i:1;s:10:\"07-25-2025\";i:1;s:10:\"07-29-2025\";i:1;s:10:\"07-31-2025\";i:1;s:10:\"08-02-2025\";i:1;s:10:\"08-05-2025\";i:1;s:10:\"08-14-2025\";i:1;s:10:\"08-23-2025\";i:1;s:10:\"08-28-2025\";i:1;s:10:\"08-30-2025\";i:3;s:10:\"09-05-2025\";i:1;s:10:\"09-10-2025\";i:1;s:10:\"09-12-2025\";i:2;s:10:\"09-15-2025\";i:1;s:10:\"09-17-2025\";i:2;s:10:\"09-20-2025\";i:1;s:10:\"09-25-2025\";i:1;s:10:\"09-30-2025\";i:1;s:10:\"10-03-2025\";i:1;s:10:\"10-05-2025\";i:1;s:10:\"10-10-2025\";i:1;s:10:\"10-16-2025\";i:1;s:10:\"10-21-2025\";i:1;s:10:\"10-23-2025\";i:1;s:10:\"11-19-2025\";i:1;s:10:\"11-21-2025\";i:1;s:10:\"12-04-2025\";i:1;s:10:\"12-07-2025\";i:1;s:10:\"12-10-2025\";i:1;s:10:\"12-13-2025\";i:1;s:10:\"12-16-2025\";i:2;s:10:\"01-02-2026\";i:1;s:10:\"01-07-2026\";i:1;s:10:\"01-13-2026\";i:1;s:10:\"01-19-2026\";i:1;s:10:\"02-04-2026\";i:1;s:10:\"02-05-2026\";i:1;s:10:\"02-11-2026\";i:1;s:10:\"02-18-2026\";i:2;s:10:\"02-24-2026\";i:1;s:10:\"03-01-2026\";i:1;s:10:\"03-08-2026\";i:1;s:10:\"03-11-2026\";i:2;s:10:\"03-13-2026\";i:1;s:10:\"03-15-2026\";i:1;s:10:\"03-16-2026\";i:1;s:10:\"03-20-2026\";i:1;s:10:\"03-26-2026\";i:1;s:10:\"03-31-2026\";i:1;s:10:\"04-06-2026\";i:1;s:10:\"04-07-2026\";i:1;s:10:\"04-12-2026\";i:1;s:10:\"04-16-2026\";i:1;s:10:\"04-17-2026\";i:1;s:10:\"04-21-2026\";i:1;s:10:\"04-22-2026\";i:1;s:10:\"04-28-2026\";i:2;}"],"houzez_recently_viewed":["2026-04-28 19:54:29"],"fave_property_price":["159900"],"fave_property_size":["70"],"fave_property_bedrooms":["3"],"fave_property_bathrooms":["2"],"fave_property_garage_size":["11"],"fave_property_id":["3054MH"],"fave_property_map":["1"],"fave_property_map_address":["Avenida de las Habaneras, El Palmeral, Torrevieja, el Baix Segura \/ La Vega Baja, Alacant \/ Alicante, Comunitat Valenciana, 03182, Espagne"],"fave_property_location":["37.9803701,-0.6684934,15"],"fave_property_map_street_view":["cacher"],"fave_property_address":["Av. de las Habaneras"],"fave_property_zip":["03182"],"fave_video_url":["https:\/\/youtu.be\/lkapbiwYJGI?si=jAuUYALgpO-GNO3D"],"fave_agent_display_option":["auteur_info"],"fave_prop_homeslider":["non"],"_elementor_page_assets":["a:0:{}"]},"_links":{"self":[{"href":"https:\/\/myhomeproperty.es\/fr\/wp-json\/wp\/v2\/properties\/30901","targetHints":{"allow":["GET"]}}],"collection":[{"href":"https:\/\/myhomeproperty.es\/fr\/wp-json\/wp\/v2\/properties"}],"about":[{"href":"https:\/\/myhomeproperty.es\/fr\/wp-json\/wp\/v2\/types\/property"}],"author":[{"embeddable":true,"href":"https:\/\/myhomeproperty.es\/fr\/wp-json\/wp\/v2\/users\/3"}],"version-history":[{"count":3,"href":"https:\/\/myhomeproperty.es\/fr\/wp-json\/wp\/v2\/properties\/30901\/revisions"}],"predecessor-version":[{"id":30916,"href":"https:\/\/myhomeproperty.es\/fr\/wp-json\/wp\/v2\/properties\/30901\/revisions\/30916"}],"wp:featuredmedia":[{"embeddable":true,"href":"https:\/\/myhomeproperty.es\/fr\/wp-json\/wp\/v2\/media\/30866"}],"wp:attachment":[{"href":"https:\/\/myhomeproperty.es\/fr\/wp-json\/wp\/v2\/media?parent=30901"}],"wp:term":[{"taxonomy":"property_type","embeddable":true,"href":"https:\/\/myhomeproperty.es\/fr\/wp-json\/wp\/v2\/property_type?post=30901"},{"taxonomy":"property_status","embeddable":true,"href":"https:\/\/myhomeproperty.es\/fr\/wp-json\/wp\/v2\/property_status?post=30901"},{"taxonomy":"property_feature","embeddable":true,"href":"https:\/\/myhomeproperty.es\/fr\/wp-json\/wp\/v2\/property_feature?post=30901"},{"taxonomy":"property_label","embeddable":true,"href":"https:\/\/myhomeproperty.es\/fr\/wp-json\/wp\/v2\/property_label?post=30901"},{"taxonomy":"property_country","embeddable":true,"href":"https:\/\/myhomeproperty.es\/fr\/wp-json\/wp\/v2\/property_country?post=30901"},{"taxonomy":"property_state","embeddable":true,"href":"https:\/\/myhomeproperty.es\/fr\/wp-json\/wp\/v2\/property_state?post=30901"},{"taxonomy":"property_city","embeddable":true,"href":"https:\/\/myhomeproperty.es\/fr\/wp-json\/wp\/v2\/property_city?post=30901"},{"taxonomy":"property_area","embeddable":true,"href":"https:\/\/myhomeproperty.es\/fr\/wp-json\/wp\/v2\/property_area?post=30901"}],"curies":[{"name":"wp","href":"https:\/\/api.w.org\/{rel}","templated":true}]}}