{"id":32136,"date":"2025-07-14T07:34:41","date_gmt":"2025-07-14T07:34:41","guid":{"rendered":"https:\/\/myhomeproperty.es\/property\/villas-de-luxe-a-pilar-de-la-horadada\/"},"modified":"2025-12-04T11:47:23","modified_gmt":"2025-12-04T11:47:23","slug":"villas-de-luxe-a-pilar-de-la-horadada","status":"publish","type":"property","link":"https:\/\/myhomeproperty.es\/fr\/property\/villas-de-luxe-a-pilar-de-la-horadada\/","title":{"rendered":"Villas de luxe \u00e0 Pilar de la Horadada"},"content":{"rendered":"\n<p>Nous vous pr\u00e9sentons ce luxueux complexe de 8 maisons de ville avec piscine priv\u00e9e et solarium. De plus, le complexe dispose d&#8217;une villa de plain-pied, pr\u00eate \u00e0 \u00eatre emm\u00e9nag\u00e9e, avec 2 chambres et 2 salles de bain (Villa n\u00ba9). <\/p>\n\n<p>Ces propri\u00e9t\u00e9s pr\u00e9sentent un nouveau concept de logement o\u00f9 la technologie et la durabilit\u00e9 s&#8217;allient pour offrir une vie plus confortable, plus efficace et mieux connect\u00e9e.<\/p>\n\n<p>Chaque propri\u00e9t\u00e9 dispose de 3 chambres et de 3 salles de bains. Les propri\u00e9t\u00e9s ont \u00e9t\u00e9 con\u00e7ues sur deux \u00e9tages, plus un solarium au dernier \u00e9tage, avec un style contemporain et un concept ouvert, et comprennent une cuisine enti\u00e8rement \u00e9quip\u00e9e et un salon-salle \u00e0 manger. <\/p>\n\n<p>Le d\u00e9veloppement est situ\u00e9 \u00e0 Pilar de la Horadada, Alicante, entour\u00e9 de tous les services, d&#8217;installations sportives et \u00e0 proximit\u00e9 de la plage et de plusieurs terrains de golf.<\/p>\n\n<ul class=\"wp-block-list\">\n<li>Les logements r\u00e9pondront aux normes de qualit\u00e9 les plus \u00e9lev\u00e9es et seront \u00e9quip\u00e9s :<\/li>\n\n\n\n<li>Piscine priv\u00e9e avec \u00e9clairage LED et douche ext\u00e9rieure.<\/li>\n\n\n\n<li>Cuisine enti\u00e8rement \u00e9quip\u00e9e avec plaque vitroc\u00e9ramique, four, micro-ondes, hotte centrifuge, r\u00e9frig\u00e9rateur, lave-vaisselle int\u00e9gr\u00e9 et refroidisseur de vin.<\/li>\n\n\n\n<li>\u00c9clairage LED : \u00e0 l&#8217;int\u00e9rieur de la maison (salle \u00e0 manger, cuisine, couloirs et salles de bains) ainsi que dans les espaces ext\u00e9rieurs.<\/li>\n\n\n\n<li>Prises TV dans toutes les chambres, le jardin et le solarium.<\/li>\n\n\n\n<li>Interphone vid\u00e9o.<\/li>\n\n\n\n<li>Stores motoris\u00e9s et menuiseries s\u00e9lectives en PVC \u00e0 faible \u00e9missivit\u00e9.<\/li>\n\n\n\n<li>Syst\u00e8me de ventilation m\u00e9canique contr\u00f4l\u00e9e dans les salles de bains et la cuisine.<br\/>Penderies encastr\u00e9es avec tiroirs et rail de suspension.<\/li>\n\n\n\n<li>Salles de bains enti\u00e8rement \u00e9quip\u00e9es avec lavabo, toilettes suspendues avec r\u00e9servoir de chasse int\u00e9gr\u00e9, miroir, douche \u00e0 effet de pluie et pare-douche.<\/li>\n\n\n\n<li>Pr\u00e9-installation de la climatisation en gaine.<\/li>\n\n\n\n<li>Autoconsommation photovolta\u00efque avec des panneaux solaires.<\/li>\n\n\n\n<li>Solarium avec cuisine d&#8217;\u00e9t\u00e9.<\/li>\n<\/ul>\n","protected":false},"excerpt":{"rendered":"<p>Nous vous pr\u00e9sentons ce luxueux complexe de 8 maisons de ville avec piscine priv\u00e9e et solarium. De plus, le complexe dispose d&#8217;une villa de plain-pied, pr\u00eate \u00e0 \u00eatre emm\u00e9nag\u00e9e, avec 2 chambres et 2 salles de bain (Villa n\u00ba9). Ces propri\u00e9t\u00e9s pr\u00e9sentent un nouveau concept de logement o\u00f9 la technologie et la durabilit\u00e9 s&#8217;allient pour [&hellip;]<\/p>\n","protected":false},"author":3,"featured_media":32085,"parent":0,"menu_order":0,"template":"","property_type":[198],"property_status":[44],"property_feature":[218,287,241],"property_label":[],"property_country":[32],"property_state":[52],"property_city":[61],"property_area":[],"class_list":["post-32136","property","type-property","status-publish","has-post-thumbnail","hentry","property_type-villa-fr","property_status-en-vente","property_feature-jardin-fr","property_feature-solarium-fr","property_feature-terrasse","property_country-spain-fr","property_state-alicante-fr","property_city-pilar-de-la-horadada-fr"],"property_meta":{"fave_featured":["1"],"houzez_featured_listing_date":["2025-07-14 07:34:48"],"fave_property_images":["32083","32048","32088","32093","32098","32053","32058","32063","32068","32073","32103","32108","32078","32113","32128","32118","32123"],"fave_single_top_area":["global"],"_top_nav_excluded":[""],"_cms_nav_minihome":[""],"houzez_geolocation_lat":["37.866553457421"],"houzez_geolocation_long":["-0.78453512737953"],"_thumbnail_id":["32085"],"_last_translation_edit_mode":["translation-editor"],"houzez_total_property_views":["87"],"houzez_views_by_date":["a:61:{s:10:\"08-16-2025\";i:1;s:10:\"08-17-2025\";i:1;s:10:\"08-18-2025\";i:1;s:10:\"08-19-2025\";i:1;s:10:\"08-20-2025\";i:1;s:10:\"08-22-2025\";i:1;s:10:\"08-23-2025\";i:2;s:10:\"08-26-2025\";i:1;s:10:\"08-29-2025\";i:4;s:10:\"08-30-2025\";i:2;s:10:\"09-03-2025\";i:1;s:10:\"09-08-2025\";i:1;s:10:\"09-13-2025\";i:1;s:10:\"09-17-2025\";i:2;s:10:\"09-22-2025\";i:1;s:10:\"09-27-2025\";i:2;s:10:\"10-02-2025\";i:1;s:10:\"10-06-2025\";i:1;s:10:\"10-11-2025\";i:1;s:10:\"10-15-2025\";i:1;s:10:\"10-16-2025\";i:1;s:10:\"10-21-2025\";i:1;s:10:\"11-14-2025\";i:1;s:10:\"11-18-2025\";i:1;s:10:\"11-21-2025\";i:1;s:10:\"11-25-2025\";i:1;s:10:\"12-03-2025\";i:1;s:10:\"12-10-2025\";i:1;s:10:\"12-14-2025\";i:1;s:10:\"12-15-2025\";i:1;s:10:\"12-20-2025\";i:1;s:10:\"12-24-2025\";i:1;s:10:\"12-25-2025\";i:1;s:10:\"01-06-2026\";i:1;s:10:\"01-11-2026\";i:1;s:10:\"01-12-2026\";i:1;s:10:\"01-16-2026\";i:2;s:10:\"01-21-2026\";i:1;s:10:\"01-31-2026\";i:1;s:10:\"02-05-2026\";i:1;s:10:\"02-08-2026\";i:1;s:10:\"02-15-2026\";i:1;s:10:\"02-17-2026\";i:1;s:10:\"02-22-2026\";i:1;s:10:\"02-24-2026\";i:2;s:10:\"03-11-2026\";i:2;s:10:\"03-17-2026\";i:1;s:10:\"03-22-2026\";i:1;s:10:\"03-24-2026\";i:1;s:10:\"03-25-2026\";i:1;s:10:\"03-27-2026\";i:1;s:10:\"03-30-2026\";i:1;s:10:\"04-01-2026\";i:1;s:10:\"04-04-2026\";i:1;s:10:\"04-08-2026\";i:2;s:10:\"04-12-2026\";i:1;s:10:\"04-17-2026\";i:2;s:10:\"04-19-2026\";i:1;s:10:\"04-22-2026\";i:1;s:10:\"04-27-2026\";i:1;s:10:\"04-28-2026\";i:2;}"],"houzez_recently_viewed":["2026-04-28 19:54:30"],"_elementor_page_assets":["a:0:{}"],"fave_property_price":["385000"],"fave_property_size":["105"],"fave_property_land":["120"],"fave_property_bedrooms":["3"],"fave_property_bathrooms":["3"],"fave_property_id":["3059MHP"],"fave_property_map":["1"],"fave_property_map_address":["Pilar de la Horadada, el Baix Segura \/ La Vega Baja, Alacant \/ Alicante, Comunitat Valenciana, Espagne"],"fave_property_location":["37.866553457421,-0.78453512737953,15"],"fave_property_map_street_view":["cacher"],"fave_agent_display_option":["auteur_info"],"fave_prop_homeslider":["oui"],"fave_private_note":["PACO ALBALADEJO - EVO VILLAS Av. Lo Monte "]},"_links":{"self":[{"href":"https:\/\/myhomeproperty.es\/fr\/wp-json\/wp\/v2\/properties\/32136","targetHints":{"allow":["GET"]}}],"collection":[{"href":"https:\/\/myhomeproperty.es\/fr\/wp-json\/wp\/v2\/properties"}],"about":[{"href":"https:\/\/myhomeproperty.es\/fr\/wp-json\/wp\/v2\/types\/property"}],"author":[{"embeddable":true,"href":"https:\/\/myhomeproperty.es\/fr\/wp-json\/wp\/v2\/users\/3"}],"version-history":[{"count":1,"href":"https:\/\/myhomeproperty.es\/fr\/wp-json\/wp\/v2\/properties\/32136\/revisions"}],"predecessor-version":[{"id":32137,"href":"https:\/\/myhomeproperty.es\/fr\/wp-json\/wp\/v2\/properties\/32136\/revisions\/32137"}],"wp:featuredmedia":[{"embeddable":true,"href":"https:\/\/myhomeproperty.es\/fr\/wp-json\/wp\/v2\/media\/32085"}],"wp:attachment":[{"href":"https:\/\/myhomeproperty.es\/fr\/wp-json\/wp\/v2\/media?parent=32136"}],"wp:term":[{"taxonomy":"property_type","embeddable":true,"href":"https:\/\/myhomeproperty.es\/fr\/wp-json\/wp\/v2\/property_type?post=32136"},{"taxonomy":"property_status","embeddable":true,"href":"https:\/\/myhomeproperty.es\/fr\/wp-json\/wp\/v2\/property_status?post=32136"},{"taxonomy":"property_feature","embeddable":true,"href":"https:\/\/myhomeproperty.es\/fr\/wp-json\/wp\/v2\/property_feature?post=32136"},{"taxonomy":"property_label","embeddable":true,"href":"https:\/\/myhomeproperty.es\/fr\/wp-json\/wp\/v2\/property_label?post=32136"},{"taxonomy":"property_country","embeddable":true,"href":"https:\/\/myhomeproperty.es\/fr\/wp-json\/wp\/v2\/property_country?post=32136"},{"taxonomy":"property_state","embeddable":true,"href":"https:\/\/myhomeproperty.es\/fr\/wp-json\/wp\/v2\/property_state?post=32136"},{"taxonomy":"property_city","embeddable":true,"href":"https:\/\/myhomeproperty.es\/fr\/wp-json\/wp\/v2\/property_city?post=32136"},{"taxonomy":"property_area","embeddable":true,"href":"https:\/\/myhomeproperty.es\/fr\/wp-json\/wp\/v2\/property_area?post=32136"}],"curies":[{"name":"wp","href":"https:\/\/api.w.org\/{rel}","templated":true}]}}