{"id":35407,"date":"2026-02-11T18:28:15","date_gmt":"2026-02-11T18:28:15","guid":{"rendered":"https:\/\/myhomeproperty.es\/property\/bungalow-au-dernier-etage-a-seulement-2-km-de-la-mer\/"},"modified":"2026-02-17T07:02:16","modified_gmt":"2026-02-17T07:02:16","slug":"bungalow-au-dernier-etage-a-seulement-2-km-de-la-mer","status":"publish","type":"property","link":"https:\/\/myhomeproperty.es\/fr\/property\/bungalow-au-dernier-etage-a-seulement-2-km-de-la-mer\/","title":{"rendered":"Bungalow au dernier \u00e9tage \u00e0 seulement 2 km de la mer"},"content":{"rendered":"\n<p>Ce bungalow impeccable au dernier \u00e9tage offre une combinaison parfaite de confort, de style et d&#8217;emplacement. La propri\u00e9t\u00e9, pratiquement neuve, dispose d&#8217;un salon\/salle \u00e0 manger, de deux chambres spacieuses, de deux salles de bains compl\u00e8tes et est dans un \u00e9tat de conservation exceptionnel. <\/p>\n\n<p>Il comprend une salle de s\u00e9jour lumineuse avec acc\u00e8s direct \u00e0 une terrasse accueillante, id\u00e9ale pour profiter du climat m\u00e9diterran\u00e9en, ainsi qu&#8217;un grand solarium priv\u00e9, parfait pour se d\u00e9tendre, prendre un bain de soleil ou cr\u00e9er un espace de d\u00e9tente en toute intimit\u00e9.<\/p>\n\n<p>La propri\u00e9t\u00e9 comprend une place de parking et est situ\u00e9e dans un complexe r\u00e9sidentiel moderne avec une piscine commune, des espaces verts et une aire de jeux pour enfants, cr\u00e9ant un environnement id\u00e9al pour vivre toute l&#8217;ann\u00e9e et pour profiter des s\u00e9jours de vacances.<\/p>\n\n<p>Situ\u00e9e dans un quartier calme et bien desservi, \u00e0 seulement 2 km des plages, et \u00e0 quelques minutes des \u00e9coles, des supermarch\u00e9s, des services et des zones de loisirs, cette propri\u00e9t\u00e9 offre une excellente qualit\u00e9 de vie.<\/p>\n","protected":false},"excerpt":{"rendered":"<p>Ce bungalow impeccable au dernier \u00e9tage offre une combinaison parfaite de confort, de style et d&#8217;emplacement. La propri\u00e9t\u00e9, pratiquement neuve, dispose d&#8217;un salon\/salle \u00e0 manger, de deux chambres spacieuses, de deux salles de bains compl\u00e8tes et est dans un \u00e9tat de conservation exceptionnel. Il comprend une salle de s\u00e9jour lumineuse avec acc\u00e8s direct \u00e0 une [&hellip;]<\/p>\n","protected":false},"author":3,"featured_media":35246,"parent":0,"menu_order":0,"template":"","property_type":[115],"property_status":[44],"property_feature":[218,43,287,241],"property_label":[],"property_country":[32],"property_state":[52],"property_city":[61],"property_area":[],"class_list":["post-35407","property","type-property","status-publish","has-post-thumbnail","hentry","property_type-bungalow-fr","property_status-en-vente","property_feature-jardin-fr","property_feature-piscina-fr","property_feature-solarium-fr","property_feature-terrasse","property_country-spain-fr","property_state-alicante-fr","property_city-pilar-de-la-horadada-fr"],"property_meta":{"fave_featured":["1"],"houzez_featured_listing_date":["2026-02-11 18:28:22"],"fave_property_images":["35259","35244","35234","35144","35059","35304","35314","35044","35054","35154","35099","35074","35084","35184","35104","35069","35149","35164","35379","35384","35334","35329","35109","35159","35364","35359","35349","35339","35309","35239","35129","35139","35134","35289","35279","35224","35399","35034"],"fave_single_top_area":["global"],"_top_nav_excluded":[""],"_cms_nav_minihome":[""],"houzez_geolocation_lat":["37.870902571163"],"houzez_geolocation_long":["-0.78134360195949"],"_last_translation_edit_mode":["translation-editor"],"_thumbnail_id":["35246"],"houzez_total_property_views":["35"],"houzez_views_by_date":["a:25:{s:10:\"02-11-2026\";i:4;s:10:\"02-12-2026\";i:1;s:10:\"02-13-2026\";i:1;s:10:\"02-17-2026\";i:1;s:10:\"02-19-2026\";i:2;s:10:\"02-20-2026\";i:1;s:10:\"02-23-2026\";i:1;s:10:\"02-27-2026\";i:2;s:10:\"03-03-2026\";i:1;s:10:\"03-11-2026\";i:2;s:10:\"03-13-2026\";i:1;s:10:\"03-16-2026\";i:1;s:10:\"03-21-2026\";i:1;s:10:\"03-26-2026\";i:1;s:10:\"03-30-2026\";i:1;s:10:\"04-03-2026\";i:1;s:10:\"04-05-2026\";i:1;s:10:\"04-08-2026\";i:1;s:10:\"04-09-2026\";i:2;s:10:\"04-10-2026\";i:1;s:10:\"04-11-2026\";i:1;s:10:\"04-15-2026\";i:1;s:10:\"04-19-2026\";i:3;s:10:\"04-24-2026\";i:1;s:10:\"04-28-2026\";i:2;}"],"houzez_recently_viewed":["2026-04-28 18:59:39"],"_elementor_page_assets":["a:0:{}"],"fave_property_price":["219900"],"fave_property_size":["60"],"fave_property_bedrooms":["2"],"fave_property_bathrooms":["2"],"fave_property_id":["3072MH"],"fave_property_map":["1"],"fave_property_map_address":["Avenida Lo Monte, Pilar de la Horadada, el Baix Segura \/ La Vega Baja, Alacant \/ Alicante, Comunitat Valenciana, 03191, Espagne"],"fave_property_location":["37.870902571163,-0.78134360195949,13"],"fave_property_map_street_view":["cacher"],"fave_video_url":["https:\/\/youtu.be\/bNrnQzJzpCw?si=LvCACfQVs5ND_QP3"],"fave_agent_display_option":["none"],"fave_prop_homeslider":["oui"],"floor_plans":["a:1:{i:0;a:1:{s:15:\"fave_plan_image\";s:76:\"https:\/\/myhomeproperty.es\/wp-content\/uploads\/2026\/02\/Bungalow-101-scaled.jpg\";}}"],"houzez_manual_expire":["0"],"_houzez_expiration_date_status":["saved"]},"_links":{"self":[{"href":"https:\/\/myhomeproperty.es\/fr\/wp-json\/wp\/v2\/properties\/35407","targetHints":{"allow":["GET"]}}],"collection":[{"href":"https:\/\/myhomeproperty.es\/fr\/wp-json\/wp\/v2\/properties"}],"about":[{"href":"https:\/\/myhomeproperty.es\/fr\/wp-json\/wp\/v2\/types\/property"}],"author":[{"embeddable":true,"href":"https:\/\/myhomeproperty.es\/fr\/wp-json\/wp\/v2\/users\/3"}],"version-history":[{"count":1,"href":"https:\/\/myhomeproperty.es\/fr\/wp-json\/wp\/v2\/properties\/35407\/revisions"}],"predecessor-version":[{"id":35408,"href":"https:\/\/myhomeproperty.es\/fr\/wp-json\/wp\/v2\/properties\/35407\/revisions\/35408"}],"wp:featuredmedia":[{"embeddable":true,"href":"https:\/\/myhomeproperty.es\/fr\/wp-json\/wp\/v2\/media\/35246"}],"wp:attachment":[{"href":"https:\/\/myhomeproperty.es\/fr\/wp-json\/wp\/v2\/media?parent=35407"}],"wp:term":[{"taxonomy":"property_type","embeddable":true,"href":"https:\/\/myhomeproperty.es\/fr\/wp-json\/wp\/v2\/property_type?post=35407"},{"taxonomy":"property_status","embeddable":true,"href":"https:\/\/myhomeproperty.es\/fr\/wp-json\/wp\/v2\/property_status?post=35407"},{"taxonomy":"property_feature","embeddable":true,"href":"https:\/\/myhomeproperty.es\/fr\/wp-json\/wp\/v2\/property_feature?post=35407"},{"taxonomy":"property_label","embeddable":true,"href":"https:\/\/myhomeproperty.es\/fr\/wp-json\/wp\/v2\/property_label?post=35407"},{"taxonomy":"property_country","embeddable":true,"href":"https:\/\/myhomeproperty.es\/fr\/wp-json\/wp\/v2\/property_country?post=35407"},{"taxonomy":"property_state","embeddable":true,"href":"https:\/\/myhomeproperty.es\/fr\/wp-json\/wp\/v2\/property_state?post=35407"},{"taxonomy":"property_city","embeddable":true,"href":"https:\/\/myhomeproperty.es\/fr\/wp-json\/wp\/v2\/property_city?post=35407"},{"taxonomy":"property_area","embeddable":true,"href":"https:\/\/myhomeproperty.es\/fr\/wp-json\/wp\/v2\/property_area?post=35407"}],"curies":[{"name":"wp","href":"https:\/\/api.w.org\/{rel}","templated":true}]}}