{"id":35868,"date":"2026-02-12T19:11:36","date_gmt":"2026-02-12T19:11:36","guid":{"rendered":"https:\/\/myhomeproperty.es\/property\/maison-spacieuse-a-san-pedro-del-pinatar-2\/"},"modified":"2026-02-12T19:12:16","modified_gmt":"2026-02-12T19:12:16","slug":"maison-spacieuse-a-san-pedro-del-pinatar-2","status":"publish","type":"property","link":"https:\/\/myhomeproperty.es\/fr\/property\/maison-spacieuse-a-san-pedro-del-pinatar-2\/","title":{"rendered":"Maison spacieuse \u00e0 San Pedro del Pinatar"},"content":{"rendered":"\n<p>Propri\u00e9t\u00e9 avec grand entrep\u00f4t \u00e0 San Pedro del Pinatar. Espace, polyvalence et situation privil\u00e9gi\u00e9e. <\/p>\n\n<p>Nous vous pr\u00e9sentons cette spacieuse propri\u00e9t\u00e9 situ\u00e9e sur un terrain d&#8217;environ 200 m\u00b2 \u00e0 San Pedro del Pinatar. Une propri\u00e9t\u00e9 id\u00e9ale pour ceux qui recherchent une maison confortable avec un espace suppl\u00e9mentaire pour les affaires, le stockage, le garage ou m\u00eame une r\u00e9sidence secondaire. <\/p>\n\n<p>La cuisine et les salles de bains ont \u00e9t\u00e9 r\u00e9cemment r\u00e9nov\u00e9es, la plomberie et l&#8217;installation \u00e9lectrique ont \u00e9t\u00e9 r\u00e9vis\u00e9es et mises \u00e0 jour en janvier 2026, ce qui garantit un excellent \u00e9tat de conservation et un bien pr\u00eat \u00e0 \u00eatre emm\u00e9nag\u00e9, puisqu&#8217;il vient d&#8217;\u00eatre enti\u00e8rement repeint. La propri\u00e9t\u00e9 est livr\u00e9e meubl\u00e9e, avec l&#8217;air conditionn\u00e9 et des appareils \u00e9lectriques neufs. <\/p>\n\n<p>\ud83c\udfe1 L&#8217;\u00e9tage sup\u00e9rieur (maison principale) dispose de 4 chambres spacieuses et lumineuses, 2 salles de bains r\u00e9cemment r\u00e9nov\u00e9es et de bonne taille, un salon-salle \u00e0 manger spacieux et ouvert, une cuisine r\u00e9nov\u00e9e et enti\u00e8rement \u00e9quip\u00e9e avec des appareils \u00e9lectrom\u00e9nagers, fonctionnels et modernes, un patio int\u00e9rieur, qui fournit de la lumi\u00e8re naturelle et de la ventilation, une buanderie s\u00e9par\u00e9e, un garde-manger et une terrasse avec une bonne orientation.<\/p>\n\n<p>Le rez-de-chauss\u00e9e offre un espace multifonctionnel ouvert avec de multiples possibilit\u00e9s d&#8217;utilisation : un logement ind\u00e9pendant, un garage ou un abri pour voiture, un entrep\u00f4t pour les affaires, un atelier ou un espace de travail, un patio ou un espace de loisirs.  <\/p>\n\n<p>Sur le toit-terrasse se trouve un grand solarium, id\u00e9al pour profiter du soleil, se d\u00e9tendre ou cr\u00e9er un espace de loisirs en plein air.<\/p>\n\n<p>Situ\u00e9 dans un quartier calme mais tr\u00e8s central, avec un acc\u00e8s proche \u00e0 :<\/p>\n\n<ul class=\"wp-block-list\">\n<li>Les \u00e9coles<\/li>\n\n\n\n<li>Supermarch\u00e9s et services<\/li>\n\n\n\n<li>Restaurants et magasins<\/li>\n\n\n\n<li>March\u00e9 aux puces hebdomadaire<\/li>\n\n\n\n<li>Autoroute AP-7<\/li>\n<\/ul>\n\n<p>Une propri\u00e9t\u00e9 qui se distingue par son espace, sa polyvalence et son excellent \u00e9tat. Une opportunit\u00e9 id\u00e9ale pour les familles et les entrepreneurs qui ont besoin d&#8217;un espace suppl\u00e9mentaire pour leur activit\u00e9. <\/p>\n\n<p><\/p>\n","protected":false},"excerpt":{"rendered":"<p>Propri\u00e9t\u00e9 avec grand entrep\u00f4t \u00e0 San Pedro del Pinatar. Espace, polyvalence et situation privil\u00e9gi\u00e9e. Nous vous pr\u00e9sentons cette spacieuse propri\u00e9t\u00e9 situ\u00e9e sur un terrain d&#8217;environ 200 m\u00b2 \u00e0 San Pedro del Pinatar. Une propri\u00e9t\u00e9 id\u00e9ale pour ceux qui recherchent une maison confortable avec un espace suppl\u00e9mentaire pour les affaires, le stockage, le garage ou m\u00eame [&hellip;]<\/p>\n","protected":false},"author":3,"featured_media":30399,"parent":0,"menu_order":0,"template":"","property_type":[121],"property_status":[44],"property_feature":[241],"property_label":[],"property_country":[],"property_state":[39],"property_city":[42],"property_area":[],"class_list":["post-35868","property","type-property","status-publish","has-post-thumbnail","hentry","property_type-maison","property_status-en-vente","property_feature-terrasse","property_state-region-de-murcie","property_city-san-pedro-del-pinatar-fr"],"property_meta":{"fave_featured":["0"],"houzez_featured_listing_date":[""],"fave_property_images":["35840","35740","35745","35725","35705","35710","35700","35465","35470","35475","35485","35500","35505","35780","35460","35785","35455","35675","35670","35680","35655","35660","35665","35775","35770","35750","35760","35755","35515","35520","35490","35535","35530","35545","35860","35855","35850","35625","35620","35615","35820","35810","35815","35845","35805","35795","35635","35555","35565"],"fave_single_top_area":["global"],"_top_nav_excluded":[""],"_cms_nav_minihome":[""],"fave_property_price":["260000"],"fave_property_size":["116"],"fave_property_land":["200"],"fave_property_bedrooms":["4"],"fave_property_bathrooms":["2"],"fave_property_garage_size":["116"],"fave_property_id":["3073MH"],"fave_property_map_address":["Avenida del Taibilla, San Pedro del Pinatar, Campo de Cartagena y Mar Menor, Regi\u00f3n de Murcia, 30740, Espagne"],"fave_property_location":["37.8344447,-0.7965034,15"],"houzez_geolocation_lat":["37.8344447"],"houzez_geolocation_long":["-0.7965034"],"fave_property_map_street_view":["cacher"],"fave_property_zip":["30740"],"fave_video_url":["https:\/\/youtu.be\/zIofAxsKW4o"],"fave_agent_display_option":["none"],"fave_prop_homeslider":["non"],"_thumbnail_id":["30399"],"_last_translation_edit_mode":["translation-editor"],"houzez_manual_expire":["0"],"_houzez_expiration_date_status":["saved"],"houzez_total_property_views":["35"],"houzez_views_by_date":["a:24:{s:10:\"02-12-2026\";i:1;s:10:\"02-14-2026\";i:2;s:10:\"02-16-2026\";i:2;s:10:\"02-19-2026\";i:1;s:10:\"02-20-2026\";i:1;s:10:\"02-23-2026\";i:1;s:10:\"02-24-2026\";i:2;s:10:\"02-25-2026\";i:1;s:10:\"02-28-2026\";i:1;s:10:\"03-01-2026\";i:1;s:10:\"03-10-2026\";i:2;s:10:\"03-11-2026\";i:3;s:10:\"03-16-2026\";i:1;s:10:\"03-21-2026\";i:2;s:10:\"03-27-2026\";i:2;s:10:\"03-31-2026\";i:1;s:10:\"04-06-2026\";i:1;s:10:\"04-09-2026\";i:2;s:10:\"04-11-2026\";i:1;s:10:\"04-13-2026\";i:1;s:10:\"04-16-2026\";i:1;s:10:\"04-21-2026\";i:2;s:10:\"04-26-2026\";i:1;s:10:\"04-28-2026\";i:2;}"],"houzez_recently_viewed":["2026-04-28 18:56:39"],"_elementor_page_assets":["a:0:{}"]},"_links":{"self":[{"href":"https:\/\/myhomeproperty.es\/fr\/wp-json\/wp\/v2\/properties\/35868","targetHints":{"allow":["GET"]}}],"collection":[{"href":"https:\/\/myhomeproperty.es\/fr\/wp-json\/wp\/v2\/properties"}],"about":[{"href":"https:\/\/myhomeproperty.es\/fr\/wp-json\/wp\/v2\/types\/property"}],"author":[{"embeddable":true,"href":"https:\/\/myhomeproperty.es\/fr\/wp-json\/wp\/v2\/users\/3"}],"version-history":[{"count":1,"href":"https:\/\/myhomeproperty.es\/fr\/wp-json\/wp\/v2\/properties\/35868\/revisions"}],"predecessor-version":[{"id":35869,"href":"https:\/\/myhomeproperty.es\/fr\/wp-json\/wp\/v2\/properties\/35868\/revisions\/35869"}],"wp:featuredmedia":[{"embeddable":true,"href":"https:\/\/myhomeproperty.es\/fr\/wp-json\/wp\/v2\/media\/30399"}],"wp:attachment":[{"href":"https:\/\/myhomeproperty.es\/fr\/wp-json\/wp\/v2\/media?parent=35868"}],"wp:term":[{"taxonomy":"property_type","embeddable":true,"href":"https:\/\/myhomeproperty.es\/fr\/wp-json\/wp\/v2\/property_type?post=35868"},{"taxonomy":"property_status","embeddable":true,"href":"https:\/\/myhomeproperty.es\/fr\/wp-json\/wp\/v2\/property_status?post=35868"},{"taxonomy":"property_feature","embeddable":true,"href":"https:\/\/myhomeproperty.es\/fr\/wp-json\/wp\/v2\/property_feature?post=35868"},{"taxonomy":"property_label","embeddable":true,"href":"https:\/\/myhomeproperty.es\/fr\/wp-json\/wp\/v2\/property_label?post=35868"},{"taxonomy":"property_country","embeddable":true,"href":"https:\/\/myhomeproperty.es\/fr\/wp-json\/wp\/v2\/property_country?post=35868"},{"taxonomy":"property_state","embeddable":true,"href":"https:\/\/myhomeproperty.es\/fr\/wp-json\/wp\/v2\/property_state?post=35868"},{"taxonomy":"property_city","embeddable":true,"href":"https:\/\/myhomeproperty.es\/fr\/wp-json\/wp\/v2\/property_city?post=35868"},{"taxonomy":"property_area","embeddable":true,"href":"https:\/\/myhomeproperty.es\/fr\/wp-json\/wp\/v2\/property_area?post=35868"}],"curies":[{"name":"wp","href":"https:\/\/api.w.org\/{rel}","templated":true}]}}