{"id":37061,"date":"2026-04-17T11:29:25","date_gmt":"2026-04-17T11:29:25","guid":{"rendered":"https:\/\/myhomeproperty.es\/property\/duplex-a-la-regia-orihuela-costa-avec-3-chambres-a-coucher\/"},"modified":"2026-04-17T11:36:07","modified_gmt":"2026-04-17T11:36:07","slug":"duplex-a-la-regia-orihuela-costa-avec-3-chambres-a-coucher","status":"publish","type":"property","link":"https:\/\/myhomeproperty.es\/fr\/property\/duplex-a-la-regia-orihuela-costa-avec-3-chambres-a-coucher\/","title":{"rendered":"Duplex \u00e0 La Regia &#8211; Orihuela Costa avec 3 chambres \u00e0 coucher"},"content":{"rendered":"\n<p>Ce duplex situ\u00e9 dans la zone recherch\u00e9e de La Regia (Orihuela Costa) offre une propri\u00e9t\u00e9 confortable et lumineuse avec une disposition tr\u00e8s pratique sur deux \u00e9tages, parfaite \u00e0 la fois comme r\u00e9sidence permanente et pour profiter de s\u00e9jours de vacances pr\u00e8s de la mer.<\/p>\n\n<p>La propri\u00e9t\u00e9 est accessible par une terrasse frontale orient\u00e9e sud-ouest, id\u00e9ale pour se d\u00e9tendre en plein air, prendre son petit-d\u00e9jeuner ou profiter du climat m\u00e9diterran\u00e9en et du soleil tout au long de l&#8217;ann\u00e9e.<\/p>\n\n<p>Au rez-de-chauss\u00e9e, vous trouverez un salon-salle \u00e0 manger spacieux et accueillant, ainsi qu&#8217;une cuisine ouverte qui rend l&#8217;espace spacieux et fonctionnel.<br\/>L&#8217;\u00e9tage sup\u00e9rieur abrite la zone de couchage, compos\u00e9e de trois chambres et d&#8217;une salle de bains. La propri\u00e9t\u00e9 se distingue par sa bonne ventilation naturelle et son orientation agr\u00e9able, qui apporte de la lumi\u00e8re dans toutes les pi\u00e8ces. <\/p>\n\n<p>Situ\u00e9e dans l&#8217;un des quartiers les plus recherch\u00e9s d&#8217;Orihuela Costa, la propri\u00e9t\u00e9 est proche des plages, des commodit\u00e9s, des restaurants, des espaces verts et des centres commerciaux, ce qui en fait une option tr\u00e8s attrayante \u00e0 la fois pour la vie et l&#8217;investissement.<\/p>\n\n<p><\/p>\n","protected":false},"excerpt":{"rendered":"<p>Ce duplex situ\u00e9 dans la zone recherch\u00e9e de La Regia (Orihuela Costa) offre une propri\u00e9t\u00e9 confortable et lumineuse avec une disposition tr\u00e8s pratique sur deux \u00e9tages, parfaite \u00e0 la fois comme r\u00e9sidence permanente et pour profiter de s\u00e9jours de vacances pr\u00e8s de la mer. La propri\u00e9t\u00e9 est accessible par une terrasse frontale orient\u00e9e sud-ouest, id\u00e9ale [&hellip;]<\/p>\n","protected":false},"author":3,"featured_media":36878,"parent":0,"menu_order":0,"template":"","property_type":[199],"property_status":[44],"property_feature":[241],"property_label":[],"property_country":[32],"property_state":[52],"property_city":[349,311],"property_area":[],"class_list":["post-37061","property","type-property","status-publish","has-post-thumbnail","hentry","property_type-duplex-fr","property_status-en-vente","property_feature-terrasse","property_country-spain-fr","property_state-alicante-fr","property_city-orihuela-fr","property_city-orihuela-costa-fr"],"property_meta":{"fave_featured":["0"],"houzez_featured_listing_date":[""],"fave_single_top_area":["global"],"_top_nav_excluded":[""],"_cms_nav_minihome":[""],"fave_property_price":["135000"],"fave_property_land":["62"],"fave_property_bedrooms":["3"],"fave_property_bathrooms":["1"],"fave_property_id":["3078MH"],"fave_property_map":["1"],"fave_property_location":["25.68654,-80.431345,15"],"houzez_geolocation_lat":["25.68654"],"houzez_geolocation_long":["-80.431345"],"fave_property_map_street_view":["cacher"],"fave_agent_display_option":["auteur_info"],"fave_prop_homeslider":["non"],"_thumbnail_id":["36878"],"_last_translation_edit_mode":["translation-editor"],"fave_property_images":["36891","36876","36896","36846","36971","36851","36951","36941","36926","36856","36991","36996","37001","37006","37026","37031","36911","36921","36916","37051","37046","37041","37016"],"houzez_manual_expire":["0"],"_houzez_expiration_date_status":["saved"],"houzez_total_property_views":["15"],"houzez_views_by_date":["a:6:{s:10:\"04-17-2026\";i:2;s:10:\"04-18-2026\";i:2;s:10:\"04-20-2026\";i:4;s:10:\"04-23-2026\";i:3;s:10:\"04-26-2026\";i:1;s:10:\"04-28-2026\";i:3;}"],"houzez_recently_viewed":["2026-04-28 18:41:17"],"_elementor_page_assets":["a:0:{}"]},"_links":{"self":[{"href":"https:\/\/myhomeproperty.es\/fr\/wp-json\/wp\/v2\/properties\/37061","targetHints":{"allow":["GET"]}}],"collection":[{"href":"https:\/\/myhomeproperty.es\/fr\/wp-json\/wp\/v2\/properties"}],"about":[{"href":"https:\/\/myhomeproperty.es\/fr\/wp-json\/wp\/v2\/types\/property"}],"author":[{"embeddable":true,"href":"https:\/\/myhomeproperty.es\/fr\/wp-json\/wp\/v2\/users\/3"}],"version-history":[{"count":1,"href":"https:\/\/myhomeproperty.es\/fr\/wp-json\/wp\/v2\/properties\/37061\/revisions"}],"predecessor-version":[{"id":37062,"href":"https:\/\/myhomeproperty.es\/fr\/wp-json\/wp\/v2\/properties\/37061\/revisions\/37062"}],"wp:featuredmedia":[{"embeddable":true,"href":"https:\/\/myhomeproperty.es\/fr\/wp-json\/wp\/v2\/media\/36878"}],"wp:attachment":[{"href":"https:\/\/myhomeproperty.es\/fr\/wp-json\/wp\/v2\/media?parent=37061"}],"wp:term":[{"taxonomy":"property_type","embeddable":true,"href":"https:\/\/myhomeproperty.es\/fr\/wp-json\/wp\/v2\/property_type?post=37061"},{"taxonomy":"property_status","embeddable":true,"href":"https:\/\/myhomeproperty.es\/fr\/wp-json\/wp\/v2\/property_status?post=37061"},{"taxonomy":"property_feature","embeddable":true,"href":"https:\/\/myhomeproperty.es\/fr\/wp-json\/wp\/v2\/property_feature?post=37061"},{"taxonomy":"property_label","embeddable":true,"href":"https:\/\/myhomeproperty.es\/fr\/wp-json\/wp\/v2\/property_label?post=37061"},{"taxonomy":"property_country","embeddable":true,"href":"https:\/\/myhomeproperty.es\/fr\/wp-json\/wp\/v2\/property_country?post=37061"},{"taxonomy":"property_state","embeddable":true,"href":"https:\/\/myhomeproperty.es\/fr\/wp-json\/wp\/v2\/property_state?post=37061"},{"taxonomy":"property_city","embeddable":true,"href":"https:\/\/myhomeproperty.es\/fr\/wp-json\/wp\/v2\/property_city?post=37061"},{"taxonomy":"property_area","embeddable":true,"href":"https:\/\/myhomeproperty.es\/fr\/wp-json\/wp\/v2\/property_area?post=37061"}],"curies":[{"name":"wp","href":"https:\/\/api.w.org\/{rel}","templated":true}]}}