{"id":4688,"date":"2024-09-05T12:06:34","date_gmt":"2024-09-05T12:06:34","guid":{"rendered":"https:\/\/myhomeproperty.es\/property\/maison-dangle-a-san-pedro-del-pinatar\/"},"modified":"2024-11-29T10:52:46","modified_gmt":"2024-11-29T10:52:46","slug":"maison-dangle-a-san-pedro-del-pinatar","status":"publish","type":"property","link":"https:\/\/myhomeproperty.es\/fr\/property\/maison-dangle-a-san-pedro-del-pinatar\/","title":{"rendered":"Maison d&#8217;angle \u00e0 San Pedro del Pinatar"},"content":{"rendered":"\n<p>Nous vous pr\u00e9sentons cette grande propri\u00e9t\u00e9 d&#8217;angle \u00e0 San Pedro del Pinatar.\nElle dispose de 6 chambres, 2 cuisines enti\u00e8rement \u00e9quip\u00e9es et 4 salles de bain compl\u00e8tes.  Il est r\u00e9parti sur 3 \u00e9tages. Il dispose d&#8217;un jardin ext\u00e9rieur au rez-de-chauss\u00e9e et de trois terrasses suppl\u00e9mentaires, ce qui lui donne beaucoup d&#8217;espace pour profiter de l&#8217;ext\u00e9rieur.<\/p>\n\n<p>L&#8217;entr\u00e9e principale m\u00e8ne \u00e0 un hall d&#8217;entr\u00e9e avec acc\u00e8s aux pi\u00e8ces du rez-de-chauss\u00e9e et, de l&#8217;autre c\u00f4t\u00e9, il y a un acc\u00e8s aux \u00e9tages sup\u00e9rieurs, de sorte qu&#8217;il pourrait s&#8217;agir de deux habitations compl\u00e8tement ind\u00e9pendantes si vous le souhaitiez.<\/p>\n\n<p>Le rez-de-chauss\u00e9e se compose d&#8217;un grand salon, d&#8217;une cuisine, de deux chambres, d&#8217;une grande salle de bains avec baignoire et douche, d&#8217;une pi\u00e8ce de rangement et d&#8217;un garage ferm\u00e9.\nIl est \u00e9quip\u00e9 de grands placards pour le rangement. <\/p>\n\n<p>L&#8217;\u00e9tage sup\u00e9rieur est distribu\u00e9 en salon-salle \u00e0 manger, cuisine ind\u00e9pendante, 3 chambres, la chambre principale avec une salle de bain en-suite, une autre salle de bain et deux terrasses.\nEn outre, le grenier dispose d&#8217;une sixi\u00e8me chambre, d&#8217;une salle de bains compl\u00e8te et d&#8217;une terrasse, bien que, gr\u00e2ce \u00e0 l&#8217;espace dont il dispose, il permet de nombreuses autres options. <\/p>\n\n<p>Il dispose d&#8217;armoires encastr\u00e9es et toutes les chambres sont orient\u00e9es vers l&#8217;ext\u00e9rieur, ce qui en fait une propri\u00e9t\u00e9 tr\u00e8s lumineuse.\nIl est meubl\u00e9 et en bon \u00e9tat de conservation.\nDans un quartier calme mais central.\nProche des \u00e9coles, des commerces et de tous les services.   <\/p>\n\n<p>C&#8217;est ce que vous recherchez ?\nVenez le voir ! <\/p>\n\n<p>Distances<\/p>\n\n<ul class=\"wp-block-list\">\n<li>Plage : 1,5km<\/li>\n\n\n\n<li>Centre commercial Dos Mares : 5 km<\/li>\n\n\n\n<li>Centre commercial La Zenia Boulevard : 15 minutes<\/li>\n\n\n\n<li>A\u00e9roport de Corvera : 35 minutes<\/li>\n\n\n\n<li>A\u00e9roport d&#8217;Alicante : 70 minutes<\/li>\n\n\n\n<li>Gare de Balsicas : 20 minutes<\/li>\n<\/ul>\n","protected":false},"excerpt":{"rendered":"<p>Nous vous pr\u00e9sentons cette grande propri\u00e9t\u00e9 d&#8217;angle \u00e0 San Pedro del Pinatar. Elle dispose de 6 chambres, 2 cuisines enti\u00e8rement \u00e9quip\u00e9es et 4 salles de bain compl\u00e8tes. Il est r\u00e9parti sur 3 \u00e9tages. Il dispose d&#8217;un jardin ext\u00e9rieur au rez-de-chauss\u00e9e et de trois terrasses suppl\u00e9mentaires, ce qui lui donne beaucoup d&#8217;espace pour profiter de l&#8217;ext\u00e9rieur. [&hellip;]<\/p>\n","protected":false},"author":3,"featured_media":8539,"parent":0,"menu_order":0,"template":"","property_type":[121],"property_status":[44],"property_feature":[],"property_label":[],"property_country":[32],"property_state":[39],"property_city":[42],"property_area":[],"class_list":["post-4688","property","type-property","status-publish","has-post-thumbnail","hentry","property_type-maison","property_status-en-vente","property_country-spain-fr","property_state-region-de-murcie","property_city-san-pedro-del-pinatar-fr"],"property_meta":{"fave_featured":["1"],"houzez_featured_listing_date":["2024-09-05 12:06:41"],"fave_property_images":["4662","4302","4314","4326","4332","4338","4374","4392","4386","4380","4356","4362","4368","4404","4410","4350","4422","4416","4434","4464","4476","4482","4440","4446","4458","4452","4548","4560","4554","4524","4530","4506","4512","4518","4500","4494","4536","4542","4572","4602","4584","4590","4596","4680","4614","4620","4674","4656","4626","4638"],"fave_single_top_area":["global"],"_top_nav_excluded":[""],"_cms_nav_minihome":[""],"houzez_geolocation_lat":["37.8354366"],"houzez_geolocation_long":["-0.7914619"],"_last_translation_edit_mode":["translation-editor"],"_thumbnail_id":["8539"],"fave_property_price":["249900"],"fave_property_size":["250"],"fave_property_land":["150"],"fave_property_bedrooms":["6"],"fave_property_bathrooms":["4"],"fave_property_garage_size":["40"],"fave_property_id":["3018MH"],"fave_property_map_address":["San Pedro del Pinatar, Campo de Cartagena y Mar Menor, R\u00e9gion de Murcie, Espagne"],"fave_property_location":["37.8354366,-0.7914619,15"],"fave_property_map_street_view":["cacher"],"fave_property_zip":["30740"],"fave_video_url":["https:\/\/youtu.be\/cIZs-FmVT0I?si=Y8qWSPMhGNVbYlpy"],"fave_agent_display_option":["auteur_info"],"fave_prop_homeslider":["oui"],"houzez_total_property_views":["131"],"houzez_views_by_date":["a:61:{s:10:\"07-29-2025\";i:1;s:10:\"07-30-2025\";i:1;s:10:\"08-04-2025\";i:1;s:10:\"08-09-2025\";i:2;s:10:\"08-21-2025\";i:1;s:10:\"08-23-2025\";i:1;s:10:\"08-24-2025\";i:1;s:10:\"08-25-2025\";i:1;s:10:\"08-30-2025\";i:2;s:10:\"08-31-2025\";i:1;s:10:\"09-06-2025\";i:1;s:10:\"09-12-2025\";i:1;s:10:\"09-17-2025\";i:1;s:10:\"09-18-2025\";i:2;s:10:\"09-21-2025\";i:1;s:10:\"09-23-2025\";i:1;s:10:\"09-28-2025\";i:1;s:10:\"10-04-2025\";i:1;s:10:\"10-10-2025\";i:1;s:10:\"10-15-2025\";i:1;s:10:\"10-16-2025\";i:1;s:10:\"11-13-2025\";i:1;s:10:\"11-14-2025\";i:1;s:10:\"11-20-2025\";i:1;s:10:\"12-02-2025\";i:1;s:10:\"12-05-2025\";i:2;s:10:\"12-12-2025\";i:1;s:10:\"12-15-2025\";i:1;s:10:\"12-19-2025\";i:3;s:10:\"12-24-2025\";i:1;s:10:\"01-04-2026\";i:1;s:10:\"01-11-2026\";i:1;s:10:\"01-12-2026\";i:2;s:10:\"01-21-2026\";i:1;s:10:\"01-26-2026\";i:1;s:10:\"02-05-2026\";i:1;s:10:\"02-08-2026\";i:1;s:10:\"02-12-2026\";i:1;s:10:\"02-13-2026\";i:1;s:10:\"02-19-2026\";i:1;s:10:\"02-23-2026\";i:1;s:10:\"02-24-2026\";i:2;s:10:\"03-11-2026\";i:2;s:10:\"03-12-2026\";i:1;s:10:\"03-14-2026\";i:1;s:10:\"03-20-2026\";i:1;s:10:\"03-24-2026\";i:1;s:10:\"03-25-2026\";i:1;s:10:\"03-28-2026\";i:2;s:10:\"03-30-2026\";i:1;s:10:\"03-31-2026\";i:1;s:10:\"04-03-2026\";i:1;s:10:\"04-04-2026\";i:1;s:10:\"04-06-2026\";i:1;s:10:\"04-07-2026\";i:1;s:10:\"04-10-2026\";i:1;s:10:\"04-11-2026\";i:1;s:10:\"04-17-2026\";i:1;s:10:\"04-19-2026\";i:1;s:10:\"04-27-2026\";i:1;s:10:\"04-28-2026\";i:2;}"],"houzez_recently_viewed":["2026-04-28 21:59:20"],"houzez_manual_expire":["0"],"_houzez_expiration_date_status":["saved"],"_elementor_page_assets":["a:0:{}"]},"_links":{"self":[{"href":"https:\/\/myhomeproperty.es\/fr\/wp-json\/wp\/v2\/properties\/4688","targetHints":{"allow":["GET"]}}],"collection":[{"href":"https:\/\/myhomeproperty.es\/fr\/wp-json\/wp\/v2\/properties"}],"about":[{"href":"https:\/\/myhomeproperty.es\/fr\/wp-json\/wp\/v2\/types\/property"}],"author":[{"embeddable":true,"href":"https:\/\/myhomeproperty.es\/fr\/wp-json\/wp\/v2\/users\/3"}],"version-history":[{"count":1,"href":"https:\/\/myhomeproperty.es\/fr\/wp-json\/wp\/v2\/properties\/4688\/revisions"}],"predecessor-version":[{"id":4690,"href":"https:\/\/myhomeproperty.es\/fr\/wp-json\/wp\/v2\/properties\/4688\/revisions\/4690"}],"wp:featuredmedia":[{"embeddable":true,"href":"https:\/\/myhomeproperty.es\/fr\/wp-json\/wp\/v2\/media\/8539"}],"wp:attachment":[{"href":"https:\/\/myhomeproperty.es\/fr\/wp-json\/wp\/v2\/media?parent=4688"}],"wp:term":[{"taxonomy":"property_type","embeddable":true,"href":"https:\/\/myhomeproperty.es\/fr\/wp-json\/wp\/v2\/property_type?post=4688"},{"taxonomy":"property_status","embeddable":true,"href":"https:\/\/myhomeproperty.es\/fr\/wp-json\/wp\/v2\/property_status?post=4688"},{"taxonomy":"property_feature","embeddable":true,"href":"https:\/\/myhomeproperty.es\/fr\/wp-json\/wp\/v2\/property_feature?post=4688"},{"taxonomy":"property_label","embeddable":true,"href":"https:\/\/myhomeproperty.es\/fr\/wp-json\/wp\/v2\/property_label?post=4688"},{"taxonomy":"property_country","embeddable":true,"href":"https:\/\/myhomeproperty.es\/fr\/wp-json\/wp\/v2\/property_country?post=4688"},{"taxonomy":"property_state","embeddable":true,"href":"https:\/\/myhomeproperty.es\/fr\/wp-json\/wp\/v2\/property_state?post=4688"},{"taxonomy":"property_city","embeddable":true,"href":"https:\/\/myhomeproperty.es\/fr\/wp-json\/wp\/v2\/property_city?post=4688"},{"taxonomy":"property_area","embeddable":true,"href":"https:\/\/myhomeproperty.es\/fr\/wp-json\/wp\/v2\/property_area?post=4688"}],"curies":[{"name":"wp","href":"https:\/\/api.w.org\/{rel}","templated":true}]}}