{"id":4858,"date":"2024-09-11T16:20:36","date_gmt":"2024-09-11T16:20:36","guid":{"rendered":"https:\/\/myhomeproperty.es\/property\/maison-mitoyenne-au-rez-de-chaussee-a-san-javier\/"},"modified":"2024-10-16T14:53:50","modified_gmt":"2024-10-16T14:53:50","slug":"maison-mitoyenne-au-rez-de-chaussee-a-san-javier","status":"publish","type":"property","link":"https:\/\/myhomeproperty.es\/fr\/property\/maison-mitoyenne-au-rez-de-chaussee-a-san-javier\/","title":{"rendered":"Maison mitoyenne au rez-de-chauss\u00e9e \u00e0 San Javier"},"content":{"rendered":"\n<p>Nous vous pr\u00e9sentons ce charmant appartement au rez-de-chauss\u00e9e dans un quartier central de San Javier.  <\/p>\n\n<p>La propri\u00e9t\u00e9 elle-m\u00eame dispose d&#8217;un salon\/salle \u00e0 manger, de 2 chambres, d&#8217;une salle de bain enti\u00e8rement r\u00e9nov\u00e9e, d&#8217;une grande terrasse \u00e0 l&#8217;avant et d&#8217;un patio \u00e0 l&#8217;arri\u00e8re.\nElle dispose \u00e9galement d&#8217;une troisi\u00e8me chambre avec salle de bain en suite semi r\u00e9nov\u00e9e \u00e0 l&#8217;\u00e9tage sup\u00e9rieur avec acc\u00e8s par un escalier ext\u00e9rieur situ\u00e9 dans la cour arri\u00e8re.\nElle dispose \u00e9galement d&#8217;un grand solarium.    <\/p>\n\n<p>La propri\u00e9t\u00e9 est en parfait \u00e9tat, car elle a \u00e9t\u00e9 partiellement r\u00e9nov\u00e9e, avec une nouvelle installation de plomberie et une r\u00e9novation compl\u00e8te des salles de bains.\nIl s&#8217;agit d&#8217;une propri\u00e9t\u00e9 qui offre de nombreuses options, car elle dispose d&#8217;espaces ext\u00e9rieurs qui permettent diff\u00e9rentes possibilit\u00e9s d&#8217;utilisation.\nSitu\u00e9e dans un quartier calme et central, \u00e0 proximit\u00e9 des \u00e9coles, des coll\u00e8ges, des supermarch\u00e9s et de tous les services.\nId\u00e9ale comme r\u00e9sidence, mais aussi comme maison de vacances, car les plages de la Mar Menor sont accessibles \u00e0 pied.   <\/p>\n\n<p><\/p>\n\n<div class=\"wp-block-buttons is-content-justification-left is-layout-flex wp-container-core-buttons-is-layout-16165478 wp-block-buttons-is-layout-flex\">\n<div class=\"wp-block-button is-style-fill\"><a class=\"wp-block-button__link wp-element-button\">Lieux d&#8217;int\u00e9r\u00eat :<\/a><\/div>\n<\/div>\n\n<ul class=\"wp-block-list\">\n<li>Plage : 3km<\/li>\n\n\n\n<li>Centre commercial Dos Mares : 5 minutes<\/li>\n\n\n\n<li>Centre commercial La Zenia Boulevard : 20 minutes<\/li>\n\n\n\n<li>Gare ferroviaire : 15 minutes<\/li>\n\n\n\n<li>A\u00e9roport de Murcie (Corvera) : 30<\/li>\n\n\n\n<li>A\u00e9roport d&#8217;Alicante : 1h<\/li>\n<\/ul>\n\n<p><\/p>\n","protected":false},"excerpt":{"rendered":"<p>Nous vous pr\u00e9sentons ce charmant appartement au rez-de-chauss\u00e9e dans un quartier central de San Javier. La propri\u00e9t\u00e9 elle-m\u00eame dispose d&#8217;un salon\/salle \u00e0 manger, de 2 chambres, d&#8217;une salle de bain enti\u00e8rement r\u00e9nov\u00e9e, d&#8217;une grande terrasse \u00e0 l&#8217;avant et d&#8217;un patio \u00e0 l&#8217;arri\u00e8re. Elle dispose \u00e9galement d&#8217;une troisi\u00e8me chambre avec salle de bain en suite semi [&hellip;]<\/p>\n","protected":false},"author":3,"featured_media":4701,"parent":0,"menu_order":0,"template":"","property_type":[121],"property_status":[44],"property_feature":[],"property_label":[],"property_country":[32],"property_state":[39],"property_city":[38],"property_area":[],"class_list":["post-4858","property","type-property","status-publish","has-post-thumbnail","hentry","property_type-maison","property_status-en-vente","property_country-spain-fr","property_state-region-de-murcie","property_city-san-javier-fr"],"property_meta":{"fave_featured":["0"],"houzez_featured_listing_date":[""],"fave_property_images":["4699","4705","4711","4717","4723","4729","4783","4795","4741","4735","4747","4753","4759","4765","4825","4831","4837","4849","4771","4777","4843","4801","4807","4813","4819"],"fave_single_top_area":["global"],"_top_nav_excluded":[""],"_cms_nav_minihome":[""],"houzez_geolocation_lat":["37.8059567"],"houzez_geolocation_long":["-0.8345537"],"_thumbnail_id":["4701"],"_last_translation_edit_mode":["translation-editor"],"houzez_manual_expire":["0"],"_houzez_expiration_date_status":["saved"],"fave_property_price":["139000"],"fave_property_size":["65"],"fave_property_land":["110"],"fave_property_bedrooms":["3"],"fave_property_bathrooms":["2"],"fave_property_id":["3019MH"],"fave_property_map_address":["San Javier, Campo de Cartagena et Mar Menor, R\u00e9gion de Murcie, Espagne"],"fave_property_location":["37.8059567,-0.8345537,12"],"fave_property_map_street_view":["cacher"],"fave_property_zip":["30730"],"fave_agent_display_option":["auteur_info"],"fave_prop_homeslider":["non"],"fave_private_note":["Paula 691 31 34 32 - Julio 633 47 35 13 Coronel Fern\u00e1ndez Tudela 57 Piden 130.000\u20ac N\u00famro de Finca 27836  "],"houzez_total_property_views":["136"],"houzez_views_by_date":["a:61:{s:10:\"07-08-2025\";i:2;s:10:\"07-14-2025\";i:3;s:10:\"07-17-2025\";i:1;s:10:\"07-23-2025\";i:1;s:10:\"07-30-2025\";i:1;s:10:\"08-05-2025\";i:1;s:10:\"08-18-2025\";i:2;s:10:\"08-24-2025\";i:1;s:10:\"08-30-2025\";i:2;s:10:\"08-31-2025\";i:1;s:10:\"09-04-2025\";i:1;s:10:\"09-07-2025\";i:1;s:10:\"09-08-2025\";i:1;s:10:\"09-13-2025\";i:1;s:10:\"09-17-2025\";i:1;s:10:\"09-19-2025\";i:1;s:10:\"09-24-2025\";i:1;s:10:\"09-29-2025\";i:1;s:10:\"10-05-2025\";i:1;s:10:\"10-12-2025\";i:1;s:10:\"10-15-2025\";i:1;s:10:\"10-18-2025\";i:1;s:10:\"10-28-2025\";i:1;s:10:\"11-12-2025\";i:3;s:10:\"11-20-2025\";i:1;s:10:\"12-06-2025\";i:1;s:10:\"12-11-2025\";i:1;s:10:\"12-13-2025\";i:1;s:10:\"12-22-2025\";i:1;s:10:\"12-25-2025\";i:1;s:10:\"01-02-2026\";i:1;s:10:\"01-10-2026\";i:1;s:10:\"01-12-2026\";i:2;s:10:\"01-14-2026\";i:1;s:10:\"01-19-2026\";i:1;s:10:\"01-25-2026\";i:1;s:10:\"01-30-2026\";i:1;s:10:\"02-04-2026\";i:1;s:10:\"02-05-2026\";i:1;s:10:\"02-07-2026\";i:1;s:10:\"02-09-2026\";i:1;s:10:\"02-13-2026\";i:1;s:10:\"02-19-2026\";i:1;s:10:\"02-24-2026\";i:1;s:10:\"03-10-2026\";i:2;s:10:\"03-11-2026\";i:2;s:10:\"03-14-2026\";i:1;s:10:\"03-15-2026\";i:1;s:10:\"03-18-2026\";i:2;s:10:\"03-21-2026\";i:1;s:10:\"03-22-2026\";i:1;s:10:\"03-23-2026\";i:1;s:10:\"03-26-2026\";i:1;s:10:\"03-28-2026\";i:1;s:10:\"03-31-2026\";i:1;s:10:\"04-05-2026\";i:1;s:10:\"04-07-2026\";i:1;s:10:\"04-12-2026\";i:3;s:10:\"04-18-2026\";i:1;s:10:\"04-20-2026\";i:2;s:10:\"04-28-2026\";i:5;}"],"houzez_recently_viewed":["2026-04-28 23:06:04"],"_elementor_page_assets":["a:0:{}"]},"_links":{"self":[{"href":"https:\/\/myhomeproperty.es\/fr\/wp-json\/wp\/v2\/properties\/4858","targetHints":{"allow":["GET"]}}],"collection":[{"href":"https:\/\/myhomeproperty.es\/fr\/wp-json\/wp\/v2\/properties"}],"about":[{"href":"https:\/\/myhomeproperty.es\/fr\/wp-json\/wp\/v2\/types\/property"}],"author":[{"embeddable":true,"href":"https:\/\/myhomeproperty.es\/fr\/wp-json\/wp\/v2\/users\/3"}],"version-history":[{"count":1,"href":"https:\/\/myhomeproperty.es\/fr\/wp-json\/wp\/v2\/properties\/4858\/revisions"}],"predecessor-version":[{"id":4859,"href":"https:\/\/myhomeproperty.es\/fr\/wp-json\/wp\/v2\/properties\/4858\/revisions\/4859"}],"wp:featuredmedia":[{"embeddable":true,"href":"https:\/\/myhomeproperty.es\/fr\/wp-json\/wp\/v2\/media\/4701"}],"wp:attachment":[{"href":"https:\/\/myhomeproperty.es\/fr\/wp-json\/wp\/v2\/media?parent=4858"}],"wp:term":[{"taxonomy":"property_type","embeddable":true,"href":"https:\/\/myhomeproperty.es\/fr\/wp-json\/wp\/v2\/property_type?post=4858"},{"taxonomy":"property_status","embeddable":true,"href":"https:\/\/myhomeproperty.es\/fr\/wp-json\/wp\/v2\/property_status?post=4858"},{"taxonomy":"property_feature","embeddable":true,"href":"https:\/\/myhomeproperty.es\/fr\/wp-json\/wp\/v2\/property_feature?post=4858"},{"taxonomy":"property_label","embeddable":true,"href":"https:\/\/myhomeproperty.es\/fr\/wp-json\/wp\/v2\/property_label?post=4858"},{"taxonomy":"property_country","embeddable":true,"href":"https:\/\/myhomeproperty.es\/fr\/wp-json\/wp\/v2\/property_country?post=4858"},{"taxonomy":"property_state","embeddable":true,"href":"https:\/\/myhomeproperty.es\/fr\/wp-json\/wp\/v2\/property_state?post=4858"},{"taxonomy":"property_city","embeddable":true,"href":"https:\/\/myhomeproperty.es\/fr\/wp-json\/wp\/v2\/property_city?post=4858"},{"taxonomy":"property_area","embeddable":true,"href":"https:\/\/myhomeproperty.es\/fr\/wp-json\/wp\/v2\/property_area?post=4858"}],"curies":[{"name":"wp","href":"https:\/\/api.w.org\/{rel}","templated":true}]}}