{"id":9597,"date":"2025-01-07T10:57:43","date_gmt":"2025-01-07T10:57:43","guid":{"rendered":"https:\/\/myhomeproperty.es\/property\/maison-de-ville-au-rez-de-chaussee-a-san-pedro-del-pinatar\/"},"modified":"2025-02-11T13:52:17","modified_gmt":"2025-02-11T13:52:17","slug":"maison-de-ville-au-rez-de-chaussee-a-san-pedro-del-pinatar","status":"publish","type":"property","link":"https:\/\/myhomeproperty.es\/fr\/property\/maison-de-ville-au-rez-de-chaussee-a-san-pedro-del-pinatar\/","title":{"rendered":"Semi-d\u00e9tach\u00e9 rez-de-chauss\u00e9e \u00e0 San Pedro del Pinatar"},"content":{"rendered":"\n<p>Situ\u00e9e dans un quartier r\u00e9sidentiel calme de San Pedro del Pinatar, cette maison mitoyenne offre un terrain de 168 m\u00b2 et 70 m\u00b2 construits, con\u00e7us pour le confort, la fonctionnalit\u00e9 et l&#8217;agr\u00e9ment. \u00c0 seulement 500 m\u00e8tres de la plage, cette maison est parfaite pour ceux qui recherchent une maison proche de la mer et avec tous les services \u00e0 port\u00e9e de main. <\/p>\n\n<p>Distribution :<\/p>\n\n<ul class=\"wp-block-list\">\n<li>Jardin avant (35 m\u00b2) : orient\u00e9 au sud, soleil toute la journ\u00e9e, auvent et gazon artificiel. Espace suffisant pour ranger la voiture, les v\u00e9los, etc. <\/li>\n\n\n\n<li>Salon climatis\u00e9 : lumineux et confortable, id\u00e9al pour une famille, avec de la place pour un canap\u00e9, une table de t\u00e9l\u00e9vision et un coin repas.<\/li>\n\n\n\n<li>2 chambres doubles : avec armoires encastr\u00e9es et commodes.<\/li>\n\n\n\n<li>Salle de bain compl\u00e8te : avec baignoire et meubles.<\/li>\n\n\n\n<li>Cuisine ind\u00e9pendante : Enti\u00e8rement \u00e9quip\u00e9e, avec acc\u00e8s \u00e0 la galerie.<\/li>\n\n\n\n<li>Galerie : avec toilettes suppl\u00e9mentaires et coin machine \u00e0 laver.<\/li>\n\n\n\n<li>Jardin arri\u00e8re (70 m\u00b2) : Avec coin barbecue, piscine de 4x3m, palmiers et maison d&#8217;\u00e9puration. Id\u00e9al pour profiter de l&#8217;ext\u00e9rieur. <\/li>\n\n\n\n<li>Solarium (30 m\u00b2) : Avec pelouse, chambre climatis\u00e9e et deux pi\u00e8ces de rangement. Pr\u00e9par\u00e9 pour une troisi\u00e8me salle de bains. <\/li>\n<\/ul>\n\n<p>Services \u00e0 proximit\u00e9 :<\/p>\n\n<ul class=\"wp-block-list\">\n<li>Supermarch\u00e9 : \u00e0 500 m\u00e8tres<\/li>\n\n\n\n<li>Plage : 500 m\u00e8tres<\/li>\n\n\n\n<li>Centre de sant\u00e9 : \u00e0 700 m\u00e8tres<\/li>\n\n\n\n<li>Police locale : \u00e0 800 m\u00e8tres<\/li>\n\n\n\n<li>Centre ville : \u00e0 1 kilom\u00e8tre, avec tous les services n\u00e9cessaires<\/li>\n\n\n\n<li>Parc r\u00e9gional d&#8217;Arenales : \u00e0 300 m\u00e8tres, avec une piste cyclable et l&#8217;acc\u00e8s aux meilleures plages de la r\u00e9gion.<\/li>\n\n\n\n<li>Centre commercial Dos Mares : 5 minutes<\/li>\n\n\n\n<li>Centre commercial La Zenia Boulevard : 20 minutes<\/li>\n\n\n\n<li>A\u00e9roport d&#8217;Alicante : 50 minutes<\/li>\n\n\n\n<li>A\u00e9roport de Corvera Murcia : 30 minutes<\/li>\n<\/ul>\n\n<p><\/p>\n","protected":false},"excerpt":{"rendered":"<p>Situ\u00e9e dans un quartier r\u00e9sidentiel calme de San Pedro del Pinatar, cette maison mitoyenne offre un terrain de 168 m\u00b2 et 70 m\u00b2 construits, con\u00e7us pour le confort, la fonctionnalit\u00e9 et l&#8217;agr\u00e9ment. \u00c0 seulement 500 m\u00e8tres de la plage, cette maison est parfaite pour ceux qui recherchent une maison proche de la mer et avec [&hellip;]<\/p>\n","protected":false},"author":3,"featured_media":9498,"parent":0,"menu_order":0,"template":"","property_type":[134],"property_status":[44],"property_feature":[218,43,241],"property_label":[],"property_country":[32],"property_state":[39],"property_city":[42],"property_area":[237],"class_list":["post-9597","property","type-property","status-publish","has-post-thumbnail","hentry","property_type-maison-jumelee","property_status-en-vente","property_feature-jardin-fr","property_feature-piscina-fr","property_feature-terrasse","property_country-spain-fr","property_state-region-de-murcie","property_city-san-pedro-del-pinatar-fr","property_area-lo-pagan-fr"],"property_meta":{"fave_featured":["0"],"houzez_featured_listing_date":[""],"fave_property_images":["9161","9166","9156","9196","9171","9181","9591","9576","9586","9536","9531","9326","9526","9271","9246","9281","9286","9241","9216","9206","9186","9191","9336","9341","9331","9346","9321","9551","9546","9556","9561","9201","9211","9566","9131","9136","9146","9121","9106","9101","9111","9116","9316","9311","9296","9306","9221","9226","9236","9516"],"fave_single_top_area":["global"],"_top_nav_excluded":[""],"_cms_nav_minihome":[""],"houzez_geolocation_lat":["37.8252248"],"houzez_geolocation_long":["-0.7806003"],"_thumbnail_id":["9498"],"_last_translation_edit_mode":["translation-editor"],"houzez_total_property_views":["117"],"houzez_views_by_date":["a:61:{s:10:\"06-18-2025\";i:2;s:10:\"06-26-2025\";i:2;s:10:\"07-04-2025\";i:1;s:10:\"07-05-2025\";i:1;s:10:\"07-12-2025\";i:1;s:10:\"07-14-2025\";i:2;s:10:\"07-20-2025\";i:1;s:10:\"07-25-2025\";i:1;s:10:\"07-28-2025\";i:1;s:10:\"08-02-2025\";i:1;s:10:\"08-16-2025\";i:1;s:10:\"08-22-2025\";i:1;s:10:\"08-23-2025\";i:1;s:10:\"08-26-2025\";i:1;s:10:\"08-27-2025\";i:1;s:10:\"08-30-2025\";i:2;s:10:\"09-04-2025\";i:1;s:10:\"09-10-2025\";i:1;s:10:\"09-12-2025\";i:1;s:10:\"09-15-2025\";i:1;s:10:\"09-20-2025\";i:2;s:10:\"09-25-2025\";i:1;s:10:\"09-30-2025\";i:1;s:10:\"10-02-2025\";i:1;s:10:\"10-06-2025\";i:1;s:10:\"10-12-2025\";i:1;s:10:\"10-18-2025\";i:1;s:10:\"10-23-2025\";i:1;s:10:\"11-19-2025\";i:1;s:10:\"12-06-2025\";i:1;s:10:\"12-13-2025\";i:1;s:10:\"12-15-2025\";i:1;s:10:\"12-23-2025\";i:1;s:10:\"12-25-2025\";i:1;s:10:\"01-05-2026\";i:1;s:10:\"01-12-2026\";i:3;s:10:\"01-16-2026\";i:1;s:10:\"01-19-2026\";i:1;s:10:\"01-21-2026\";i:1;s:10:\"01-26-2026\";i:1;s:10:\"01-31-2026\";i:1;s:10:\"02-05-2026\";i:2;s:10:\"02-16-2026\";i:1;s:10:\"02-17-2026\";i:1;s:10:\"02-22-2026\";i:1;s:10:\"02-27-2026\";i:1;s:10:\"03-11-2026\";i:2;s:10:\"03-12-2026\";i:1;s:10:\"03-19-2026\";i:2;s:10:\"03-22-2026\";i:1;s:10:\"03-24-2026\";i:1;s:10:\"03-29-2026\";i:2;s:10:\"04-02-2026\";i:1;s:10:\"04-03-2026\";i:1;s:10:\"04-04-2026\";i:1;s:10:\"04-09-2026\";i:1;s:10:\"04-14-2026\";i:1;s:10:\"04-19-2026\";i:1;s:10:\"04-22-2026\";i:2;s:10:\"04-24-2026\";i:1;s:10:\"04-30-2026\";i:3;}"],"houzez_recently_viewed":["2026-04-30 09:22:52"],"fave_property_price":["225000"],"fave_property_size":["70"],"fave_property_land":["180"],"fave_property_bedrooms":["3"],"fave_property_bathrooms":["2"],"fave_property_id":["3034MHC"],"fave_property_map":["1"],"fave_property_map_address":["Los Cuarteros, San Pedro del Pinatar, Campo de Cartagena y Mar Menor, Regi\u00f3n de Murcia, Espagne"],"fave_property_location":["37.8252248,-0.7806003,15"],"fave_property_map_street_view":["montrer"],"fave_property_zip":["30740"],"fave_video_url":["https:\/\/youtu.be\/CSBTTjbGgdc"],"fave_agent_display_option":["auteur_info"],"fave_prop_homeslider":["non"],"_elementor_page_assets":["a:0:{}"]},"_links":{"self":[{"href":"https:\/\/myhomeproperty.es\/fr\/wp-json\/wp\/v2\/properties\/9597","targetHints":{"allow":["GET"]}}],"collection":[{"href":"https:\/\/myhomeproperty.es\/fr\/wp-json\/wp\/v2\/properties"}],"about":[{"href":"https:\/\/myhomeproperty.es\/fr\/wp-json\/wp\/v2\/types\/property"}],"author":[{"embeddable":true,"href":"https:\/\/myhomeproperty.es\/fr\/wp-json\/wp\/v2\/users\/3"}],"version-history":[{"count":2,"href":"https:\/\/myhomeproperty.es\/fr\/wp-json\/wp\/v2\/properties\/9597\/revisions"}],"predecessor-version":[{"id":9606,"href":"https:\/\/myhomeproperty.es\/fr\/wp-json\/wp\/v2\/properties\/9597\/revisions\/9606"}],"wp:featuredmedia":[{"embeddable":true,"href":"https:\/\/myhomeproperty.es\/fr\/wp-json\/wp\/v2\/media\/9498"}],"wp:attachment":[{"href":"https:\/\/myhomeproperty.es\/fr\/wp-json\/wp\/v2\/media?parent=9597"}],"wp:term":[{"taxonomy":"property_type","embeddable":true,"href":"https:\/\/myhomeproperty.es\/fr\/wp-json\/wp\/v2\/property_type?post=9597"},{"taxonomy":"property_status","embeddable":true,"href":"https:\/\/myhomeproperty.es\/fr\/wp-json\/wp\/v2\/property_status?post=9597"},{"taxonomy":"property_feature","embeddable":true,"href":"https:\/\/myhomeproperty.es\/fr\/wp-json\/wp\/v2\/property_feature?post=9597"},{"taxonomy":"property_label","embeddable":true,"href":"https:\/\/myhomeproperty.es\/fr\/wp-json\/wp\/v2\/property_label?post=9597"},{"taxonomy":"property_country","embeddable":true,"href":"https:\/\/myhomeproperty.es\/fr\/wp-json\/wp\/v2\/property_country?post=9597"},{"taxonomy":"property_state","embeddable":true,"href":"https:\/\/myhomeproperty.es\/fr\/wp-json\/wp\/v2\/property_state?post=9597"},{"taxonomy":"property_city","embeddable":true,"href":"https:\/\/myhomeproperty.es\/fr\/wp-json\/wp\/v2\/property_city?post=9597"},{"taxonomy":"property_area","embeddable":true,"href":"https:\/\/myhomeproperty.es\/fr\/wp-json\/wp\/v2\/property_area?post=9597"}],"curies":[{"name":"wp","href":"https:\/\/api.w.org\/{rel}","templated":true}]}}