{"id":2498,"date":"2024-07-24T11:19:26","date_gmt":"2024-07-24T11:19:26","guid":{"rendered":"https:\/\/myhomeproperty.es\/property\/tvaplansvillor-med-privat-pool-och-solarium-i-san-pedro-del-pinatar\/"},"modified":"2024-09-27T14:30:13","modified_gmt":"2024-09-27T14:30:13","slug":"tvaplansvillor-med-privat-pool-och-solarium-i-san-pedro-del-pinatar","status":"publish","type":"property","link":"https:\/\/myhomeproperty.es\/sv\/property\/tvaplansvillor-med-privat-pool-och-solarium-i-san-pedro-del-pinatar\/","title":{"rendered":"Tv\u00e5plansvillor med privat pool och solarium i San Pedro del Pinatar"},"content":{"rendered":"\n<p>Vi presenterar detta nybyggda bostadshus bel\u00e4get i San Pedro del Pinatar (Murcia) med utm\u00e4rkt l\u00e4ge, i ett lugnt omr\u00e5de, men samtidigt n\u00e4ra alla tj\u00e4nster, med enkel tillg\u00e5ng till motorv\u00e4gen och bara 2 km fr\u00e5n Mar Menor.<\/p>\n\n<p>Fastigheterna \u00e4r f\u00f6rdelade p\u00e5 tv\u00e5 v\u00e5ningar och ett solarium. Bottenv\u00e5ningen har ett stort sovrum med inbyggd garderob, vardagsrum med k\u00f6k i \u00f6ppen planl\u00f6sning, ett komplett badrum, en bakre uteplats som kan anv\u00e4ndas som tv\u00e4ttstuga och den fr\u00e4mre terrassen med den privata poolen och plats f\u00f6r att parkera ditt fordon.<\/p>\n\n<p>P\u00e5 \u00f6verv\u00e5ningen finns de andra tv\u00e5 sovrummen, ett av dem med ett omkl\u00e4dningsrum, ett komplett badrum och en stor terrass. D\u00e4rifr\u00e5n kan du komma \u00e5t solariumet, vilket m\u00f6jligg\u00f6r olika m\u00f6jligheter eftersom det \u00e4r av stor storlek.<\/p>\n\n<p>Utomhusliv \u00e4r en prioritet &#8230; Detta projekt f\u00f6ddes p\u00e5 grund av den stora efterfr\u00e5gan p\u00e5 att erbjuda ett idealiskt hus, utomhusutrymmen f\u00f6r att njuta av solljuset och helt avantgardistisk design till mycket konkurrenskraftiga priser.<\/p>\n\n<p><br\/><br\/><br\/><br\/><br\/>3 sovrum. 2 kompletta badrum. K\u00f6k med elektriska apparater. Privat pool. Terrass. Solarium ing\u00e5r.<\/p>\n","protected":false},"excerpt":{"rendered":"<p>Vi presenterar detta nybyggda bostadshus bel\u00e4get i San Pedro del Pinatar (Murcia) med utm\u00e4rkt l\u00e4ge, i ett lugnt omr\u00e5de, men samtidigt n\u00e4ra alla tj\u00e4nster, med enkel tillg\u00e5ng till motorv\u00e4gen och bara 2 km fr\u00e5n Mar Menor. Fastigheterna \u00e4r f\u00f6rdelade p\u00e5 tv\u00e5 v\u00e5ningar och ett solarium. Bottenv\u00e5ningen har ett stort sovrum med inbyggd garderob, vardagsrum med [&hellip;]<\/p>\n","protected":false},"author":1,"featured_media":2501,"parent":0,"menu_order":0,"template":"","property_type":[],"property_status":[142,93],"property_feature":[89],"property_label":[],"property_country":[],"property_state":[91],"property_city":[87],"property_area":[],"class_list":["post-2498","property","type-property","status-publish","has-post-thumbnail","hentry","property_status-sald","property_status-till-salu","property_feature-simbassang","property_state-regionen-murcia","property_city-san-pedro-del-pinatar-sv"],"property_meta":{"fave_featured":["0"],"houzez_featured_listing_date":[""],"fave_property_images":["1141","1205","1201","1213","1217","1221","1193","1225","1197","1145","1229","1181","1149","1153","1185","1161","1165","1169","1173","1177","1189","1233","1237"],"fave_single_top_area":["global"],"_top_nav_excluded":[""],"_cms_nav_minihome":[""],"houzez_geolocation_lat":["37.8353328"],"houzez_geolocation_long":["-0.7916121"],"_thumbnail_id":["2501"],"_last_translation_edit_mode":["translation-editor"],"houzez_total_property_views":["132"],"houzez_views_by_date":["a:61:{s:10:\"06-05-2025\";i:1;s:10:\"06-10-2025\";i:2;s:10:\"06-12-2025\";i:1;s:10:\"06-19-2025\";i:1;s:10:\"07-03-2025\";i:1;s:10:\"07-12-2025\";i:1;s:10:\"07-13-2025\";i:2;s:10:\"07-21-2025\";i:1;s:10:\"07-25-2025\";i:2;s:10:\"07-28-2025\";i:1;s:10:\"08-03-2025\";i:1;s:10:\"08-19-2025\";i:1;s:10:\"08-22-2025\";i:1;s:10:\"08-23-2025\";i:1;s:10:\"08-26-2025\";i:1;s:10:\"08-29-2025\";i:1;s:10:\"08-30-2025\";i:2;s:10:\"09-06-2025\";i:1;s:10:\"09-11-2025\";i:1;s:10:\"09-17-2025\";i:1;s:10:\"09-22-2025\";i:1;s:10:\"09-25-2025\";i:1;s:10:\"09-27-2025\";i:1;s:10:\"10-03-2025\";i:1;s:10:\"10-09-2025\";i:1;s:10:\"10-16-2025\";i:1;s:10:\"10-20-2025\";i:1;s:10:\"10-22-2025\";i:1;s:10:\"10-28-2025\";i:1;s:10:\"11-18-2025\";i:1;s:10:\"11-28-2025\";i:3;s:10:\"12-08-2025\";i:1;s:10:\"12-14-2025\";i:1;s:10:\"12-18-2025\";i:1;s:10:\"01-03-2026\";i:1;s:10:\"01-11-2026\";i:1;s:10:\"01-12-2026\";i:1;s:10:\"01-15-2026\";i:2;s:10:\"01-31-2026\";i:1;s:10:\"02-05-2026\";i:1;s:10:\"02-11-2026\";i:1;s:10:\"02-13-2026\";i:2;s:10:\"02-18-2026\";i:2;s:10:\"02-23-2026\";i:1;s:10:\"02-24-2026\";i:1;s:10:\"03-11-2026\";i:2;s:10:\"03-13-2026\";i:1;s:10:\"03-15-2026\";i:1;s:10:\"03-20-2026\";i:1;s:10:\"03-21-2026\";i:2;s:10:\"03-26-2026\";i:1;s:10:\"03-27-2026\";i:1;s:10:\"03-31-2026\";i:1;s:10:\"04-06-2026\";i:1;s:10:\"04-07-2026\";i:2;s:10:\"04-11-2026\";i:1;s:10:\"04-15-2026\";i:2;s:10:\"04-17-2026\";i:1;s:10:\"04-22-2026\";i:2;s:10:\"04-23-2026\";i:1;s:10:\"04-28-2026\";i:1;}"],"houzez_recently_viewed":["2026-04-28 18:51:16"],"fave_property_price":["317900"],"fave_property_size":["105"],"fave_property_land":["110"],"fave_property_bedrooms":["3"],"fave_property_bathrooms":["2"],"fave_property_id":["3004MHJ"],"fave_property_map":["1"],"fave_property_map_address":["San Pedro del Pinatar, Campo de Cartagena y Mar Menor, regionen Murcia, 30740, Spanien"],"fave_property_location":["37.8353328,-0.7916121,15"],"fave_property_map_street_view":["g\u00f6mma"],"fave_property_zip":["30740"],"fave_video_url":["https:\/\/youtu.be\/LzNdvMM9_qc"],"fave_agent_display_option":["none"],"fave_prop_homeslider":["ja"],"fave_private_note":["BOST\u00c4DER JACARANDA RODRIGO HOMES - PACO ALBALADEJO - FASE I - ZONA TAIBILLA -  "],"floor_plans":["a:2:{i:0;a:2:{s:15:\"fave_plan_title\";s:12:\"Allm\u00e4n plan\";s:15:\"fave_plan_image\";s:76:\"https:\/\/myhomeproperty.es\/wp-content\/uploads\/2024\/07\/Plot-Planta-general.jpg\";}i:1;a:2:{s:15:\"fave_plan_title\";s:11:\"Bost\u00e4der  \";s:15:\"fave_plan_image\";s:79:\"https:\/\/myhomeproperty.es\/wp-content\/uploads\/2024\/07\/Viviendas-N.2-N.3-N.16.jpg\";}}"],"houzez_manual_expire":["0"],"_houzez_expiration_date_status":["saved"],"_elementor_page_assets":["a:0:{}"]},"_links":{"self":[{"href":"https:\/\/myhomeproperty.es\/sv\/wp-json\/wp\/v2\/properties\/2498","targetHints":{"allow":["GET"]}}],"collection":[{"href":"https:\/\/myhomeproperty.es\/sv\/wp-json\/wp\/v2\/properties"}],"about":[{"href":"https:\/\/myhomeproperty.es\/sv\/wp-json\/wp\/v2\/types\/property"}],"author":[{"embeddable":true,"href":"https:\/\/myhomeproperty.es\/sv\/wp-json\/wp\/v2\/users\/1"}],"version-history":[{"count":1,"href":"https:\/\/myhomeproperty.es\/sv\/wp-json\/wp\/v2\/properties\/2498\/revisions"}],"predecessor-version":[{"id":2503,"href":"https:\/\/myhomeproperty.es\/sv\/wp-json\/wp\/v2\/properties\/2498\/revisions\/2503"}],"wp:featuredmedia":[{"embeddable":true,"href":"https:\/\/myhomeproperty.es\/sv\/wp-json\/wp\/v2\/media\/2501"}],"wp:attachment":[{"href":"https:\/\/myhomeproperty.es\/sv\/wp-json\/wp\/v2\/media?parent=2498"}],"wp:term":[{"taxonomy":"property_type","embeddable":true,"href":"https:\/\/myhomeproperty.es\/sv\/wp-json\/wp\/v2\/property_type?post=2498"},{"taxonomy":"property_status","embeddable":true,"href":"https:\/\/myhomeproperty.es\/sv\/wp-json\/wp\/v2\/property_status?post=2498"},{"taxonomy":"property_feature","embeddable":true,"href":"https:\/\/myhomeproperty.es\/sv\/wp-json\/wp\/v2\/property_feature?post=2498"},{"taxonomy":"property_label","embeddable":true,"href":"https:\/\/myhomeproperty.es\/sv\/wp-json\/wp\/v2\/property_label?post=2498"},{"taxonomy":"property_country","embeddable":true,"href":"https:\/\/myhomeproperty.es\/sv\/wp-json\/wp\/v2\/property_country?post=2498"},{"taxonomy":"property_state","embeddable":true,"href":"https:\/\/myhomeproperty.es\/sv\/wp-json\/wp\/v2\/property_state?post=2498"},{"taxonomy":"property_city","embeddable":true,"href":"https:\/\/myhomeproperty.es\/sv\/wp-json\/wp\/v2\/property_city?post=2498"},{"taxonomy":"property_area","embeddable":true,"href":"https:\/\/myhomeproperty.es\/sv\/wp-json\/wp\/v2\/property_area?post=2498"}],"curies":[{"name":"wp","href":"https:\/\/api.w.org\/{rel}","templated":true}]}}