{"id":27511,"date":"2025-02-11T17:16:53","date_gmt":"2025-02-11T17:16:53","guid":{"rendered":"https:\/\/myhomeproperty.es\/property\/fristaende-hus-med-3-sovrum-i-lo-pagan\/"},"modified":"2025-03-31T07:08:27","modified_gmt":"2025-03-31T07:08:27","slug":"fristaende-hus-med-3-sovrum-i-lo-pagan","status":"publish","type":"property","link":"https:\/\/myhomeproperty.es\/sv\/property\/fristaende-hus-med-3-sovrum-i-lo-pagan\/","title":{"rendered":"Frist\u00e5ende hus med 3 sovrum i Lo Pagan"},"content":{"rendered":"\n<p>Uppt\u00e4ck ditt nya hem bara 650 meter fr\u00e5n stranden! Detta attraktiva radhus i San Pedro del Pinatar erbjuder dig en perfekt kombination av komfort, l\u00e4ge och kustlivsstil. <\/p>\n\n<p>Med 79 m\u00b2 byggd yta och 72 m\u00b2 tomt \u00e4r denna fastighet f\u00f6rdelad p\u00e5 tv\u00e5 v\u00e5ningar f\u00f6r att maximera din komfort.<\/p>\n\n<p>P\u00e5 bottenv\u00e5ningen finns ett rymligt vardagsrum med matplats, ett fullt utrustat k\u00f6k, ett sovrum, ett badrum, en praktisk tv\u00e4ttstuga, ett f\u00f6rr\u00e5d och en uteplats och en solig terrass p\u00e5 15 m\u00b2, perfekt f\u00f6r att njuta av lugna stunder utomhus.<\/p>\n\n<p>P\u00e5 f\u00f6rsta v\u00e5ningen finns ytterligare 2 sovrum, ett av dem med tillg\u00e5ng till en balkong, och ett andra badrum.<\/p>\n\n<p>Fastighetens \u00f6stliga orientering g\u00f6r att varje h\u00f6rn fylls av naturligt ljus under hela dagen, vilket skapar en varm och v\u00e4lkomnande atmosf\u00e4r.<\/p>\n\n<p>Dessutom inkluderar fastigheten inbyggda garderober, tr\u00e4dg\u00e5rd, luftkonditionering, larmsystem, m\u00f6bler och \u00e4r omgiven av alla n\u00f6dv\u00e4ndiga tj\u00e4nster: kollektivtrafik och medicinska centra, parker och lekplatser p\u00e5 400 meter, k\u00f6pcentret Dos Mares p\u00e5 4 km, f\u00f6r att inte gl\u00f6mma Los Lorcas-stranden p\u00e5 8 minuters g\u00e5ngavst\u00e5nd.<\/p>\n\n<p>Missa inte chansen att bo i en idealisk milj\u00f6, med allt du beh\u00f6ver f\u00f6r att njuta av livet n\u00e4ra havet!<\/p>\n","protected":false},"excerpt":{"rendered":"<p>Uppt\u00e4ck ditt nya hem bara 650 meter fr\u00e5n stranden! Detta attraktiva radhus i San Pedro del Pinatar erbjuder dig en perfekt kombination av komfort, l\u00e4ge och kustlivsstil. Med 79 m\u00b2 byggd yta och 72 m\u00b2 tomt \u00e4r denna fastighet f\u00f6rdelad p\u00e5 tv\u00e5 v\u00e5ningar f\u00f6r att maximera din komfort. P\u00e5 bottenv\u00e5ningen finns ett rymligt vardagsrum med [&hellip;]<\/p>\n","protected":false},"author":3,"featured_media":27363,"parent":0,"menu_order":0,"template":"","property_type":[196,136],"property_status":[93],"property_feature":[243],"property_label":[],"property_country":[101],"property_state":[91],"property_city":[87],"property_area":[239],"class_list":["post-27511","property","type-property","status-publish","has-post-thumbnail","hentry","property_type-duplex-sv","property_type-parhus","property_status-till-salu","property_feature-terrass","property_country-spanien","property_state-regionen-murcia","property_city-san-pedro-del-pinatar-sv","property_area-lo-pagan-sv"],"property_meta":{"fave_featured":["0"],"houzez_featured_listing_date":[""],"fave_property_images":["27364","27369","27374","27359","27479","27474","27499","27379","27389","27404","27419","27399","27394","27469","27434","27429","27464","27459","27444","27449","27439","27454","27289","27319","27354","27349","27339","27344","27329","27324","27259","27334","27513","27518","27533","27538","27528","27543","27548"],"fave_single_top_area":["global"],"_top_nav_excluded":[""],"_cms_nav_minihome":[""],"houzez_geolocation_lat":["37.824158665432"],"houzez_geolocation_long":["-0.77806342790816"],"_thumbnail_id":["27363"],"_last_translation_edit_mode":["translation-editor"],"houzez_manual_expire":["0"],"_houzez_expiration_date_status":["saved"],"houzez_total_property_views":["83"],"houzez_views_by_date":["a:61:{s:10:\"05-30-2025\";i:1;s:10:\"06-04-2025\";i:1;s:10:\"06-11-2025\";i:1;s:10:\"06-17-2025\";i:1;s:10:\"06-29-2025\";i:1;s:10:\"07-01-2025\";i:2;s:10:\"07-04-2025\";i:1;s:10:\"07-10-2025\";i:1;s:10:\"07-13-2025\";i:1;s:10:\"07-14-2025\";i:2;s:10:\"07-17-2025\";i:1;s:10:\"07-21-2025\";i:1;s:10:\"07-25-2025\";i:1;s:10:\"07-31-2025\";i:1;s:10:\"08-03-2025\";i:1;s:10:\"08-20-2025\";i:1;s:10:\"08-26-2025\";i:1;s:10:\"08-30-2025\";i:2;s:10:\"09-04-2025\";i:1;s:10:\"09-09-2025\";i:1;s:10:\"09-13-2025\";i:1;s:10:\"09-14-2025\";i:1;s:10:\"09-19-2025\";i:1;s:10:\"09-24-2025\";i:1;s:10:\"09-27-2025\";i:2;s:10:\"09-29-2025\";i:1;s:10:\"10-05-2025\";i:1;s:10:\"10-11-2025\";i:1;s:10:\"10-18-2025\";i:1;s:10:\"10-28-2025\";i:1;s:10:\"11-19-2025\";i:1;s:10:\"12-06-2025\";i:1;s:10:\"12-12-2025\";i:1;s:10:\"12-13-2025\";i:1;s:10:\"12-19-2025\";i:1;s:10:\"12-25-2025\";i:1;s:10:\"01-01-2026\";i:1;s:10:\"01-08-2026\";i:1;s:10:\"01-12-2026\";i:2;s:10:\"01-15-2026\";i:1;s:10:\"01-21-2026\";i:1;s:10:\"01-26-2026\";i:1;s:10:\"02-01-2026\";i:1;s:10:\"02-07-2026\";i:1;s:10:\"02-10-2026\";i:1;s:10:\"02-26-2026\";i:1;s:10:\"03-06-2026\";i:1;s:10:\"03-11-2026\";i:4;s:10:\"03-13-2026\";i:1;s:10:\"03-19-2026\";i:1;s:10:\"03-21-2026\";i:1;s:10:\"03-25-2026\";i:1;s:10:\"03-30-2026\";i:1;s:10:\"04-05-2026\";i:1;s:10:\"04-10-2026\";i:1;s:10:\"04-11-2026\";i:1;s:10:\"04-13-2026\";i:1;s:10:\"04-16-2026\";i:1;s:10:\"04-21-2026\";i:1;s:10:\"04-27-2026\";i:1;s:10:\"04-28-2026\";i:1;}"],"houzez_recently_viewed":["2026-04-28 19:06:56"],"fave_property_price":["137000"],"fave_property_size":["70"],"fave_property_land":["70"],"fave_property_bedrooms":["3"],"fave_property_bathrooms":["2"],"fave_property_year":["1994"],"fave_property_id":["3041MHJ"],"fave_property_map":["1"],"fave_property_map_address":["Calle R\u00edo Sil, Villa Nanitos, Los Cuarteros, San Pedro del Pinatar, Campo de Cartagena y Mar Menor, Regi\u00f3n de Murcia, 30740, Spanien"],"fave_property_location":["37.824158665432,-0.77806342790816,15"],"fave_property_map_street_view":["g\u00f6mma"],"fave_video_url":["https:\/\/youtu.be\/Ge31cGGV4eA"],"fave_agent_display_option":["f\u00f6rfattare_info"],"fave_prop_homeslider":["nej"],"_elementor_page_assets":["a:0:{}"]},"_links":{"self":[{"href":"https:\/\/myhomeproperty.es\/sv\/wp-json\/wp\/v2\/properties\/27511","targetHints":{"allow":["GET"]}}],"collection":[{"href":"https:\/\/myhomeproperty.es\/sv\/wp-json\/wp\/v2\/properties"}],"about":[{"href":"https:\/\/myhomeproperty.es\/sv\/wp-json\/wp\/v2\/types\/property"}],"author":[{"embeddable":true,"href":"https:\/\/myhomeproperty.es\/sv\/wp-json\/wp\/v2\/users\/3"}],"version-history":[{"count":1,"href":"https:\/\/myhomeproperty.es\/sv\/wp-json\/wp\/v2\/properties\/27511\/revisions"}],"predecessor-version":[{"id":27512,"href":"https:\/\/myhomeproperty.es\/sv\/wp-json\/wp\/v2\/properties\/27511\/revisions\/27512"}],"wp:featuredmedia":[{"embeddable":true,"href":"https:\/\/myhomeproperty.es\/sv\/wp-json\/wp\/v2\/media\/27363"}],"wp:attachment":[{"href":"https:\/\/myhomeproperty.es\/sv\/wp-json\/wp\/v2\/media?parent=27511"}],"wp:term":[{"taxonomy":"property_type","embeddable":true,"href":"https:\/\/myhomeproperty.es\/sv\/wp-json\/wp\/v2\/property_type?post=27511"},{"taxonomy":"property_status","embeddable":true,"href":"https:\/\/myhomeproperty.es\/sv\/wp-json\/wp\/v2\/property_status?post=27511"},{"taxonomy":"property_feature","embeddable":true,"href":"https:\/\/myhomeproperty.es\/sv\/wp-json\/wp\/v2\/property_feature?post=27511"},{"taxonomy":"property_label","embeddable":true,"href":"https:\/\/myhomeproperty.es\/sv\/wp-json\/wp\/v2\/property_label?post=27511"},{"taxonomy":"property_country","embeddable":true,"href":"https:\/\/myhomeproperty.es\/sv\/wp-json\/wp\/v2\/property_country?post=27511"},{"taxonomy":"property_state","embeddable":true,"href":"https:\/\/myhomeproperty.es\/sv\/wp-json\/wp\/v2\/property_state?post=27511"},{"taxonomy":"property_city","embeddable":true,"href":"https:\/\/myhomeproperty.es\/sv\/wp-json\/wp\/v2\/property_city?post=27511"},{"taxonomy":"property_area","embeddable":true,"href":"https:\/\/myhomeproperty.es\/sv\/wp-json\/wp\/v2\/property_area?post=27511"}],"curies":[{"name":"wp","href":"https:\/\/api.w.org\/{rel}","templated":true}]}}