{"id":2789,"date":"2024-07-25T07:21:08","date_gmt":"2024-07-25T07:21:08","guid":{"rendered":"https:\/\/myhomeproperty.es\/property\/lagenhet-med-1-sovrum-i-san-pedro-del-pinatar\/"},"modified":"2025-01-21T12:11:33","modified_gmt":"2025-01-21T12:11:33","slug":"lagenhet-med-1-sovrum-i-san-pedro-del-pinatar","status":"publish","type":"property","link":"https:\/\/myhomeproperty.es\/sv\/property\/lagenhet-med-1-sovrum-i-san-pedro-del-pinatar\/","title":{"rendered":"L\u00e4genhet med 1 sovrum i San Pedro del Pinatar"},"content":{"rendered":"\n<p>Vi presenterar denna l\u00e4genhet med 1 sovrum bel\u00e4gen i centrum av San Pedro del Pinatar.\n\u00c4ven om det bara har ett sovrum \u00e4r det en rymlig fastighet inom dess egenskaper.\nDen har en entr\u00e9hall, separat k\u00f6k, en liten tv\u00e4ttstuga, stort sovrum, vardagsrum och terrass.  <\/p>\n\n<p>Det \u00e4r en f\u00f6rsta v\u00e5ning med hiss.\nN\u00e4ra till alla bekv\u00e4mligheter, aff\u00e4rer, restauranger och skolor.\nAtt vara vid stranden av Medelhavet och Mar Menor har det stor turist- och ekologisk attraktion, eftersom det \u00e4r d\u00e4r naturparken Salinas y Arenales de San Pedro del Pinatar ligger.  <\/p>\n\n<p class=\"has-black-color has-white-background-color has-text-color has-background has-link-color wp-elements-e85df24f90cb79d038ea6c5c6effddff\"><br\/><br\/><br\/><br\/><br\/><br\/>Intressanta platser: Strand: 2 km Dos Mares k\u00f6pcentrum: 5 minuter La Zenia Boulevard k\u00f6pcentrum: 15 minuter Cartagena: 30 minuter Corvera Murcia flygplats: 30 minuter Alicante flygplats: 50 minuter<\/p>\n","protected":false},"excerpt":{"rendered":"<p>Vi presenterar denna l\u00e4genhet med 1 sovrum bel\u00e4gen i centrum av San Pedro del Pinatar. \u00c4ven om det bara har ett sovrum \u00e4r det en rymlig fastighet inom dess egenskaper. Den har en entr\u00e9hall, separat k\u00f6k, en liten tv\u00e4ttstuga, stort sovrum, vardagsrum och terrass. Det \u00e4r en f\u00f6rsta v\u00e5ning med hiss. N\u00e4ra till alla bekv\u00e4mligheter, [&hellip;]<\/p>\n","protected":false},"author":3,"featured_media":8546,"parent":0,"menu_order":0,"template":"","property_type":[],"property_status":[93],"property_feature":[],"property_label":[],"property_country":[101],"property_state":[96],"property_city":[87],"property_area":[],"class_list":["post-2789","property","type-property","status-publish","has-post-thumbnail","hentry","property_status-till-salu","property_country-spanien","property_state-alicante-sv","property_city-san-pedro-del-pinatar-sv"],"property_meta":{"fave_featured":["0"],"houzez_featured_listing_date":[""],"fave_property_images":["2708","2678","2690","2702","2672","2696","2714","2720","2738","2726","2732","2762","2768","2774","2756","2684","2666","2744","2750"],"fave_single_top_area":["global"],"_top_nav_excluded":[""],"_cms_nav_minihome":[""],"fave_property_price":["74900"],"fave_property_bedrooms":["1"],"fave_property_bathrooms":["1"],"fave_property_id":["3012MH"],"fave_property_map_address":["San Pedro del Pinatar, Campo de Cartagena y Mar Menor, regionen Murcia, 30740, Spanien"],"fave_property_location":["37.8353328,-0.7916121,15"],"houzez_geolocation_lat":["37.8353328"],"houzez_geolocation_long":["-0.7916121"],"fave_property_map_street_view":["g\u00f6mma"],"fave_property_zip":["30740"],"fave_video_url":["https:\/\/youtu.be\/0wMFMFnDRm4?si=SbYa7-jDOVDKLzNl"],"fave_agent_display_option":["f\u00f6rfattare_info"],"fave_prop_homeslider":["ja"],"fave_private_note":["FASTIGHETSBETECKNING 13625"],"_last_translation_edit_mode":["translation-editor"],"_thumbnail_id":["8546"],"houzez_manual_expire":["0"],"_houzez_expiration_date_status":["saved"],"_wpml_word_count":["{\"total\":165,\"to_translate\":{\"en\":165,\"fr\":165,\"de\":165,\"es\":165}}"],"houzez_total_property_views":["111"],"houzez_views_by_date":["a:61:{s:10:\"07-18-2025\";i:1;s:10:\"07-21-2025\";i:2;s:10:\"07-26-2025\";i:1;s:10:\"08-01-2025\";i:1;s:10:\"08-06-2025\";i:2;s:10:\"08-15-2025\";i:2;s:10:\"08-21-2025\";i:1;s:10:\"08-23-2025\";i:2;s:10:\"08-26-2025\";i:1;s:10:\"08-29-2025\";i:1;s:10:\"08-30-2025\";i:2;s:10:\"09-04-2025\";i:1;s:10:\"09-09-2025\";i:1;s:10:\"09-14-2025\";i:1;s:10:\"09-16-2025\";i:1;s:10:\"09-19-2025\";i:1;s:10:\"09-24-2025\";i:1;s:10:\"09-27-2025\";i:1;s:10:\"09-28-2025\";i:2;s:10:\"09-30-2025\";i:1;s:10:\"10-05-2025\";i:2;s:10:\"10-07-2025\";i:1;s:10:\"10-12-2025\";i:1;s:10:\"10-18-2025\";i:1;s:10:\"10-25-2025\";i:1;s:10:\"11-01-2025\";i:1;s:10:\"11-17-2025\";i:2;s:10:\"11-19-2025\";i:1;s:10:\"11-23-2025\";i:1;s:10:\"11-25-2025\";i:1;s:10:\"12-07-2025\";i:1;s:10:\"12-20-2025\";i:1;s:10:\"01-06-2026\";i:1;s:10:\"01-11-2026\";i:1;s:10:\"01-12-2026\";i:2;s:10:\"01-20-2026\";i:1;s:10:\"01-23-2026\";i:1;s:10:\"01-28-2026\";i:1;s:10:\"02-02-2026\";i:1;s:10:\"02-07-2026\";i:1;s:10:\"02-11-2026\";i:1;s:10:\"02-12-2026\";i:1;s:10:\"02-17-2026\";i:1;s:10:\"02-21-2026\";i:1;s:10:\"02-22-2026\";i:1;s:10:\"02-28-2026\";i:1;s:10:\"03-11-2026\";i:3;s:10:\"03-13-2026\";i:1;s:10:\"03-16-2026\";i:1;s:10:\"03-19-2026\";i:1;s:10:\"03-24-2026\";i:2;s:10:\"03-29-2026\";i:2;s:10:\"04-04-2026\";i:1;s:10:\"04-05-2026\";i:1;s:10:\"04-10-2026\";i:2;s:10:\"04-15-2026\";i:1;s:10:\"04-20-2026\";i:1;s:10:\"04-25-2026\";i:1;s:10:\"04-26-2026\";i:1;s:10:\"04-27-2026\";i:1;s:10:\"04-28-2026\";i:1;}"],"houzez_recently_viewed":["2026-04-28 19:08:12"],"_elementor_page_assets":["a:0:{}"]},"_links":{"self":[{"href":"https:\/\/myhomeproperty.es\/sv\/wp-json\/wp\/v2\/properties\/2789","targetHints":{"allow":["GET"]}}],"collection":[{"href":"https:\/\/myhomeproperty.es\/sv\/wp-json\/wp\/v2\/properties"}],"about":[{"href":"https:\/\/myhomeproperty.es\/sv\/wp-json\/wp\/v2\/types\/property"}],"author":[{"embeddable":true,"href":"https:\/\/myhomeproperty.es\/sv\/wp-json\/wp\/v2\/users\/3"}],"version-history":[{"count":1,"href":"https:\/\/myhomeproperty.es\/sv\/wp-json\/wp\/v2\/properties\/2789\/revisions"}],"predecessor-version":[{"id":2790,"href":"https:\/\/myhomeproperty.es\/sv\/wp-json\/wp\/v2\/properties\/2789\/revisions\/2790"}],"wp:featuredmedia":[{"embeddable":true,"href":"https:\/\/myhomeproperty.es\/sv\/wp-json\/wp\/v2\/media\/8546"}],"wp:attachment":[{"href":"https:\/\/myhomeproperty.es\/sv\/wp-json\/wp\/v2\/media?parent=2789"}],"wp:term":[{"taxonomy":"property_type","embeddable":true,"href":"https:\/\/myhomeproperty.es\/sv\/wp-json\/wp\/v2\/property_type?post=2789"},{"taxonomy":"property_status","embeddable":true,"href":"https:\/\/myhomeproperty.es\/sv\/wp-json\/wp\/v2\/property_status?post=2789"},{"taxonomy":"property_feature","embeddable":true,"href":"https:\/\/myhomeproperty.es\/sv\/wp-json\/wp\/v2\/property_feature?post=2789"},{"taxonomy":"property_label","embeddable":true,"href":"https:\/\/myhomeproperty.es\/sv\/wp-json\/wp\/v2\/property_label?post=2789"},{"taxonomy":"property_country","embeddable":true,"href":"https:\/\/myhomeproperty.es\/sv\/wp-json\/wp\/v2\/property_country?post=2789"},{"taxonomy":"property_state","embeddable":true,"href":"https:\/\/myhomeproperty.es\/sv\/wp-json\/wp\/v2\/property_state?post=2789"},{"taxonomy":"property_city","embeddable":true,"href":"https:\/\/myhomeproperty.es\/sv\/wp-json\/wp\/v2\/property_city?post=2789"},{"taxonomy":"property_area","embeddable":true,"href":"https:\/\/myhomeproperty.es\/sv\/wp-json\/wp\/v2\/property_area?post=2789"}],"curies":[{"name":"wp","href":"https:\/\/api.w.org\/{rel}","templated":true}]}}