{"id":28173,"date":"2025-02-13T11:20:26","date_gmt":"2025-02-13T11:20:26","guid":{"rendered":"https:\/\/myhomeproperty.es\/property\/lagenhet-i-san-pedro-del-pinatar-20-minuters-promenad-fran-stranden\/"},"modified":"2025-02-13T11:20:41","modified_gmt":"2025-02-13T11:20:41","slug":"lagenhet-i-san-pedro-del-pinatar-20-minuters-promenad-fran-stranden","status":"publish","type":"property","link":"https:\/\/myhomeproperty.es\/sv\/property\/lagenhet-i-san-pedro-del-pinatar-20-minuters-promenad-fran-stranden\/","title":{"rendered":"L\u00e4genhet i San Pedro del Pinatar 20 minuters promenad fr\u00e5n stranden."},"content":{"rendered":"\n<p>Bost\u00e4der i bungalowstil i ny fas i San Pedro del Pinatar<\/p>\n\n<p>NU TILLG\u00c4NGLIG &#8230; V\u00e4lj mellan en markplansmodell med terrass p\u00e5 framsidan eller ett takv\u00e5ningsloft med terrass p\u00e5 framsidan och ett stort privat takterrass. <\/p>\n\n<p>Tr\u00e4dg\u00e5rd \/ Husets bottenv\u00e5ning: Ytterd\u00f6rren leder in till det rymliga vardagsrummet med matplats p\u00e5 ena sidan. Det fullt utrustade k\u00f6ket ligger bredvid skjutd\u00f6rrarna, vilket g\u00f6r att naturligt solljus kan fl\u00f6da in. P\u00e5 sidan finns ett familjebadrum med handfat, toalett och dusch och 2 sovrum i gener\u00f6s storlek, bef\u00e4lhavaren med eget badrum.  <\/p>\n\n<p>Takv\u00e5ningsmodell: En trappa leder dig till \u00f6verv\u00e5ningen med en stor privat kaklad terrass, med ing\u00e5ngsd\u00f6rr till l\u00e4genheten. Liksom bottenv\u00e5ningen modeller en gener\u00f6s \u00f6ppen planl\u00f6sning vardagsrum \/ matplats med stort k\u00f6k &#8211; 2 sovrum intill (master med eget badrum). Fr\u00e5n baksidan av k\u00f6ket finns tillg\u00e5ng till det privata takterrassen.  <\/p>\n\n<p>NYA FASER II &#8211; III: V\u00e5ra bost\u00e4der inkluderar all LED-belysning interi\u00f6rt och exteri\u00f6rt, f\u00f6rinstallation av luftkonditionering, utrustat k\u00f6k med induktionsh\u00e4ll, ugn, diskmaskin, kyl\/frys och parkeringsplats. Dessa nybyggda bost\u00e4der har en g\u00e5ngv\u00e4g mellan varje struktur, med tillg\u00e5ng till den gemensamma tr\u00e4dg\u00e5rden och det stora poolomr\u00e5det p\u00e5 framsidan. <\/p>\n\n<p>En utvald urbanisation med endast 12 strandhus &#8211; Alla har ett stort gemensamt tr\u00e4dg\u00e5rdsomr\u00e5de med pool &#8230; F\u00e4rdigst\u00e4llande sommaren 2025. <\/p>\n\n<p><br\/><br\/><br\/><br\/><br\/><br\/>Stad: San Pedro del Pinatar Zon: MURCIA Omr\u00e5de: Centrum (1 min promenad) Utsikt: Strand (20 min promenad) Typ: Bungalows &#8211; Duplex Gemensam pool: Ja Parkering:<br\/><br\/><br\/><br\/><br\/><br\/><br\/>Ja, off road Sovrum: 2 Badrum: 2 En-suite: Ja master bedroom Status: Nybyggd Fastighetsstorlek: 74,12 m2 Terrasser: Ja 11 m2 &#8211; 13 m2 Tr\u00e4dg\u00e5rd: Gemensam<\/p>\n","protected":false},"excerpt":{"rendered":"<p>Bost\u00e4der i bungalowstil i ny fas i San Pedro del Pinatar NU TILLG\u00c4NGLIG &#8230; V\u00e4lj mellan en markplansmodell med terrass p\u00e5 framsidan eller ett takv\u00e5ningsloft med terrass p\u00e5 framsidan och ett stort privat takterrass. Tr\u00e4dg\u00e5rd \/ Husets bottenv\u00e5ning: Ytterd\u00f6rren leder in till det rymliga vardagsrummet med matplats p\u00e5 ena sidan. Det fullt utrustade k\u00f6ket ligger [&hellip;]<\/p>\n","protected":false},"author":3,"featured_media":28174,"parent":0,"menu_order":0,"template":"","property_type":[],"property_status":[93],"property_feature":[],"property_label":[],"property_country":[101],"property_state":[91],"property_city":[87],"property_area":[],"class_list":["post-28173","property","type-property","status-publish","has-post-thumbnail","hentry","property_status-till-salu","property_country-spanien","property_state-regionen-murcia","property_city-san-pedro-del-pinatar-sv"],"property_meta":{"fave_featured":["0"],"houzez_featured_listing_date":[""],"fave_property_images":["623","627","647","639","631","619","635","611","643","807","795","659","667","723","727","731","739","699","799","743","771","767","751","675","679","763","735","695","747","755","715","719","787","655","711","783","651","779","703","663","687","691","803","811","791","615","1099","1103","1107"],"fave_single_top_area":["global"],"_top_nav_excluded":[""],"_cms_nav_minihome":[""],"fave_property_price":["219950"],"fave_property_price_prefix":["Vid"],"fave_property_size":["64"],"fave_property_land":["75"],"fave_property_bedrooms":["2"],"fave_property_bathrooms":["2"],"fave_property_id":["3003MH1"],"fave_property_map":["1"],"fave_property_map_address":["San Pedro del Pinatar, Campo de Cartagena y Mar Menor, regionen Murcia, 30740, Spanien"],"fave_property_location":["37.8353328,-0.7916121,15"],"houzez_geolocation_lat":["37.8353328"],"houzez_geolocation_long":["-0.7916121"],"fave_property_map_street_view":["g\u00f6mma"],"fave_property_zip":["30740"],"fave_agent_display_option":["none"],"fave_private_note":["BOSTADSKOMPLEX LISBOA GRUPP ETT - SAN PEDRO CALLE NORTE \/ BEL\u00c9N  "],"floor_plans":["a:2:{i:0;a:2:{s:15:\"fave_plan_title\";s:13:\"Bottenv\u00e5ning\";s:15:\"fave_plan_image\";s:82:\"https:\/\/myhomeproperty.es\/wp-content\/uploads\/2024\/07\/Planta-Baja-Ground-scaled.jpg\";}i:1;a:2:{s:15:\"fave_plan_title\";s:10:\"Takv\u00e5ning\";s:15:\"fave_plan_image\";s:85:\"https:\/\/myhomeproperty.es\/wp-content\/uploads\/2024\/07\/Penthouse-Planta-Alta-scaled.jpg\";}}"],"_thumbnail_id":["28174"],"_last_translation_edit_mode":["translation-editor"],"houzez_total_property_views":["90"],"houzez_views_by_date":["a:61:{s:10:\"05-10-2025\";i:2;s:10:\"05-17-2025\";i:1;s:10:\"05-18-2025\";i:1;s:10:\"05-20-2025\";i:2;s:10:\"05-24-2025\";i:1;s:10:\"05-26-2025\";i:1;s:10:\"05-30-2025\";i:1;s:10:\"06-04-2025\";i:1;s:10:\"06-11-2025\";i:2;s:10:\"06-24-2025\";i:2;s:10:\"06-29-2025\";i:1;s:10:\"07-03-2025\";i:1;s:10:\"07-10-2025\";i:1;s:10:\"07-14-2025\";i:2;s:10:\"07-17-2025\";i:1;s:10:\"07-26-2025\";i:1;s:10:\"07-27-2025\";i:1;s:10:\"07-31-2025\";i:1;s:10:\"08-21-2025\";i:1;s:10:\"08-27-2025\";i:1;s:10:\"08-30-2025\";i:2;s:10:\"09-04-2025\";i:1;s:10:\"09-10-2025\";i:3;s:10:\"09-15-2025\";i:1;s:10:\"09-18-2025\";i:2;s:10:\"09-20-2025\";i:1;s:10:\"09-26-2025\";i:2;s:10:\"10-02-2025\";i:1;s:10:\"10-07-2025\";i:1;s:10:\"10-13-2025\";i:1;s:10:\"10-19-2025\";i:1;s:10:\"11-19-2025\";i:1;s:10:\"11-22-2025\";i:1;s:10:\"11-30-2025\";i:1;s:10:\"12-07-2025\";i:1;s:10:\"12-14-2025\";i:2;s:10:\"12-20-2025\";i:1;s:10:\"12-27-2025\";i:1;s:10:\"01-03-2026\";i:1;s:10:\"01-12-2026\";i:2;s:10:\"01-25-2026\";i:1;s:10:\"01-30-2026\";i:1;s:10:\"02-05-2026\";i:1;s:10:\"02-19-2026\";i:1;s:10:\"02-28-2026\";i:1;s:10:\"03-08-2026\";i:1;s:10:\"03-09-2026\";i:1;s:10:\"03-11-2026\";i:3;s:10:\"03-13-2026\";i:1;s:10:\"03-18-2026\";i:1;s:10:\"03-23-2026\";i:1;s:10:\"03-29-2026\";i:1;s:10:\"03-31-2026\";i:1;s:10:\"04-04-2026\";i:1;s:10:\"04-09-2026\";i:1;s:10:\"04-10-2026\";i:1;s:10:\"04-15-2026\";i:1;s:10:\"04-20-2026\";i:1;s:10:\"04-25-2026\";i:1;s:10:\"04-26-2026\";i:1;s:10:\"04-28-2026\";i:2;}"],"houzez_recently_viewed":["2026-04-28 22:23:27"],"_elementor_page_assets":["a:0:{}"]},"_links":{"self":[{"href":"https:\/\/myhomeproperty.es\/sv\/wp-json\/wp\/v2\/properties\/28173","targetHints":{"allow":["GET"]}}],"collection":[{"href":"https:\/\/myhomeproperty.es\/sv\/wp-json\/wp\/v2\/properties"}],"about":[{"href":"https:\/\/myhomeproperty.es\/sv\/wp-json\/wp\/v2\/types\/property"}],"author":[{"embeddable":true,"href":"https:\/\/myhomeproperty.es\/sv\/wp-json\/wp\/v2\/users\/3"}],"version-history":[{"count":1,"href":"https:\/\/myhomeproperty.es\/sv\/wp-json\/wp\/v2\/properties\/28173\/revisions"}],"predecessor-version":[{"id":28175,"href":"https:\/\/myhomeproperty.es\/sv\/wp-json\/wp\/v2\/properties\/28173\/revisions\/28175"}],"wp:featuredmedia":[{"embeddable":true,"href":"https:\/\/myhomeproperty.es\/sv\/wp-json\/wp\/v2\/media\/28174"}],"wp:attachment":[{"href":"https:\/\/myhomeproperty.es\/sv\/wp-json\/wp\/v2\/media?parent=28173"}],"wp:term":[{"taxonomy":"property_type","embeddable":true,"href":"https:\/\/myhomeproperty.es\/sv\/wp-json\/wp\/v2\/property_type?post=28173"},{"taxonomy":"property_status","embeddable":true,"href":"https:\/\/myhomeproperty.es\/sv\/wp-json\/wp\/v2\/property_status?post=28173"},{"taxonomy":"property_feature","embeddable":true,"href":"https:\/\/myhomeproperty.es\/sv\/wp-json\/wp\/v2\/property_feature?post=28173"},{"taxonomy":"property_label","embeddable":true,"href":"https:\/\/myhomeproperty.es\/sv\/wp-json\/wp\/v2\/property_label?post=28173"},{"taxonomy":"property_country","embeddable":true,"href":"https:\/\/myhomeproperty.es\/sv\/wp-json\/wp\/v2\/property_country?post=28173"},{"taxonomy":"property_state","embeddable":true,"href":"https:\/\/myhomeproperty.es\/sv\/wp-json\/wp\/v2\/property_state?post=28173"},{"taxonomy":"property_city","embeddable":true,"href":"https:\/\/myhomeproperty.es\/sv\/wp-json\/wp\/v2\/property_city?post=28173"},{"taxonomy":"property_area","embeddable":true,"href":"https:\/\/myhomeproperty.es\/sv\/wp-json\/wp\/v2\/property_area?post=28173"}],"curies":[{"name":"wp","href":"https:\/\/api.w.org\/{rel}","templated":true}]}}