{"id":29084,"date":"2025-03-10T17:10:03","date_gmt":"2025-03-10T17:10:03","guid":{"rendered":"https:\/\/myhomeproperty.es\/property\/villa-med-3-sovrum-i-san-pedro-del-pinatar-2\/"},"modified":"2025-07-08T15:26:15","modified_gmt":"2025-07-08T15:26:15","slug":"villa-med-3-sovrum-i-san-pedro-del-pinatar-2","status":"publish","type":"property","link":"https:\/\/myhomeproperty.es\/sv\/property\/villa-med-3-sovrum-i-san-pedro-del-pinatar-2\/","title":{"rendered":"Villa med 3 sovrum i San Pedro del Pinatar"},"content":{"rendered":"\n<p>Denna vackra villa med 3 sovrum och 2 badrum ligger i den charmiga staden San Pedro del Pinatar, bara n\u00e5gra steg fr\u00e5n Mar Menor. Perfekt f\u00f6r att njuta av lugnet, naturen och de unika landskapen i regionen. <\/p>\n\n<p>Distribution:<\/p>\n\n<ul class=\"wp-block-list\">\n<li>Bottenv\u00e5ning:<\/li>\n\n\n\n<li>Matsal: Rymlig och ljus, perfekt f\u00f6r familjesammankomster eller en stunds avkoppling.<\/li>\n\n\n\n<li>K\u00f6k i loftstil: Modernt, \u00f6ppet och funktionellt.<\/li>\n\n\n\n<li>1 sovrum: Rymligt och bekv\u00e4mt.<\/li>\n\n\n\n<li>1 komplett badrum: Modernt och praktiskt.<\/li>\n\n\n\n<li>Tv\u00e4ttstuga: Extra utrymme f\u00f6r hush\u00e5llssysslor.<\/li>\n\n\n\n<li>Terrass: Rymlig, med plats f\u00f6r att parkera ett fordon.<\/li>\n\n\n\n<li>Privat swimmingpool<\/li>\n\n\n\n<li>2 ytterligare sovrum p\u00e5 \u00f6verv\u00e5ningen, varav ett med omkl\u00e4dningsrum, vilket ger komfort och organisation.<\/li>\n\n\n\n<li>1 komplett badrum: V\u00e4lutrustat f\u00f6r funktionalitet.<\/li>\n\n\n\n<li>Terrass: Utomhusutrymme perfekt f\u00f6r att njuta av omgivningarna.<\/li>\n\n\n\n<li>Solarium: Perfekt f\u00f6r att koppla av i solen \u00e5ret runt och dra nytta av Medelhavsklimatet.<\/li>\n<\/ul>\n\n<p>Plats:<br\/>Villan ligger i ett underbart l\u00e4ge, vilket garanterar en otrolig milj\u00f6 f\u00f6r att njuta av lugnet, n\u00e4rheten till havet och spektakul\u00e4ra naturlandskap.<\/p>\n\n<p>Denna fastighet kombinerar modern design med komfort och ett privilegierat l\u00e4ge, vilket g\u00f6r den till den perfekta platsen f\u00f6r en avslappnad och elegant livsstil. Missa inte chansen att bes\u00f6ka denna villa och g\u00f6ra den till din! <\/p>\n","protected":false},"excerpt":{"rendered":"<p>Denna vackra villa med 3 sovrum och 2 badrum ligger i den charmiga staden San Pedro del Pinatar, bara n\u00e5gra steg fr\u00e5n Mar Menor. Perfekt f\u00f6r att njuta av lugnet, naturen och de unika landskapen i regionen. Distribution: Plats:Villan ligger i ett underbart l\u00e4ge, vilket garanterar en otrolig milj\u00f6 f\u00f6r att njuta av lugnet, n\u00e4rheten [&hellip;]<\/p>\n","protected":false},"author":3,"featured_media":28735,"parent":0,"menu_order":0,"template":"","property_type":[195],"property_status":[93],"property_feature":[89,243],"property_label":[],"property_country":[],"property_state":[91],"property_city":[87],"property_area":[],"class_list":["post-29084","property","type-property","status-publish","has-post-thumbnail","hentry","property_type-villa-sv","property_status-till-salu","property_feature-simbassang","property_feature-terrass","property_state-regionen-murcia","property_city-san-pedro-del-pinatar-sv"],"property_meta":{"fave_featured":["0"],"houzez_featured_listing_date":[""],"fave_property_images":["28821","29051","29041","29046","28816","28871","28836","28916","28841","28831","28851","28876","29016","29011","28863","29006","28986","28886","29001","28996","29026","29021","28976","28971","28981","28861","28856","28951","28956","29036","29031","28966","28961","28911","28906","28901","28896","28806","28801","27528","27533","27538","29078"],"fave_single_top_area":["global"],"_top_nav_excluded":[""],"_cms_nav_minihome":[""],"houzez_geolocation_lat":["37.831272"],"houzez_geolocation_long":["-0.7909452"],"_thumbnail_id":["28735"],"_last_translation_edit_mode":["translation-editor"],"houzez_total_property_views":["94"],"houzez_views_by_date":["a:61:{s:10:\"07-09-2025\";i:2;s:10:\"07-13-2025\";i:1;s:10:\"07-16-2025\";i:1;s:10:\"07-19-2025\";i:1;s:10:\"07-23-2025\";i:1;s:10:\"07-24-2025\";i:1;s:10:\"07-30-2025\";i:1;s:10:\"08-04-2025\";i:1;s:10:\"08-08-2025\";i:2;s:10:\"08-16-2025\";i:2;s:10:\"08-22-2025\";i:1;s:10:\"08-24-2025\";i:2;s:10:\"08-27-2025\";i:1;s:10:\"08-29-2025\";i:1;s:10:\"08-30-2025\";i:2;s:10:\"09-04-2025\";i:1;s:10:\"09-09-2025\";i:1;s:10:\"09-14-2025\";i:1;s:10:\"09-17-2025\";i:1;s:10:\"09-19-2025\";i:1;s:10:\"09-24-2025\";i:1;s:10:\"09-29-2025\";i:1;s:10:\"10-04-2025\";i:3;s:10:\"10-10-2025\";i:1;s:10:\"10-12-2025\";i:1;s:10:\"10-15-2025\";i:1;s:10:\"10-21-2025\";i:1;s:10:\"11-18-2025\";i:1;s:10:\"11-24-2025\";i:1;s:10:\"12-07-2025\";i:2;s:10:\"12-08-2025\";i:1;s:10:\"12-13-2025\";i:1;s:10:\"12-20-2025\";i:1;s:10:\"12-21-2025\";i:1;s:10:\"12-26-2025\";i:1;s:10:\"12-28-2025\";i:1;s:10:\"01-02-2026\";i:1;s:10:\"01-11-2026\";i:1;s:10:\"01-12-2026\";i:1;s:10:\"01-28-2026\";i:1;s:10:\"02-02-2026\";i:1;s:10:\"02-07-2026\";i:1;s:10:\"02-12-2026\";i:1;s:10:\"02-15-2026\";i:1;s:10:\"02-22-2026\";i:1;s:10:\"03-11-2026\";i:3;s:10:\"03-13-2026\";i:1;s:10:\"03-15-2026\";i:1;s:10:\"03-19-2026\";i:1;s:10:\"03-21-2026\";i:1;s:10:\"03-25-2026\";i:1;s:10:\"03-27-2026\";i:1;s:10:\"04-04-2026\";i:1;s:10:\"04-05-2026\";i:1;s:10:\"04-09-2026\";i:1;s:10:\"04-11-2026\";i:3;s:10:\"04-16-2026\";i:1;s:10:\"04-21-2026\";i:1;s:10:\"04-26-2026\";i:1;s:10:\"04-27-2026\";i:1;s:10:\"04-28-2026\";i:2;}"],"houzez_recently_viewed":["2026-04-28 20:14:53"],"houzez_manual_expire":["0"],"_houzez_expiration_date_status":["saved"],"fave_property_price":["375000"],"fave_property_size":["112"],"fave_property_land":["105"],"fave_property_bedrooms":["3"],"fave_property_bathrooms":["2"],"fave_property_id":["3046MHR"],"fave_property_map":["1"],"fave_property_map_address":["San Pedro del Pinatar, Campo de Cartagena y Mar Menor, regionen Murcia, 30740, Spanien"],"fave_property_location":["37.831272,-0.7909452,15"],"fave_property_map_street_view":["g\u00f6mma"],"fave_agent_display_option":["agent_info"],"fave_prop_homeslider":["nej"],"fave_private_note":["RODRIGO HOMES (vaktens ugnsomr\u00e5de) - endast villa 7 kvar\n"],"_elementor_page_assets":["a:0:{}"]},"_links":{"self":[{"href":"https:\/\/myhomeproperty.es\/sv\/wp-json\/wp\/v2\/properties\/29084","targetHints":{"allow":["GET"]}}],"collection":[{"href":"https:\/\/myhomeproperty.es\/sv\/wp-json\/wp\/v2\/properties"}],"about":[{"href":"https:\/\/myhomeproperty.es\/sv\/wp-json\/wp\/v2\/types\/property"}],"author":[{"embeddable":true,"href":"https:\/\/myhomeproperty.es\/sv\/wp-json\/wp\/v2\/users\/3"}],"version-history":[{"count":1,"href":"https:\/\/myhomeproperty.es\/sv\/wp-json\/wp\/v2\/properties\/29084\/revisions"}],"predecessor-version":[{"id":29085,"href":"https:\/\/myhomeproperty.es\/sv\/wp-json\/wp\/v2\/properties\/29084\/revisions\/29085"}],"wp:featuredmedia":[{"embeddable":true,"href":"https:\/\/myhomeproperty.es\/sv\/wp-json\/wp\/v2\/media\/28735"}],"wp:attachment":[{"href":"https:\/\/myhomeproperty.es\/sv\/wp-json\/wp\/v2\/media?parent=29084"}],"wp:term":[{"taxonomy":"property_type","embeddable":true,"href":"https:\/\/myhomeproperty.es\/sv\/wp-json\/wp\/v2\/property_type?post=29084"},{"taxonomy":"property_status","embeddable":true,"href":"https:\/\/myhomeproperty.es\/sv\/wp-json\/wp\/v2\/property_status?post=29084"},{"taxonomy":"property_feature","embeddable":true,"href":"https:\/\/myhomeproperty.es\/sv\/wp-json\/wp\/v2\/property_feature?post=29084"},{"taxonomy":"property_label","embeddable":true,"href":"https:\/\/myhomeproperty.es\/sv\/wp-json\/wp\/v2\/property_label?post=29084"},{"taxonomy":"property_country","embeddable":true,"href":"https:\/\/myhomeproperty.es\/sv\/wp-json\/wp\/v2\/property_country?post=29084"},{"taxonomy":"property_state","embeddable":true,"href":"https:\/\/myhomeproperty.es\/sv\/wp-json\/wp\/v2\/property_state?post=29084"},{"taxonomy":"property_city","embeddable":true,"href":"https:\/\/myhomeproperty.es\/sv\/wp-json\/wp\/v2\/property_city?post=29084"},{"taxonomy":"property_area","embeddable":true,"href":"https:\/\/myhomeproperty.es\/sv\/wp-json\/wp\/v2\/property_area?post=29084"}],"curies":[{"name":"wp","href":"https:\/\/api.w.org\/{rel}","templated":true}]}}