{"id":30668,"date":"2025-05-07T16:38:51","date_gmt":"2025-05-07T16:38:51","guid":{"rendered":"https:\/\/myhomeproperty.es\/property\/rymligt-hus-i-san-pedro-del-pinatar\/"},"modified":"2025-05-07T16:49:06","modified_gmt":"2025-05-07T16:49:06","slug":"rymligt-hus-i-san-pedro-del-pinatar","status":"publish","type":"property","link":"https:\/\/myhomeproperty.es\/sv\/property\/rymligt-hus-i-san-pedro-del-pinatar\/","title":{"rendered":"Rymligt hus i San Pedro del Pinatar"},"content":{"rendered":"\n<p>Vi presenterar detta rymliga hus i San Pedro del Pinatar, bel\u00e4get p\u00e5 en tomt p\u00e5 cirka 200 m\u00b2 och f\u00f6rdelat p\u00e5 en \u00f6verv\u00e5ning med flera bekv\u00e4mligheter och bottenv\u00e5ning med olika anv\u00e4ndningsalternativ.<\/p>\n\n<p>Den stora storleken och det goda l\u00e4get g\u00f6r det till ett utm\u00e4rkt tillf\u00e4lle.<\/p>\n\n<p>Distribution:<\/p>\n\n<p><strong>\u00d6vre v\u00e5ning:<\/strong><\/p>\n\n<ul class=\"wp-block-list\">\n<li>4 sovrum: Rymliga och ljusa<\/li>\n\n\n\n<li>2 badrum i bra storlek<\/li>\n\n\n\n<li>Matsal: Rymlig och \u00f6ppen planl\u00f6sning<\/li>\n\n\n\n<li>Uteplats: Ett extra utrymme som ger ljus och ventilation.<\/li>\n\n\n\n<li>Tv\u00e4tt<\/li>\n\n\n\n<li>Terrass<\/li>\n<\/ul>\n\n<p><strong>Bottenv\u00e5ning:<\/strong><\/p>\n\n<ul class=\"wp-block-list\">\n<li>\u00d6ppet utrymme: Med m\u00e5nga olika anv\u00e4ndningsm\u00f6jligheter. Den kan inredas f\u00f6r en frist\u00e5ende bostad, garage, uteplats eller till och med som lager. <\/li>\n<\/ul>\n\n<p><strong>Takterrass:<\/strong><\/p>\n\n<ul class=\"wp-block-list\">\n<li>Stor terrass: En perfekt plats f\u00f6r att njuta av solen, koppla av eller skapa ett fritidsomr\u00e5de utomhus.<\/li>\n<\/ul>\n\n<p><strong>Plats:<\/strong><br\/>Denna fastighet ligger i ett lugnt men centralt l\u00e4ge och erbjuder n\u00e4rhet till skolor, bekv\u00e4mligheter, restauranger och butiker, vilket garanterar ett bekv\u00e4mt boende och enkel tillg\u00e5ng till allt du beh\u00f6ver, inklusive motorv\u00e4gen AP 7.<\/p>\n\n<p>Ett perfekt alternativ f\u00f6r dem som letar efter rymlighet, m\u00e5ngsidighet och ett privilegierat l\u00e4ge, missa inte chansen att l\u00e4ra k\u00e4nna det! <\/p>\n\n<p>TILLH\u00d6RANDE SKATTER OCH AVGIFTER F\u00d6R FASTIGHETSM\u00c4KLARE ING\u00c5R INTE I PRISET!<\/p>\n","protected":false},"excerpt":{"rendered":"<p>Vi presenterar detta rymliga hus i San Pedro del Pinatar, bel\u00e4get p\u00e5 en tomt p\u00e5 cirka 200 m\u00b2 och f\u00f6rdelat p\u00e5 en \u00f6verv\u00e5ning med flera bekv\u00e4mligheter och bottenv\u00e5ning med olika anv\u00e4ndningsalternativ. Den stora storleken och det goda l\u00e4get g\u00f6r det till ett utm\u00e4rkt tillf\u00e4lle. Distribution: \u00d6vre v\u00e5ning: Bottenv\u00e5ning: Takterrass: Plats:Denna fastighet ligger i ett lugnt [&hellip;]<\/p>\n","protected":false},"author":3,"featured_media":30401,"parent":0,"menu_order":0,"template":"","property_type":[124],"property_status":[93],"property_feature":[243],"property_label":[],"property_country":[],"property_state":[91],"property_city":[87],"property_area":[],"class_list":["post-30668","property","type-property","status-publish","has-post-thumbnail","hentry","property_type-hus","property_status-till-salu","property_feature-terrass","property_state-regionen-murcia","property_city-san-pedro-del-pinatar-sv"],"property_meta":{"fave_featured":["0"],"houzez_featured_listing_date":[""],"fave_property_images":["30397","30417","30447","30422","30412","30432","30437","30472","30457","30467","30482","30477","30492","30487","30497","30502","30507","30517","30512","30647","30637","30542","30617","30627","30527","30532","30552","30547","30632","30652","30657","30662","30577","30572","30582","30562","30567","30592","30597","30602","30607","30612","30557"],"fave_single_top_area":["global"],"_top_nav_excluded":[""],"_cms_nav_minihome":[""],"fave_property_price":["235000"],"fave_property_size":["116"],"fave_property_land":["200"],"fave_property_bedrooms":["4"],"fave_property_bathrooms":["2"],"fave_property_garage_size":["116"],"fave_property_id":["3053MH"],"fave_property_map_address":["Avenida del Taibilla, San Pedro del Pinatar, Campo de Cartagena y Mar Menor, Regi\u00f3n de Murcia, 30740, Spanien"],"fave_property_location":["37.8344447,-0.7965034,15"],"houzez_geolocation_lat":["37.8344447"],"houzez_geolocation_long":["-0.7965034"],"fave_property_map_street_view":["g\u00f6mma"],"fave_property_zip":["30740"],"fave_video_url":["https:\/\/youtu.be\/NQsYfb1Zix0"],"fave_agent_display_option":["f\u00f6rfattare_info"],"fave_prop_homeslider":["nej"],"_thumbnail_id":["30401"],"_last_translation_edit_mode":["translation-editor"],"houzez_manual_expire":["0"],"_houzez_expiration_date_status":["saved"],"houzez_total_property_views":["91"],"houzez_views_by_date":["a:61:{s:10:\"06-29-2025\";i:1;s:10:\"07-06-2025\";i:1;s:10:\"07-13-2025\";i:2;s:10:\"07-14-2025\";i:1;s:10:\"07-19-2025\";i:1;s:10:\"07-22-2025\";i:1;s:10:\"07-25-2025\";i:1;s:10:\"07-27-2025\";i:1;s:10:\"07-28-2025\";i:1;s:10:\"08-02-2025\";i:1;s:10:\"08-16-2025\";i:1;s:10:\"08-21-2025\";i:1;s:10:\"08-26-2025\";i:1;s:10:\"08-30-2025\";i:2;s:10:\"09-04-2025\";i:1;s:10:\"09-09-2025\";i:1;s:10:\"09-14-2025\";i:1;s:10:\"09-19-2025\";i:1;s:10:\"09-24-2025\";i:1;s:10:\"09-27-2025\";i:1;s:10:\"09-29-2025\";i:1;s:10:\"10-04-2025\";i:1;s:10:\"10-09-2025\";i:1;s:10:\"10-15-2025\";i:1;s:10:\"10-20-2025\";i:2;s:10:\"11-14-2025\";i:1;s:10:\"11-18-2025\";i:1;s:10:\"11-24-2025\";i:1;s:10:\"12-05-2025\";i:2;s:10:\"12-07-2025\";i:1;s:10:\"12-13-2025\";i:1;s:10:\"12-20-2025\";i:2;s:10:\"12-22-2025\";i:1;s:10:\"12-26-2025\";i:1;s:10:\"12-28-2025\";i:1;s:10:\"01-02-2026\";i:1;s:10:\"01-04-2026\";i:1;s:10:\"01-11-2026\";i:1;s:10:\"01-12-2026\";i:2;s:10:\"01-21-2026\";i:1;s:10:\"01-31-2026\";i:1;s:10:\"02-01-2026\";i:1;s:10:\"02-10-2026\";i:1;s:10:\"02-12-2026\";i:1;s:10:\"02-20-2026\";i:1;s:10:\"03-10-2026\";i:1;s:10:\"03-11-2026\";i:3;s:10:\"03-14-2026\";i:1;s:10:\"03-17-2026\";i:1;s:10:\"03-21-2026\";i:1;s:10:\"03-22-2026\";i:1;s:10:\"03-28-2026\";i:1;s:10:\"03-30-2026\";i:1;s:10:\"04-02-2026\";i:1;s:10:\"04-08-2026\";i:1;s:10:\"04-09-2026\";i:1;s:10:\"04-12-2026\";i:1;s:10:\"04-14-2026\";i:1;s:10:\"04-19-2026\";i:1;s:10:\"04-22-2026\";i:1;s:10:\"04-28-2026\";i:1;}"],"houzez_recently_viewed":["2026-04-28 18:49:44"],"_elementor_page_assets":["a:0:{}"]},"_links":{"self":[{"href":"https:\/\/myhomeproperty.es\/sv\/wp-json\/wp\/v2\/properties\/30668","targetHints":{"allow":["GET"]}}],"collection":[{"href":"https:\/\/myhomeproperty.es\/sv\/wp-json\/wp\/v2\/properties"}],"about":[{"href":"https:\/\/myhomeproperty.es\/sv\/wp-json\/wp\/v2\/types\/property"}],"author":[{"embeddable":true,"href":"https:\/\/myhomeproperty.es\/sv\/wp-json\/wp\/v2\/users\/3"}],"version-history":[{"count":3,"href":"https:\/\/myhomeproperty.es\/sv\/wp-json\/wp\/v2\/properties\/30668\/revisions"}],"predecessor-version":[{"id":30686,"href":"https:\/\/myhomeproperty.es\/sv\/wp-json\/wp\/v2\/properties\/30668\/revisions\/30686"}],"wp:featuredmedia":[{"embeddable":true,"href":"https:\/\/myhomeproperty.es\/sv\/wp-json\/wp\/v2\/media\/30401"}],"wp:attachment":[{"href":"https:\/\/myhomeproperty.es\/sv\/wp-json\/wp\/v2\/media?parent=30668"}],"wp:term":[{"taxonomy":"property_type","embeddable":true,"href":"https:\/\/myhomeproperty.es\/sv\/wp-json\/wp\/v2\/property_type?post=30668"},{"taxonomy":"property_status","embeddable":true,"href":"https:\/\/myhomeproperty.es\/sv\/wp-json\/wp\/v2\/property_status?post=30668"},{"taxonomy":"property_feature","embeddable":true,"href":"https:\/\/myhomeproperty.es\/sv\/wp-json\/wp\/v2\/property_feature?post=30668"},{"taxonomy":"property_label","embeddable":true,"href":"https:\/\/myhomeproperty.es\/sv\/wp-json\/wp\/v2\/property_label?post=30668"},{"taxonomy":"property_country","embeddable":true,"href":"https:\/\/myhomeproperty.es\/sv\/wp-json\/wp\/v2\/property_country?post=30668"},{"taxonomy":"property_state","embeddable":true,"href":"https:\/\/myhomeproperty.es\/sv\/wp-json\/wp\/v2\/property_state?post=30668"},{"taxonomy":"property_city","embeddable":true,"href":"https:\/\/myhomeproperty.es\/sv\/wp-json\/wp\/v2\/property_city?post=30668"},{"taxonomy":"property_area","embeddable":true,"href":"https:\/\/myhomeproperty.es\/sv\/wp-json\/wp\/v2\/property_area?post=30668"}],"curies":[{"name":"wp","href":"https:\/\/api.w.org\/{rel}","templated":true}]}}