{"id":31213,"date":"2025-06-04T17:42:16","date_gmt":"2025-06-04T17:42:16","guid":{"rendered":"https:\/\/myhomeproperty.es\/property\/bungalow-pa-bottenvaningen-i-lo-pagan-bara-600-meter-fran-stranden\/"},"modified":"2025-07-17T13:06:47","modified_gmt":"2025-07-17T13:06:47","slug":"bungalow-pa-bottenvaningen-i-lo-pagan-bara-600-meter-fran-stranden","status":"publish","type":"property","link":"https:\/\/myhomeproperty.es\/sv\/property\/bungalow-pa-bottenvaningen-i-lo-pagan-bara-600-meter-fran-stranden\/","title":{"rendered":"Bungalow p\u00e5 bottenv\u00e5ningen i Lo Pagan, bara 600 meter fr\u00e5n stranden."},"content":{"rendered":"\n<p>Charmig h\u00f6rnbungalow p\u00e5 bottenv\u00e5ningen i Lo Pag\u00e1n med en privat terrass p\u00e5 35m2, bara 600 meter fr\u00e5n stranden i Villananitos. Detta mysiga och v\u00e4lsk\u00f6tta hus erbjuder en idealisk plats f\u00f6r att njuta av utomhusluften och lugnet.<\/p>\n\n<p>Den \u00e4r f\u00f6rdelad i ett rymligt och ljust vardagsrum med matsal, ett fullt utrustat oberoende k\u00f6k, ett sovrum, ett komplett badrum och en gener\u00f6s terrass perfekt f\u00f6r att dra nytta av det goda v\u00e4dret \u00e5ret runt. Ursprungligen hade fastigheten tv\u00e5 sovrum, och den ursprungliga f\u00f6rdelningen kan enkelt \u00e5terst\u00e4llas. <\/p>\n\n<p>Denna fastighet ligger i ett lugnt omr\u00e5de, n\u00e4ra havet och alla viktiga tj\u00e4nster, och \u00e4r ett perfekt val f\u00f6r antingen ett fritidshus eller permanent boende.<\/p>\n\n<p>Lo Pag\u00e1n \u00e4r en privilegierad destination f\u00f6r dem som s\u00f6ker utomhusaktiviteter och som vill njuta av den naturliga sk\u00f6nheten i omgivningen, med spektakul\u00e4ra str\u00e4nder, strandpromenader och den unika charmen i Mar Menor.<\/p>\n\n<p><\/p>\n","protected":false},"excerpt":{"rendered":"<p>Charmig h\u00f6rnbungalow p\u00e5 bottenv\u00e5ningen i Lo Pag\u00e1n med en privat terrass p\u00e5 35m2, bara 600 meter fr\u00e5n stranden i Villananitos. Detta mysiga och v\u00e4lsk\u00f6tta hus erbjuder en idealisk plats f\u00f6r att njuta av utomhusluften och lugnet. Den \u00e4r f\u00f6rdelad i ett rymligt och ljust vardagsrum med matsal, ett fullt utrustat oberoende k\u00f6k, ett sovrum, ett [&hellip;]<\/p>\n","protected":false},"author":3,"featured_media":33003,"parent":0,"menu_order":0,"template":"","property_type":[118],"property_status":[93],"property_feature":[243,219],"property_label":[],"property_country":[101],"property_state":[91],"property_city":[87],"property_area":[239],"class_list":["post-31213","property","type-property","status-publish","has-post-thumbnail","hentry","property_type-bungalow-sv","property_status-till-salu","property_feature-terrass","property_feature-tradgard","property_country-spanien","property_state-regionen-murcia","property_city-san-pedro-del-pinatar-sv","property_area-lo-pagan-sv"],"property_meta":{"fave_featured":["0"],"houzez_featured_listing_date":[""],"fave_property_images":["30921","31076","31081","31021","31086","31091","30986","30976","31106","31131","31121","31141","31146","31151","31111","31136","31196","30941","31061","30936","31071","30926","31171","31181","31186","31156","31051","31041","30956","30961","30991","31006","31001","31016","31225","31220","31230"],"fave_single_top_area":["global"],"_top_nav_excluded":[""],"_cms_nav_minihome":[""],"houzez_geolocation_lat":["37.8200037"],"houzez_geolocation_long":["-0.7865989"],"_last_translation_edit_mode":["translation-editor"],"_thumbnail_id":["33003"],"houzez_manual_expire":["0"],"_houzez_expiration_date_status":["saved"],"houzez_total_property_views":["88"],"houzez_views_by_date":["a:61:{s:10:\"06-28-2025\";i:2;s:10:\"07-09-2025\";i:1;s:10:\"07-13-2025\";i:3;s:10:\"07-16-2025\";i:1;s:10:\"07-17-2025\";i:4;s:10:\"07-21-2025\";i:1;s:10:\"07-23-2025\";i:1;s:10:\"07-24-2025\";i:1;s:10:\"07-29-2025\";i:1;s:10:\"08-03-2025\";i:1;s:10:\"08-21-2025\";i:1;s:10:\"08-26-2025\";i:1;s:10:\"08-29-2025\";i:2;s:10:\"08-30-2025\";i:1;s:10:\"09-03-2025\";i:1;s:10:\"09-08-2025\";i:1;s:10:\"09-13-2025\";i:1;s:10:\"09-18-2025\";i:4;s:10:\"09-20-2025\";i:1;s:10:\"09-22-2025\";i:1;s:10:\"09-27-2025\";i:1;s:10:\"09-28-2025\";i:2;s:10:\"10-02-2025\";i:1;s:10:\"10-07-2025\";i:2;s:10:\"10-12-2025\";i:1;s:10:\"10-14-2025\";i:1;s:10:\"10-17-2025\";i:1;s:10:\"10-27-2025\";i:1;s:10:\"11-18-2025\";i:1;s:10:\"11-27-2025\";i:2;s:10:\"12-02-2025\";i:1;s:10:\"12-05-2025\";i:1;s:10:\"12-10-2025\";i:2;s:10:\"12-17-2025\";i:1;s:10:\"12-30-2025\";i:1;s:10:\"01-04-2026\";i:1;s:10:\"01-11-2026\";i:1;s:10:\"01-12-2026\";i:1;s:10:\"01-15-2026\";i:1;s:10:\"01-26-2026\";i:1;s:10:\"01-31-2026\";i:1;s:10:\"02-01-2026\";i:1;s:10:\"02-05-2026\";i:1;s:10:\"02-17-2026\";i:1;s:10:\"02-22-2026\";i:1;s:10:\"02-23-2026\";i:1;s:10:\"03-09-2026\";i:1;s:10:\"03-11-2026\";i:2;s:10:\"03-12-2026\";i:1;s:10:\"03-18-2026\";i:1;s:10:\"03-19-2026\";i:1;s:10:\"03-23-2026\";i:1;s:10:\"03-29-2026\";i:1;s:10:\"03-31-2026\";i:1;s:10:\"04-03-2026\";i:1;s:10:\"04-07-2026\";i:1;s:10:\"04-09-2026\";i:1;s:10:\"04-14-2026\";i:1;s:10:\"04-19-2026\";i:1;s:10:\"04-27-2026\";i:1;s:10:\"04-28-2026\";i:1;}"],"houzez_recently_viewed":["2026-04-28 18:51:17"],"fave_property_price":["115000"],"fave_property_size":["52"],"fave_property_land":["90"],"fave_property_bedrooms":["2"],"fave_property_bathrooms":["1"],"fave_property_id":["3055MH"],"fave_property_map":["1"],"fave_property_map_address":["Lo Pagan, San Pedro del Pinatar, Campo de Cartagena y Mar Menor, regionen Murcia, Spanien"],"fave_property_location":["37.8200037,-0.7865989,15"],"fave_property_map_street_view":["g\u00f6mma"],"fave_video_url":["https:\/\/youtu.be\/cpHmn-UuA60?si=poKTs9Z6uwVBF6B6"],"fave_agent_display_option":["f\u00f6rfattare_info"],"fave_prop_homeslider":["nej"],"_elementor_page_assets":["a:0:{}"]},"_links":{"self":[{"href":"https:\/\/myhomeproperty.es\/sv\/wp-json\/wp\/v2\/properties\/31213","targetHints":{"allow":["GET"]}}],"collection":[{"href":"https:\/\/myhomeproperty.es\/sv\/wp-json\/wp\/v2\/properties"}],"about":[{"href":"https:\/\/myhomeproperty.es\/sv\/wp-json\/wp\/v2\/types\/property"}],"author":[{"embeddable":true,"href":"https:\/\/myhomeproperty.es\/sv\/wp-json\/wp\/v2\/users\/3"}],"version-history":[{"count":3,"href":"https:\/\/myhomeproperty.es\/sv\/wp-json\/wp\/v2\/properties\/31213\/revisions"}],"predecessor-version":[{"id":32998,"href":"https:\/\/myhomeproperty.es\/sv\/wp-json\/wp\/v2\/properties\/31213\/revisions\/32998"}],"wp:featuredmedia":[{"embeddable":true,"href":"https:\/\/myhomeproperty.es\/sv\/wp-json\/wp\/v2\/media\/33003"}],"wp:attachment":[{"href":"https:\/\/myhomeproperty.es\/sv\/wp-json\/wp\/v2\/media?parent=31213"}],"wp:term":[{"taxonomy":"property_type","embeddable":true,"href":"https:\/\/myhomeproperty.es\/sv\/wp-json\/wp\/v2\/property_type?post=31213"},{"taxonomy":"property_status","embeddable":true,"href":"https:\/\/myhomeproperty.es\/sv\/wp-json\/wp\/v2\/property_status?post=31213"},{"taxonomy":"property_feature","embeddable":true,"href":"https:\/\/myhomeproperty.es\/sv\/wp-json\/wp\/v2\/property_feature?post=31213"},{"taxonomy":"property_label","embeddable":true,"href":"https:\/\/myhomeproperty.es\/sv\/wp-json\/wp\/v2\/property_label?post=31213"},{"taxonomy":"property_country","embeddable":true,"href":"https:\/\/myhomeproperty.es\/sv\/wp-json\/wp\/v2\/property_country?post=31213"},{"taxonomy":"property_state","embeddable":true,"href":"https:\/\/myhomeproperty.es\/sv\/wp-json\/wp\/v2\/property_state?post=31213"},{"taxonomy":"property_city","embeddable":true,"href":"https:\/\/myhomeproperty.es\/sv\/wp-json\/wp\/v2\/property_city?post=31213"},{"taxonomy":"property_area","embeddable":true,"href":"https:\/\/myhomeproperty.es\/sv\/wp-json\/wp\/v2\/property_area?post=31213"}],"curies":[{"name":"wp","href":"https:\/\/api.w.org\/{rel}","templated":true}]}}