{"id":31444,"date":"2025-06-15T16:09:43","date_gmt":"2025-06-15T16:09:43","guid":{"rendered":"https:\/\/myhomeproperty.es\/property\/lagenheter-med-1-och-2-sovrum-i-serena-golf\/"},"modified":"2026-04-23T05:22:44","modified_gmt":"2026-04-23T05:22:44","slug":"lagenheter-med-1-och-2-sovrum-i-serena-golf","status":"publish","type":"property","link":"https:\/\/myhomeproperty.es\/sv\/property\/lagenheter-med-1-och-2-sovrum-i-serena-golf\/","title":{"rendered":"L\u00e4genheter med 1 och 2 sovrum i Serena Golf"},"content":{"rendered":"\n<p>Vi presenterar detta turistkomplex i Los Alc\u00e1zares, intill Mar Menor, som erbjuder 174 l\u00e4genheter med modern design, med privata terrasser, rymliga interi\u00f6rer fulla av naturligt ljus och fullt m\u00f6blerade k\u00f6k f\u00f6r att njuta av varje \u00f6gonblick.<\/p>\n\n<p>Varje fastighet har en parkeringsplats och ett f\u00f6rr\u00e5d, vilket ger funktionalitet och komfort i ditt dagliga liv. Omgiven av den prestigefyllda golfbanan La Serena och bara n\u00e5gra minuter fr\u00e5n saltlagunen \u00e4r denna plats synonymt med lugn och n\u00f6je. Ett paradis att njuta av \u00e5ret runt. Komplexet har ett anlagt gemensamt omr\u00e5de och en stor pool d\u00e4r man kan njuta av solen varje dag.   <\/p>\n\n<p><br\/>Omgiven av 18-h\u00e5ls golfbanan La Serena och n\u00e4ra saltlagunen \u00e4r det en idealisk plats att koppla av och njuta av under alla \u00e5rstider.<\/p>\n\n<p><\/p>\n","protected":false},"excerpt":{"rendered":"<p>Vi presenterar detta turistkomplex i Los Alc\u00e1zares, intill Mar Menor, som erbjuder 174 l\u00e4genheter med modern design, med privata terrasser, rymliga interi\u00f6rer fulla av naturligt ljus och fullt m\u00f6blerade k\u00f6k f\u00f6r att njuta av varje \u00f6gonblick. Varje fastighet har en parkeringsplats och ett f\u00f6rr\u00e5d, vilket ger funktionalitet och komfort i ditt dagliga liv. Omgiven av [&hellip;]<\/p>\n","protected":false},"author":3,"featured_media":37144,"parent":0,"menu_order":0,"template":"","property_type":[179],"property_status":[93],"property_feature":[89,243,219],"property_label":[],"property_country":[101],"property_state":[91],"property_city":[294],"property_area":[309],"class_list":["post-31444","property","type-property","status-publish","has-post-thumbnail","hentry","property_type-lagenhet","property_status-till-salu","property_feature-simbassang","property_feature-terrass","property_feature-tradgard","property_country-spanien","property_state-regionen-murcia","property_city-murcia-sv","property_area-los-alcazares-sv"],"property_meta":{"fave_featured":["0"],"houzez_featured_listing_date":[""],"fave_property_images":["31387","31247","31352","31237","31362","31242","31372","31367","31357","31262","31407","31277","31307","31312","31317","31287","31292","31282","31297","31302","31322","31332","31327","31347","31377","31412","31422","31427","37140","37110","37105","37080","37065","37075","37125","37130","37135"],"fave_single_top_area":["global"],"_top_nav_excluded":[""],"_cms_nav_minihome":[""],"houzez_geolocation_lat":["37.7291997"],"houzez_geolocation_long":["-0.8675791"],"_thumbnail_id":["37144"],"_last_translation_edit_mode":["translation-editor"],"houzez_manual_expire":["0"],"_houzez_expiration_date_status":["saved"],"houzez_total_property_views":["102"],"houzez_views_by_date":["a:61:{s:10:\"08-01-2025\";i:1;s:10:\"08-03-2025\";i:1;s:10:\"08-06-2025\";i:1;s:10:\"08-21-2025\";i:1;s:10:\"08-22-2025\";i:1;s:10:\"08-26-2025\";i:1;s:10:\"08-29-2025\";i:1;s:10:\"08-30-2025\";i:1;s:10:\"09-04-2025\";i:1;s:10:\"09-09-2025\";i:1;s:10:\"09-11-2025\";i:2;s:10:\"09-13-2025\";i:1;s:10:\"09-18-2025\";i:1;s:10:\"09-23-2025\";i:1;s:10:\"09-28-2025\";i:3;s:10:\"10-02-2025\";i:1;s:10:\"10-03-2025\";i:1;s:10:\"10-08-2025\";i:1;s:10:\"10-14-2025\";i:1;s:10:\"10-19-2025\";i:1;s:10:\"11-08-2025\";i:1;s:10:\"11-18-2025\";i:1;s:10:\"11-28-2025\";i:1;s:10:\"12-02-2025\";i:2;s:10:\"12-03-2025\";i:1;s:10:\"12-10-2025\";i:1;s:10:\"12-12-2025\";i:1;s:10:\"12-15-2025\";i:1;s:10:\"12-18-2025\";i:2;s:10:\"12-27-2025\";i:1;s:10:\"12-31-2025\";i:1;s:10:\"01-03-2026\";i:1;s:10:\"01-06-2026\";i:1;s:10:\"01-11-2026\";i:1;s:10:\"01-12-2026\";i:1;s:10:\"01-24-2026\";i:1;s:10:\"01-29-2026\";i:2;s:10:\"02-02-2026\";i:1;s:10:\"02-03-2026\";i:1;s:10:\"02-07-2026\";i:1;s:10:\"02-11-2026\";i:1;s:10:\"02-13-2026\";i:1;s:10:\"02-16-2026\";i:1;s:10:\"02-20-2026\";i:1;s:10:\"02-21-2026\";i:1;s:10:\"03-11-2026\";i:2;s:10:\"03-13-2026\";i:2;s:10:\"03-16-2026\";i:1;s:10:\"03-18-2026\";i:1;s:10:\"03-22-2026\";i:1;s:10:\"03-28-2026\";i:1;s:10:\"04-02-2026\";i:1;s:10:\"04-05-2026\";i:1;s:10:\"04-08-2026\";i:1;s:10:\"04-13-2026\";i:1;s:10:\"04-15-2026\";i:1;s:10:\"04-18-2026\";i:1;s:10:\"04-21-2026\";i:1;s:10:\"04-23-2026\";i:1;s:10:\"04-25-2026\";i:1;s:10:\"04-28-2026\";i:2;}"],"houzez_recently_viewed":["2026-04-28 20:55:05"],"_elementor_page_assets":["a:0:{}"],"fave_property_price":["127500"],"fave_property_price_prefix":["Fr\u00e5n"],"fave_property_bedrooms":["2"],"fave_property_bathrooms":["1"],"fave_property_id":["3056MHA"],"fave_property_map":["1"],"fave_property_map_address":["Serena Golf, Autopista del Mediterr\u00e1neo, Los Alc\u00e1zares, Lentiscar, Los Alc\u00e1zares, Campo de Cartagena y Mar Menor, Regi\u00f3n de Murcia, 30710, Spanien"],"fave_property_location":["37.7291997,-0.8675791,15"],"fave_property_map_street_view":["g\u00f6mma"],"fave_property_zip":["30710"],"fave_video_url":["https:\/\/youtu.be\/yOnBGrjbtrc?si=jiQfsWBUZQ0gjYCa"],"fave_agent_display_option":["f\u00f6rfattare_info"],"fave_prop_homeslider":["nej"]},"_links":{"self":[{"href":"https:\/\/myhomeproperty.es\/sv\/wp-json\/wp\/v2\/properties\/31444","targetHints":{"allow":["GET"]}}],"collection":[{"href":"https:\/\/myhomeproperty.es\/sv\/wp-json\/wp\/v2\/properties"}],"about":[{"href":"https:\/\/myhomeproperty.es\/sv\/wp-json\/wp\/v2\/types\/property"}],"author":[{"embeddable":true,"href":"https:\/\/myhomeproperty.es\/sv\/wp-json\/wp\/v2\/users\/3"}],"version-history":[{"count":4,"href":"https:\/\/myhomeproperty.es\/sv\/wp-json\/wp\/v2\/properties\/31444\/revisions"}],"predecessor-version":[{"id":37148,"href":"https:\/\/myhomeproperty.es\/sv\/wp-json\/wp\/v2\/properties\/31444\/revisions\/37148"}],"wp:featuredmedia":[{"embeddable":true,"href":"https:\/\/myhomeproperty.es\/sv\/wp-json\/wp\/v2\/media\/37144"}],"wp:attachment":[{"href":"https:\/\/myhomeproperty.es\/sv\/wp-json\/wp\/v2\/media?parent=31444"}],"wp:term":[{"taxonomy":"property_type","embeddable":true,"href":"https:\/\/myhomeproperty.es\/sv\/wp-json\/wp\/v2\/property_type?post=31444"},{"taxonomy":"property_status","embeddable":true,"href":"https:\/\/myhomeproperty.es\/sv\/wp-json\/wp\/v2\/property_status?post=31444"},{"taxonomy":"property_feature","embeddable":true,"href":"https:\/\/myhomeproperty.es\/sv\/wp-json\/wp\/v2\/property_feature?post=31444"},{"taxonomy":"property_label","embeddable":true,"href":"https:\/\/myhomeproperty.es\/sv\/wp-json\/wp\/v2\/property_label?post=31444"},{"taxonomy":"property_country","embeddable":true,"href":"https:\/\/myhomeproperty.es\/sv\/wp-json\/wp\/v2\/property_country?post=31444"},{"taxonomy":"property_state","embeddable":true,"href":"https:\/\/myhomeproperty.es\/sv\/wp-json\/wp\/v2\/property_state?post=31444"},{"taxonomy":"property_city","embeddable":true,"href":"https:\/\/myhomeproperty.es\/sv\/wp-json\/wp\/v2\/property_city?post=31444"},{"taxonomy":"property_area","embeddable":true,"href":"https:\/\/myhomeproperty.es\/sv\/wp-json\/wp\/v2\/property_area?post=31444"}],"curies":[{"name":"wp","href":"https:\/\/api.w.org\/{rel}","templated":true}]}}