{"id":31733,"date":"2025-07-07T16:08:23","date_gmt":"2025-07-07T16:08:23","guid":{"rendered":"https:\/\/myhomeproperty.es\/property\/fristaende-villor-i-san-pedro-del-pinatar-3\/"},"modified":"2026-02-16T07:10:52","modified_gmt":"2026-02-16T07:10:52","slug":"fristaende-villor-i-san-pedro-del-pinatar-3","status":"publish","type":"property","link":"https:\/\/myhomeproperty.es\/sv\/property\/fristaende-villor-i-san-pedro-del-pinatar-3\/","title":{"rendered":"Frist\u00e5ende villor i San Javier"},"content":{"rendered":"\n<p>Vi presenterar denna utveckling av 3 frist\u00e5ende villor med 3 sovrum och 2 badrum bel\u00e4gna i San Javier.<br\/>Den \u00e4r f\u00f6rdelad p\u00e5 en v\u00e5ning och solarium. Den har ett vardagsrum med matsal med matplats, tre sovrum, ett av dem med eget badrum och ett stort solarium, perfekt f\u00f6r att njuta av solen under sommarm\u00e5naderna. <\/p>\n\n<p>Fastigheterna levereras med fullt utrustade k\u00f6k och badrum samt f\u00f6rinstallation f\u00f6r luftkonditionering.<\/p>\n\n<p>Nycklarna kommer att \u00f6verl\u00e4mnas i maj 2026.<\/p>\n\n<p>Intressanta platser:<br\/>Mar: 2 km<br\/>Dos Mares shoppingcenter: 5 minuter<br\/>La Zenia Boulevard shoppingcenter: 20 minuter<br\/>Corvera flygplats: 30 minuter<br\/>Alicante flygplats: 50 minuter<\/p>\n\n<p><\/p>\n","protected":false},"excerpt":{"rendered":"<p>Vi presenterar denna utveckling av 3 frist\u00e5ende villor med 3 sovrum och 2 badrum bel\u00e4gna i San Javier.Den \u00e4r f\u00f6rdelad p\u00e5 en v\u00e5ning och solarium. Den har ett vardagsrum med matsal med matplats, tre sovrum, ett av dem med eget badrum och ett stort solarium, perfekt f\u00f6r att njuta av solen under sommarm\u00e5naderna. Fastigheterna levereras [&hellip;]<\/p>\n","protected":false},"author":3,"featured_media":31708,"parent":0,"menu_order":0,"template":"","property_type":[195],"property_status":[93],"property_feature":[89,243,219],"property_label":[],"property_country":[101],"property_state":[91],"property_city":[104,87],"property_area":[],"class_list":["post-31733","property","type-property","status-publish","has-post-thumbnail","hentry","property_type-villa-sv","property_status-till-salu","property_feature-simbassang","property_feature-terrass","property_feature-tradgard","property_country-spanien","property_state-regionen-murcia","property_city-san-javier-sv","property_city-san-pedro-del-pinatar-sv"],"property_meta":{"fave_featured":["0"],"houzez_featured_listing_date":[""],"fave_property_images":["31704","31669","31679","31689","31699","31684","31694","31674","31709","31714","31719"],"fave_single_top_area":["global"],"_top_nav_excluded":[""],"_cms_nav_minihome":[""],"houzez_geolocation_lat":["37.8059567"],"houzez_geolocation_long":["-0.8345537"],"_thumbnail_id":["31708"],"_last_translation_edit_mode":["translation-editor"],"houzez_total_property_views":["98"],"houzez_views_by_date":["a:61:{s:10:\"08-11-2025\";i:1;s:10:\"08-12-2025\";i:1;s:10:\"08-17-2025\";i:1;s:10:\"08-18-2025\";i:1;s:10:\"08-20-2025\";i:2;s:10:\"08-25-2025\";i:1;s:10:\"08-29-2025\";i:1;s:10:\"08-30-2025\";i:1;s:10:\"08-31-2025\";i:1;s:10:\"09-01-2025\";i:2;s:10:\"09-04-2025\";i:2;s:10:\"09-06-2025\";i:2;s:10:\"09-07-2025\";i:1;s:10:\"09-08-2025\";i:1;s:10:\"09-11-2025\";i:1;s:10:\"09-13-2025\";i:2;s:10:\"09-16-2025\";i:1;s:10:\"09-20-2025\";i:1;s:10:\"09-21-2025\";i:2;s:10:\"09-25-2025\";i:1;s:10:\"09-28-2025\";i:1;s:10:\"09-29-2025\";i:2;s:10:\"10-04-2025\";i:1;s:10:\"10-09-2025\";i:1;s:10:\"10-14-2025\";i:1;s:10:\"10-19-2025\";i:1;s:10:\"10-30-2025\";i:1;s:10:\"10-31-2025\";i:1;s:10:\"11-18-2025\";i:1;s:10:\"11-25-2025\";i:2;s:10:\"11-27-2025\";i:2;s:10:\"12-02-2025\";i:1;s:10:\"12-10-2025\";i:1;s:10:\"12-15-2025\";i:1;s:10:\"12-20-2025\";i:2;s:10:\"12-25-2025\";i:1;s:10:\"12-30-2025\";i:1;s:10:\"01-04-2026\";i:1;s:10:\"01-11-2026\";i:1;s:10:\"01-12-2026\";i:1;s:10:\"01-15-2026\";i:1;s:10:\"01-21-2026\";i:1;s:10:\"01-26-2026\";i:1;s:10:\"01-29-2026\";i:1;s:10:\"01-31-2026\";i:1;s:10:\"02-03-2026\";i:1;s:10:\"02-05-2026\";i:1;s:10:\"02-18-2026\";i:1;s:10:\"02-21-2026\";i:1;s:10:\"02-23-2026\";i:1;s:10:\"02-25-2026\";i:1;s:10:\"03-02-2026\";i:1;s:10:\"03-11-2026\";i:2;s:10:\"03-19-2026\";i:1;s:10:\"03-21-2026\";i:3;s:10:\"03-28-2026\";i:1;s:10:\"04-07-2026\";i:2;s:10:\"04-12-2026\";i:1;s:10:\"04-17-2026\";i:2;s:10:\"04-26-2026\";i:1;s:10:\"04-28-2026\";i:1;}"],"houzez_recently_viewed":["2026-04-28 18:50:21"],"_elementor_page_assets":["a:0:{}"],"houzez_manual_expire":["0"],"_houzez_expiration_date_status":["saved"],"fave_property_price":["339900"],"fave_property_price_prefix":["FR\u00c5N"],"fave_property_size":["85"],"fave_property_land":["165"],"fave_property_bedrooms":["3"],"fave_property_bathrooms":["2"],"fave_property_id":["3057MHP"],"fave_property_map":["1"],"fave_property_map_address":["San Javier, Campo de Cartagena och Mar Menor, regionen Murcia, Spanien"],"fave_property_location":["37.8059567,-0.8345537,6"],"fave_property_map_street_view":["g\u00f6mma"],"fave_agent_display_option":["none"],"fave_prop_homeslider":["ja"],"fave_private_note":["Villor Don Pedro 3 fas II SAN JAVIER zona rata"],"floor_plans":["a:5:{i:0;a:2:{s:15:\"fave_plan_title\";s:8:\"Bostad 1\";s:15:\"fave_plan_image\";s:69:\"https:\/\/myhomeproperty.es\/wp-content\/uploads\/2024\/07\/Vivienda-1-1.jpg\";}i:1;a:2:{s:15:\"fave_plan_title\";s:8:\"Bostad 2\";s:15:\"fave_plan_image\";s:69:\"https:\/\/myhomeproperty.es\/wp-content\/uploads\/2024\/07\/Vivienda-2-1.jpg\";}i:2;a:1:{s:15:\"fave_plan_image\";s:69:\"https:\/\/myhomeproperty.es\/wp-content\/uploads\/2024\/07\/Vivienda-3-1.jpg\";}i:3;a:1:{s:15:\"fave_plan_title\";s:10:\"Viveinda 3\";}i:4;a:2:{s:15:\"fave_plan_title\";s:12:\"Bostadshus 4\";s:15:\"fave_plan_image\";s:69:\"https:\/\/myhomeproperty.es\/wp-content\/uploads\/2024\/07\/Vivienda-4-1.jpg\";}}"]},"_links":{"self":[{"href":"https:\/\/myhomeproperty.es\/sv\/wp-json\/wp\/v2\/properties\/31733","targetHints":{"allow":["GET"]}}],"collection":[{"href":"https:\/\/myhomeproperty.es\/sv\/wp-json\/wp\/v2\/properties"}],"about":[{"href":"https:\/\/myhomeproperty.es\/sv\/wp-json\/wp\/v2\/types\/property"}],"author":[{"embeddable":true,"href":"https:\/\/myhomeproperty.es\/sv\/wp-json\/wp\/v2\/users\/3"}],"version-history":[{"count":3,"href":"https:\/\/myhomeproperty.es\/sv\/wp-json\/wp\/v2\/properties\/31733\/revisions"}],"predecessor-version":[{"id":34997,"href":"https:\/\/myhomeproperty.es\/sv\/wp-json\/wp\/v2\/properties\/31733\/revisions\/34997"}],"wp:featuredmedia":[{"embeddable":true,"href":"https:\/\/myhomeproperty.es\/sv\/wp-json\/wp\/v2\/media\/31708"}],"wp:attachment":[{"href":"https:\/\/myhomeproperty.es\/sv\/wp-json\/wp\/v2\/media?parent=31733"}],"wp:term":[{"taxonomy":"property_type","embeddable":true,"href":"https:\/\/myhomeproperty.es\/sv\/wp-json\/wp\/v2\/property_type?post=31733"},{"taxonomy":"property_status","embeddable":true,"href":"https:\/\/myhomeproperty.es\/sv\/wp-json\/wp\/v2\/property_status?post=31733"},{"taxonomy":"property_feature","embeddable":true,"href":"https:\/\/myhomeproperty.es\/sv\/wp-json\/wp\/v2\/property_feature?post=31733"},{"taxonomy":"property_label","embeddable":true,"href":"https:\/\/myhomeproperty.es\/sv\/wp-json\/wp\/v2\/property_label?post=31733"},{"taxonomy":"property_country","embeddable":true,"href":"https:\/\/myhomeproperty.es\/sv\/wp-json\/wp\/v2\/property_country?post=31733"},{"taxonomy":"property_state","embeddable":true,"href":"https:\/\/myhomeproperty.es\/sv\/wp-json\/wp\/v2\/property_state?post=31733"},{"taxonomy":"property_city","embeddable":true,"href":"https:\/\/myhomeproperty.es\/sv\/wp-json\/wp\/v2\/property_city?post=31733"},{"taxonomy":"property_area","embeddable":true,"href":"https:\/\/myhomeproperty.es\/sv\/wp-json\/wp\/v2\/property_area?post=31733"}],"curies":[{"name":"wp","href":"https:\/\/api.w.org\/{rel}","templated":true}]}}