{"id":32140,"date":"2025-07-14T07:34:41","date_gmt":"2025-07-14T07:34:41","guid":{"rendered":"https:\/\/myhomeproperty.es\/property\/lyxiga-villor-i-pilar-de-la-horadada\/"},"modified":"2025-12-04T11:47:23","modified_gmt":"2025-12-04T11:47:23","slug":"lyxiga-villor-i-pilar-de-la-horadada","status":"publish","type":"property","link":"https:\/\/myhomeproperty.es\/sv\/property\/lyxiga-villor-i-pilar-de-la-horadada\/","title":{"rendered":"Lyxiga villor i Pilar de la Horadada"},"content":{"rendered":"\n<p>Vi presenterar detta lyxiga komplex med 8 radhus med privat pool och solarium. Dessutom har utvecklingen en env\u00e5ningsvilla, redo att flytta in, med 2 sovrum och 2 badrum (Villa n\u00ba9). <\/p>\n\n<p>Dessa fastigheter utg\u00f6r ett nytt koncept f\u00f6r boende d\u00e4r teknik och h\u00e5llbarhet f\u00f6renas f\u00f6r att erbjuda ett bekv\u00e4mare, effektivare och mer uppkopplat liv.<\/p>\n\n<p>Varje fastighet har 3 sovrum och 3 badrum. Fastigheterna har utformats p\u00e5 tv\u00e5 v\u00e5ningar, plus ett solarium p\u00e5 \u00f6versta v\u00e5ningen, med en modern stil och ett \u00f6ppet koncept, och inkluderar ett fullt utrustat k\u00f6k och ett vardagsrum med matsal. <\/p>\n\n<p>Anl\u00e4ggningen ligger i Pilar de la Horadada, Alicante, omgiven av alla tj\u00e4nster, sportanl\u00e4ggningar och n\u00e4ra stranden och flera golfbanor.<\/p>\n\n<ul class=\"wp-block-list\">\n<li>Bost\u00e4derna kommer att uppfylla de h\u00f6gsta kvalitetsstandarderna och kommer att vara utrustade med:<\/li>\n\n\n\n<li>Privat pool med LED-belysning och utomhusdusch.<\/li>\n\n\n\n<li>Fullt utrustat k\u00f6k utrustat med keramikh\u00e4ll, ugn, mikrov\u00e5gsugn, centrifugalfl\u00e4kt, kylsk\u00e5p, integrerad diskmaskin och vinkylare.<\/li>\n\n\n\n<li>LED-belysning: inne i huset (matsal, k\u00f6k, korridorer och badrum) samt i utomhusomr\u00e5den.<\/li>\n\n\n\n<li>TV-uttag i alla sovrum, tr\u00e4dg\u00e5rd och solarium.<\/li>\n\n\n\n<li>Video intercom.<\/li>\n\n\n\n<li>Motordrivna persienner och selektiva PVC-snickerier med l\u00e5g emissivitet.<\/li>\n\n\n\n<li>Kontrollerat mekaniskt ventilationssystem i badrum och k\u00f6k.<br\/>Inbyggda garderober med l\u00e5dor och h\u00e4ngskena.<\/li>\n\n\n\n<li>Fullt utrustade badrum med handfatskommod, v\u00e4ggh\u00e4ngd toalett med integrerad cistern, spegel, regndusch och duschv\u00e4ggar.<\/li>\n\n\n\n<li>F\u00f6rinstallation av kanaliserad luftkonditionering.<\/li>\n\n\n\n<li>Fotovoltaisk sj\u00e4lvkonsumtion med solpaneler.<\/li>\n\n\n\n<li>Solarium med sommark\u00f6k.<\/li>\n<\/ul>\n","protected":false},"excerpt":{"rendered":"<p>Vi presenterar detta lyxiga komplex med 8 radhus med privat pool och solarium. Dessutom har utvecklingen en env\u00e5ningsvilla, redo att flytta in, med 2 sovrum och 2 badrum (Villa n\u00ba9). Dessa fastigheter utg\u00f6r ett nytt koncept f\u00f6r boende d\u00e4r teknik och h\u00e5llbarhet f\u00f6renas f\u00f6r att erbjuda ett bekv\u00e4mare, effektivare och mer uppkopplat liv. Varje fastighet [&hellip;]<\/p>\n","protected":false},"author":3,"featured_media":32087,"parent":0,"menu_order":0,"template":"","property_type":[195],"property_status":[93],"property_feature":[295,243,219],"property_label":[],"property_country":[101],"property_state":[96],"property_city":[95],"property_area":[],"class_list":["post-32140","property","type-property","status-publish","has-post-thumbnail","hentry","property_type-villa-sv","property_status-till-salu","property_feature-solarium-sv","property_feature-terrass","property_feature-tradgard","property_country-spanien","property_state-alicante-sv","property_city-pilar-de-la-horadada-sv"],"property_meta":{"fave_featured":["1"],"houzez_featured_listing_date":["2025-07-14 07:34:57"],"fave_property_images":["32083","32048","32088","32093","32098","32053","32058","32063","32068","32073","32103","32108","32078","32113","32128","32118","32123"],"fave_single_top_area":["global"],"_top_nav_excluded":[""],"_cms_nav_minihome":[""],"houzez_geolocation_lat":["37.866553457421"],"houzez_geolocation_long":["-0.78453512737953"],"_thumbnail_id":["32087"],"_last_translation_edit_mode":["translation-editor"],"houzez_total_property_views":["94"],"houzez_views_by_date":["a:61:{s:10:\"08-22-2025\";i:1;s:10:\"08-27-2025\";i:2;s:10:\"08-29-2025\";i:1;s:10:\"08-30-2025\";i:1;s:10:\"09-03-2025\";i:1;s:10:\"09-04-2025\";i:1;s:10:\"09-05-2025\";i:1;s:10:\"09-06-2025\";i:1;s:10:\"09-09-2025\";i:1;s:10:\"09-13-2025\";i:1;s:10:\"09-18-2025\";i:1;s:10:\"09-23-2025\";i:1;s:10:\"09-25-2025\";i:2;s:10:\"09-26-2025\";i:1;s:10:\"09-27-2025\";i:1;s:10:\"10-02-2025\";i:1;s:10:\"10-04-2025\";i:1;s:10:\"10-07-2025\";i:1;s:10:\"10-12-2025\";i:1;s:10:\"10-17-2025\";i:1;s:10:\"10-21-2025\";i:1;s:10:\"11-02-2025\";i:3;s:10:\"11-18-2025\";i:1;s:10:\"11-22-2025\";i:2;s:10:\"11-27-2025\";i:1;s:10:\"12-03-2025\";i:2;s:10:\"12-10-2025\";i:1;s:10:\"12-13-2025\";i:1;s:10:\"12-15-2025\";i:1;s:10:\"12-20-2025\";i:1;s:10:\"12-25-2025\";i:1;s:10:\"12-26-2025\";i:1;s:10:\"01-05-2026\";i:1;s:10:\"01-10-2026\";i:1;s:10:\"01-11-2026\";i:1;s:10:\"01-12-2026\";i:1;s:10:\"01-15-2026\";i:2;s:10:\"01-20-2026\";i:2;s:10:\"01-31-2026\";i:2;s:10:\"02-05-2026\";i:1;s:10:\"02-10-2026\";i:1;s:10:\"02-17-2026\";i:1;s:10:\"02-21-2026\";i:1;s:10:\"02-22-2026\";i:1;s:10:\"02-28-2026\";i:1;s:10:\"03-01-2026\";i:1;s:10:\"03-04-2026\";i:1;s:10:\"03-10-2026\";i:1;s:10:\"03-11-2026\";i:2;s:10:\"03-15-2026\";i:1;s:10:\"03-18-2026\";i:1;s:10:\"03-21-2026\";i:1;s:10:\"03-22-2026\";i:1;s:10:\"03-28-2026\";i:2;s:10:\"03-30-2026\";i:2;s:10:\"04-02-2026\";i:1;s:10:\"04-08-2026\";i:1;s:10:\"04-12-2026\";i:2;s:10:\"04-17-2026\";i:1;s:10:\"04-27-2026\";i:1;s:10:\"04-28-2026\";i:1;}"],"houzez_recently_viewed":["2026-04-28 18:49:49"],"_elementor_page_assets":["a:0:{}"],"fave_property_price":["385000"],"fave_property_size":["105"],"fave_property_land":["120"],"fave_property_bedrooms":["3"],"fave_property_bathrooms":["3"],"fave_property_id":["3059MHP"],"fave_property_map":["1"],"fave_property_map_address":["Pilar de la Horadada, el Baix Segura \/ La Vega Baja, Alacant \/ Alicante, Comunitat Valenciana, Spanien"],"fave_property_location":["37.866553457421,-0.78453512737953,15"],"fave_property_map_street_view":["g\u00f6mma"],"fave_agent_display_option":["f\u00f6rfattare_info"],"fave_prop_homeslider":["ja"],"fave_private_note":["PACO ALBALADEJO - EVO VILLAS Av. Lo Monte "]},"_links":{"self":[{"href":"https:\/\/myhomeproperty.es\/sv\/wp-json\/wp\/v2\/properties\/32140","targetHints":{"allow":["GET"]}}],"collection":[{"href":"https:\/\/myhomeproperty.es\/sv\/wp-json\/wp\/v2\/properties"}],"about":[{"href":"https:\/\/myhomeproperty.es\/sv\/wp-json\/wp\/v2\/types\/property"}],"author":[{"embeddable":true,"href":"https:\/\/myhomeproperty.es\/sv\/wp-json\/wp\/v2\/users\/3"}],"version-history":[{"count":1,"href":"https:\/\/myhomeproperty.es\/sv\/wp-json\/wp\/v2\/properties\/32140\/revisions"}],"predecessor-version":[{"id":32141,"href":"https:\/\/myhomeproperty.es\/sv\/wp-json\/wp\/v2\/properties\/32140\/revisions\/32141"}],"wp:featuredmedia":[{"embeddable":true,"href":"https:\/\/myhomeproperty.es\/sv\/wp-json\/wp\/v2\/media\/32087"}],"wp:attachment":[{"href":"https:\/\/myhomeproperty.es\/sv\/wp-json\/wp\/v2\/media?parent=32140"}],"wp:term":[{"taxonomy":"property_type","embeddable":true,"href":"https:\/\/myhomeproperty.es\/sv\/wp-json\/wp\/v2\/property_type?post=32140"},{"taxonomy":"property_status","embeddable":true,"href":"https:\/\/myhomeproperty.es\/sv\/wp-json\/wp\/v2\/property_status?post=32140"},{"taxonomy":"property_feature","embeddable":true,"href":"https:\/\/myhomeproperty.es\/sv\/wp-json\/wp\/v2\/property_feature?post=32140"},{"taxonomy":"property_label","embeddable":true,"href":"https:\/\/myhomeproperty.es\/sv\/wp-json\/wp\/v2\/property_label?post=32140"},{"taxonomy":"property_country","embeddable":true,"href":"https:\/\/myhomeproperty.es\/sv\/wp-json\/wp\/v2\/property_country?post=32140"},{"taxonomy":"property_state","embeddable":true,"href":"https:\/\/myhomeproperty.es\/sv\/wp-json\/wp\/v2\/property_state?post=32140"},{"taxonomy":"property_city","embeddable":true,"href":"https:\/\/myhomeproperty.es\/sv\/wp-json\/wp\/v2\/property_city?post=32140"},{"taxonomy":"property_area","embeddable":true,"href":"https:\/\/myhomeproperty.es\/sv\/wp-json\/wp\/v2\/property_area?post=32140"}],"curies":[{"name":"wp","href":"https:\/\/api.w.org\/{rel}","templated":true}]}}