{"id":32983,"date":"2025-07-16T16:46:27","date_gmt":"2025-07-16T16:46:27","guid":{"rendered":"https:\/\/myhomeproperty.es\/property\/lagenhet-med-2-sovrum-i-algorfa\/"},"modified":"2025-07-16T16:52:09","modified_gmt":"2025-07-16T16:52:09","slug":"lagenhet-med-2-sovrum-i-algorfa","status":"publish","type":"property","link":"https:\/\/myhomeproperty.es\/sv\/property\/lagenhet-med-2-sovrum-i-algorfa\/","title":{"rendered":"L\u00e4genhet med 2 sovrum i Algorfa"},"content":{"rendered":"\n<p>Mycket n\u00e4ra sport- och fritidsomr\u00e5den, barer, restauranger och aff\u00e4rer i byn hittar vi denna trevliga och ljusa l\u00e4genhet p\u00e5 f\u00f6rsta v\u00e5ningen med syd-sydv\u00e4stlig orientering och vetter mot den gemensamma poolen och de stora kommunala idrottsomr\u00e5dena.<br\/><\/p>\n\n<p>Urbaniseringen har anlagda omr\u00e5den och gemensam pool framtill och garage i k\u00e4llaren och sj\u00e4lva fastigheten har sin ing\u00e5ng genom en gemensam trappa, som \u00f6ppnar direkt mot den privata terrassen och gemensamma utrymmen, med sol praktiskt taget hela dagen vilket g\u00f6r det v\u00e4ldigt bekv\u00e4mt p\u00e5 vintern eftersom det har direkt solstr\u00e5lning, liksom p\u00e5 sommaren, det tar emot brisen, eftersom det inte har n\u00e5gra byggnader framf\u00f6r sig och det \u00e4r v\u00e4ldigt \u00f6ppet. Fr\u00e5n denna stora terrass har du fri utsikt. <br\/><\/p>\n\n<p>Som n\u00e4mnts ovan kommer man in i fastigheten via den gemensamma trappan med tillg\u00e5ng via en liten hall till vardagsrummet \/ matsalen med \u00f6ppen planl\u00f6sning med olika utrymmen och k\u00f6ket med \u00f6ppen planl\u00f6sning, kaklat fr\u00e5n golv till tak och l\u00e4tt att reng\u00f6ra, som har alla k\u00f6kssk\u00e5p och apparater, samt en inglasad uteplats-tv\u00e4ttstuga f\u00f6r att h\u00e5lla damm och smuts borta fr\u00e5n tv\u00e4ttomr\u00e5det.<br\/><\/p>\n\n<p>Fastigheten har tv\u00e5 stora sovrum med inbyggda garderober och f\u00f6nster mot utsidan och ett komplett badrum med dusch.<br\/><\/p>\n\n<p>Den \u00e4r i mycket gott skick, \u00e4r fullt m\u00f6blerad och redo att flytta in och har en parkeringsplats i det gemensamma garaget med automatisk d\u00f6rr under byggnaden f\u00f6r ditt fordon och ett separat f\u00f6rr\u00e5d med egen d\u00f6rr d\u00e4r du kan l\u00e4mna resv\u00e4skor, cyklar och allt du aldrig vet var du ska l\u00e4mna i huset.<br\/><\/p>\n\n<p>Oavsett om det g\u00e4ller \u00e5ret runt boende, enstaka semester eller hyresint\u00e4kter, \u00e4r det v\u00e4l v\u00e4rt ett bes\u00f6k f\u00f6r att se dess potential.<\/p>\n","protected":false},"excerpt":{"rendered":"<p>Mycket n\u00e4ra sport- och fritidsomr\u00e5den, barer, restauranger och aff\u00e4rer i byn hittar vi denna trevliga och ljusa l\u00e4genhet p\u00e5 f\u00f6rsta v\u00e5ningen med syd-sydv\u00e4stlig orientering och vetter mot den gemensamma poolen och de stora kommunala idrottsomr\u00e5dena. Urbaniseringen har anlagda omr\u00e5den och gemensam pool framtill och garage i k\u00e4llaren och sj\u00e4lva fastigheten har sin ing\u00e5ng genom en [&hellip;]<\/p>\n","protected":false},"author":3,"featured_media":32922,"parent":0,"menu_order":0,"template":"","property_type":[179],"property_status":[93],"property_feature":[89,243],"property_label":[],"property_country":[],"property_state":[96],"property_city":[323],"property_area":[],"class_list":["post-32983","property","type-property","status-publish","has-post-thumbnail","hentry","property_type-lagenhet","property_status-till-salu","property_feature-simbassang","property_feature-terrass","property_state-alicante-sv","property_city-algorfa-sv"],"property_meta":{"fave_featured":["0"],"houzez_featured_listing_date":[""],"fave_property_images":["32918","32888","32743","32753","32803","32758","32768","32813","32818","32823","32748","32763","32808","32773","32778","32783","32788","32793","32798","32848","32828","32833","32838","32843","32868","32883","32873","32878","32853","32858","32863","32913","32923","32938","32948","32963","32968","32953","32738"],"fave_single_top_area":["global"],"_top_nav_excluded":[""],"_cms_nav_minihome":[""],"houzez_geolocation_lat":["38.0862119"],"houzez_geolocation_long":["-0.796152"],"_thumbnail_id":["32922"],"_last_translation_edit_mode":["translation-editor"],"fave_property_price":["119900"],"fave_property_size":["70"],"fave_property_bedrooms":["2"],"fave_property_bathrooms":["1"],"fave_property_id":["3064MHJ"],"fave_property_map":["1"],"fave_property_map_address":["Algorfa, el Baix Segura \/ La Vega Baja, Alacant \/ Alicante, Comunitat Valenciana, Spanien"],"fave_property_location":["38.0862119,-0.796152,15"],"fave_property_map_street_view":["g\u00f6mma"],"fave_agent_display_option":["f\u00f6rfattare_info"],"fave_prop_homeslider":["nej"],"houzez_manual_expire":["0"],"_houzez_expiration_date_status":["saved"],"houzez_total_property_views":["87"],"houzez_views_by_date":["a:61:{s:10:\"08-31-2025\";i:1;s:10:\"09-06-2025\";i:1;s:10:\"09-11-2025\";i:1;s:10:\"09-13-2025\";i:2;s:10:\"09-14-2025\";i:2;s:10:\"09-15-2025\";i:1;s:10:\"09-16-2025\";i:2;s:10:\"09-20-2025\";i:1;s:10:\"09-25-2025\";i:1;s:10:\"09-26-2025\";i:1;s:10:\"09-29-2025\";i:2;s:10:\"09-30-2025\";i:1;s:10:\"10-05-2025\";i:1;s:10:\"10-08-2025\";i:1;s:10:\"10-09-2025\";i:1;s:10:\"10-15-2025\";i:1;s:10:\"10-20-2025\";i:1;s:10:\"10-28-2025\";i:1;s:10:\"10-30-2025\";i:1;s:10:\"10-31-2025\";i:1;s:10:\"11-03-2025\";i:1;s:10:\"11-13-2025\";i:1;s:10:\"11-18-2025\";i:1;s:10:\"11-23-2025\";i:1;s:10:\"12-02-2025\";i:1;s:10:\"12-06-2025\";i:1;s:10:\"12-14-2025\";i:1;s:10:\"12-15-2025\";i:1;s:10:\"12-18-2025\";i:3;s:10:\"12-19-2025\";i:1;s:10:\"12-20-2025\";i:1;s:10:\"12-25-2025\";i:1;s:10:\"12-30-2025\";i:1;s:10:\"01-03-2026\";i:1;s:10:\"01-04-2026\";i:1;s:10:\"01-11-2026\";i:2;s:10:\"01-24-2026\";i:1;s:10:\"01-29-2026\";i:1;s:10:\"02-03-2026\";i:1;s:10:\"02-12-2026\";i:1;s:10:\"02-13-2026\";i:1;s:10:\"02-14-2026\";i:1;s:10:\"02-16-2026\";i:1;s:10:\"02-21-2026\";i:1;s:10:\"03-03-2026\";i:1;s:10:\"03-05-2026\";i:1;s:10:\"03-09-2026\";i:1;s:10:\"03-11-2026\";i:3;s:10:\"03-14-2026\";i:1;s:10:\"03-16-2026\";i:1;s:10:\"03-21-2026\";i:3;s:10:\"03-26-2026\";i:1;s:10:\"03-27-2026\";i:1;s:10:\"03-31-2026\";i:1;s:10:\"04-06-2026\";i:1;s:10:\"04-10-2026\";i:1;s:10:\"04-11-2026\";i:1;s:10:\"04-16-2026\";i:1;s:10:\"04-26-2026\";i:1;s:10:\"04-27-2026\";i:1;s:10:\"04-28-2026\";i:1;}"],"houzez_recently_viewed":["2026-04-28 18:48:17"],"_elementor_page_assets":["a:0:{}"]},"_links":{"self":[{"href":"https:\/\/myhomeproperty.es\/sv\/wp-json\/wp\/v2\/properties\/32983","targetHints":{"allow":["GET"]}}],"collection":[{"href":"https:\/\/myhomeproperty.es\/sv\/wp-json\/wp\/v2\/properties"}],"about":[{"href":"https:\/\/myhomeproperty.es\/sv\/wp-json\/wp\/v2\/types\/property"}],"author":[{"embeddable":true,"href":"https:\/\/myhomeproperty.es\/sv\/wp-json\/wp\/v2\/users\/3"}],"version-history":[{"count":2,"href":"https:\/\/myhomeproperty.es\/sv\/wp-json\/wp\/v2\/properties\/32983\/revisions"}],"predecessor-version":[{"id":32988,"href":"https:\/\/myhomeproperty.es\/sv\/wp-json\/wp\/v2\/properties\/32983\/revisions\/32988"}],"wp:featuredmedia":[{"embeddable":true,"href":"https:\/\/myhomeproperty.es\/sv\/wp-json\/wp\/v2\/media\/32922"}],"wp:attachment":[{"href":"https:\/\/myhomeproperty.es\/sv\/wp-json\/wp\/v2\/media?parent=32983"}],"wp:term":[{"taxonomy":"property_type","embeddable":true,"href":"https:\/\/myhomeproperty.es\/sv\/wp-json\/wp\/v2\/property_type?post=32983"},{"taxonomy":"property_status","embeddable":true,"href":"https:\/\/myhomeproperty.es\/sv\/wp-json\/wp\/v2\/property_status?post=32983"},{"taxonomy":"property_feature","embeddable":true,"href":"https:\/\/myhomeproperty.es\/sv\/wp-json\/wp\/v2\/property_feature?post=32983"},{"taxonomy":"property_label","embeddable":true,"href":"https:\/\/myhomeproperty.es\/sv\/wp-json\/wp\/v2\/property_label?post=32983"},{"taxonomy":"property_country","embeddable":true,"href":"https:\/\/myhomeproperty.es\/sv\/wp-json\/wp\/v2\/property_country?post=32983"},{"taxonomy":"property_state","embeddable":true,"href":"https:\/\/myhomeproperty.es\/sv\/wp-json\/wp\/v2\/property_state?post=32983"},{"taxonomy":"property_city","embeddable":true,"href":"https:\/\/myhomeproperty.es\/sv\/wp-json\/wp\/v2\/property_city?post=32983"},{"taxonomy":"property_area","embeddable":true,"href":"https:\/\/myhomeproperty.es\/sv\/wp-json\/wp\/v2\/property_area?post=32983"}],"curies":[{"name":"wp","href":"https:\/\/api.w.org\/{rel}","templated":true}]}}