{"id":33340,"date":"2025-10-01T10:48:01","date_gmt":"2025-10-01T10:48:01","guid":{"rendered":"https:\/\/myhomeproperty.es\/property\/villa-i-balsicas\/"},"modified":"2025-12-04T11:59:39","modified_gmt":"2025-12-04T11:59:39","slug":"villa-i-balsicas","status":"publish","type":"property","link":"https:\/\/myhomeproperty.es\/sv\/property\/villa-i-balsicas\/","title":{"rendered":"Villa i Balsicas"},"content":{"rendered":"\n<p>Vi presenterar denna env\u00e5ningsvilla med terrass, privat pool och solarium med sommark\u00f6k f\u00f6r att njuta av solen \u00e5ret runt.<\/p>\n\n<p>Fastigheten har tre sovrum och tv\u00e5 badrum, samt parkering. Den har en modern, \u00f6ppen planl\u00f6sning och best\u00e5r av ett fullt utrustat k\u00f6k och vardagsrum med matsal. <\/p>\n\n<p>Bel\u00e4get i Balsicas (Murcia), n\u00e4ra gr\u00f6nomr\u00e5den, tj\u00e4nster, parker och idrottsanl\u00e4ggningar, liksom stranden och flera golfbanor.<\/p>\n\n<p>Inkluderar fullt utrustat k\u00f6k med ugn, integrerat kylsk\u00e5p, diskmaskin, spis och fl\u00e4ktk\u00e5pa. K\u00f6ks\u00f6 som arbetsyta, belysning: interi\u00f6r (matsal, k\u00f6k, korridorer och badrum) och exteri\u00f6r, fodrade garderober med l\u00e5dor, kompletta badrum med toalett, handfat, spegel och dusch med sk\u00e4rm, f\u00f6rinstallation f\u00f6r luftkonditionering. <\/p>\n\n<p>Solariet har ett sommark\u00f6k, f\u00f6rinstallation av elektriska apparater och skjutd\u00f6rrar.<\/p>\n\n<p>Vi ger dig g\u00e4rna mer information och bokar g\u00e4rna in ett bes\u00f6k.<\/p>\n\n<p><\/p>\n","protected":false},"excerpt":{"rendered":"<p>Vi presenterar denna env\u00e5ningsvilla med terrass, privat pool och solarium med sommark\u00f6k f\u00f6r att njuta av solen \u00e5ret runt. Fastigheten har tre sovrum och tv\u00e5 badrum, samt parkering. Den har en modern, \u00f6ppen planl\u00f6sning och best\u00e5r av ett fullt utrustat k\u00f6k och vardagsrum med matsal. Bel\u00e4get i Balsicas (Murcia), n\u00e4ra gr\u00f6nomr\u00e5den, tj\u00e4nster, parker och idrottsanl\u00e4ggningar, [&hellip;]<\/p>\n","protected":false},"author":3,"featured_media":33311,"parent":0,"menu_order":0,"template":"","property_type":[195],"property_status":[93],"property_feature":[89,295,243,219],"property_label":[],"property_country":[101],"property_state":[91],"property_city":[331],"property_area":[],"class_list":["post-33340","property","type-property","status-publish","has-post-thumbnail","hentry","property_type-villa-sv","property_status-till-salu","property_feature-simbassang","property_feature-solarium-sv","property_feature-terrass","property_feature-tradgard","property_country-spanien","property_state-regionen-murcia","property_city-balsicas-sv"],"property_meta":{"fave_featured":["1"],"houzez_featured_listing_date":["2025-10-01 10:48:22"],"fave_property_images":["33312","33307","33302","33332","33327","33322","33317","33247","33242","33297","33257","33272","33262","33267","33292","33287","33282","33277","33252","33237","33232"],"fave_single_top_area":["global"],"_top_nav_excluded":[""],"_cms_nav_minihome":[""],"houzez_geolocation_lat":["37.816768110822"],"houzez_geolocation_long":["-0.95443778412385"],"_last_translation_edit_mode":["translation-editor"],"_thumbnail_id":["33311"],"houzez_total_property_views":["57"],"houzez_views_by_date":["a:42:{s:10:\"10-01-2025\";i:6;s:10:\"10-02-2025\";i:1;s:10:\"10-06-2025\";i:2;s:10:\"10-12-2025\";i:1;s:10:\"10-17-2025\";i:1;s:10:\"10-22-2025\";i:1;s:10:\"11-13-2025\";i:1;s:10:\"11-17-2025\";i:1;s:10:\"11-24-2025\";i:1;s:10:\"11-27-2025\";i:3;s:10:\"12-02-2025\";i:1;s:10:\"12-06-2025\";i:1;s:10:\"12-07-2025\";i:1;s:10:\"12-10-2025\";i:1;s:10:\"12-14-2025\";i:1;s:10:\"12-28-2025\";i:1;s:10:\"01-02-2026\";i:1;s:10:\"01-06-2026\";i:2;s:10:\"01-10-2026\";i:1;s:10:\"01-11-2026\";i:2;s:10:\"01-16-2026\";i:1;s:10:\"01-20-2026\";i:1;s:10:\"01-25-2026\";i:1;s:10:\"02-02-2026\";i:1;s:10:\"02-19-2026\";i:1;s:10:\"02-24-2026\";i:3;s:10:\"03-05-2026\";i:1;s:10:\"03-07-2026\";i:2;s:10:\"03-09-2026\";i:1;s:10:\"03-11-2026\";i:3;s:10:\"03-12-2026\";i:1;s:10:\"03-15-2026\";i:1;s:10:\"03-18-2026\";i:1;s:10:\"03-22-2026\";i:1;s:10:\"03-27-2026\";i:1;s:10:\"04-01-2026\";i:1;s:10:\"04-07-2026\";i:1;s:10:\"04-12-2026\";i:1;s:10:\"04-17-2026\";i:1;s:10:\"04-21-2026\";i:1;s:10:\"04-26-2026\";i:1;s:10:\"04-28-2026\";i:1;}"],"houzez_recently_viewed":["2026-04-28 18:48:18"],"houzez_manual_expire":["0"],"_houzez_expiration_date_status":["saved"],"_elementor_page_assets":["a:0:{}"],"fave_property_price":["325000"],"fave_property_size":["96"],"fave_property_land":["223"],"fave_property_bedrooms":["3"],"fave_property_bathrooms":["2"],"fave_property_id":["3065MHP"],"fave_property_map":["1"],"fave_property_map_address":["Balsicas, Torre Pacheco, Campo de Cartagena y Mar Menor, regionen Murcia, 30591, Spanien"],"fave_property_location":["37.816768110822,-0.95443778412385,15"],"fave_property_map_street_view":["g\u00f6mma"],"fave_property_zip":["30590"],"fave_video_url":["https:\/\/youtu.be\/z0L_oBF6rrQ"],"fave_agent_display_option":["f\u00f6rfattare_info"],"fave_prop_homeslider":["nej"],"fave_private_note":["BREATHE III Paco Albaladejo i Balsicas"]},"_links":{"self":[{"href":"https:\/\/myhomeproperty.es\/sv\/wp-json\/wp\/v2\/properties\/33340","targetHints":{"allow":["GET"]}}],"collection":[{"href":"https:\/\/myhomeproperty.es\/sv\/wp-json\/wp\/v2\/properties"}],"about":[{"href":"https:\/\/myhomeproperty.es\/sv\/wp-json\/wp\/v2\/types\/property"}],"author":[{"embeddable":true,"href":"https:\/\/myhomeproperty.es\/sv\/wp-json\/wp\/v2\/users\/3"}],"version-history":[{"count":2,"href":"https:\/\/myhomeproperty.es\/sv\/wp-json\/wp\/v2\/properties\/33340\/revisions"}],"predecessor-version":[{"id":33350,"href":"https:\/\/myhomeproperty.es\/sv\/wp-json\/wp\/v2\/properties\/33340\/revisions\/33350"}],"wp:featuredmedia":[{"embeddable":true,"href":"https:\/\/myhomeproperty.es\/sv\/wp-json\/wp\/v2\/media\/33311"}],"wp:attachment":[{"href":"https:\/\/myhomeproperty.es\/sv\/wp-json\/wp\/v2\/media?parent=33340"}],"wp:term":[{"taxonomy":"property_type","embeddable":true,"href":"https:\/\/myhomeproperty.es\/sv\/wp-json\/wp\/v2\/property_type?post=33340"},{"taxonomy":"property_status","embeddable":true,"href":"https:\/\/myhomeproperty.es\/sv\/wp-json\/wp\/v2\/property_status?post=33340"},{"taxonomy":"property_feature","embeddable":true,"href":"https:\/\/myhomeproperty.es\/sv\/wp-json\/wp\/v2\/property_feature?post=33340"},{"taxonomy":"property_label","embeddable":true,"href":"https:\/\/myhomeproperty.es\/sv\/wp-json\/wp\/v2\/property_label?post=33340"},{"taxonomy":"property_country","embeddable":true,"href":"https:\/\/myhomeproperty.es\/sv\/wp-json\/wp\/v2\/property_country?post=33340"},{"taxonomy":"property_state","embeddable":true,"href":"https:\/\/myhomeproperty.es\/sv\/wp-json\/wp\/v2\/property_state?post=33340"},{"taxonomy":"property_city","embeddable":true,"href":"https:\/\/myhomeproperty.es\/sv\/wp-json\/wp\/v2\/property_city?post=33340"},{"taxonomy":"property_area","embeddable":true,"href":"https:\/\/myhomeproperty.es\/sv\/wp-json\/wp\/v2\/property_area?post=33340"}],"curies":[{"name":"wp","href":"https:\/\/api.w.org\/{rel}","templated":true}]}}