{"id":3388,"date":"2024-07-29T09:03:26","date_gmt":"2024-07-29T09:03:26","guid":{"rendered":"https:\/\/myhomeproperty.es\/property\/bungalows-med-2-sovrum-i-pilar-de-la-horadada\/"},"modified":"2024-10-18T08:13:46","modified_gmt":"2024-10-18T08:13:46","slug":"bungalows-med-2-sovrum-i-pilar-de-la-horadada","status":"publish","type":"property","link":"https:\/\/myhomeproperty.es\/sv\/property\/bungalows-med-2-sovrum-i-pilar-de-la-horadada\/","title":{"rendered":"BUNGALOWS MED 2 SOVRUM I PILAR DE LA HORADADA"},"content":{"rendered":"\n<p>Vi presenterar detta nya bostadsomr\u00e5de med l\u00e4genheter i Pilar de la Horadada.<br\/>Fastigheterna har 2 sovrum och 2 badrum, vardagsrum-matsal med matplats i k\u00f6ket, terrass eller solarium.<br\/>Bel\u00e4get i ett bra omr\u00e5de, inom g\u00e5ngavst\u00e5nd till alla bekv\u00e4mligheter, bara 2 km fr\u00e5n str\u00e4nderna i Torre de la Horadada och Mil Palmeras och med god tillg\u00e5ng till motorv\u00e4gen.<br\/>Bostadshuset kommer att ha totalt 3 kvarter, 2 av dem med 2 v\u00e5ningar och det tredje med 3 v\u00e5ningar.<br\/>L\u00e4genheterna p\u00e5 bottenv\u00e5ningen i Block 1 och 2 har en privat tr\u00e4dg\u00e5rd och terrass och de \u00f6vre v\u00e5ningarna har ett privat solarium med markis och sommark\u00f6k.<br\/>I det 3:e kvarteret har bottenv\u00e5ningarna en privat tr\u00e4dg\u00e5rd, de f\u00f6rsta v\u00e5ningarna har en stor terrass och takv\u00e5ningarna har en stor terrass samt ett privat solarium med markis och sommark\u00f6k, privat jacuzzi och konstgr\u00e4s.<br\/>Med anlagda gemensamma utrymmen, en stor pool och en lekplats f\u00f6r barn.\nAlla l\u00e4genheter har en underjordisk parkeringsplats och ett f\u00f6rr\u00e5d. <\/p>\n\n<p>Intressanta platser:<\/p>\n\n<ul class=\"wp-block-list\">\n<li>Str\u00e4nder 2 km<\/li>\n\n\n\n<li>Stadens centrum: 1,5 km<\/li>\n\n\n\n<li>Shoppingcentret DOS MARES 10 minuter<\/li>\n\n\n\n<li>Shoppingcentret LA ZENIA BOULEVARD: 15 minuter<\/li>\n\n\n\n<li>Covera Murcia flygplats: 30 minuter<\/li>\n\n\n\n<li>Alicante flygplats: 50 minuter<\/li>\n<\/ul>\n","protected":false},"excerpt":{"rendered":"<p>Vi presenterar detta nya bostadsomr\u00e5de med l\u00e4genheter i Pilar de la Horadada.Fastigheterna har 2 sovrum och 2 badrum, vardagsrum-matsal med matplats i k\u00f6ket, terrass eller solarium.Bel\u00e4get i ett bra omr\u00e5de, inom g\u00e5ngavst\u00e5nd till alla bekv\u00e4mligheter, bara 2 km fr\u00e5n str\u00e4nderna i Torre de la Horadada och Mil Palmeras och med god tillg\u00e5ng till motorv\u00e4gen.Bostadshuset kommer [&hellip;]<\/p>\n","protected":false},"author":3,"featured_media":3228,"parent":0,"menu_order":0,"template":"","property_type":[],"property_status":[142],"property_feature":[89],"property_label":[],"property_country":[101],"property_state":[96],"property_city":[95],"property_area":[],"class_list":["post-3388","property","type-property","status-publish","has-post-thumbnail","hentry","property_status-sald","property_feature-simbassang","property_country-spanien","property_state-alicante-sv","property_city-pilar-de-la-horadada-sv"],"property_meta":{"fave_featured":["1"],"houzez_featured_listing_date":["2024-07-29 09:04:03"],"fave_property_images":["3235","3247","3199","3193","3205","3211","3163","3217","3229","3241","3223","3169","3259","3253","3175","3187","3181","3325","3319","3313","3337","3265","3331","3271","3283","3277","3289","3295","3301","3307","3373","3367","3361"],"fave_single_top_area":["global"],"_top_nav_excluded":[""],"_cms_nav_minihome":[""],"houzez_geolocation_lat":["37.8675489"],"houzez_geolocation_long":["-0.7925673"],"_last_translation_edit_mode":["translation-editor"],"_thumbnail_id":["3228"],"houzez_manual_expire":["0"],"_houzez_expiration_date_status":["saved"],"houzez_total_property_views":["112"],"houzez_views_by_date":["a:61:{s:10:\"03-18-2025\";i:1;s:10:\"04-26-2025\";i:1;s:10:\"05-13-2025\";i:1;s:10:\"05-20-2025\";i:2;s:10:\"05-28-2025\";i:1;s:10:\"06-03-2025\";i:1;s:10:\"06-06-2025\";i:1;s:10:\"06-10-2025\";i:1;s:10:\"07-01-2025\";i:2;s:10:\"07-11-2025\";i:1;s:10:\"07-14-2025\";i:1;s:10:\"07-18-2025\";i:1;s:10:\"07-27-2025\";i:1;s:10:\"08-01-2025\";i:1;s:10:\"08-15-2025\";i:1;s:10:\"08-22-2025\";i:1;s:10:\"08-29-2025\";i:2;s:10:\"08-30-2025\";i:1;s:10:\"09-05-2025\";i:1;s:10:\"09-11-2025\";i:1;s:10:\"09-16-2025\";i:1;s:10:\"09-22-2025\";i:1;s:10:\"09-26-2025\";i:1;s:10:\"09-27-2025\";i:1;s:10:\"10-03-2025\";i:1;s:10:\"10-07-2025\";i:1;s:10:\"10-08-2025\";i:1;s:10:\"10-15-2025\";i:1;s:10:\"10-22-2025\";i:1;s:10:\"11-13-2025\";i:1;s:10:\"11-19-2025\";i:1;s:10:\"12-08-2025\";i:1;s:10:\"12-14-2025\";i:1;s:10:\"12-20-2025\";i:1;s:10:\"12-21-2025\";i:1;s:10:\"12-22-2025\";i:1;s:10:\"12-28-2025\";i:1;s:10:\"01-03-2026\";i:1;s:10:\"01-12-2026\";i:2;s:10:\"01-18-2026\";i:1;s:10:\"01-20-2026\";i:1;s:10:\"01-25-2026\";i:1;s:10:\"02-05-2026\";i:1;s:10:\"02-07-2026\";i:1;s:10:\"02-12-2026\";i:1;s:10:\"02-17-2026\";i:1;s:10:\"03-05-2026\";i:1;s:10:\"03-11-2026\";i:2;s:10:\"03-16-2026\";i:2;s:10:\"03-21-2026\";i:2;s:10:\"03-23-2026\";i:1;s:10:\"03-27-2026\";i:1;s:10:\"04-01-2026\";i:1;s:10:\"04-05-2026\";i:1;s:10:\"04-08-2026\";i:1;s:10:\"04-12-2026\";i:1;s:10:\"04-18-2026\";i:1;s:10:\"04-23-2026\";i:1;s:10:\"04-25-2026\";i:1;s:10:\"04-26-2026\";i:1;s:10:\"04-28-2026\";i:3;}"],"houzez_recently_viewed":["2026-04-28 20:14:11"],"fave_property_price":["249000"],"fave_property_price_prefix":["Fr\u00e5n"],"fave_property_size":["60"],"fave_property_land":["100"],"fave_property_bedrooms":["2"],"fave_property_bathrooms":["2"],"fave_property_id":["3014MHL"],"fave_property_map":["1"],"fave_property_map_address":["Pilar de la Horadada, el Baix Segura \/ La Vega Baja del Segura, Alacant \/ Alicante, Comunitat Valenciana, Spanien"],"fave_property_location":["37.8675489,-0.7925673,15"],"fave_property_map_street_view":["g\u00f6mma"],"fave_property_zip":["03190"],"fave_video_url":["https:\/\/youtu.be\/UDaEIKri3Tg"],"fave_agent_display_option":["f\u00f6rfattare_info"],"fave_prop_homeslider":["ja"],"fave_private_note":["LAMAR VII KEAY READY PACO ALBALADEJO - PILAR DE LA HORADADA TIVOLIOMR\u00c5DE"],"floor_plans":["a:3:{i:0;a:2:{s:15:\"fave_plan_title\";s:18:\"KVARTER 1 BOSTAD 5\";s:15:\"fave_plan_image\";s:60:\"https:\/\/myhomeproperty.es\/wp-content\/uploads\/2024\/07\/5-3.jpg\";}i:1;a:2:{s:15:\"fave_plan_title\";s:19:\"KVARTER 1 VVIENDA 7\";s:15:\"fave_plan_image\";s:60:\"https:\/\/myhomeproperty.es\/wp-content\/uploads\/2024\/07\/7-3.jpg\";}i:2;a:2:{s:15:\"fave_plan_title\";s:18:\"KVARTER 1 BOSTAD 8\";s:15:\"fave_plan_image\";s:60:\"https:\/\/myhomeproperty.es\/wp-content\/uploads\/2024\/07\/8-3.jpg\";}}"],"_wpml_word_count":["{\"total\":252,\"to_translate\":{\"en\":252,\"fr\":252,\"de\":252,\"es\":252}}"],"_elementor_page_assets":["a:0:{}"]},"_links":{"self":[{"href":"https:\/\/myhomeproperty.es\/sv\/wp-json\/wp\/v2\/properties\/3388","targetHints":{"allow":["GET"]}}],"collection":[{"href":"https:\/\/myhomeproperty.es\/sv\/wp-json\/wp\/v2\/properties"}],"about":[{"href":"https:\/\/myhomeproperty.es\/sv\/wp-json\/wp\/v2\/types\/property"}],"author":[{"embeddable":true,"href":"https:\/\/myhomeproperty.es\/sv\/wp-json\/wp\/v2\/users\/3"}],"version-history":[{"count":2,"href":"https:\/\/myhomeproperty.es\/sv\/wp-json\/wp\/v2\/properties\/3388\/revisions"}],"predecessor-version":[{"id":7782,"href":"https:\/\/myhomeproperty.es\/sv\/wp-json\/wp\/v2\/properties\/3388\/revisions\/7782"}],"wp:featuredmedia":[{"embeddable":true,"href":"https:\/\/myhomeproperty.es\/sv\/wp-json\/wp\/v2\/media\/3228"}],"wp:attachment":[{"href":"https:\/\/myhomeproperty.es\/sv\/wp-json\/wp\/v2\/media?parent=3388"}],"wp:term":[{"taxonomy":"property_type","embeddable":true,"href":"https:\/\/myhomeproperty.es\/sv\/wp-json\/wp\/v2\/property_type?post=3388"},{"taxonomy":"property_status","embeddable":true,"href":"https:\/\/myhomeproperty.es\/sv\/wp-json\/wp\/v2\/property_status?post=3388"},{"taxonomy":"property_feature","embeddable":true,"href":"https:\/\/myhomeproperty.es\/sv\/wp-json\/wp\/v2\/property_feature?post=3388"},{"taxonomy":"property_label","embeddable":true,"href":"https:\/\/myhomeproperty.es\/sv\/wp-json\/wp\/v2\/property_label?post=3388"},{"taxonomy":"property_country","embeddable":true,"href":"https:\/\/myhomeproperty.es\/sv\/wp-json\/wp\/v2\/property_country?post=3388"},{"taxonomy":"property_state","embeddable":true,"href":"https:\/\/myhomeproperty.es\/sv\/wp-json\/wp\/v2\/property_state?post=3388"},{"taxonomy":"property_city","embeddable":true,"href":"https:\/\/myhomeproperty.es\/sv\/wp-json\/wp\/v2\/property_city?post=3388"},{"taxonomy":"property_area","embeddable":true,"href":"https:\/\/myhomeproperty.es\/sv\/wp-json\/wp\/v2\/property_area?post=3388"}],"curies":[{"name":"wp","href":"https:\/\/api.w.org\/{rel}","templated":true}]}}