{"id":35411,"date":"2026-02-11T18:28:15","date_gmt":"2026-02-11T18:28:15","guid":{"rendered":"https:\/\/myhomeproperty.es\/property\/bungalow-pa-oversta-vaningen-bara-2-km-fran-havet\/"},"modified":"2026-02-17T07:02:16","modified_gmt":"2026-02-17T07:02:16","slug":"bungalow-pa-oversta-vaningen-bara-2-km-fran-havet","status":"publish","type":"property","link":"https:\/\/myhomeproperty.es\/sv\/property\/bungalow-pa-oversta-vaningen-bara-2-km-fran-havet\/","title":{"rendered":"Bungalow p\u00e5 \u00f6versta v\u00e5ningen bara 2 km fr\u00e5n havet"},"content":{"rendered":"\n<p>Denna oklanderliga bungalow p\u00e5 \u00f6versta v\u00e5ningen erbjuder en perfekt kombination av komfort, stil och l\u00e4ge. Fastigheten, som \u00e4r praktiskt taget ny, har ett vardagsrum\/matsal, tv\u00e5 rymliga sovrum, tv\u00e5 kompletta badrum och \u00e4r i ett enast\u00e5ende skick. <\/p>\n\n<p>Den har ett ljust vardagsrum med direkt tillg\u00e5ng till en mysig terrass, perfekt f\u00f6r att njuta av Medelhavsklimatet, samt ett stort privat solarium, perfekt f\u00f6r avkoppling, sola eller skapa ett avkopplande utrymme med total integritet.<\/p>\n\n<p>Fastigheten inkluderar parkeringsplats och ligger i ett modernt bostadsomr\u00e5de med gemensam pool, gr\u00f6nomr\u00e5den och lekplats, vilket skapar en idealisk milj\u00f6 b\u00e5de f\u00f6r \u00e5ret runt-boende och f\u00f6r att njuta av semestervistelser.<\/p>\n\n<p>Bel\u00e4get i ett lugnt och v\u00e4l kommunicerat omr\u00e5de, bara 2 km fr\u00e5n str\u00e4nderna, och med skolor, stormarknader, tj\u00e4nster och fritidsomr\u00e5den bara n\u00e5gra minuter bort, erbjuder denna fastighet en utm\u00e4rkt livskvalitet.<\/p>\n","protected":false},"excerpt":{"rendered":"<p>Denna oklanderliga bungalow p\u00e5 \u00f6versta v\u00e5ningen erbjuder en perfekt kombination av komfort, stil och l\u00e4ge. Fastigheten, som \u00e4r praktiskt taget ny, har ett vardagsrum\/matsal, tv\u00e5 rymliga sovrum, tv\u00e5 kompletta badrum och \u00e4r i ett enast\u00e5ende skick. Den har ett ljust vardagsrum med direkt tillg\u00e5ng till en mysig terrass, perfekt f\u00f6r att njuta av Medelhavsklimatet, samt [&hellip;]<\/p>\n","protected":false},"author":3,"featured_media":35248,"parent":0,"menu_order":0,"template":"","property_type":[118],"property_status":[93],"property_feature":[89,295,243,219],"property_label":[],"property_country":[101],"property_state":[96],"property_city":[95],"property_area":[],"class_list":["post-35411","property","type-property","status-publish","has-post-thumbnail","hentry","property_type-bungalow-sv","property_status-till-salu","property_feature-simbassang","property_feature-solarium-sv","property_feature-terrass","property_feature-tradgard","property_country-spanien","property_state-alicante-sv","property_city-pilar-de-la-horadada-sv"],"property_meta":{"fave_featured":["1"],"houzez_featured_listing_date":["2026-02-11 18:28:31"],"fave_property_images":["35259","35244","35234","35144","35059","35304","35314","35044","35054","35154","35099","35074","35084","35184","35104","35069","35149","35164","35379","35384","35334","35329","35109","35159","35364","35359","35349","35339","35309","35239","35129","35139","35134","35289","35279","35224","35399","35034"],"fave_single_top_area":["global"],"_top_nav_excluded":[""],"_cms_nav_minihome":[""],"houzez_geolocation_lat":["37.870902571163"],"houzez_geolocation_long":["-0.78134360195949"],"_last_translation_edit_mode":["translation-editor"],"_thumbnail_id":["35248"],"houzez_total_property_views":["36"],"houzez_views_by_date":["a:23:{s:10:\"02-11-2026\";i:2;s:10:\"02-12-2026\";i:2;s:10:\"02-19-2026\";i:1;s:10:\"02-22-2026\";i:1;s:10:\"02-24-2026\";i:1;s:10:\"02-27-2026\";i:1;s:10:\"03-01-2026\";i:1;s:10:\"03-03-2026\";i:1;s:10:\"03-09-2026\";i:1;s:10:\"03-11-2026\";i:3;s:10:\"03-16-2026\";i:1;s:10:\"03-21-2026\";i:1;s:10:\"03-26-2026\";i:1;s:10:\"03-31-2026\";i:1;s:10:\"04-06-2026\";i:1;s:10:\"04-11-2026\";i:1;s:10:\"04-16-2026\";i:1;s:10:\"04-20-2026\";i:2;s:10:\"04-21-2026\";i:1;s:10:\"04-22-2026\";i:5;s:10:\"04-23-2026\";i:4;s:10:\"04-26-2026\";i:1;s:10:\"04-28-2026\";i:2;}"],"houzez_recently_viewed":["2026-04-28 18:47:03"],"_elementor_page_assets":["a:0:{}"],"fave_property_price":["219900"],"fave_property_size":["60"],"fave_property_bedrooms":["2"],"fave_property_bathrooms":["2"],"fave_property_id":["3072MH"],"fave_property_map":["1"],"fave_property_map_address":["Avenida Lo Monte, Pilar de la Horadada, el Baix Segura \/ La Vega Baja, Alacant \/ Alicante, Comunitat Valenciana, 03191, Spanien"],"fave_property_location":["37.870902571163,-0.78134360195949,13"],"fave_property_map_street_view":["g\u00f6mma"],"fave_video_url":["https:\/\/youtu.be\/bNrnQzJzpCw?si=LvCACfQVs5ND_QP3"],"fave_agent_display_option":["none"],"fave_prop_homeslider":["ja"],"floor_plans":["a:1:{i:0;a:1:{s:15:\"fave_plan_image\";s:76:\"https:\/\/myhomeproperty.es\/wp-content\/uploads\/2026\/02\/Bungalow-101-scaled.jpg\";}}"],"houzez_manual_expire":["0"],"_houzez_expiration_date_status":["saved"]},"_links":{"self":[{"href":"https:\/\/myhomeproperty.es\/sv\/wp-json\/wp\/v2\/properties\/35411","targetHints":{"allow":["GET"]}}],"collection":[{"href":"https:\/\/myhomeproperty.es\/sv\/wp-json\/wp\/v2\/properties"}],"about":[{"href":"https:\/\/myhomeproperty.es\/sv\/wp-json\/wp\/v2\/types\/property"}],"author":[{"embeddable":true,"href":"https:\/\/myhomeproperty.es\/sv\/wp-json\/wp\/v2\/users\/3"}],"version-history":[{"count":1,"href":"https:\/\/myhomeproperty.es\/sv\/wp-json\/wp\/v2\/properties\/35411\/revisions"}],"predecessor-version":[{"id":35412,"href":"https:\/\/myhomeproperty.es\/sv\/wp-json\/wp\/v2\/properties\/35411\/revisions\/35412"}],"wp:featuredmedia":[{"embeddable":true,"href":"https:\/\/myhomeproperty.es\/sv\/wp-json\/wp\/v2\/media\/35248"}],"wp:attachment":[{"href":"https:\/\/myhomeproperty.es\/sv\/wp-json\/wp\/v2\/media?parent=35411"}],"wp:term":[{"taxonomy":"property_type","embeddable":true,"href":"https:\/\/myhomeproperty.es\/sv\/wp-json\/wp\/v2\/property_type?post=35411"},{"taxonomy":"property_status","embeddable":true,"href":"https:\/\/myhomeproperty.es\/sv\/wp-json\/wp\/v2\/property_status?post=35411"},{"taxonomy":"property_feature","embeddable":true,"href":"https:\/\/myhomeproperty.es\/sv\/wp-json\/wp\/v2\/property_feature?post=35411"},{"taxonomy":"property_label","embeddable":true,"href":"https:\/\/myhomeproperty.es\/sv\/wp-json\/wp\/v2\/property_label?post=35411"},{"taxonomy":"property_country","embeddable":true,"href":"https:\/\/myhomeproperty.es\/sv\/wp-json\/wp\/v2\/property_country?post=35411"},{"taxonomy":"property_state","embeddable":true,"href":"https:\/\/myhomeproperty.es\/sv\/wp-json\/wp\/v2\/property_state?post=35411"},{"taxonomy":"property_city","embeddable":true,"href":"https:\/\/myhomeproperty.es\/sv\/wp-json\/wp\/v2\/property_city?post=35411"},{"taxonomy":"property_area","embeddable":true,"href":"https:\/\/myhomeproperty.es\/sv\/wp-json\/wp\/v2\/property_area?post=35411"}],"curies":[{"name":"wp","href":"https:\/\/api.w.org\/{rel}","templated":true}]}}