{"id":35870,"date":"2026-02-12T19:11:36","date_gmt":"2026-02-12T19:11:36","guid":{"rendered":"https:\/\/myhomeproperty.es\/property\/rymligt-hus-i-san-pedro-del-pinatar-2\/"},"modified":"2026-02-16T06:51:34","modified_gmt":"2026-02-16T06:51:34","slug":"rymligt-hus-i-san-pedro-del-pinatar-2","status":"publish","type":"property","link":"https:\/\/myhomeproperty.es\/sv\/property\/rymligt-hus-i-san-pedro-del-pinatar-2\/","title":{"rendered":"Rymligt hus i San Pedro del Pinatar"},"content":{"rendered":"\n<p>Fastighet med stort lager i San Pedro del Pinatar. Utrymme, m\u00e5ngsidighet och privilegierat l\u00e4ge. <\/p>\n\n<p>Vi presenterar denna rymliga fastighet bel\u00e4gen p\u00e5 en tomt p\u00e5 cirka 200 m\u00b2 i San Pedro del Pinatar. En idealisk fastighet f\u00f6r dem som letar efter ett bekv\u00e4mt hem med extra utrymme f\u00f6r aff\u00e4rer, f\u00f6rvaring, garage eller till och med ett andra hem. <\/p>\n\n<p>K\u00f6ket och badrummen har nyligen renoverats och b\u00e5de VVS- och elinstallationen reviderades och uppdaterades i januari 2026, vilket garanterar ett utm\u00e4rkt bevarandetillst\u00e5nd och en fastighet som \u00e4r redo att flytta in, eftersom den just har m\u00e5lats om helt. Fastigheten levereras m\u00f6blerad, med luftkonditionering och helt nya elektriska apparater. <\/p>\n\n<p>\ud83c\udfe1 \u00d6vre v\u00e5ningen (huvudbyggnaden) har 4 rymliga och ljusa sovrum, 2 nyrenoverade badrum i bra storlek, ett rymligt vardagsrum med \u00f6ppen planl\u00f6sning, ett renoverat och fullt utrustat k\u00f6k med apparater, funktionella och moderna, en innerg\u00e5rd som ger naturligt ljus och ventilation, separat tv\u00e4ttstuga, skafferi och terrass med bra orientering.<\/p>\n\n<p>Bottenv\u00e5ningen erbjuder ett multifunktionellt utrymme med \u00f6ppen planl\u00f6sning med flera anv\u00e4ndningsm\u00f6jligheter: en oberoende bostad, garage eller carport, f\u00f6rvaring f\u00f6r f\u00f6retag, verkstad eller arbetsomr\u00e5de, uteplats eller fritidsomr\u00e5de.  <\/p>\n\n<p>P\u00e5 takterrassen finns ett stort solarium, perfekt f\u00f6r att njuta av solen, koppla av eller skapa ett fritidsutrymme utomhus.<\/p>\n\n<p>Bel\u00e4get i ett lugnt men mycket centralt omr\u00e5de, med n\u00e4ra tillg\u00e5ng till:<\/p>\n\n<ul class=\"wp-block-list\">\n<li>Skolor<\/li>\n\n\n\n<li>Stormarknader och tj\u00e4nster<\/li>\n\n\n\n<li>Restauranger och butiker<\/li>\n\n\n\n<li>Veckovis loppmarknad<\/li>\n\n\n\n<li>Motorv\u00e4g AP-7<\/li>\n<\/ul>\n\n<p>En fastighet som sticker ut f\u00f6r sin rymlighet, m\u00e5ngsidighet och utm\u00e4rkta skick. En idealisk m\u00f6jlighet f\u00f6r b\u00e5de familjer och f\u00f6retagare som beh\u00f6ver extra utrymme f\u00f6r sin verksamhet. <\/p>\n\n<p><\/p>\n","protected":false},"excerpt":{"rendered":"<p>Fastighet med stort lager i San Pedro del Pinatar. Utrymme, m\u00e5ngsidighet och privilegierat l\u00e4ge. Vi presenterar denna rymliga fastighet bel\u00e4gen p\u00e5 en tomt p\u00e5 cirka 200 m\u00b2 i San Pedro del Pinatar. En idealisk fastighet f\u00f6r dem som letar efter ett bekv\u00e4mt hem med extra utrymme f\u00f6r aff\u00e4rer, f\u00f6rvaring, garage eller till och med ett [&hellip;]<\/p>\n","protected":false},"author":3,"featured_media":30401,"parent":0,"menu_order":0,"template":"","property_type":[124],"property_status":[93],"property_feature":[243],"property_label":[],"property_country":[],"property_state":[91],"property_city":[87],"property_area":[],"class_list":["post-35870","property","type-property","status-publish","has-post-thumbnail","hentry","property_type-hus","property_status-till-salu","property_feature-terrass","property_state-regionen-murcia","property_city-san-pedro-del-pinatar-sv"],"property_meta":{"fave_featured":["0"],"houzez_featured_listing_date":[""],"fave_property_images":["35840","35740","35745","35725","35705","35710","35700","35465","35470","35475","35485","35500","35505","35780","35460","35785","35455","35675","35670","35680","35655","35660","35665","35775","35770","35750","35760","35755","35515","35520","35490","35535","35530","35545","35860","35855","35850","35625","35620","35615","35820","35810","35815","35845","35805","35795","35635","35555","35565"],"fave_single_top_area":["global"],"_top_nav_excluded":[""],"_cms_nav_minihome":[""],"fave_property_price":["260000"],"fave_property_size":["116"],"fave_property_land":["200"],"fave_property_bedrooms":["4"],"fave_property_bathrooms":["2"],"fave_property_garage_size":["116"],"fave_property_id":["3073MH"],"fave_property_map_address":["Avenida del Taibilla, San Pedro del Pinatar, Campo de Cartagena y Mar Menor, Regi\u00f3n de Murcia, 30740, Spanien"],"fave_property_location":["37.8344447,-0.7965034,15"],"houzez_geolocation_lat":["37.8344447"],"houzez_geolocation_long":["-0.7965034"],"fave_property_map_street_view":["g\u00f6mma"],"fave_property_zip":["30740"],"fave_video_url":["https:\/\/youtu.be\/zIofAxsKW4o"],"fave_agent_display_option":["none"],"fave_prop_homeslider":["nej"],"_thumbnail_id":["30401"],"_last_translation_edit_mode":["translation-editor"],"houzez_total_property_views":["32"],"houzez_views_by_date":["a:26:{s:10:\"02-16-2026\";i:3;s:10:\"02-17-2026\";i:1;s:10:\"02-20-2026\";i:1;s:10:\"02-22-2026\";i:1;s:10:\"02-23-2026\";i:1;s:10:\"02-25-2026\";i:2;s:10:\"02-27-2026\";i:1;s:10:\"02-28-2026\";i:1;s:10:\"03-07-2026\";i:1;s:10:\"03-11-2026\";i:2;s:10:\"03-13-2026\";i:1;s:10:\"03-14-2026\";i:1;s:10:\"03-20-2026\";i:1;s:10:\"03-22-2026\";i:1;s:10:\"03-25-2026\";i:1;s:10:\"03-30-2026\";i:1;s:10:\"04-04-2026\";i:1;s:10:\"04-05-2026\";i:1;s:10:\"04-09-2026\";i:1;s:10:\"04-10-2026\";i:1;s:10:\"04-12-2026\";i:2;s:10:\"04-15-2026\";i:1;s:10:\"04-19-2026\";i:1;s:10:\"04-25-2026\";i:1;s:10:\"04-27-2026\";i:1;s:10:\"04-28-2026\";i:2;}"],"houzez_recently_viewed":["2026-04-28 18:52:24"],"_elementor_page_assets":["a:0:{}"]},"_links":{"self":[{"href":"https:\/\/myhomeproperty.es\/sv\/wp-json\/wp\/v2\/properties\/35870","targetHints":{"allow":["GET"]}}],"collection":[{"href":"https:\/\/myhomeproperty.es\/sv\/wp-json\/wp\/v2\/properties"}],"about":[{"href":"https:\/\/myhomeproperty.es\/sv\/wp-json\/wp\/v2\/types\/property"}],"author":[{"embeddable":true,"href":"https:\/\/myhomeproperty.es\/sv\/wp-json\/wp\/v2\/users\/3"}],"version-history":[{"count":1,"href":"https:\/\/myhomeproperty.es\/sv\/wp-json\/wp\/v2\/properties\/35870\/revisions"}],"predecessor-version":[{"id":35871,"href":"https:\/\/myhomeproperty.es\/sv\/wp-json\/wp\/v2\/properties\/35870\/revisions\/35871"}],"wp:featuredmedia":[{"embeddable":true,"href":"https:\/\/myhomeproperty.es\/sv\/wp-json\/wp\/v2\/media\/30401"}],"wp:attachment":[{"href":"https:\/\/myhomeproperty.es\/sv\/wp-json\/wp\/v2\/media?parent=35870"}],"wp:term":[{"taxonomy":"property_type","embeddable":true,"href":"https:\/\/myhomeproperty.es\/sv\/wp-json\/wp\/v2\/property_type?post=35870"},{"taxonomy":"property_status","embeddable":true,"href":"https:\/\/myhomeproperty.es\/sv\/wp-json\/wp\/v2\/property_status?post=35870"},{"taxonomy":"property_feature","embeddable":true,"href":"https:\/\/myhomeproperty.es\/sv\/wp-json\/wp\/v2\/property_feature?post=35870"},{"taxonomy":"property_label","embeddable":true,"href":"https:\/\/myhomeproperty.es\/sv\/wp-json\/wp\/v2\/property_label?post=35870"},{"taxonomy":"property_country","embeddable":true,"href":"https:\/\/myhomeproperty.es\/sv\/wp-json\/wp\/v2\/property_country?post=35870"},{"taxonomy":"property_state","embeddable":true,"href":"https:\/\/myhomeproperty.es\/sv\/wp-json\/wp\/v2\/property_state?post=35870"},{"taxonomy":"property_city","embeddable":true,"href":"https:\/\/myhomeproperty.es\/sv\/wp-json\/wp\/v2\/property_city?post=35870"},{"taxonomy":"property_area","embeddable":true,"href":"https:\/\/myhomeproperty.es\/sv\/wp-json\/wp\/v2\/property_area?post=35870"}],"curies":[{"name":"wp","href":"https:\/\/api.w.org\/{rel}","templated":true}]}}