{"id":35968,"date":"2026-02-16T18:03:12","date_gmt":"2026-02-16T18:03:12","guid":{"rendered":"https:\/\/myhomeproperty.es\/property\/helt-ny-lagenhet-i-rambla-omradet\/"},"modified":"2026-02-19T20:49:37","modified_gmt":"2026-02-19T20:49:37","slug":"helt-ny-lagenhet-i-rambla-omradet","status":"publish","type":"property","link":"https:\/\/myhomeproperty.es\/sv\/property\/helt-ny-lagenhet-i-rambla-omradet\/","title":{"rendered":"Helt ny l\u00e4genhet i Rambla-omr\u00e5det"},"content":{"rendered":"\n<p>Helt ny fastighet i ett av de b\u00e4sta omr\u00e5dena i kommunen.<\/p>\n\n<p>Bel\u00e4get i ett av de mest v\u00e4rderade omr\u00e5dena i denna charmiga kuststad, med alla tj\u00e4nster, butiker och tillg\u00e5ng till ett steg. En unik m\u00f6jlighet att ha en helt ny fastighet, eftersom den aldrig har bott i. De m\u00f6bler som f\u00f6r n\u00e4rvarande visas tillh\u00f6r en \u00f6verf\u00f6ring av hush\u00e5llsartiklar och ing\u00e5r inte i f\u00f6rs\u00e4ljningen.  <\/p>\n\n<p>Fastigheten erbjuder n\u00e4stan 100 m\u00b2 bostadsyta, f\u00f6rdelat p\u00e5 ett mycket bekv\u00e4mt och funktionellt s\u00e4tt i 3 rymliga sovrum, 2 badrum, separat k\u00f6k, ljust vardagsrum med matsal, hall och tv\u00e4ttstuga.<\/p>\n\n<p>En l\u00e4genhet som du inte kan hitta l\u00e4ngre: gener\u00f6sa rum, bra konstruktion och en planl\u00f6sning utformad f\u00f6r bekv\u00e4mt boende.<\/p>\n\n<p>I priset ing\u00e5r ocks\u00e5 en l\u00e4ttillg\u00e4nglig parkeringsplats.<\/p>\n\n<p>En fastighet som \u00e4r redo att bli ditt nya hem eller en utm\u00e4rkt investering.<\/p>\n","protected":false},"excerpt":{"rendered":"<p>Helt ny fastighet i ett av de b\u00e4sta omr\u00e5dena i kommunen. Bel\u00e4get i ett av de mest v\u00e4rderade omr\u00e5dena i denna charmiga kuststad, med alla tj\u00e4nster, butiker och tillg\u00e5ng till ett steg. En unik m\u00f6jlighet att ha en helt ny fastighet, eftersom den aldrig har bott i. De m\u00f6bler som f\u00f6r n\u00e4rvarande visas tillh\u00f6r en [&hellip;]<\/p>\n","protected":false},"author":3,"featured_media":35960,"parent":0,"menu_order":0,"template":"","property_type":[178],"property_status":[93],"property_feature":[243],"property_label":[],"property_country":[],"property_state":[96],"property_city":[95],"property_area":[],"class_list":["post-35968","property","type-property","status-publish","has-post-thumbnail","hentry","property_type-golv","property_status-till-salu","property_feature-terrass","property_state-alicante-sv","property_city-pilar-de-la-horadada-sv"],"property_meta":{"fave_featured":["0"],"houzez_featured_listing_date":[""],"fave_property_images":["35956","35896","35876","35886","35926","35911","35901","35936","35891","35931","35916","35921","35946","35951"],"fave_single_top_area":["global"],"_top_nav_excluded":[""],"_cms_nav_minihome":[""],"houzez_geolocation_lat":["37.8675489"],"houzez_geolocation_long":["-0.7925673"],"_thumbnail_id":["35960"],"_last_translation_edit_mode":["translation-editor"],"houzez_total_property_views":["26"],"houzez_views_by_date":["a:20:{s:10:\"02-17-2026\";i:3;s:10:\"02-20-2026\";i:1;s:10:\"02-21-2026\";i:1;s:10:\"02-23-2026\";i:2;s:10:\"02-28-2026\";i:1;s:10:\"03-11-2026\";i:2;s:10:\"03-14-2026\";i:1;s:10:\"03-18-2026\";i:1;s:10:\"03-19-2026\";i:1;s:10:\"03-24-2026\";i:1;s:10:\"03-29-2026\";i:1;s:10:\"04-01-2026\";i:1;s:10:\"04-03-2026\";i:1;s:10:\"04-04-2026\";i:1;s:10:\"04-09-2026\";i:1;s:10:\"04-11-2026\";i:2;s:10:\"04-14-2026\";i:1;s:10:\"04-18-2026\";i:1;s:10:\"04-23-2026\";i:1;s:10:\"04-28-2026\";i:2;}"],"houzez_recently_viewed":["2026-04-28 16:47:24"],"_elementor_page_assets":["a:0:{}"],"fave_property_price":["150000"],"fave_property_size":["100"],"fave_property_bedrooms":["3"],"fave_property_bathrooms":["2"],"fave_property_id":["3074MH"],"fave_property_map":["1"],"fave_property_map_address":["Pilar de la Horadada, el Baix Segura \/ La Vega Baja, Alacant \/ Alicante, Comunitat Valenciana, Spanien"],"fave_property_location":["37.8675489,-0.7925673,15"],"fave_property_map_street_view":["g\u00f6mma"],"fave_video_url":["https:\/\/youtu.be\/BPR-lnzSckI"],"fave_agent_display_option":["f\u00f6rfattare_info"],"fave_prop_homeslider":["nej"],"houzez_manual_expire":["0"],"_houzez_expiration_date_status":["saved"]},"_links":{"self":[{"href":"https:\/\/myhomeproperty.es\/sv\/wp-json\/wp\/v2\/properties\/35968","targetHints":{"allow":["GET"]}}],"collection":[{"href":"https:\/\/myhomeproperty.es\/sv\/wp-json\/wp\/v2\/properties"}],"about":[{"href":"https:\/\/myhomeproperty.es\/sv\/wp-json\/wp\/v2\/types\/property"}],"author":[{"embeddable":true,"href":"https:\/\/myhomeproperty.es\/sv\/wp-json\/wp\/v2\/users\/3"}],"version-history":[{"count":1,"href":"https:\/\/myhomeproperty.es\/sv\/wp-json\/wp\/v2\/properties\/35968\/revisions"}],"predecessor-version":[{"id":35969,"href":"https:\/\/myhomeproperty.es\/sv\/wp-json\/wp\/v2\/properties\/35968\/revisions\/35969"}],"wp:featuredmedia":[{"embeddable":true,"href":"https:\/\/myhomeproperty.es\/sv\/wp-json\/wp\/v2\/media\/35960"}],"wp:attachment":[{"href":"https:\/\/myhomeproperty.es\/sv\/wp-json\/wp\/v2\/media?parent=35968"}],"wp:term":[{"taxonomy":"property_type","embeddable":true,"href":"https:\/\/myhomeproperty.es\/sv\/wp-json\/wp\/v2\/property_type?post=35968"},{"taxonomy":"property_status","embeddable":true,"href":"https:\/\/myhomeproperty.es\/sv\/wp-json\/wp\/v2\/property_status?post=35968"},{"taxonomy":"property_feature","embeddable":true,"href":"https:\/\/myhomeproperty.es\/sv\/wp-json\/wp\/v2\/property_feature?post=35968"},{"taxonomy":"property_label","embeddable":true,"href":"https:\/\/myhomeproperty.es\/sv\/wp-json\/wp\/v2\/property_label?post=35968"},{"taxonomy":"property_country","embeddable":true,"href":"https:\/\/myhomeproperty.es\/sv\/wp-json\/wp\/v2\/property_country?post=35968"},{"taxonomy":"property_state","embeddable":true,"href":"https:\/\/myhomeproperty.es\/sv\/wp-json\/wp\/v2\/property_state?post=35968"},{"taxonomy":"property_city","embeddable":true,"href":"https:\/\/myhomeproperty.es\/sv\/wp-json\/wp\/v2\/property_city?post=35968"},{"taxonomy":"property_area","embeddable":true,"href":"https:\/\/myhomeproperty.es\/sv\/wp-json\/wp\/v2\/property_area?post=35968"}],"curies":[{"name":"wp","href":"https:\/\/api.w.org\/{rel}","templated":true}]}}