{"id":4695,"date":"2024-09-05T12:06:34","date_gmt":"2024-09-05T12:06:34","guid":{"rendered":"https:\/\/myhomeproperty.es\/property\/hornhus-i-san-pedro-del-pinatar\/"},"modified":"2024-11-29T10:52:46","modified_gmt":"2024-11-29T10:52:46","slug":"hornhus-i-san-pedro-del-pinatar","status":"publish","type":"property","link":"https:\/\/myhomeproperty.es\/sv\/property\/hornhus-i-san-pedro-del-pinatar\/","title":{"rendered":"H\u00f6rnhus i San Pedro del Pinatar"},"content":{"rendered":"\n<p>Vi presenterar denna stora h\u00f6rnfastighet i San Pedro del Pinatar.\nDen har 6 sovrum, 2 fullt utrustade k\u00f6k och 4 kompletta badrum.  Den \u00e4r f\u00f6rdelad p\u00e5 3 v\u00e5ningar. Det har en utomhus tr\u00e4dg\u00e5rd p\u00e5 bottenv\u00e5ningen och ytterligare 3 terrasser, vilket ger det gott om utrymme att njuta av utomhus.<\/p>\n\n<p>Huvudentr\u00e9n leder till en entr\u00e9hall med tillg\u00e5ng till rummen p\u00e5 bottenv\u00e5ningen och p\u00e5 andra sidan finns tillg\u00e5ng till de \u00f6vre v\u00e5ningarna, s\u00e5 det kan vara tv\u00e5 helt oberoende bost\u00e4der om s\u00e5 \u00f6nskas.<\/p>\n\n<p>Bottenv\u00e5ningen har ett stort vardagsrum, k\u00f6k, tv\u00e5 sovrum, ett stort badrum med badkar och dusch, ett f\u00f6rr\u00e5d och ett st\u00e4ngt garage.\nDen har stora inbyggda garderober f\u00f6r f\u00f6rvaring. <\/p>\n\n<p>Den \u00f6vre v\u00e5ningen \u00e4r f\u00f6rdelad i vardagsrum-matsal, oberoende k\u00f6k, 3 sovrum, sovrummet med eget badrum, ett annat badrum och tv\u00e5 terrasser.\nDessutom har vindomr\u00e5det det sj\u00e4tte sovrummet, ett komplett badrum och en terrass, men p\u00e5 grund av det utrymme det har, m\u00f6jligg\u00f6r det m\u00e5nga fler alternativ. <\/p>\n\n<p>Den har inbyggda garderober och alla sovrummen vetter ut\u00e5t, vilket g\u00f6r det till en mycket ljus fastighet.\nDet kommer m\u00f6blerat och i ett bra bevarandetillst\u00e5nd.\nI ett lugnt men centralt omr\u00e5de.\nN\u00e4ra till skolor, aff\u00e4rer och alla tj\u00e4nster.   <\/p>\n\n<p>\u00c4r det vad du letar efter?\nKom och se den! <\/p>\n\n<p>Avst\u00e5nd<\/p>\n\n<ul class=\"wp-block-list\">\n<li>Strand: 1,5 km<\/li>\n\n\n\n<li>Dos Mares k\u00f6pcentrum: 5 km<\/li>\n\n\n\n<li>K\u00f6pcentret La Zenia Boulevard: 15 minuter<\/li>\n\n\n\n<li>Corvera flygplats: 35 minuter<\/li>\n\n\n\n<li>Alicante flygplats: 70 minuter<\/li>\n\n\n\n<li>Balsicas t\u00e5gstation: 20 min.<\/li>\n<\/ul>\n","protected":false},"excerpt":{"rendered":"<p>Vi presenterar denna stora h\u00f6rnfastighet i San Pedro del Pinatar. Den har 6 sovrum, 2 fullt utrustade k\u00f6k och 4 kompletta badrum. Den \u00e4r f\u00f6rdelad p\u00e5 3 v\u00e5ningar. Det har en utomhus tr\u00e4dg\u00e5rd p\u00e5 bottenv\u00e5ningen och ytterligare 3 terrasser, vilket ger det gott om utrymme att njuta av utomhus. Huvudentr\u00e9n leder till en entr\u00e9hall med [&hellip;]<\/p>\n","protected":false},"author":3,"featured_media":8541,"parent":0,"menu_order":0,"template":"","property_type":[124],"property_status":[93],"property_feature":[],"property_label":[],"property_country":[101],"property_state":[91],"property_city":[87],"property_area":[],"class_list":["post-4695","property","type-property","status-publish","has-post-thumbnail","hentry","property_type-hus","property_status-till-salu","property_country-spanien","property_state-regionen-murcia","property_city-san-pedro-del-pinatar-sv"],"property_meta":{"fave_featured":["1"],"houzez_featured_listing_date":["2024-09-05 12:06:45"],"fave_property_images":["4662","4302","4314","4326","4332","4338","4374","4392","4386","4380","4356","4362","4368","4404","4410","4350","4422","4416","4434","4464","4476","4482","4440","4446","4458","4452","4548","4560","4554","4524","4530","4506","4512","4518","4500","4494","4536","4542","4572","4602","4584","4590","4596","4680","4614","4620","4674","4656","4626","4638"],"fave_single_top_area":["global"],"_top_nav_excluded":[""],"_cms_nav_minihome":[""],"houzez_geolocation_lat":["37.8354366"],"houzez_geolocation_long":["-0.7914619"],"_last_translation_edit_mode":["translation-editor"],"_thumbnail_id":["8541"],"fave_property_price":["249900"],"fave_property_size":["250"],"fave_property_land":["150"],"fave_property_bedrooms":["6"],"fave_property_bathrooms":["4"],"fave_property_garage_size":["40"],"fave_property_id":["3018MH"],"fave_property_map_address":["San Pedro del Pinatar, Campo de Cartagena y Mar Menor, regionen Murcia, Spanien"],"fave_property_location":["37.8354366,-0.7914619,15"],"fave_property_map_street_view":["g\u00f6mma"],"fave_property_zip":["30740"],"fave_video_url":["https:\/\/youtu.be\/cIZs-FmVT0I?si=Y8qWSPMhGNVbYlpy"],"fave_agent_display_option":["f\u00f6rfattare_info"],"fave_prop_homeslider":["ja"],"houzez_manual_expire":["0"],"_houzez_expiration_date_status":["saved"],"_wpml_word_count":["{\"total\":274,\"to_translate\":{\"en\":274,\"fr\":274,\"de\":274,\"es\":274}}"],"houzez_total_property_views":["116"],"houzez_views_by_date":["a:61:{s:10:\"07-12-2025\";i:1;s:10:\"07-14-2025\";i:1;s:10:\"07-22-2025\";i:1;s:10:\"07-24-2025\";i:1;s:10:\"07-25-2025\";i:1;s:10:\"07-29-2025\";i:1;s:10:\"08-03-2025\";i:1;s:10:\"08-06-2025\";i:1;s:10:\"08-23-2025\";i:1;s:10:\"08-30-2025\";i:2;s:10:\"08-31-2025\";i:1;s:10:\"09-06-2025\";i:1;s:10:\"09-10-2025\";i:2;s:10:\"09-12-2025\";i:1;s:10:\"09-17-2025\";i:1;s:10:\"09-18-2025\";i:1;s:10:\"09-19-2025\";i:2;s:10:\"09-23-2025\";i:1;s:10:\"09-27-2025\";i:2;s:10:\"09-28-2025\";i:1;s:10:\"10-04-2025\";i:1;s:10:\"10-05-2025\";i:1;s:10:\"10-09-2025\";i:1;s:10:\"10-11-2025\";i:1;s:10:\"10-16-2025\";i:1;s:10:\"11-08-2025\";i:1;s:10:\"11-19-2025\";i:1;s:10:\"11-27-2025\";i:1;s:10:\"12-05-2025\";i:1;s:10:\"12-07-2025\";i:1;s:10:\"12-08-2025\";i:1;s:10:\"12-18-2025\";i:1;s:10:\"12-19-2025\";i:2;s:10:\"12-24-2025\";i:1;s:10:\"01-04-2026\";i:1;s:10:\"01-06-2026\";i:1;s:10:\"01-12-2026\";i:2;s:10:\"01-20-2026\";i:1;s:10:\"01-26-2026\";i:2;s:10:\"01-31-2026\";i:1;s:10:\"02-03-2026\";i:1;s:10:\"02-05-2026\";i:1;s:10:\"02-18-2026\";i:1;s:10:\"02-23-2026\";i:1;s:10:\"03-06-2026\";i:1;s:10:\"03-08-2026\";i:1;s:10:\"03-11-2026\";i:2;s:10:\"03-14-2026\";i:1;s:10:\"03-20-2026\";i:1;s:10:\"03-26-2026\";i:1;s:10:\"03-28-2026\";i:1;s:10:\"03-30-2026\";i:1;s:10:\"04-01-2026\";i:1;s:10:\"04-06-2026\";i:2;s:10:\"04-07-2026\";i:2;s:10:\"04-11-2026\";i:1;s:10:\"04-17-2026\";i:1;s:10:\"04-22-2026\";i:1;s:10:\"04-24-2026\";i:2;s:10:\"04-27-2026\";i:1;s:10:\"04-28-2026\";i:1;}"],"houzez_recently_viewed":["2026-04-28 19:08:09"],"_elementor_page_assets":["a:0:{}"]},"_links":{"self":[{"href":"https:\/\/myhomeproperty.es\/sv\/wp-json\/wp\/v2\/properties\/4695","targetHints":{"allow":["GET"]}}],"collection":[{"href":"https:\/\/myhomeproperty.es\/sv\/wp-json\/wp\/v2\/properties"}],"about":[{"href":"https:\/\/myhomeproperty.es\/sv\/wp-json\/wp\/v2\/types\/property"}],"author":[{"embeddable":true,"href":"https:\/\/myhomeproperty.es\/sv\/wp-json\/wp\/v2\/users\/3"}],"version-history":[{"count":1,"href":"https:\/\/myhomeproperty.es\/sv\/wp-json\/wp\/v2\/properties\/4695\/revisions"}],"predecessor-version":[{"id":4696,"href":"https:\/\/myhomeproperty.es\/sv\/wp-json\/wp\/v2\/properties\/4695\/revisions\/4696"}],"wp:featuredmedia":[{"embeddable":true,"href":"https:\/\/myhomeproperty.es\/sv\/wp-json\/wp\/v2\/media\/8541"}],"wp:attachment":[{"href":"https:\/\/myhomeproperty.es\/sv\/wp-json\/wp\/v2\/media?parent=4695"}],"wp:term":[{"taxonomy":"property_type","embeddable":true,"href":"https:\/\/myhomeproperty.es\/sv\/wp-json\/wp\/v2\/property_type?post=4695"},{"taxonomy":"property_status","embeddable":true,"href":"https:\/\/myhomeproperty.es\/sv\/wp-json\/wp\/v2\/property_status?post=4695"},{"taxonomy":"property_feature","embeddable":true,"href":"https:\/\/myhomeproperty.es\/sv\/wp-json\/wp\/v2\/property_feature?post=4695"},{"taxonomy":"property_label","embeddable":true,"href":"https:\/\/myhomeproperty.es\/sv\/wp-json\/wp\/v2\/property_label?post=4695"},{"taxonomy":"property_country","embeddable":true,"href":"https:\/\/myhomeproperty.es\/sv\/wp-json\/wp\/v2\/property_country?post=4695"},{"taxonomy":"property_state","embeddable":true,"href":"https:\/\/myhomeproperty.es\/sv\/wp-json\/wp\/v2\/property_state?post=4695"},{"taxonomy":"property_city","embeddable":true,"href":"https:\/\/myhomeproperty.es\/sv\/wp-json\/wp\/v2\/property_city?post=4695"},{"taxonomy":"property_area","embeddable":true,"href":"https:\/\/myhomeproperty.es\/sv\/wp-json\/wp\/v2\/property_area?post=4695"}],"curies":[{"name":"wp","href":"https:\/\/api.w.org\/{rel}","templated":true}]}}