{"id":9095,"date":"2024-12-23T08:17:49","date_gmt":"2024-12-23T08:17:49","guid":{"rendered":"https:\/\/myhomeproperty.es\/property\/hus-pa-bottenvaningen-i-lo-pagan\/"},"modified":"2025-02-05T16:13:26","modified_gmt":"2025-02-05T16:13:26","slug":"hus-pa-bottenvaningen-i-lo-pagan","status":"publish","type":"property","link":"https:\/\/myhomeproperty.es\/sv\/property\/hus-pa-bottenvaningen-i-lo-pagan\/","title":{"rendered":"Hus p\u00e5 bottenv\u00e5ningen i Lo Pagan"},"content":{"rendered":"\n<p>Vi presenterar denna charmiga l\u00e4genhet p\u00e5 bottenv\u00e5ningen, bel\u00e4gen bara 800 meter fr\u00e5n Mar Menor, ett paradis f\u00f6r \u00e4lskare av havet och lugnet.<\/p>\n\n<p>Denna fastighet har 3 rymliga och v\u00e4l upplysta sovrum, 2 funktionella och utrustade badrum, ett vardagsrum med matsal, ett \u00f6ppet och mysigt utrymme perfekt f\u00f6r att dela of\u00f6rgl\u00f6mliga stunder med familj och v\u00e4nner, ett fullt utrustat oberoende k\u00f6k, perfekt f\u00f6r dem som letar efter utrymme och funktionalitet, en uteplats, ett m\u00e5ngsidigt t\u00e4ckt utomhush\u00f6rn med m\u00f6jlighet att \u00f6ppna det f\u00f6r luft och ljus och en solig terrass med \u00f6stlig orientering, ett charmigt utomhusutrymme, perfekt f\u00f6r att l\u00e4sa eller njuta av en god m\u00e5ltid utomhus.<\/p>\n\n<p>Missa inte m\u00f6jligheten att bo n\u00e4ra Mar Menor i denna underbara fastighet, kontakta oss f\u00f6r mer information och visningar! <\/p>\n","protected":false},"excerpt":{"rendered":"<p>Vi presenterar denna charmiga l\u00e4genhet p\u00e5 bottenv\u00e5ningen, bel\u00e4gen bara 800 meter fr\u00e5n Mar Menor, ett paradis f\u00f6r \u00e4lskare av havet och lugnet. Denna fastighet har 3 rymliga och v\u00e4l upplysta sovrum, 2 funktionella och utrustade badrum, ett vardagsrum med matsal, ett \u00f6ppet och mysigt utrymme perfekt f\u00f6r att dela of\u00f6rgl\u00f6mliga stunder med familj och v\u00e4nner, [&hellip;]<\/p>\n","protected":false},"author":3,"featured_media":9064,"parent":0,"menu_order":0,"template":"","property_type":[124],"property_status":[93],"property_feature":[243],"property_label":[],"property_country":[101],"property_state":[91],"property_city":[87],"property_area":[239],"class_list":["post-9095","property","type-property","status-publish","has-post-thumbnail","hentry","property_type-hus","property_status-till-salu","property_feature-terrass","property_country-spanien","property_state-regionen-murcia","property_city-san-pedro-del-pinatar-sv","property_area-lo-pagan-sv"],"property_meta":{"fave_featured":["0"],"houzez_featured_listing_date":[""],"fave_property_images":["9060","9035","9025","9040","9070","9050","9015","8940","8935","9010","8985","8970","8975","8980","8965","8945","8950","8865","8955","8870","8875","8880","8890","8895","8900","8905","8910","8920","8930","8925","8960","9075","9085"],"fave_single_top_area":["global"],"_top_nav_excluded":[""],"_cms_nav_minihome":[""],"fave_property_price":["145900"],"fave_property_size":["77"],"fave_property_land":["117"],"fave_property_bedrooms":["3"],"fave_property_bathrooms":["2"],"fave_property_id":["3133MH"],"fave_property_map":["1"],"fave_property_map_address":["Calle Las Palmas, Molino Chirrete, Loma de Abajo, San Pedro del Pinatar, Campo de Cartagena y Mar Menor, Regi\u00f3n de Murcia, 30740, Spanien"],"fave_property_location":["37.820045323618,-0.7916912687442,15"],"houzez_geolocation_lat":["37.820045323618"],"houzez_geolocation_long":["-0.7916912687442"],"fave_property_map_street_view":["g\u00f6mma"],"fave_property_zip":["30740"],"fave_video_url":["https:\/\/youtu.be\/k99rBV0TbHI"],"fave_agent_display_option":["f\u00f6rfattare_info"],"fave_prop_homeslider":["ja"],"_thumbnail_id":["9064"],"_last_translation_edit_mode":["translation-editor"],"houzez_total_property_views":["98"],"houzez_views_by_date":["a:61:{s:10:\"05-02-2025\";i:1;s:10:\"05-14-2025\";i:1;s:10:\"05-20-2025\";i:2;s:10:\"05-27-2025\";i:1;s:10:\"06-01-2025\";i:1;s:10:\"06-02-2025\";i:1;s:10:\"06-07-2025\";i:1;s:10:\"06-14-2025\";i:3;s:10:\"06-15-2025\";i:1;s:10:\"06-17-2025\";i:2;s:10:\"07-05-2025\";i:1;s:10:\"07-13-2025\";i:1;s:10:\"07-14-2025\";i:2;s:10:\"07-21-2025\";i:2;s:10:\"07-22-2025\";i:1;s:10:\"07-28-2025\";i:1;s:10:\"07-30-2025\";i:2;s:10:\"08-02-2025\";i:1;s:10:\"08-07-2025\";i:2;s:10:\"08-22-2025\";i:1;s:10:\"08-28-2025\";i:1;s:10:\"08-30-2025\";i:2;s:10:\"08-31-2025\";i:2;s:10:\"09-05-2025\";i:1;s:10:\"09-10-2025\";i:1;s:10:\"09-15-2025\";i:1;s:10:\"09-17-2025\";i:1;s:10:\"09-21-2025\";i:1;s:10:\"09-26-2025\";i:3;s:10:\"10-02-2025\";i:1;s:10:\"10-04-2025\";i:1;s:10:\"10-07-2025\";i:1;s:10:\"10-13-2025\";i:1;s:10:\"10-20-2025\";i:1;s:10:\"11-19-2025\";i:1;s:10:\"12-07-2025\";i:1;s:10:\"12-08-2025\";i:1;s:10:\"12-12-2025\";i:1;s:10:\"12-26-2025\";i:1;s:10:\"01-01-2026\";i:1;s:10:\"01-12-2026\";i:3;s:10:\"01-24-2026\";i:1;s:10:\"01-29-2026\";i:1;s:10:\"01-30-2026\";i:1;s:10:\"02-03-2026\";i:1;s:10:\"02-21-2026\";i:1;s:10:\"03-06-2026\";i:1;s:10:\"03-11-2026\";i:2;s:10:\"03-12-2026\";i:1;s:10:\"03-15-2026\";i:2;s:10:\"03-19-2026\";i:1;s:10:\"03-23-2026\";i:1;s:10:\"03-29-2026\";i:1;s:10:\"04-01-2026\";i:2;s:10:\"04-04-2026\";i:1;s:10:\"04-09-2026\";i:1;s:10:\"04-10-2026\";i:1;s:10:\"04-15-2026\";i:1;s:10:\"04-20-2026\";i:1;s:10:\"04-25-2026\";i:2;s:10:\"04-28-2026\";i:1;}"],"houzez_recently_viewed":["2026-04-28 19:07:28"],"_elementor_page_assets":["a:0:{}"]},"_links":{"self":[{"href":"https:\/\/myhomeproperty.es\/sv\/wp-json\/wp\/v2\/properties\/9095","targetHints":{"allow":["GET"]}}],"collection":[{"href":"https:\/\/myhomeproperty.es\/sv\/wp-json\/wp\/v2\/properties"}],"about":[{"href":"https:\/\/myhomeproperty.es\/sv\/wp-json\/wp\/v2\/types\/property"}],"author":[{"embeddable":true,"href":"https:\/\/myhomeproperty.es\/sv\/wp-json\/wp\/v2\/users\/3"}],"version-history":[{"count":1,"href":"https:\/\/myhomeproperty.es\/sv\/wp-json\/wp\/v2\/properties\/9095\/revisions"}],"predecessor-version":[{"id":9096,"href":"https:\/\/myhomeproperty.es\/sv\/wp-json\/wp\/v2\/properties\/9095\/revisions\/9096"}],"wp:featuredmedia":[{"embeddable":true,"href":"https:\/\/myhomeproperty.es\/sv\/wp-json\/wp\/v2\/media\/9064"}],"wp:attachment":[{"href":"https:\/\/myhomeproperty.es\/sv\/wp-json\/wp\/v2\/media?parent=9095"}],"wp:term":[{"taxonomy":"property_type","embeddable":true,"href":"https:\/\/myhomeproperty.es\/sv\/wp-json\/wp\/v2\/property_type?post=9095"},{"taxonomy":"property_status","embeddable":true,"href":"https:\/\/myhomeproperty.es\/sv\/wp-json\/wp\/v2\/property_status?post=9095"},{"taxonomy":"property_feature","embeddable":true,"href":"https:\/\/myhomeproperty.es\/sv\/wp-json\/wp\/v2\/property_feature?post=9095"},{"taxonomy":"property_label","embeddable":true,"href":"https:\/\/myhomeproperty.es\/sv\/wp-json\/wp\/v2\/property_label?post=9095"},{"taxonomy":"property_country","embeddable":true,"href":"https:\/\/myhomeproperty.es\/sv\/wp-json\/wp\/v2\/property_country?post=9095"},{"taxonomy":"property_state","embeddable":true,"href":"https:\/\/myhomeproperty.es\/sv\/wp-json\/wp\/v2\/property_state?post=9095"},{"taxonomy":"property_city","embeddable":true,"href":"https:\/\/myhomeproperty.es\/sv\/wp-json\/wp\/v2\/property_city?post=9095"},{"taxonomy":"property_area","embeddable":true,"href":"https:\/\/myhomeproperty.es\/sv\/wp-json\/wp\/v2\/property_area?post=9095"}],"curies":[{"name":"wp","href":"https:\/\/api.w.org\/{rel}","templated":true}]}}