{"id":9600,"date":"2025-01-07T10:57:43","date_gmt":"2025-01-07T10:57:43","guid":{"rendered":"https:\/\/myhomeproperty.es\/property\/radhus-pa-bottenvaningen-i-san-pedro-del-pinatar\/"},"modified":"2025-02-11T13:52:18","modified_gmt":"2025-02-11T13:52:18","slug":"radhus-pa-bottenvaningen-i-san-pedro-del-pinatar","status":"publish","type":"property","link":"https:\/\/myhomeproperty.es\/sv\/property\/radhus-pa-bottenvaningen-i-san-pedro-del-pinatar\/","title":{"rendered":"Parhus p\u00e5 bottenv\u00e5ningen i San Pedro del Pinatar"},"content":{"rendered":"\n<p>Detta parhus ligger i ett lugnt bostadsomr\u00e5de i San Pedro del Pinatar och erbjuder en tomt p\u00e5 168 m\u00b2 och 70 m\u00b2 byggt, utformat f\u00f6r komfort, funktionalitet och njutning. Bara 500 meter fr\u00e5n stranden, \u00e4r detta hus perfekt f\u00f6r dem som letar efter ett hem n\u00e4ra havet och med alla tj\u00e4nster n\u00e4ra till hands. <\/p>\n\n<p>Distribution:<\/p>\n\n<ul class=\"wp-block-list\">\n<li>Tr\u00e4dg\u00e5rd p\u00e5 framsidan (35 m\u00b2): S\u00f6derl\u00e4ge, sol hela dagen, markis och konstgr\u00e4s. Tillr\u00e4ckligt med utrymme f\u00f6r att f\u00f6rvara bil, cyklar etc. <\/li>\n\n\n\n<li>Vardagsrum med luftkonditionering: Ljust och bekv\u00e4mt, perfekt f\u00f6r en familj, med plats f\u00f6r soffa, TV-bord och matplats.<\/li>\n\n\n\n<li>2 dubbelrum: Med inbyggda garderober och byr\u00e5er.<\/li>\n\n\n\n<li>Komplett badrum: Med badkar och m\u00f6bler.<\/li>\n\n\n\n<li>Sj\u00e4lvst\u00e4ndigt k\u00f6k: Fullt utrustat, med tillg\u00e5ng till galleriet.<\/li>\n\n\n\n<li>Galleri: Med extra toalett och utrymme f\u00f6r tv\u00e4ttmaskin.<\/li>\n\n\n\n<li>Tr\u00e4dg\u00e5rd p\u00e5 baksidan (70 m\u00b2): Med grillplats, 4&#215;3 m pool, palmer och reningshus. Perfekt f\u00f6r att njuta av utomhuslivet. <\/li>\n\n\n\n<li>Solarium (30 m\u00b2): Med gr\u00e4smatta, luftkonditionerat sovrum och tv\u00e5 f\u00f6rr\u00e5d. F\u00f6rberett f\u00f6r ett tredje badrum. <\/li>\n<\/ul>\n\n<p>Tj\u00e4nster i n\u00e4rheten:<\/p>\n\n<ul class=\"wp-block-list\">\n<li>Stormarknad: 500 meter bort<\/li>\n\n\n\n<li>Strand: 500 meter<\/li>\n\n\n\n<li>H\u00e4lsocenter: 700 meter bort<\/li>\n\n\n\n<li>Lokal polis: 800 meter bort<\/li>\n\n\n\n<li>Stadsk\u00e4rna: 1 kilometer bort, med alla n\u00f6dv\u00e4ndiga tj\u00e4nster<\/li>\n\n\n\n<li>Arenales Regional Park: 300 meter bort, med en cykelv\u00e4g och tillg\u00e5ng till de b\u00e4sta str\u00e4nderna i omr\u00e5det.<\/li>\n\n\n\n<li>Dos Mares shoppingcenter: 5 minuter<\/li>\n\n\n\n<li>K\u00f6pcentret La Zenia Boulevard: 20 minuter<\/li>\n\n\n\n<li>Alicante flygplats: 50 minuter<\/li>\n\n\n\n<li>Aeropeurto Corvera Murcia: 30 minuter<\/li>\n<\/ul>\n\n<p><\/p>\n","protected":false},"excerpt":{"rendered":"<p>Detta parhus ligger i ett lugnt bostadsomr\u00e5de i San Pedro del Pinatar och erbjuder en tomt p\u00e5 168 m\u00b2 och 70 m\u00b2 byggt, utformat f\u00f6r komfort, funktionalitet och njutning. Bara 500 meter fr\u00e5n stranden, \u00e4r detta hus perfekt f\u00f6r dem som letar efter ett hem n\u00e4ra havet och med alla tj\u00e4nster n\u00e4ra till hands. Distribution: [&hellip;]<\/p>\n","protected":false},"author":3,"featured_media":9500,"parent":0,"menu_order":0,"template":"","property_type":[136],"property_status":[93],"property_feature":[89,243,219],"property_label":[],"property_country":[101],"property_state":[91],"property_city":[87],"property_area":[239],"class_list":["post-9600","property","type-property","status-publish","has-post-thumbnail","hentry","property_type-parhus","property_status-till-salu","property_feature-simbassang","property_feature-terrass","property_feature-tradgard","property_country-spanien","property_state-regionen-murcia","property_city-san-pedro-del-pinatar-sv","property_area-lo-pagan-sv"],"property_meta":{"fave_featured":["0"],"houzez_featured_listing_date":[""],"fave_property_images":["9161","9166","9156","9196","9171","9181","9591","9576","9586","9536","9531","9326","9526","9271","9246","9281","9286","9241","9216","9206","9186","9191","9336","9341","9331","9346","9321","9551","9546","9556","9561","9201","9211","9566","9131","9136","9146","9121","9106","9101","9111","9116","9316","9311","9296","9306","9221","9226","9236","9516"],"fave_single_top_area":["global"],"_top_nav_excluded":[""],"_cms_nav_minihome":[""],"houzez_geolocation_lat":["37.8252248"],"houzez_geolocation_long":["-0.7806003"],"_thumbnail_id":["9500"],"_last_translation_edit_mode":["translation-editor"],"houzez_total_property_views":["105"],"houzez_views_by_date":["a:61:{s:10:\"04-28-2025\";i:2;s:10:\"05-01-2025\";i:1;s:10:\"05-06-2025\";i:2;s:10:\"05-14-2025\";i:1;s:10:\"05-20-2025\";i:1;s:10:\"05-26-2025\";i:1;s:10:\"06-01-2025\";i:2;s:10:\"06-06-2025\";i:1;s:10:\"06-13-2025\";i:1;s:10:\"06-25-2025\";i:1;s:10:\"07-02-2025\";i:1;s:10:\"07-11-2025\";i:1;s:10:\"07-14-2025\";i:2;s:10:\"07-15-2025\";i:2;s:10:\"07-18-2025\";i:1;s:10:\"07-24-2025\";i:1;s:10:\"07-26-2025\";i:1;s:10:\"07-31-2025\";i:1;s:10:\"08-13-2025\";i:2;s:10:\"08-20-2025\";i:1;s:10:\"08-26-2025\";i:1;s:10:\"08-29-2025\";i:1;s:10:\"08-30-2025\";i:1;s:10:\"09-02-2025\";i:2;s:10:\"09-03-2025\";i:1;s:10:\"09-09-2025\";i:1;s:10:\"09-14-2025\";i:1;s:10:\"09-15-2025\";i:1;s:10:\"09-19-2025\";i:1;s:10:\"09-24-2025\";i:1;s:10:\"09-29-2025\";i:1;s:10:\"10-04-2025\";i:1;s:10:\"10-09-2025\";i:1;s:10:\"10-16-2025\";i:1;s:10:\"10-22-2025\";i:1;s:10:\"11-19-2025\";i:1;s:10:\"11-22-2025\";i:2;s:10:\"12-05-2025\";i:1;s:10:\"12-18-2025\";i:2;s:10:\"12-31-2025\";i:1;s:10:\"01-03-2026\";i:1;s:10:\"01-08-2026\";i:1;s:10:\"01-12-2026\";i:2;s:10:\"01-30-2026\";i:1;s:10:\"02-12-2026\";i:1;s:10:\"02-22-2026\";i:1;s:10:\"02-23-2026\";i:1;s:10:\"03-11-2026\";i:3;s:10:\"03-12-2026\";i:1;s:10:\"03-18-2026\";i:1;s:10:\"03-23-2026\";i:1;s:10:\"03-28-2026\";i:1;s:10:\"04-01-2026\";i:2;s:10:\"04-03-2026\";i:2;s:10:\"04-08-2026\";i:1;s:10:\"04-09-2026\";i:3;s:10:\"04-14-2026\";i:1;s:10:\"04-18-2026\";i:1;s:10:\"04-19-2026\";i:1;s:10:\"04-23-2026\";i:1;s:10:\"04-28-2026\";i:2;}"],"houzez_recently_viewed":["2026-04-28 20:14:16"],"fave_property_price":["225000"],"fave_property_size":["70"],"fave_property_land":["180"],"fave_property_bedrooms":["3"],"fave_property_bathrooms":["2"],"fave_property_id":["3034MHC"],"fave_property_map":["1"],"fave_property_map_address":["Los Cuarteros, San Pedro del Pinatar, Campo de Cartagena y Mar Menor, Regi\u00f3n de Murcia, Spanien"],"fave_property_location":["37.8252248,-0.7806003,15"],"fave_property_map_street_view":["visa"],"fave_property_zip":["30740"],"fave_video_url":["https:\/\/youtu.be\/CSBTTjbGgdc"],"fave_agent_display_option":["f\u00f6rfattare_info"],"fave_prop_homeslider":["nej"],"_elementor_page_assets":["a:0:{}"]},"_links":{"self":[{"href":"https:\/\/myhomeproperty.es\/sv\/wp-json\/wp\/v2\/properties\/9600","targetHints":{"allow":["GET"]}}],"collection":[{"href":"https:\/\/myhomeproperty.es\/sv\/wp-json\/wp\/v2\/properties"}],"about":[{"href":"https:\/\/myhomeproperty.es\/sv\/wp-json\/wp\/v2\/types\/property"}],"author":[{"embeddable":true,"href":"https:\/\/myhomeproperty.es\/sv\/wp-json\/wp\/v2\/users\/3"}],"version-history":[{"count":2,"href":"https:\/\/myhomeproperty.es\/sv\/wp-json\/wp\/v2\/properties\/9600\/revisions"}],"predecessor-version":[{"id":10103,"href":"https:\/\/myhomeproperty.es\/sv\/wp-json\/wp\/v2\/properties\/9600\/revisions\/10103"}],"wp:featuredmedia":[{"embeddable":true,"href":"https:\/\/myhomeproperty.es\/sv\/wp-json\/wp\/v2\/media\/9500"}],"wp:attachment":[{"href":"https:\/\/myhomeproperty.es\/sv\/wp-json\/wp\/v2\/media?parent=9600"}],"wp:term":[{"taxonomy":"property_type","embeddable":true,"href":"https:\/\/myhomeproperty.es\/sv\/wp-json\/wp\/v2\/property_type?post=9600"},{"taxonomy":"property_status","embeddable":true,"href":"https:\/\/myhomeproperty.es\/sv\/wp-json\/wp\/v2\/property_status?post=9600"},{"taxonomy":"property_feature","embeddable":true,"href":"https:\/\/myhomeproperty.es\/sv\/wp-json\/wp\/v2\/property_feature?post=9600"},{"taxonomy":"property_label","embeddable":true,"href":"https:\/\/myhomeproperty.es\/sv\/wp-json\/wp\/v2\/property_label?post=9600"},{"taxonomy":"property_country","embeddable":true,"href":"https:\/\/myhomeproperty.es\/sv\/wp-json\/wp\/v2\/property_country?post=9600"},{"taxonomy":"property_state","embeddable":true,"href":"https:\/\/myhomeproperty.es\/sv\/wp-json\/wp\/v2\/property_state?post=9600"},{"taxonomy":"property_city","embeddable":true,"href":"https:\/\/myhomeproperty.es\/sv\/wp-json\/wp\/v2\/property_city?post=9600"},{"taxonomy":"property_area","embeddable":true,"href":"https:\/\/myhomeproperty.es\/sv\/wp-json\/wp\/v2\/property_area?post=9600"}],"curies":[{"name":"wp","href":"https:\/\/api.w.org\/{rel}","templated":true}]}}